{"id":325,"date":"2017-01-04T12:22:00","date_gmt":"2017-01-04T12:22:00","guid":{"rendered":"https:\/\/raratheme.com\/preview\/education-zone-pro\/?page_id=325"},"modified":"2026-04-13T08:48:19","modified_gmt":"2026-04-13T06:48:19","slug":"frantiskanska-rodina","status":"publish","type":"page","link":"https:\/\/www.frantiskani.cz\/index.php\/frantiskanska-rodina\/","title":{"rendered":"Franti\u0161k\u00e1nsk\u00e1 rodina"},"content":{"rendered":"\n<h2 class=\"wp-block-heading has-white-background-color has-background\">Pozv\u00e1nka : Oslavy Franti\u0161k\u00e1nsk\u00e9 rodiny <strong>2023-2028<\/strong> &#8211; pokyny:<\/h2>\n\n\n\n<div class=\"wp-block-media-text is-stacked-on-mobile\" style=\"grid-template-columns:48% auto\"><figure class=\"wp-block-media-text__media\"><img decoding=\"async\" src=\"data:image\/gif;base64,R0lGODlhAQABAAAAACH5BAEKAAEALAAAAAABAAEAAAICTAEAOw==\" data-layzr=\"https:\/\/www.frantiskani.cz\/wp-content\/uploads\/2024\/04\/24-15-jpg.jpeg\" alt=\"\" class=\"wp-image-8602 size-full\"\/><\/figure><div class=\"wp-block-media-text__content\">\n<p><a href=\"https:\/\/www.ofm.cz\/wp-content\/uploads\/2021\/12\/Dopis-generalni-ministri.pdf\">Dopis-generalni-ministri.pdf<\/a><\/p>\n\n\n\n<p><a href=\"https:\/\/www.ofm.cz\/wp-content\/uploads\/2021\/12\/Pokyny-2021-2027.pdf\">Pokyny-2021-2027.pdf<\/a><\/p>\n\n\n\n<p><a href=\"https:\/\/www.frantiskani.cz\/index.php\/kalendar-rocni-akce-sekularniho-frantiskanskeho-radu\/\">akce viz kalend\u00e1\u0159<\/a><\/p>\n<\/div><\/div>\n\n\n\n<h4 class=\"wp-block-heading has-luminous-vivid-amber-color has-text-color has-background\" style=\"background-color:#6f3206\">Historie Franti\u0161k\u00e1nsk\u00e9 rodiny<\/h4>\n\n\n\n<p>Spole\u010densk\u00fd syst\u00e9m, v n\u011bm\u017e sv. Franti\u0161ek vyrostl, t\u00e9m\u011b\u0159 nebral evangelium a Krista na v\u011bdom\u00ed. S t\u00edm byli mnoz\u00ed lid\u00e9 (stejn\u011b jako i on) nespokojeni a proto hledali alternativu (Hnut\u00ed \u017een, Hnut\u00ed za chudobu, Kaj\u00edcnick\u00e9 hnut\u00ed, Albigen\u0161t\u00ed aj.). &nbsp;Franti\u0161ek si alternativu pro \u017eivot v Kristu vypracoval nejd\u0159\u00edve s\u00e1m pro sebe. \u017dil svoji spiritualitu s\u00e1m.&nbsp; Nem\u011bl v \u00famyslu zakl\u00e1dat \u0159\u00e1d. Pak mu byli d\u00e1ni brat\u0159i (= Prvn\u00ed \u0159\u00e1d), brzy nato sestry (= Druh\u00fd \u0159\u00e1d). K nim se p\u0159id\u00e1vali lid\u00e9, kter\u00e9 setk\u00e1n\u00ed s Franti\u0161kem obr\u00e1tilo: kaj\u00edcn\u00edci (= T\u0159et\u00ed \u0159\u00e1d).&nbsp; <strong>Franti\u0161ek ch\u00e1pal v\u0161echny t\u0159i \u0159\u00e1dy jako rodinu.<\/strong> S\u00e1m sebe, ale nikdy neozna\u010doval za \u201eOtce rodiny\u201c, n\u00fdbr\u017e za \u201ematku, kter\u00e1 Kr\u00e1li Kristu porodila syny&#8220; (a ti si \u0159\u00edkali Men\u0161\u00ed brat\u0159i). Tak to popisuje jeho \u017eivotopisec Celano.&nbsp;<br>Je tedy samoz\u0159ejm\u00e9, \u017ee i my dnes mluv\u00edme o Franti\u0161k\u00e1nsk\u00e9 rodin\u011b&nbsp;<\/p>\n\n\n\n<p>D\u011bjiny t\u00e9to rodiny prob\u00edhaly mimo\u0159\u00e1dn\u011b komplikovan\u00fdm zp\u016fsobem. Pod\u00edvejte se na jej\u00ed rodokmen:<\/p>\n\n\n\n<figure class=\"wp-block-image size-large\"><img decoding=\"async\" src=\"data:image\/gif;base64,R0lGODlhAQABAAAAACH5BAEKAAEALAAAAAABAAEAAAICTAEAOw==\" data-layzr=\"https:\/\/www.frantiskani.cz\/wp-content\/uploads\/2021\/02\/Frantiskanska-rodina-rodokmen.jpg\" alt=\"\" class=\"wp-image-1162\"\/><\/figure>\n\n\n\n<p><a name=\"adresy\"><\/a><\/p>\n\n\n\n<h4 class=\"wp-block-heading has-luminous-vivid-amber-color has-text-color has-background\" style=\"background-color:#6f3206\">Historie kl\u00e1\u0161ter\u016f v \u010cR<\/h4>\n\n\n\n<p><a href=\"https:\/\/frantiskan.cz\/encyklopedie-ceskych-klasteru-p-vlcek-p-sommer-d-foltyn\">encyklopedie-ceskych-klasteru-p-vlcek-p-sommer-d-foltyn<\/a><\/p>\n\n\n\n<h2 class=\"wp-block-heading has-luminous-vivid-amber-color has-text-color has-background\" style=\"background-color:#6d350b\">Webov\u00e9 str\u00e1nky franti\u0161k\u00e1nsk\u00e9 rodiny<\/h2>\n\n\n\n<h4 class=\"wp-block-heading has-black-color has-white-background-color has-text-color has-background\"><strong><strong>Mu\u017esk\u00e9 \u0159\u00e1dy:<\/strong><\/strong><\/h4>\n\n\n\n<ul class=\"wp-block-list\">\n<li><strong>Kapuc\u00edni&nbsp;<a rel=\"noreferrer noopener\" href=\"http:\/\/www.kapucini.cz\/\" target=\"_blank\">http:\/\/www.kapucini.cz<\/a>&nbsp;<\/strong><\/li>\n\n\n\n<li><strong>Franti\u0161k\u00e1ni&nbsp;<a rel=\"noreferrer noopener\" href=\"http:\/\/www.ofm.cz\/\" target=\"_blank\">http:\/\/www.ofm.cz<\/a>&nbsp;<\/strong><\/li>\n\n\n\n<li><strong>Franti\u0161k\u00e1ni ve sv\u011bt\u011b <a rel=\"noreferrer noopener\" href=\"http:\/\/www.ofm.org\/\" target=\"_blank\">http:\/\/www.ofm.org\/<\/a><\/strong><\/li>\n\n\n\n<li><strong>Kapuc\u00edni&nbsp;<a rel=\"noreferrer noopener\" href=\"http:\/\/www.kapucini.cz\/\" target=\"_blank\">http:\/\/www.kapucini.cz<\/a>&nbsp;<\/strong><\/li>\n\n\n\n<li><strong><strong>Kapuc\u00edni ve sv\u011bt\u011b<\/strong><a rel=\"noreferrer noopener\" href=\"http:\/\/www.ofmcap.org\/\" target=\"_blank\"> http:\/\/www.ofmcap.org\/<\/a><\/strong><\/li>\n\n\n\n<li><strong>Minorit\u00e9&nbsp;<a rel=\"noreferrer noopener\" href=\"http:\/\/www.minorite.cz\/\" target=\"_blank\">http:\/\/www.minorite.cz<\/a>&nbsp;<\/strong><\/li>\n\n\n\n<li>Minorit\u00e9 ve sv\u011bt\u011b <strong><a rel=\"noreferrer noopener\" href=\"http:\/\/www.ofmconv.org\/\" target=\"_blank\">http:\/\/www.ofmconv.org\/<\/a><\/strong><\/li>\n<\/ul>\n\n\n\n<h4 class=\"wp-block-heading has-black-color has-white-background-color has-text-color has-background\"><strong>FRANCISCAN ORDERS<\/strong> &#8211; Mezin\u00e1rodn\u00ed weby<\/h4>\n\n\n\n<ul class=\"wp-block-list\">\n<li>OFM | Order of Friars Minor&nbsp;<a href=\"https:\/\/ofm.org\/\" target=\"_blank\" rel=\"noreferrer noopener\">(Ordo Fratrum Minorum)<\/a><\/li>\n\n\n\n<li>OFM Conv. | Conventual Friars&nbsp;<a href=\"https:\/\/www.ofmconv.net\/en\/\" target=\"_blank\" rel=\"noreferrer noopener\">(Ordo Fratrum Minorum Conventualium)<\/a><\/li>\n\n\n\n<li>OFM Cap. | Capuchin Friars&nbsp;<a href=\"https:\/\/www.ofmcap.org\/en\/\" target=\"_blank\" rel=\"noreferrer noopener\">(Ordo Fratrum Minorum Capuccinorum)<\/a><\/li>\n\n\n\n<li>TOR | Third Order Regular Friars&nbsp;<a href=\"http:\/\/francescanitor.org\/language\/en\/\" target=\"_blank\" rel=\"noreferrer noopener\">(Tertius Ordo Regularis S. Francisci)<\/a><\/li>\n<\/ul>\n\n\n\n<h6 class=\"wp-block-heading\" id=\"franciscan-youth\"><strong>FRANCISCAN YOUTH<\/strong><\/h6>\n\n\n\n<ul class=\"wp-block-list\">\n<li>YouFra |&nbsp;<a href=\"https:\/\/youfra.net\/\" target=\"_blank\" rel=\"noreferrer noopener\">International Franciscan Youth<\/a><\/li>\n<\/ul>\n\n\n\n<h4 class=\"wp-block-heading has-black-color has-white-background-color has-text-color has-background\"><strong><strong>\u017densk\u00e9 \u0159\u00e1dy<\/strong>:<\/strong><\/h4>\n\n\n\n<p>Klarisky &#8211; kapuc\u00ednky <a data-type=\"URL\" data-id=\"https:\/\/kapucinky.kapucini.cz\" href=\"https:\/\/kapucinky.kapucini.cz\">https:\/\/kapucinky.kapucini.cz<\/a><\/p>\n\n\n\n<p>Klarisky &#8211; <a href=\"https:\/\/www.klarisky.cz\/cs\/intro\/\">https:\/\/www.klarisky.cz\/cs\/intro\/<\/a><\/p>\n\n\n\n<h4 class=\"wp-block-heading has-black-color has-white-background-color has-text-color has-background\"><strong>T\u0159et\u00ed \u0159\u00e1dy \u0159eholn\u00ed a Instituty<\/strong>:<\/h4>\n\n\n\n<p>&nbsp;&nbsp;<a href=\"http:\/\/www.alzbetinky.webnode.cz\/\" target=\"_blank\" rel=\"noreferrer noopener\">Al\u017eb\u011btinky v Brn\u011b<\/a><\/p>\n\n\n\n<p>&nbsp;&nbsp;&nbsp;<a target=\"_blank\" href=\"http:\/\/www.alzbetinky.jablunkov.cz\/\" rel=\"noreferrer noopener\">Al\u017eb\u011btinky v Jablunkov\u011b<\/a><\/p>\n\n\n\n<p>&nbsp;&nbsp;&nbsp;<a target=\"_blank\" href=\"http:\/\/alzbetinkypraha.websnadno.cz\/\" rel=\"noreferrer noopener\">Al\u017eb\u011btinky v Praze<\/a><\/p>\n\n\n\n<p>&nbsp;&nbsp;&nbsp;<a target=\"_blank\" href=\"http:\/\/www.klaster-km.cz\/\" rel=\"noreferrer noopener\">\u010cesk\u00e1 provincie Kongregace Milosrdn\u00fdch sester svat\u00e9ho K\u0159\u00ed\u017ee<\/a><\/p>\n\n\n\n<p>&nbsp;&nbsp;&nbsp;<a target=\"_blank\" href=\"http:\/\/www.smfo.cz\/\" rel=\"noreferrer noopener\">Kongregace Milosrdn\u00fdch sester III. \u0159\u00e1du sv. Franti\u0161ka v Opav\u011b<\/a><\/p>\n\n\n\n<p>&nbsp;&nbsp;&nbsp;<a target=\"_blank\" href=\"http:\/\/www.frantiskanky.cz\/\" rel=\"noreferrer noopener\">Kongregace Milosrdn\u00fdch sester III. \u0159\u00e1du sv. Franti\u0161ka pod ochranou sv. Rodiny<\/a><\/p>\n\n\n\n<p>&nbsp;&nbsp;&nbsp;<a target=\"_blank\" href=\"http:\/\/www.sestry-nppm.cz\/\" rel=\"noreferrer noopener\">Kongregace Sester Neposkvrn\u011bn\u00e9ho Po\u010det\u00ed Panny Marie III. \u0159\u00e1du sv. Franti\u0161ka z Assisi<\/a><\/p>\n\n\n\n<p>&nbsp;&nbsp;&nbsp;<a target=\"_blank\" href=\"http:\/\/www.sedesestry.cz\/\" rel=\"noreferrer noopener\">Kongregace \u0160ed\u00fdch sester III. \u0159\u00e1du sv. Franti\u0161ka<\/a><\/p>\n\n\n\n<p>&nbsp;&nbsp;&nbsp;<a href=\"http:\/\/www.frantiskanky.info\/\" target=\"_blank\" rel=\"noreferrer noopener\">Sestry Apo\u0161tol\u00e1tu sv. Franti\u0161ka<\/a><br>&nbsp;&nbsp;&nbsp;<a href=\"http:\/\/www.sestry-osf.cz\/\" target=\"_blank\" rel=\"noreferrer noopener\">\u0160kolsk\u00e9 sestry sv. Franti\u0161ka \u010cesk\u00e1 provincie<\/a><\/p>\n\n\n\n<h4 class=\"wp-block-heading has-black-color has-white-background-color has-text-color has-background\"><strong>C\u00edrkevn\u00ed sdru\u017een\u00ed<\/strong>:<\/h4>\n\n\n\n<ul class=\"wp-block-list\">\n<li>Mezin\u00e1rodn\u00ed S<strong>ekul\u00e1rn\u00ed Franti\u0161k\u00e1nsk\u00fd \u0159\u00e1d CIOFS<\/strong>:   <\/li>\n\n\n\n<li><a href=\"https:\/\/ciofs.info\" target=\"_blank\" rel=\"noreferrer noopener\"><\/a><a href=\"https:\/\/ciofs.info\" data-type=\"URL\" data-id=\"https:\/\/ciofs.info\">https:\/\/ciofs.info<\/a>\n<ul class=\"wp-block-list\">\n<li><em>Sekul\u00e1rn\u00ed franti\u0161k\u00e1nsk\u00fd \u0159\u00e1d je p\u0159\u00edtomen ve 112 zem\u00edch sv\u011bta se 70 ustanoven\u00fdmi a 18 vznikaj\u00edc\u00edmi n\u00e1rodn\u00edmi bratrsk\u00fdmi spole\u010denstv\u00edmi spolu se zvl\u00e1\u0161tn\u00edm zp\u016fsobem existence sekul\u00e1rn\u00edch franti\u0161k\u00e1n\u016f v dal\u0161\u00edch 24 zem\u00ed. Na z\u00e1klad\u011b opraven\u00fdch \u010d\u00edsel m\u00e1 \u0159\u00e1d k z\u00e1\u0159\u00ed 2021 <strong>173 719 \u010dlen\u016f.<\/strong> Mezin\u00e1rodn\u00ed p\u0159edsednictvo CIOFS bylo podporov\u00e1no n\u011bkolika komisemi (Komunikace, JPIC, Rodina, Pr\u00e1vn\u00ed a patrimoni\u00e1ln\u00ed, Formace, Franti\u0161k\u00e1nsk\u00e1 ml\u00e1de\u017e, Hospod\u00e1\u0159sk\u00e1).<\/em><\/li>\n<\/ul>\n<\/li>\n\n\n\n<li><strong>Sekul\u00e1rn\u00ed franti\u0161k\u00e1nsk\u00fd \u0159\u00e1d<\/strong> v \u010cR <a href=\"http:\/\/www.sfr.cz\/\">http:\/\/www.sfr.cz<\/a> Zpravodaj N\u00e1rodn\u00edho spole\u010denstv\u00ed <a href=\"http:\/\/www.sfr.cz\/narodni_rada_zpravodaj.aspx\">\u010dtvrtletn\u00edk<\/a><\/li>\n<\/ul>\n\n\n\n<ul class=\"wp-block-list\">\n<li>Frantisk\u00e1nsk\u00fd svetsk\u00fd r\u00e1d &#8211; <strong>OFS Slovensko<\/strong> <a href=\"https:\/\/ofs.assisi.sk\" target=\"_blank\" rel=\"noreferrer noopener\">https:\/\/ofs.assisi.sk<\/a> <\/li>\n\n\n\n<li>Slovensk\u00fd \u010dtvrtletn\u00edk \u010dasopis <a href=\"https:\/\/ofs.assisi.sk\/index.php\/frantiskanska-rodina\" target=\"_blank\" rel=\"noreferrer noopener\">Franti\u0161k\u00e1nsk\u00e1 rodina<\/a> (i vti\u0161t\u011bn\u00e9 podob\u011b)<\/li>\n\n\n\n<li>N\u00ed\u017ee mapa rozm\u00edst\u011bn\u00ed m\u00edstn\u00edch sekul\u00e1rn\u00edch spole\u010denstv\u00ed v \u010cR. N\u011bkter\u00e9 jsou p\u0159i kl\u00e1\u0161terech a do jin\u00fdch doj\u00ed\u017ed\u00ed brat\u0159i kn\u011b\u017e\u00ed z kl\u00e1\u0161ter\u016f. Mapa je interaktivn\u00ed a kliknut\u00edm na m\u00edsto se otev\u0159e p\u0159esn\u00e1 adresa m\u00edsta.<\/li>\n<\/ul>\n\n\n\n<figure class=\"wp-block-image size-large\"><a href=\"https:\/\/mapy.cz\/turisticka?moje-mapy&amp;x=15.9375967&amp;y=48.9571229&amp;z=7&amp;cat=mista-trasy&amp;mid=61adbc1cc5ff1b2124760f4b\" target=\"_blank\" rel=\"noopener\"><img decoding=\"async\" src=\"data:image\/gif;base64,R0lGODlhAQABAAAAACH5BAEKAAEALAAAAAABAAEAAAICTAEAOw==\" data-layzr=\"https:\/\/www.frantiskani.cz\/wp-content\/uploads\/2021\/12\/obrazek_2021-12-10_093832-1024x595.png\" alt=\"\" class=\"wp-image-3053\"\/><\/a><figcaption class=\"wp-element-caption\"><br>Rozm\u00edst\u011bn\u00ed m\u00edstn\u00edch bratrsk\u00fdch spole\u010denstv\u00ed Sekul\u00e1rn\u00edho franti\u0161k\u00e1nsk\u00e9ho \u0159\u00e1du<\/figcaption><\/figure>\n\n\n\n<h4 class=\"wp-block-heading has-black-color has-white-background-color has-text-color has-background\">Kontakty na jednotliv\u00e1 spole\u010denstv\u00ed Sekul\u00e1rn\u00edho franti\u0161k\u00e1nsk\u00e9ho \u0159\u00e1du v \u010cR<\/h4>\n\n\n\n<p><a href=\"http:\/\/www.sfr.cz\/spolecenstvi_mistni_detail.aspx?a=215\">Bene\u0161ov<\/a>,\u00a0<a href=\"http:\/\/www.sfr.cz\/spolecenstvi_mistni_detail.aspx?a=217\">Bla\u017eovice<\/a>,\u00a0<a href=\"http:\/\/www.sfr.cz\/spolecenstvi_mistni_detail.aspx?a=218\">Brand\u00fds nad Orlic\u00ed<\/a>,\u00a0<a href=\"http:\/\/www.sfr.cz\/spolecenstvi_mistni_detail.aspx?a=219\">Brno &#8211; Husovice<\/a>,\u00a0<a href=\"http:\/\/www.sfr.cz\/spolecenstvi_mistni_detail.aspx?a=220\">Brno, kapuc\u00edni<\/a>,\u00a0nov\u011b &#8211;<a href=\"https:\/\/www.sfr.cz\/terciari\/mistni-spolecenstvi\/a\/clanek3428#gsc.tab=0\"> Broumov-Bylnice<\/a>, nov\u011b &#8211; Brno minorit\u00e9, <a href=\"http:\/\/www.sfr.cz\/spolecenstvi_mistni_detail.aspx?a=213\">\u010c\u00e1slav<\/a>,\u00a0<a href=\"http:\/\/www.sfr.cz\/spolecenstvi_mistni_detail.aspx?a=222\">\u010celadn\u00e1<\/a>,\u00a0<a href=\"http:\/\/www.sfr.cz\/spolecenstvi_mistni_detail.aspx?a=223\">\u010cerno\u0161ice<\/a>,\u00a0<a href=\"http:\/\/www.sfr.cz\/spolecenstvi_mistni_detail.aspx?a=224\">\u010cerven\u00fd Kostelec<\/a>,\u00a0<a href=\"http:\/\/www.sfr.cz\/spolecenstvi_mistni_detail.aspx?a=226\">\u010cesk\u00fd T\u011b\u0161\u00edn<\/a>,\u00a0<a href=\"http:\/\/www.sfr.cz\/spolecenstvi_mistni_detail.aspx?a=227\">Fr\u00fddek-M\u00edstek<\/a>,\u00a0<a href=\"http:\/\/www.sfr.cz\/spolecenstvi_mistni_detail.aspx?a=228\">Fulnek<\/a>,\u00a0<a href=\"http:\/\/www.sfr.cz\/spolecenstvi_mistni_detail.aspx?a=229\">Hav\u00ed\u0159ov<\/a>,\u00a0<a href=\"http:\/\/www.sfr.cz\/spolecenstvi_mistni_detail.aspx?a=230\">Hodon\u00edn<\/a>,\u00a0<a href=\"http:\/\/www.sfr.cz\/spolecenstvi_mistni_detail.aspx?a=231\">Hradec Kr\u00e1lov\u00e9<\/a>,\u00a0<a href=\"http:\/\/www.sfr.cz\/spolecenstvi_mistni_detail.aspx?a=232\">Jablunkov<\/a>,\u00a0<a href=\"http:\/\/www.sfr.cz\/spolecenstvi_mistni_detail.aspx?a=233\">Jihlava<\/a>,\u00a0<a href=\"http:\/\/www.sfr.cz\/spolecenstvi_mistni_detail.aspx?a=210\">Jilemnice<\/a>,\u00a0<a href=\"http:\/\/www.sfr.cz\/spolecenstvi_mistni_detail.aspx?a=235\">Jind\u0159ich\u016fv Hradec<\/a>,\u00a0<a href=\"http:\/\/www.sfr.cz\/spolecenstvi_mistni_detail.aspx?a=237\">Karvin\u00e1<\/a>,\u00a0<a href=\"http:\/\/www.sfr.cz\/spolecenstvi_mistni_detail.aspx?a=2575\">Krnov<\/a>,\u00a0<a href=\"http:\/\/www.sfr.cz\/spolecenstvi_mistni_detail.aspx?a=238\">Krom\u011b\u0159\u00ed\u017e<\/a>,\u00a0<a href=\"http:\/\/www.sfr.cz\/spolecenstvi_mistni_detail.aspx?a=239\">Liberec<\/a>,\u00a0<a href=\"http:\/\/www.sfr.cz\/spolecenstvi_mistni_detail.aspx?a=3094\">Lys\u00e1 nad Labem<\/a>,\u00a0<a href=\"http:\/\/www.sfr.cz\/spolecenstvi_mistni_detail.aspx?a=240\">Milotice<\/a>,\u00a0<a href=\"http:\/\/www.sfr.cz\/spolecenstvi_mistni_detail.aspx?a=241\">Moravsk\u00e1 T\u0159ebov\u00e1 I<\/a>,\u00a0<a href=\"http:\/\/www.sfr.cz\/spolecenstvi_mistni_detail.aspx?a=242\">Moravsk\u00e1 T\u0159ebov\u00e1 II<\/a>,\u00a0<a href=\"http:\/\/www.sfr.cz\/spolecenstvi_mistni_detail.aspx?a=243\">Nivnice<\/a>,\u00a0<a href=\"http:\/\/www.sfr.cz\/spolecenstvi_mistni_detail.aspx?a=244\">Olomouc &#8211; rodiny<\/a>,\u00a0<a href=\"http:\/\/www.sfr.cz\/spolecenstvi_mistni_detail.aspx?a=245\">Opava<\/a>,\u00a0<a href=\"http:\/\/www.sfr.cz\/spolecenstvi_mistni_detail.aspx?a=211\">Ostrava<\/a>,\u00a0<a href=\"http:\/\/www.sfr.cz\/spolecenstvi_mistni_detail.aspx?a=247\">Plze\u0148<\/a>,\u00a0<a href=\"http:\/\/www.sfr.cz\/spolecenstvi_mistni_detail.aspx?a=251\">Praha &#8211; Kr\u010d<\/a>,\u00a0<a href=\"http:\/\/www.sfr.cz\/spolecenstvi_mistni_detail.aspx?a=254\">Praha &#8211; p\u0159i kostele Panny Marie Sn\u011b\u017en\u00e9<\/a>,\u00a0<a href=\"http:\/\/www.sfr.cz\/spolecenstvi_mistni_detail.aspx?a=214\">Praha &#8211; p\u0159i kostele sv. Josefa<\/a>,\u00a0<a href=\"http:\/\/www.sfr.cz\/spolecenstvi_mistni_detail.aspx?a=252\">Praha &#8211; Spo\u0159ilov<\/a>,\u00a0<a href=\"http:\/\/www.sfr.cz\/spolecenstvi_mistni_detail.aspx?a=256\">P\u0159erov<\/a>,\u00a0<a href=\"http:\/\/www.sfr.cz\/spolecenstvi_mistni_detail.aspx?a=257\">P\u0159\u00edbram<\/a>,\u00a0<a href=\"http:\/\/www.sfr.cz\/spolecenstvi_mistni_detail.aspx?a=258\">Slati\u0148any<\/a>,\u00a0<a href=\"http:\/\/www.sfr.cz\/spolecenstvi_mistni_detail.aspx?a=236\">Sokolov<\/a>,\u00a0<a href=\"http:\/\/www.sfr.cz\/spolecenstvi_mistni_detail.aspx?a=208\">Star\u00e1 Boleslav<\/a>,\u00a0<a href=\"http:\/\/www.sfr.cz\/spolecenstvi_mistni_detail.aspx?a=2921\">Su\u0161ice<\/a>,\u00a0<a href=\"http:\/\/www.sfr.cz\/spolecenstvi_mistni_detail.aspx?a=261\">\u0160ternberk<\/a>,\u00a0<a href=\"http:\/\/www.sfr.cz\/spolecenstvi_mistni_detail.aspx?a=262\">\u0160umperk<\/a>,\u00a0<a href=\"http:\/\/www.sfr.cz\/spolecenstvi_mistni_detail.aspx?a=264\">Uhersk\u00e9 Hradi\u0161t\u011b<\/a>,\u00a0<a href=\"http:\/\/www.sfr.cz\/spolecenstvi_mistni_detail.aspx?a=209\">Zl\u00edn<\/a><\/p>\n\n\n\n<h4 class=\"wp-block-heading has-black-color has-white-background-color has-text-color has-background\"><strong>N\u00e1rodn\u00ed spole\u010denstv\u00ed ve sv\u011bt\u011b &#8211; weby<\/strong><\/h4>\n\n\n\n<ul class=\"wp-block-list\">\n<li>Angola &nbsp; &nbsp; &nbsp; &nbsp;&nbsp; &nbsp;&nbsp; &nbsp;&nbsp; &nbsp;&nbsp; &nbsp;&nbsp; &nbsp;&nbsp; &nbsp;&nbsp; &nbsp;&nbsp; &nbsp;&nbsp; &nbsp;&nbsp; &nbsp; &nbsp;&nbsp; &nbsp;&nbsp;<a href=\"https:\/\/www.facebook.com\/ofsangola.cnofs\" target=\"_blank\" rel=\"noreferrer noopener\">https:\/\/www.facebook.com\/ofsangola.cnofs<\/a><\/li>\n\n\n\n<li>Argentina&nbsp;&nbsp;&nbsp;&nbsp;&nbsp;&nbsp;&nbsp; &nbsp;&nbsp; &nbsp;&nbsp; &nbsp;&nbsp; &nbsp;&nbsp; &nbsp;&nbsp; &nbsp;&nbsp; &nbsp;&nbsp; &nbsp;&nbsp; &nbsp;&nbsp; &nbsp;&nbsp; &nbsp;&nbsp;<a href=\"http:\/\/ofs.org.ar\/\" target=\"_blank\" rel=\"noreferrer noopener\">http:\/\/ofs.org.ar\/<\/a><\/li>\n\n\n\n<li>Australia&nbsp;&nbsp;&nbsp;&nbsp;&nbsp;&nbsp;&nbsp;&nbsp;&nbsp;&nbsp;&nbsp;&nbsp;&nbsp;&nbsp;&nbsp;&nbsp;&nbsp;&nbsp;&nbsp;&nbsp;&nbsp;&nbsp;&nbsp;&nbsp;&nbsp;&nbsp;&nbsp;&nbsp;&nbsp;&nbsp;&nbsp;&nbsp;&nbsp;&nbsp;&nbsp;&nbsp;&nbsp;&nbsp;&nbsp;&nbsp;&nbsp;&nbsp;<a href=\"http:\/\/www.ofsaustralia.org.au\/\" target=\"_blank\" rel=\"noreferrer noopener\">www.ofsaustralia.org.au<\/a><\/li>\n\n\n\n<li>Bolivia &nbsp; &nbsp;&nbsp; &nbsp; &nbsp; &nbsp; &nbsp; &nbsp; &nbsp; &nbsp; &nbsp; &nbsp; &nbsp; &nbsp; &nbsp; &nbsp; &nbsp; &nbsp; &nbsp; &nbsp; &nbsp; &nbsp;&nbsp;<a href=\"https:\/\/www.facebook.com\/orden.franciscanaseglarbolivia\/\" target=\"_blank\" rel=\"noreferrer noopener\">https:\/\/www.facebook.com\/orden.franciscanaseglarbolivia\/<\/a><\/li>\n\n\n\n<li>Brazil &nbsp; &nbsp; &nbsp; &nbsp; &nbsp; &nbsp; &nbsp; &nbsp; &nbsp; &nbsp; &nbsp; &nbsp; &nbsp; &nbsp; &nbsp; &nbsp; &nbsp; &nbsp; &nbsp; &nbsp; &nbsp; &nbsp; &nbsp;&nbsp;<a href=\"http:\/\/www.ofs.org.br\/\" target=\"_blank\" rel=\"noreferrer noopener\">http:\/\/www.ofs.org.br\/<\/a><\/li>\n\n\n\n<li>Bulgaria&nbsp;&nbsp;&nbsp;&nbsp;&nbsp;&nbsp;&nbsp;&nbsp;&nbsp;&nbsp;&nbsp;&nbsp;&nbsp;&nbsp;&nbsp;&nbsp;&nbsp;&nbsp;&nbsp;&nbsp;&nbsp;&nbsp;&nbsp;&nbsp;&nbsp;&nbsp;&nbsp;&nbsp;&nbsp;&nbsp;&nbsp;&nbsp;&nbsp;&nbsp;&nbsp;&nbsp;&nbsp;&nbsp;&nbsp;&nbsp;&nbsp;&nbsp;&nbsp;<a href=\"https:\/\/sofia.capucini.bg\/\" target=\"_blank\" rel=\"noreferrer noopener\">https:\/\/sofia.capucini.bg\/<\/a><\/li>\n\n\n\n<li>Canada&nbsp;&nbsp;&nbsp;&nbsp;&nbsp;&nbsp; &nbsp; &nbsp; &nbsp; &nbsp; &nbsp; &nbsp; &nbsp; &nbsp; &nbsp; &nbsp; &nbsp; &nbsp; &nbsp; &nbsp; &nbsp; &nbsp;&nbsp; &nbsp;&nbsp;&nbsp;&nbsp;<a href=\"http:\/\/www.ofsnational.ca\/\" target=\"_blank\" rel=\"noreferrer noopener\">http:\/\/www.ofsnational.ca\/<\/a><\/li>\n\n\n\n<li>Cape Verde&nbsp;&nbsp; &nbsp; &nbsp; &nbsp; &nbsp; &nbsp; &nbsp; &nbsp; &nbsp; &nbsp; &nbsp; &nbsp;&nbsp; &nbsp; &nbsp; &nbsp; &nbsp; &nbsp;&nbsp;<a href=\"http:\/\/www.capuchinhoscv.org\/index.php\/a-ordem\/familia-franciscana\/ofs\" target=\"_blank\" rel=\"noreferrer noopener\">http:\/\/www.capuchinhoscv.org\/index.php\/a-ordem\/familia-franciscana\/ofs<\/a><\/li>\n\n\n\n<li>Chile &nbsp; &nbsp; &nbsp; &nbsp; &nbsp; &nbsp; &nbsp; &nbsp; &nbsp; &nbsp; &nbsp; &nbsp; &nbsp; &nbsp; &nbsp; &nbsp; &nbsp; &nbsp; &nbsp; &nbsp; &nbsp; &nbsp;&nbsp; &nbsp;&nbsp;<a href=\"https:\/\/www.ofschile.cl\/\" target=\"_blank\" rel=\"noreferrer noopener\">https:\/www.ofschile.cl<\/a><\/li>\n\n\n\n<li>Croatia&nbsp;&nbsp;&nbsp;&nbsp;&nbsp;&nbsp;&nbsp;&nbsp;&nbsp;&nbsp;&nbsp;&nbsp;&nbsp;&nbsp;&nbsp;&nbsp;&nbsp;&nbsp;&nbsp;&nbsp;&nbsp;&nbsp;&nbsp;&nbsp;&nbsp;&nbsp;&nbsp;&nbsp;&nbsp;&nbsp;&nbsp;&nbsp;&nbsp;&nbsp;&nbsp;&nbsp;&nbsp;&nbsp;&nbsp;&nbsp;&nbsp;&nbsp;&nbsp;&nbsp;&nbsp;<a href=\"http:\/\/www.ofs.hr\/\" target=\"_blank\" rel=\"noreferrer noopener\">www.ofs.hr<\/a><\/li>\n\n\n\n<li>Czech Republic&nbsp;&nbsp;&nbsp;&nbsp;&nbsp;&nbsp;&nbsp;&nbsp;&nbsp;&nbsp;&nbsp;&nbsp;&nbsp;&nbsp;&nbsp;&nbsp;&nbsp;&nbsp;&nbsp;&nbsp;&nbsp;&nbsp;&nbsp;&nbsp;&nbsp;&nbsp;&nbsp;&nbsp;&nbsp;&nbsp;&nbsp;<a href=\"http:\/\/www.sfr.cz\/\" target=\"_blank\" rel=\"noreferrer noopener\">www.sfr.cz<\/a>  Zpravodaj N\u00e1rodn\u00edho spole\u010denstv\u00ed <a href=\"http:\/\/www.sfr.cz\/narodni_rada_zpravodaj.aspx\"><strong>\u010dtvrtletn\u00edk<\/strong><\/a><\/li>\n\n\n\n<li>Denmark&nbsp;&nbsp;&nbsp;&nbsp;&nbsp;&nbsp;&nbsp;&nbsp;&nbsp;&nbsp;&nbsp;&nbsp;&nbsp;&nbsp;&nbsp;&nbsp;&nbsp;&nbsp;&nbsp;&nbsp;&nbsp;&nbsp;&nbsp;&nbsp;&nbsp;&nbsp;&nbsp;&nbsp;&nbsp;&nbsp;&nbsp;&nbsp;&nbsp;&nbsp;&nbsp;&nbsp;&nbsp;&nbsp;&nbsp;&nbsp;&nbsp;&nbsp;<a href=\"https:\/\/franciskansk.dk\/\" target=\"_blank\" rel=\"noreferrer noopener\">www.franciskansk.dk<\/a><\/li>\n\n\n\n<li>France&nbsp;&nbsp;&nbsp;&nbsp;&nbsp;&nbsp;&nbsp;&nbsp;&nbsp;&nbsp;&nbsp;&nbsp;&nbsp;&nbsp;&nbsp;&nbsp;&nbsp;&nbsp;&nbsp;&nbsp;&nbsp;&nbsp;&nbsp;&nbsp;&nbsp;&nbsp;&nbsp;&nbsp;&nbsp;&nbsp;&nbsp;&nbsp;&nbsp;&nbsp;&nbsp;&nbsp;&nbsp;&nbsp;&nbsp;&nbsp;&nbsp;&nbsp;&nbsp;&nbsp;&nbsp;&nbsp;<a href=\"https:\/\/fraternite-franciscaine.fr\/\" target=\"_blank\" rel=\"noreferrer noopener\">https:\/\/fraternite-franciscaine.fr\/<\/a><\/li>\n\n\n\n<li>Great Britain&nbsp;&nbsp;&nbsp;&nbsp;&nbsp;&nbsp;&nbsp;&nbsp;&nbsp;&nbsp;&nbsp;&nbsp;&nbsp;&nbsp;&nbsp;&nbsp;&nbsp;&nbsp;&nbsp;&nbsp;&nbsp;&nbsp;&nbsp;&nbsp;&nbsp;&nbsp;&nbsp;&nbsp;&nbsp;&nbsp;&nbsp;&nbsp;&nbsp;&nbsp;&nbsp;<a href=\"https:\/\/ofsgb.org\/\" target=\"_blank\" rel=\"noreferrer noopener\">https:\/\/ofsgb.org\/<\/a><\/li>\n\n\n\n<li>Hungary&nbsp;&nbsp;&nbsp;&nbsp;&nbsp;&nbsp;&nbsp;&nbsp;&nbsp;&nbsp;&nbsp;&nbsp;&nbsp;&nbsp;&nbsp;&nbsp;&nbsp;&nbsp;&nbsp;&nbsp;&nbsp;&nbsp;&nbsp;&nbsp;&nbsp;&nbsp;&nbsp;&nbsp;&nbsp;&nbsp;&nbsp;&nbsp;&nbsp;&nbsp;&nbsp;&nbsp;&nbsp;&nbsp;&nbsp;&nbsp;&nbsp;&nbsp;<a href=\"http:\/\/www.fvr.hu\/\" target=\"_blank\" rel=\"noreferrer noopener\">&nbsp;http:\/\/www.fvr.hu\/<\/a><\/li>\n\n\n\n<li>Italy&nbsp;&nbsp;&nbsp;&nbsp;&nbsp;&nbsp;&nbsp;&nbsp;&nbsp;&nbsp;&nbsp;&nbsp;&nbsp;&nbsp;&nbsp;&nbsp;&nbsp;&nbsp;&nbsp;&nbsp;&nbsp;&nbsp;&nbsp;&nbsp;&nbsp;&nbsp;&nbsp;&nbsp;&nbsp;&nbsp;&nbsp;&nbsp;&nbsp;&nbsp;&nbsp;&nbsp;&nbsp;&nbsp;&nbsp;&nbsp;&nbsp;&nbsp;&nbsp;&nbsp;&nbsp;&nbsp;&nbsp;&nbsp; &nbsp;<a href=\"http:\/\/www.ofs.it\/\" target=\"_blank\" rel=\"noreferrer noopener\">www.ofs.it<\/a><\/li>\n\n\n\n<li>Korea&nbsp;&nbsp;&nbsp;&nbsp;&nbsp;&nbsp;&nbsp;&nbsp;&nbsp;&nbsp;&nbsp;&nbsp;&nbsp;&nbsp;&nbsp;&nbsp;&nbsp;&nbsp;&nbsp;&nbsp;&nbsp;&nbsp;&nbsp;&nbsp;&nbsp;&nbsp;&nbsp;&nbsp;&nbsp;&nbsp;&nbsp;&nbsp;&nbsp;&nbsp;&nbsp;&nbsp;&nbsp;&nbsp;&nbsp;&nbsp;&nbsp;&nbsp;&nbsp;&nbsp;&nbsp;&nbsp;&nbsp;<a href=\"http:\/\/www.ofskorea.org\/\" target=\"_blank\" rel=\"noreferrer noopener\">http:\/\/www.ofskorea.org\/<\/a><\/li>\n\n\n\n<li>Lithuania&nbsp;&nbsp;&nbsp;&nbsp;&nbsp;&nbsp;&nbsp;&nbsp;&nbsp;&nbsp;&nbsp;&nbsp;&nbsp;&nbsp;&nbsp;&nbsp;&nbsp;&nbsp;&nbsp;&nbsp;&nbsp;&nbsp;&nbsp;&nbsp;&nbsp;&nbsp;&nbsp;&nbsp;&nbsp;&nbsp;&nbsp;&nbsp;&nbsp;&nbsp;&nbsp;&nbsp;&nbsp;&nbsp;&nbsp;&nbsp;&nbsp;<a href=\"https:\/\/ofs.lt\/\" target=\"_blank\" rel=\"noreferrer noopener\">https:\/\/ofs.lt\/<\/a><\/li>\n\n\n\n<li>Paraguay &nbsp;&nbsp;&nbsp; &nbsp; &nbsp; &nbsp; &nbsp; &nbsp; &nbsp; &nbsp; &nbsp; &nbsp; &nbsp; &nbsp; &nbsp; &nbsp; &nbsp; &nbsp; &nbsp;&nbsp; &nbsp;&nbsp;&nbsp;<a href=\"https:\/\/www.facebook.com\/OFSParaguay\/\" target=\"_blank\" rel=\"noreferrer noopener\">https:\/\/www.facebook.com\/OFSParaguay\/<\/a><\/li>\n\n\n\n<li>the Netherlands&nbsp;&nbsp;&nbsp;&nbsp;&nbsp;&nbsp;&nbsp;&nbsp;&nbsp;&nbsp;&nbsp;&nbsp;&nbsp;&nbsp;&nbsp;&nbsp;&nbsp;&nbsp;&nbsp;&nbsp;&nbsp;&nbsp;&nbsp;&nbsp;&nbsp;&nbsp;&nbsp;&nbsp;&nbsp;&nbsp;<a href=\"http:\/\/www.ofsnederland.nl\/\" target=\"_blank\" rel=\"noreferrer noopener\">www.ofsnederland.nl<\/a><\/li>\n\n\n\n<li>Poland&nbsp;&nbsp;&nbsp;&nbsp;&nbsp;&nbsp;&nbsp;&nbsp;&nbsp;&nbsp;&nbsp;&nbsp;&nbsp;&nbsp;&nbsp;&nbsp;&nbsp;&nbsp;&nbsp;&nbsp;&nbsp;&nbsp;&nbsp;&nbsp;&nbsp;&nbsp;&nbsp;&nbsp;&nbsp;&nbsp;&nbsp;&nbsp;&nbsp;&nbsp;&nbsp;&nbsp;&nbsp;&nbsp;&nbsp;&nbsp;&nbsp;&nbsp;&nbsp;<a href=\"http:\/\/www.fzspolska.pl\">&nbsp;&nbsp;www.fzspolska.pl<\/a><\/li>\n\n\n\n<li>Portugal&nbsp;&nbsp;&nbsp;&nbsp;&nbsp; &nbsp; &nbsp; &nbsp; &nbsp; &nbsp; &nbsp; &nbsp; &nbsp; &nbsp; &nbsp; &nbsp; &nbsp; &nbsp; &nbsp; &nbsp; &nbsp;&nbsp; &nbsp;&nbsp;&nbsp;<a href=\"https:\/\/www.ofs.pt\/\">https:\/\/www.ofs.pt\/<\/a><\/li>\n\n\n\n<li>Rakousko                                       <a href=\"https:\/\/www.ofs-oesterreich.at\"> www.ofs-oesterreich.at<\/a><\/li>\n\n\n\n<li>Slovakia\u00a0\u00a0\u00a0\u00a0\u00a0\u00a0\u00a0\u00a0\u00a0\u00a0\u00a0\u00a0\u00a0\u00a0\u00a0\u00a0\u00a0\u00a0\u00a0\u00a0\u00a0\u00a0\u00a0\u00a0\u00a0\u00a0\u00a0\u00a0\u00a0\u00a0\u00a0\u00a0\u00a0\u00a0\u00a0\u00a0\u00a0\u00a0\u00a0\u00a0\u00a0\u00a0\u00a0<a href=\"https:\/\/www.ofs.sk\/\">https:\/\/www.ofs.sk\/<\/a><\/li>\n\n\n\n<li>Slovenia&nbsp;&nbsp;&nbsp;&nbsp;&nbsp;&nbsp;&nbsp;&nbsp;&nbsp;&nbsp;&nbsp;&nbsp;&nbsp;&nbsp;&nbsp;&nbsp;&nbsp;&nbsp;&nbsp;&nbsp;&nbsp;&nbsp;&nbsp;&nbsp;&nbsp;&nbsp;&nbsp;&nbsp;&nbsp;&nbsp;&nbsp;&nbsp;&nbsp;&nbsp;&nbsp;&nbsp;&nbsp;&nbsp;&nbsp;&nbsp;&nbsp;&nbsp;&nbsp;<a href=\"https:\/\/www.ofs.si\/\" target=\"_blank\" rel=\"noreferrer noopener\">https:\/\/www.ofs.si\/<\/a>   Slovensk\u00fd \u010dtvrtletn\u00edk \u010dasopis<strong>  <a href=\"https:\/\/ofs.assisi.sk\/index.php\/frantiskanska-rodina\" target=\"_blank\" rel=\"noreferrer noopener\">Franti\u0161k\u00e1nsk\u00e1 rodina<\/a><\/strong><\/li>\n\n\n\n<li>Ukraine&nbsp;&nbsp;&nbsp;&nbsp;&nbsp;&nbsp;&nbsp;&nbsp;&nbsp;&nbsp;&nbsp;&nbsp;&nbsp;&nbsp;&nbsp;&nbsp;&nbsp;&nbsp;&nbsp;&nbsp;&nbsp;&nbsp;&nbsp;&nbsp;&nbsp;&nbsp;&nbsp;&nbsp;&nbsp;&nbsp;&nbsp;&nbsp;&nbsp;&nbsp;&nbsp;&nbsp;&nbsp;&nbsp;&nbsp;&nbsp;&nbsp;&nbsp;&nbsp;&nbsp;<a href=\"https:\/\/ofs.org.ua\/\" target=\"_blank\" rel=\"noreferrer noopener\">https:\/\/ofs.org.ua\/<\/a><\/li>\n\n\n\n<li>United States of America&nbsp;&nbsp;&nbsp;&nbsp;&nbsp;&nbsp;&nbsp;&nbsp;&nbsp;&nbsp;&nbsp;&nbsp;&nbsp;<a href=\"https:\/\/secularfranciscansusa.org\/\" target=\"_blank\" rel=\"noreferrer noopener\">https:\/\/secularfranciscansusa.org\/<\/a><\/li>\n<\/ul>\n\n\n\n<p><\/p>\n","protected":false},"excerpt":{"rendered":"<p>Franti\u0161ek ch\u00e1pal v\u0161echny t\u0159i \u0159\u00e1dy jako rodinu. N\u011bkdy si to neuv\u011bdomujeme jak hodn\u011b sv. Franti\u0161ek z Assisi ovlivnil celou c\u00edrkev. Do Franti\u0161k\u00e1nsk\u00e9 rodiny pat\u0159\u00ed mnoho \u0159eholn\u00edch \u0159\u00e1d\u016f mu\u017esk\u00fdch i \u017eensk\u00fdch a mnoho r\u016fzn\u00fdch instituc\u00ed. Pokus\u00edm se postupem \u010dasu vykreslit celou jej\u00ed pestrost. Lubo\u0161 Kolafa<\/p>\n","protected":false},"author":1,"featured_media":1217,"parent":0,"menu_order":0,"comment_status":"closed","ping_status":"closed","template":"","meta":{"footnotes":""},"class_list":["post-325","page","type-page","status-publish","has-post-thumbnail","hentry","latest_post"],"_links":{"self":[{"href":"https:\/\/www.frantiskani.cz\/index.php\/wp-json\/wp\/v2\/pages\/325","targetHints":{"allow":["GET"]}}],"collection":[{"href":"https:\/\/www.frantiskani.cz\/index.php\/wp-json\/wp\/v2\/pages"}],"about":[{"href":"https:\/\/www.frantiskani.cz\/index.php\/wp-json\/wp\/v2\/types\/page"}],"author":[{"embeddable":true,"href":"https:\/\/www.frantiskani.cz\/index.php\/wp-json\/wp\/v2\/users\/1"}],"replies":[{"embeddable":true,"href":"https:\/\/www.frantiskani.cz\/index.php\/wp-json\/wp\/v2\/comments?post=325"}],"version-history":[{"count":85,"href":"https:\/\/www.frantiskani.cz\/index.php\/wp-json\/wp\/v2\/pages\/325\/revisions"}],"predecessor-version":[{"id":14314,"href":"https:\/\/www.frantiskani.cz\/index.php\/wp-json\/wp\/v2\/pages\/325\/revisions\/14314"}],"wp:featuredmedia":[{"embeddable":true,"href":"https:\/\/www.frantiskani.cz\/index.php\/wp-json\/wp\/v2\/media\/1217"}],"wp:attachment":[{"href":"https:\/\/www.frantiskani.cz\/index.php\/wp-json\/wp\/v2\/media?parent=325"}],"curies":[{"name":"wp","href":"https:\/\/api.w.org\/{rel}","templated":true}]}}