{"id":444,"date":"2017-01-05T10:03:50","date_gmt":"2017-01-05T09:03:50","guid":{"rendered":"https:\/\/raratheme.com\/preview\/education-zone-pro\/?page_id=444"},"modified":"2021-12-29T06:51:26","modified_gmt":"2021-12-29T05:51:26","slug":"nosek-ps-1920-1935","status":"publish","type":"page","link":"https:\/\/www.frantiskani.cz\/index.php\/nosek-ps-1920-1935\/","title":{"rendered":"Dr.Franti\u0161ek Nosek v Poslaneck\u00e9 sn\u011bmovn\u011b 1920 -1935"},"content":{"rendered":"<div class=\"accordion-wrap\"><div class=\"rara_accordian\"><div class=\"rara_accordian_title\">Z\u00e1znamy jmenn\u00e9ho rejst\u0159\u00edku PS 1920 - 1925<\/div><div class=\"rara_accordian_content\"><p>Z\u00e1znam jmenn\u00e9ho rejst\u0159\u00edku Dr. Noska <span style=\"color: #3c3c3c;\"><span style=\"font-family: Georgia, Times New Roman, Times, serif;\"><b>\u00a0PSP 1920-1925 <\/b><\/span><\/span><strong>NOSEK Franti\u0161ek, dr. <\/strong>III. voleb. kraj<\/p>\n<ul>\n<li>Volba verifikov\u00e1na 1, 26. V. 1920; 4. I.<\/li>\n<li>Slib vykonal 1, 26. V. 1920; 7. I.<\/li>\n<li>Byl \u010dlenem v\u00fdb. imunit. &#8211; kom. pro d\u00e1v. z maj. &#8211; rozp. &#8211; soc. pol. &#8211; St\u00e1l. &#8211; k prozkoum. \u010din. St\u00e1l. v\u00fdb. &#8211; \u00fastav. pr\u00e1v. a vy\u0161et\u0159ov.<\/li>\n<li>Zvolen deleg\u00e1tem na lisabonskou obchodn\u00ed konferenci.<a href=\"https:\/\/www.psp.cz\/eknih\/1920ns\/ps\/stenprot\/067schuz\/s067001.htm\">67<\/a>, 19. V. 1921; 57. III.<\/li>\n<\/ul>\n<p><em>N\u00ed\u017ee uveden\u00e9 odkazy<\/em><\/p>\n<ul>\n<li>nap\u0159. t.<a href=\"https:\/\/www.psp.cz\/eknih\/1920ns\/ps\/tisky\/t1107_00.htm\">1107<\/a> = ofici\u00e1ln\u00ed tisk pro poslaneckou sn\u011bmovnu (t)<\/li>\n<li>.<a href=\"https:\/\/www.psp.cz\/eknih\/1920ns\/ps\/stenprot\/040schuz\/s040001.htm\">40<\/a> = odkaz na 540. sch\u016fzi poslaneck\u00e9 sn\u011bmovny ze dne 11.1.1921<\/li>\n<\/ul>\n<p><span style=\"font-size: 24px;\">N\u00e1vrhy:<\/span><\/p>\n<ul>\n<li>na za\u0159ad\u011bn\u00ed m\u011bsta Byd\u017eova do vy\u0161\u0161\u00ed t\u0159\u00eddy plat\u016f zam\u011bstnaneck\u00fdch, t. <a href=\"https:\/\/www.psp.cz\/eknih\/1920ns\/ps\/tisky\/t1107_00.htm\">1107<\/a>. <a href=\"https:\/\/www.psp.cz\/eknih\/1920ns\/ps\/stenprot\/040schuz\/s040001.htm\">40<\/a>, 11. I. 1921; 1575. II.<\/li>\n<li>na pomoc posti\u017een\u00fdm \u017eiveln\u00edmi pohromami, t. <a href=\"https:\/\/www.psp.cz\/eknih\/1920ns\/ps\/tisky\/t4207_00.htm\">4207<\/a>.<span style=\"font-size: revert; color: initial;\"><a href=\"https:\/\/www.psp.cz\/eknih\/1920ns\/ps\/stenprot\/217schuz\/s217001.htm\">217<\/a>, 28. VI. 1923; 543. VII.<\/span><\/li>\n<li>pozm\u011b\u0148ov. n\u00e1vrh\u00a0k osnov\u011b z\u00e1k. o reorganisaci d\u00edv\u010d\u00edch \u0161kol odborn\u00fdch\u00a0(zpr. t. 3395)\u00a0k \u00a7 4.<span style=\"font-size: revert; color: initial;\"><a href=\"https:\/\/www.psp.cz\/eknih\/1920ns\/ps\/stenprot\/128schuz\/s128001.htm\"><strong>128,<\/strong><\/a> 27. I. 1922; 2683. IV.<\/span><\/li>\n<li>pozm\u011b\u0148ov. n\u00e1vrh k osnov\u011b z\u00e1k. o \u00faprav\u011b po\u017eitk\u016f ve\u0161ker\u00fdch st\u00e1tn\u00edch zam\u011bstnanc\u016f (zpr. t. 3944) k \u00a7 6, \u010d\u00e1st II.<a href=\"https:\/\/www.psp.cz\/eknih\/1920ns\/ps\/stenprot\/181schuz\/s181001.htm\">181<\/a>, 15. a 16. XII. 1922; 1697. VI.<\/li>\n<li>pozm\u011b\u0148ov. n\u00e1vrh k osnov\u011b z\u00e1k. o prodlou\u017een\u00ed p\u016fsobnosti n\u011bkter\u00fdch pr\u00e1vn\u00edch p\u0159edpis\u016f v oboru nemocensk\u00e9ho poji\u0161t\u011bn\u00ed d\u011bln\u00edk\u016f (zpr. t. 3951) k \u010dl. I. <span style=\"font-size: revert; color: initial;\"><a href=\"https:\/\/www.psp.cz\/eknih\/1920ns\/ps\/stenprot\/184schuz\/s184001.htm\">184<\/a>, 19. a 20. XII. 1922; 2003. VI.<\/span><\/li>\n<li>5 pozm\u011b\u0148ov. n\u00e1vrh\u016f k osnov\u011b z\u00e1kona o st\u00e1tn\u00edm soud\u011b (zpr. t. <a href=\"https:\/\/www.psp.cz\/eknih\/1920ns\/ps\/tisky\/t4022_01.htm\">4022)<\/a> k \u00a7\u00a7 2, 5, 6, 23 a 24. <span style=\"font-size: revert; color: initial;\"><a href=\"https:\/\/www.psp.cz\/eknih\/1920ns\/ps\/stenprot\/194schuz\/s194001.htm\">194<\/a>, 6. III. 1923; 2441-2. VI.<\/span><\/li>\n<li>pozm\u011b\u0148ov. n\u00e1vrh\u00a0k osnov\u011b z\u00e1k. o prozat\u00edmn\u00ed \u00faprav\u011b obchodn\u00edch styk\u016f s cizinou\u00a0(zpr. t. 4941)\u00a0k \u00a7 2.<span style=\"font-size: revert; color: initial;\"><a href=\"https:\/\/www.psp.cz\/eknih\/1920ns\/ps\/stenprot\/217schuz\/s217001.htm\">217<\/a>, 28. VI. 1923; 603. VII.<\/span><\/li>\n<li>2 pozm\u011b\u0148ov. n\u00e1vrhy\u00a0k osnov\u011b z\u00e1kona, j\u00edm\u017e se m\u011bn\u00ed ustanoven\u00ed o trest\u00e1n\u00ed v\u00e1le\u010dn\u00e9 lichvy\u00a0(zpr. t. 4433).<span style=\"font-size: revert; color: initial;\"><a href=\"https:\/\/www.psp.cz\/eknih\/1920ns\/ps\/stenprot\/250schuz\/s250001.htm\">250<\/a>, 26. III. 1924; 171. IX.<\/span><\/li>\n<li>3 pozm\u011b\u0148ov. n\u00e1vrhy\u00a0k osnov\u011b z\u00e1kona o z\u00e1k. \u010dl. I\/1911 o civiln\u00edm \u0159\u00edzen\u00ed soudn\u00edm\u00a0(zpr. t. <a href=\"https:\/\/www.psp.cz\/eknih\/1920ns\/ps\/tisky\/t4765_00.htm\">4765<\/a>), t\u00fdkaj\u00edc\u00ed se zm\u011bn v \u00a7 1.<span style=\"font-size: revert; color: initial;\"><a href=\"https:\/\/www.psp.cz\/eknih\/1920ns\/ps\/stenprot\/280schuz\/s280001.htm\">280<\/a>, 26. VI. 1924; 1125. IX.<\/span><\/li>\n<li>pozm\u011b\u0148ov. n\u00e1vrh\u00a0k osnov\u011b z\u00e1k. o zru\u0161en\u00ed sv\u011b\u0159enstv\u00ed\u00a0(zpr. t. <a href=\"https:\/\/www.psp.cz\/eknih\/1920ns\/ps\/tisky\/t4766_00.htm\">4766<\/a>)\u00a0na dopln\u011bn\u00ed \u00a7 3<a href=\"https:\/\/www.psp.cz\/eknih\/1920ns\/ps\/stenprot\/280schuz\/s280001.htm\">.<\/a><span style=\"font-size: revert; color: initial;\">280, 26. VI. 1924; 1148. IX.<\/span><\/li>\n<li>pozm\u011b\u0148ov. n\u00e1vrh\u00a0k osnov\u011b z\u00e1k. o vkladn\u00edch kn\u00ed\u017ek\u00e1ch, akciov\u00fdch bank\u00e1ch a revisi bankovn\u00edch \u00fastav\u016f\u00a0(zpr. t. 4837)\u00a0k \u00a7 26.<span style=\"font-size: revert; color: initial;\"><a href=\"https:\/\/www.psp.cz\/eknih\/1920ns\/ps\/stenprot\/290schuz\/s290001.htm\">290<\/a>, 23. IX. 1924; 1922. IX.<\/span><\/li>\n<li>pozm\u011b\u0148ov. n\u00e1vrh\u00a0k osnov\u011b z\u00e1k. o p\u0159evzet\u00ed pohled\u00e1vek vznikl\u00fdch z dod\u00e1vek za v\u00e1lky vl\u00e1dou\u00a0(zpr. t. <a href=\"https:\/\/www.psp.cz\/eknih\/1920ns\/ps\/tisky\/t4827_00.htm\">4827<\/a>)\u00a0k \u00a7 4.<span style=\"font-size: revert; color: initial;\"><a href=\"https:\/\/www.psp.cz\/eknih\/1920ns\/ps\/stenprot\/290schuz\/s290001.htm\">290,<\/a> 23. IX. 1924; 1965. IX.<\/span><\/li>\n<li>pozm\u011b\u0148ov. n\u00e1vrh\u00a0k osnov\u011b z\u00e1k. o zm\u011bn\u011b ustanoven\u00ed uhersk\u00e9ho obchodn\u00edho z\u00e1k. \u010dl. XXXVII\/1875\u00a0(zpr. t. <a href=\"https:\/\/www.psp.cz\/eknih\/1920ns\/ps\/tisky\/t5191_00.htm\">5191<\/a>)\u00a0k \u010dl. IV.<span style=\"font-size: revert; color: initial;\">348, 23. VI. 1925;<a href=\"https:\/\/www.psp.cz\/eknih\/1920ns\/ps\/stenprot\/317schuz\/s317001.htm\"> 317<\/a>. XI.<\/span><\/li>\n<li>4 pozm\u011b\u0148ov. n\u00e1vrhy\u00a0k osnov\u011b z\u00e1kona o ustanoven\u00ed doby nov\u00e9 organisace vojensk\u00fdch soud\u016f a o p\u0159ej\u00edm\u00e1n\u00ed vojensk\u00fdch soudc\u016f do slu\u017eby civiln\u00ed\u00a0(zpr. t. <a href=\"https:\/\/www.psp.cz\/eknih\/1920ns\/ps\/tisky\/t5180_00.htm\">5180<\/a>)\u00a0k \u00a7\u00a7 2-7.<span style=\"font-size: revert; color: initial;\">351, 1. VII. 1925;<a href=\"https:\/\/www.psp.cz\/eknih\/1920ns\/ps\/stenprot\/362schuz\/s362001.htm\"> 362<\/a>. XI.<\/span><\/li>\n<li>7 pozm\u011b\u0148ov. n\u00e1vrh\u016f\u00a0k osnov\u011b z\u00e1kona, j\u00edm\u017e se m\u011bn\u00ed \u0159\u00e1d volen\u00ed do posl. sn\u011bmovny z 29. II. 1920, \u010d. 123 Sb. z. a n.\u00a0(zpr. t.<a href=\"https:\/\/www.psp.cz\/eknih\/1920ns\/ps\/tisky\/t5191_00.htm\"> 5291<\/a>), t\u00fdkaj\u00edc\u00edch se \u00a7\u00a7 22, 25, 29, 34, 52, 53 a p\u0159ipojen\u00ed nadpis\u016f.<span style=\"font-size: revert; color: initial;\"><a href=\"https:\/\/www.psp.cz\/eknih\/1920ns\/ps\/stenprot\/375schuz\/s375001.htm\">375<\/a>, 13. X. 1925; 1478-9. XI.<\/span><\/li>\n<li>dopl\u0148ov. n\u00e1vrh\u00a0k osnov\u011b z\u00e1kona o inkompatibilit\u011b\u00a0(zpr.\u00a0t. <a href=\"https:\/\/www.psp.cz\/eknih\/1920ns\/ps\/tisky\/t4678_00.htm\">4678)<\/a>\u00a0k \u00a7 12.<span style=\"font-size: revert; color: initial;\">274, 17. VI. 1924; 968. IX.<\/span><\/li>\n<li>podan\u00fd u p\u0159\u00edle\u017eitosti rozpr. o\u00a0zpr. t. <a href=\"https:\/\/www.psp.cz\/eknih\/1920ns\/ps\/tisky\/t4736_00.htm\">4736\u00a0<\/a>(z\u00e1kon o stih\u00e1n\u00ed \u00faplatk\u00e1\u0159stv\u00ed), aby resoluce usnesen\u00e1 \u00fastav. pr\u00e1v. v\u00fdborem p\u0159i projedn\u00e1v\u00e1n\u00ed n\u00e1vrhu z\u00e1kona, byla odk\u00e1z\u00e1na v\u00fdboru rozpo\u010dtov\u00e9mu.<span style=\"font-size: revert; color: initial;\"><a href=\"https:\/\/www.psp.cz\/eknih\/1920ns\/ps\/stenprot\/278schuz\/s278001.htm\">278,<\/a> 25. VI. 1924; 1048. IX.<\/span><\/li>\n<li>na vr\u00e1cen\u00ed\u00a0zpr. t. <a href=\"https:\/\/www.psp.cz\/eknih\/1920ns\/ps\/tisky\/t5064_00.htm\">5064\u00a0<\/a>(zm\u011bna z\u00e1kona o poplatc\u00edch, dani z obohacen\u00ed, tax\u00e1ch a o kolku z hrac\u00edch karet) v\u00fdb. rozp. a na p\u0159ik\u00e1z\u00e1n\u00ed t\u00e9to t\u00e9\u017e v\u00fdb. \u00fastav. pr\u00e1v.<span style=\"font-size: revert; color: initial;\"><a href=\"https:\/\/www.psp.cz\/eknih\/1920ns\/ps\/stenprot\/330schuz\/s330001.htm\">330<\/a>, 16. III. 1925; 1325. X.<\/span><\/li>\n<li>na vr\u00e1cen\u00ed\u00a0zpr. t. <a href=\"https:\/\/www.psp.cz\/eknih\/1920ns\/ps\/tisky\/t5065_00.htm\">5065\u00a0(<\/a>z\u00e1kon o d\u00e1vk\u00e1ch za \u00fa\u0159edn\u00ed \u00fakony ve v\u011bcech spr\u00e1vn\u00edch) v\u00fdb. rozp. a na p\u0159ik\u00e1z\u00e1n\u00ed t\u00e9to t\u00e9\u017e v\u00fdb. \u00fastav. pr\u00e1v.<span style=\"font-size: revert; color: initial;\"><a href=\"https:\/\/www.psp.cz\/eknih\/1920ns\/ps\/stenprot\/330schuz\/s330001.htm\">330,<\/a> 16. III. 1925; 1325. X.<\/span><\/li>\n<li>na odklad hlasov\u00e1n\u00ed o prohl\u00e1\u0161en\u00ed min. financ\u00ed in\u017e. Be\u010dky o st\u00e1tn\u00edm rozpo\u010dtu na rok 1925.<span style=\"font-size: revert; color: initial;\">29, 31. X. 1924; <a href=\"https:\/\/www.psp.cz\/eknih\/1920ns\/ps\/stenprot\/146schuz\/s146001.htm\">146<\/a>. X.<\/span><\/li>\n<li>na schv\u00e1len\u00ed prohl\u00e1\u0161en\u00ed min. zahrani\u010d\u00ed dr. Bene\u0161e (Protokol \u017eenevsk\u00fd).<span style=\"font-size: revert; color: initial;\"><a href=\"https:\/\/www.psp.cz\/eknih\/1920ns\/ps\/stenprot\/296schuz\/s296001.htm\">296<\/a>, 31. X. 1924; 146. X.<\/span><\/li>\n<li>na zah\u00e1jen\u00ed rozpravy o prohl\u00e1\u0161en\u00edch min. p\u0159eds. A. \u0160vehly, min. zahran. dr. Bene\u0161e a min. fin. dr. Ra\u0161\u00edna.<span style=\"font-size: revert; color: initial;\"><a href=\"https:\/\/www.psp.cz\/eknih\/1920ns\/ps\/stenprot\/159schuz\/s159001.htm\">159<\/a>, 24. X. 1922; 27. VI.<\/span><\/li>\n<li>na zah\u00e1jen\u00ed rozpravy o prohl\u00e1\u0161en\u00ed min. zahran. v\u011bc\u00ed dr. Bene\u0161e, u\u010din\u011bn\u00e9m ve <a href=\"https:\/\/www.psp.cz\/eknih\/1920ns\/ps\/stenprot\/219schuz\/s219001.htm\">219.<\/a> sch\u016fzi.<span style=\"font-size: revert; color: initial;\">219, 30. X. 1923; 32. VIII.<\/span><\/li>\n<li>aby o prohl\u00e1\u0161en\u00ed min. z\u00e1sob. dr. Franke o vzestupu drahoty (nal\u00e9h. interpelace\u00a0t. <a href=\"https:\/\/www.psp.cz\/eknih\/1920ns\/ps\/tisky\/t4818_00.htm\">4818<\/a>, <a href=\"https:\/\/www.psp.cz\/eknih\/1920ns\/ps\/tisky\/t4820_00.htm\">4820,<\/a> <a href=\"https:\/\/www.psp.cz\/eknih\/1920ns\/ps\/tisky\/t4809_00.htm\">4809<\/a> a <a href=\"https:\/\/www.psp.cz\/eknih\/1920ns\/ps\/tisky\/t4821_00.htm\">4821)<\/a>\u00a0byla zah\u00e1jena rozprava. \u00a0<span style=\"font-size: revert; color: initial;\"><a href=\"https:\/\/www.psp.cz\/eknih\/1920ns\/ps\/stenprot\/282schuz\/s282001.htm\">282,<\/a> 4. IX. 1924; 1197. IX.<\/span><\/li>\n<li>na zah\u00e1jen\u00ed rozpravy o prohl\u00e1\u0161en\u00ed mi n. J. St\u0159\u00edbrn\u00e9ho ve v\u011bci drahoty (interpelace\u00a0t. <a href=\"https:\/\/www.psp.cz\/eknih\/1920ns\/ps\/tisky\/t5041_00.htm\">5041<\/a> a <a href=\"https:\/\/www.psp.cz\/eknih\/1920ns\/ps\/tisky\/t5043_00.htm\">5043<\/a>)\u00a0a o krvav\u00e9 sr\u00e1\u017ece demonstrant\u016f s polici\u00ed na V\u00e1clavsk\u00e9m n\u00e1m\u011bst\u00ed 10. II. 1925.<span style=\"font-size: revert; color: initial;\"><a href=\"https:\/\/www.psp.cz\/eknih\/1920ns\/ps\/stenprot\/322schuz\/s322001.htm\">322<\/a>, 11. II. 1925; 1107. X.<\/span><\/li>\n<li>na slou\u010den\u00ed pov\u0161echn\u00e9 rozpravy o z\u00e1konu na ochranu republiky a o st\u00e1tn\u00edm soud\u011b\u00a0(t.\u00a04021 a 4022)\u00a0a na lh\u016ftu \u0159e\u010dnickou o t\u011bchto p\u0159edm\u011btech.<span style=\"font-size: revert; color: initial;\"><a href=\"https:\/\/www.psp.cz\/eknih\/1920ns\/ps\/stenprot\/194schuz\/s194001.htm\">194,<\/a> 6. III. 1923; 2364, 2366. VI.<\/span><\/li>\n<li>aby rozprava o z\u00e1konu o inkompatibilit\u011b\u00a0(zpr. t. <a href=\"https:\/\/www.psp.cz\/eknih\/1920ns\/ps\/tisky\/t4567_00.htm\">4567<\/a>)\u00a0byla slou\u010dena s rozpravou o zm\u011bn\u011b z\u00e1kona o volebn\u00edm soud\u011b\u00a0(zpr. t. <a href=\"https:\/\/www.psp.cz\/eknih\/1920ns\/ps\/tisky\/t4568_00.htm\">4568), <\/a><span style=\"font-size: revert; color: initial;\"><a href=\"https:\/\/www.psp.cz\/eknih\/1920ns\/ps\/stenprot\/263schuz\/s263001.htm\">263<\/a>, 15. IV. 1924; 625. IX.<\/span><\/li>\n<li>na slou\u010den\u00ed rozpravy o\u00a0t. 4671\u00a0(prodlou\u017een\u00ed z\u00e1kona o podpo\u0159e v nezam\u011bstnanosti) s rozpravou o\u00a0t. <a href=\"https:\/\/www.psp.cz\/eknih\/1920ns\/ps\/tisky\/t4672_00.htm\">4672\u00a0<\/a>(povolen\u00ed dodate\u010dn\u00e9ho \u00fav\u011bru k podpo\u0159e nezam\u011bstnan\u00fdch).<span style=\"font-size: revert; color: initial;\"><a href=\"https:\/\/www.psp.cz\/eknih\/1920ns\/ps\/stenprot\/272schuz\/s272001.htm\">272<\/a>, 12. VI. 1924; 878. IX.<\/span><\/li>\n<li>aby byla slou\u010dena rozprava o\u00a0t. <a href=\"https:\/\/www.psp.cz\/eknih\/1920ns\/ps\/tisky\/t4734_00.htm\">4734\u00a0<\/a>a\u00a0<a href=\"https:\/\/www.psp.cz\/eknih\/1920ns\/ps\/tisky\/t4733_00.htm\">4733<\/a>\u00a0(zaopat\u0159ovac\u00ed po\u017eitky a jednor\u00e1zov\u00e9 v\u00fdpomoci nest\u00e1tn\u00edmu u\u010ditelstvu na Slovensku a Podkarpatsk\u00e9 Rusi).<span style=\"font-size: revert; color: initial;\"><a href=\"https:\/\/www.psp.cz\/eknih\/1920ns\/ps\/stenprot\/279schuz\/s279001.htm\">279<\/a>, 25. VI. 1924; 1064. IX.<\/span><\/li>\n<li>na slou\u010den\u00ed rozpravy o prohl\u00e1\u0161en\u00edch min. zahrani\u010d\u00ed dr. Bene\u0161e (Protokol \u017eenevsk\u00fd) a min. financ\u00ed in\u017e. Be\u010dky (rozpo\u010det na rok 1925).<span style=\"font-size: revert; color: initial;\"><a href=\"https:\/\/www.psp.cz\/eknih\/1920ns\/ps\/stenprot\/294schuz\/s294001.htm\">294<\/a>, 30. X. 1924; 29. X.<\/span><\/li>\n<li>na slou\u010den\u00ed rozpravy o\u00a0z\u00a0r.\u00a0t. <a href=\"https:\/\/www.psp.cz\/eknih\/1920ns\/ps\/tisky\/t5118_00.htm\">5118\u00a0<\/a>(placen\u00e1 dovolen\u00e1) a\u00a0zpr. t.\u00a0<a href=\"https:\/\/www.psp.cz\/eknih\/1920ns\/ps\/tisky\/t5119_00.htm\">5119<\/a>\u00a0(z\u00e1kon o sv\u00e1tc\u00edch).<span style=\"font-size: revert; color: initial;\"><a href=\"https:\/\/www.psp.cz\/eknih\/1920ns\/ps\/stenprot\/336schuz\/s336001.htm\">336<\/a>, 21. III. 1925; 1483.\u00a0X.<\/span><\/li>\n<\/ul>\n<p><span style=\"font-size: 28px;\"><strong>Resoluce:<\/strong><\/span><\/p>\n<ul>\n<li>7 resol. k osnov\u011b finan\u010dn\u00edho z\u00e1kona pro r. 1923 (zpr. t. <a href=\"https:\/\/www.psp.cz\/eknih\/1920ns\/ps\/tisky\/t3856_01.htm\">3856)<\/a>, t\u00fdkaj\u00edc\u00edch se rozmno\u017een\u00ed po\u010dtu \u017eivnostensk\u00fdch soud\u016f, odstran\u011bn\u00ed patentu z 20. IV. 1854, \u010d. 96 \u0159. z., zru\u0161en\u00ed b\u00e1\u0148sk\u00fdch hejtmanstv\u00ed, \u00fapravy b\u00e1\u0148sk\u00e9 inspekce, pomocn\u00e9 akce pro d\u00edtky nezam\u011bstnan\u00fdch, sn\u00ed\u017een\u00ed po\u010dtu ministerstev a post\u00e1tn\u011bn\u00ed zdravotn\u00ed policie v R. \u010c.<a href=\"https:\/\/www.psp.cz\/eknih\/1920ns\/ps\/stenprot\/175schuz\/s175001.htm\">175<\/a>, 29. XI. 1922; 1384, 1385, 1390, 1391. VI.<\/li>\n<li>k osnov\u011b z\u00e1k. o \u00faprav\u011b po\u017eitk\u016f ve\u0161ker\u00fdch st\u00e1t. zam\u011bst. (zpr. t. <a href=\"https:\/\/www.psp.cz\/eknih\/1920ns\/ps\/tisky\/t3944_00.htm\">3944<\/a>), t\u00fdkaj\u00edc\u00ed se poskytnut\u00ed nezapo\u010d\u00edtateln\u00fdch odm\u011bn do pense.<span style=\"font-size: revert; color: initial;\"><a href=\"https:\/\/www.psp.cz\/eknih\/1920ns\/ps\/stenprot\/181schuz\/s181001.htm\">181<\/a>, 15. a 16. XII. 1922; 1698. VI.<\/span><\/li>\n<li>k osnov\u011b z\u00e1k. o zm\u011bn\u011b z\u00e1kona o slu\u010dov\u00e1n\u00ed a rozlu\u010dov\u00e1n\u00ed obc\u00ed\u00a0(zpr. t. <a href=\"https:\/\/www.psp.cz\/eknih\/1920ns\/ps\/tisky\/t3927_00.htm\">3927)<\/a>, t\u00fdkaj\u00edc\u00ed se m\u011bny obecn\u00edho z\u0159\u00edzen\u00ed o slu\u010dov\u00e1n\u00ed a rozlu\u010dov\u00e1n\u00ed obc\u00ed.<span style=\"font-size: revert; color: initial;\"><a href=\"https:\/\/www.psp.cz\/eknih\/1920ns\/ps\/stenprot\/184schuz\/s184001.htm\">184<\/a>, 19. a 20. XII. 1922; 1933. VI.<\/span><\/li>\n<li>k osnov\u011b z\u00e1k. o prodlou\u017een\u00ed p\u016fsobnosti n\u011bkter\u00fdch pr\u00e1vn\u00edch p\u0159edpis\u016f v oboru nemoc. poji\u0161t\u011bn\u00ed d\u011bln\u00edk\u016f\u00a0(zpr. t.\u00a0<a href=\"https:\/\/www.psp.cz\/eknih\/1920ns\/ps\/tisky\/t3951_00.htm\">3951),<\/a> t\u00fdkaj\u00edc\u00ed se vyd\u00e1n\u00ed prov\u00e1d\u011bc\u00edho na\u0159\u00edzen\u00ed o volb\u00e1ch do nemocensk\u00fdch pokladen.<span style=\"font-size: revert; color: initial;\"><a href=\"https:\/\/www.psp.cz\/eknih\/1920ns\/ps\/stenprot\/184schuz\/s184001.htm\">184<\/a>, 19. a 20. XII. 1922; 2003. VI.<\/span><\/li>\n<li>k st\u00e1tn\u00edmu rozpo\u010dtu pro rok 1924, kapit. XIV.\u00a0(zpr. t.<a href=\"https:\/\/www.psp.cz\/eknih\/1920ns\/ps\/tisky\/t4300_01.htm\">\u00a04300<\/a>), t\u00fdkaj\u00edc\u00ed se sm\u011brnic p\u0159i vyb\u00edr\u00e1n\u00ed dan\u00ed opo\u017ed\u011bn\u011b vym\u011b\u0159en\u00fdch.<span style=\"font-size: revert; color: initial;\"><a href=\"https:\/\/www.psp.cz\/eknih\/1920ns\/ps\/stenprot\/236schuz\/s236001.htm\">236,<\/a> 30, XI. 1923; 1155. VIII.<\/span><\/li>\n<li>k osnov\u011b z\u00e1k. o zm\u011bn\u011b p\u0159\u00edslu\u0161nosti soud\u016f ve v\u011bcech tisk. ur\u00e1\u017eek\u00a0(zpr. t. <a href=\"https:\/\/www.psp.cz\/eknih\/1920ns\/ps\/tisky\/t4569_01.htm\">4569<\/a>), t\u00fdkaj\u00edc\u00ed se p\u0159edlo\u017een\u00ed z\u00e1kona o tisku, novin\u00e1\u0159sk\u00e9ho \u0161kolstv\u00ed a soci\u00e1l. postaven\u00ed novin\u00e1\u0159\u016f.<span style=\"font-size: revert; color: initial;\"><a href=\"https:\/\/www.psp.cz\/eknih\/1920ns\/ps\/stenprot\/263schuz\/s263001.htm\">263,<\/a> 15. IV. 1924; 609. IX.<\/span><\/li>\n<li>k osnov\u011b z\u00e1k. o z\u0159\u00edzen\u00ed zvl\u00e1\u0161tn\u00edho fondu pro zm\u00edrn\u011bn\u00ed ztr\u00e1t povstal\u00fdch z pov\u00e1le\u010dn\u00fdch pom\u011br\u016f\u00a0(zpr. t. <a href=\"https:\/\/www.psp.cz\/eknih\/1920ns\/ps\/tisky\/t4826_00.htm\">4826<\/a>), t\u00fdkaj\u00edc\u00ed se \u00fapravy slosov\u00e1n\u00ed fondov\u00fdch dluhopis\u016f.<span style=\"font-size: revert; color: initial;\"><a href=\"https:\/\/www.psp.cz\/eknih\/1920ns\/ps\/stenprot\/290schuz\/s290001.htm\">290<\/a>, 23. IX. 1924; 1969. IX.<\/span><\/li>\n<li>k osnov\u011b z\u00e1k. o mimo\u0159\u00e1dn\u00fdch \u00falev\u00e1ch p\u0159i placen\u00ed p\u0159\u00edm\u00fdch dan\u00ed\u00a0(zpr. t. <a href=\"https:\/\/www.psp.cz\/eknih\/1920ns\/ps\/tisky\/t4828_00.htm\">4828)<\/a>, t\u00fdkaj\u00edc\u00ed se poplatn\u00edk\u016f, jich\u017e \u00faroda byla zni\u010dena \u017eiveln\u00ed pohromou.<span style=\"font-size: revert; color: initial;\"><a href=\"https:\/\/www.psp.cz\/eknih\/1920ns\/ps\/stenprot\/291schuz\/s291001.htm\">291<\/a>, 24. IX. 1924; 2063.\u00a0IX.<\/span><\/li>\n<\/ul>\n<p><span style=\"font-size: 24px;\">Zpravodajem:<\/span><\/p>\n<ul>\n<li>\u00fastav. v\u00fdb. zpr. t. <a href=\"https:\/\/www.psp.cz\/eknih\/1920ns\/ps\/tisky\/t1741_00.htm\">1741<\/a> (slu\u010dov\u00e1n\u00ed a rozlu\u010dov\u00e1n\u00ed obc\u00ed).<a href=\"https:\/\/www.psp.cz\/eknih\/1920ns\/ps\/stenprot\/064schuz\/s064001.htm\">64<\/a>, 15. III. 1921; 2668. II.<\/li>\n<li>\u00fastav. v\u00fdb. zpr. \u00fastn\u00ed (zm\u011bna z\u00e1kona o zemsk\u00e9m spr\u00e1vn\u00edm v\u00fdboru pro \u010cechy).<span style=\"font-size: revert; color: initial;\"><a href=\"https:\/\/www.psp.cz\/eknih\/1920ns\/ps\/stenprot\/065schuz\/s065001.htm\">65<\/a>, 16. III. 1921; 2773. II.<\/span><\/li>\n<li>rozp. v\u00fdb. zpr. \u00fastn\u00ed (z\u00e1m\u011bna 6 % st\u00e1tn\u00edch pokladni\u010dn\u00edch pouk\u00e1zek za bony R. \u010c. (t. 2365), <span style=\"font-size: revert; color: initial;\"><a href=\"https:\/\/www.psp.cz\/eknih\/1920ns\/ps\/stenprot\/073schuz\/s073001.htm\">73<\/a>, 15. VII. 1921; 526. III.<\/span><\/li>\n<li>\u00fastav. v\u00fdb.\u00a0zpr. t.<a href=\"https:\/\/www.psp.cz\/eknih\/1920ns\/ps\/tisky\/t2816_00.htm\"> 2816<\/a>\u00a0(p\u0159evzet\u00ed statk\u016f p\u0159ipadl\u00fdch podle smluv m\u00edrov\u00fdch R. \u010c.).<span style=\"font-size: revert; color: initial;\"><a href=\"https:\/\/www.psp.cz\/eknih\/1920ns\/ps\/stenprot\/083schuz\/s083001.htm\">83<\/a>, 5. VIII. 1921; 1107. III.<\/span><\/li>\n<li>rozp. v\u00fdb.\u00a0zpr. t. <a href=\"https:\/\/www.psp.cz\/eknih\/1920ns\/ps\/tisky\/t2833_00.htm\">2833\u00a0<\/a>(\u00fahrada schodku z mou\u010dn\u00e9ho hospod\u00e1\u0159stv\u00ed).<span style=\"font-size: revert; color: initial;\"><a href=\"https:\/\/www.psp.cz\/eknih\/1920ns\/ps\/stenprot\/085schuz\/s085001.htm\">85<\/a>, 6. VIII. 1921; 1244. III.<\/span>rozp. v\u00fdb.\u00a0zpr. t. <a href=\"https:\/\/www.psp.cz\/eknih\/1920ns\/ps\/tisky\/t3268_00.htm\">3268<\/a>\u00a0(zm\u011bna a dopln\u011bn\u00ed ustanoven\u00ed o soudn\u00edch poplatc\u00edch).<span style=\"font-size: revert; color: initial;\"><a href=\"https:\/\/www.psp.cz\/eknih\/1920ns\/ps\/stenprot\/109schuz\/s109001.htm\">109<\/a>, 16. XII. 1921; 1560. IV.<\/span><\/li>\n<li>rozp. v\u00fdb.\u00a0zpr. t. <a href=\"https:\/\/www.psp.cz\/eknih\/1920ns\/ps\/tisky\/t3269_00.htm\">3269<\/a>\u00a0(zm\u011bna a dopln\u011bn\u00ed ustanoven\u00ed o sm\u011bne\u010dn\u00fdch poplatc\u00edch).<span style=\"font-size: revert; color: initial;\"><a href=\"https:\/\/www.psp.cz\/eknih\/1920ns\/ps\/stenprot\/109schuz\/s109001.htm\">109<\/a>, 16. XII. 1921; 1565. IV.<\/span><\/li>\n<li>rozp. v\u00fdb.\u00a0zpr. t. <a href=\"https:\/\/www.psp.cz\/eknih\/1920ns\/ps\/tisky\/t3270_00.htm\">3270\u00a0<\/a>(\u00fav\u011br k \u00fahrad\u011b n\u00e1klad\u016f spojen\u00fdch s roz\u0161\u00ed\u0159en\u00edm pracovn\u00edho programu st\u00e1tn\u00edho. pozemkov\u00e9ho \u00fa\u0159adu na rok 1922).<span style=\"font-size: revert; color: initial;\"><a href=\"https:\/\/www.psp.cz\/eknih\/1920ns\/ps\/stenprot\/110schuz\/s110001.htm\">110,<\/a> 16. a 17. XII. 1921; 1578. IV.<\/span><\/li>\n<li>rozp. v\u00fdb.\u00a0zpr. t.<a href=\"https:\/\/www.psp.cz\/eknih\/1920ns\/ps\/tisky\/t3290_00.htm\"> 3290<\/a>\u00a0(upraven\u00ed v\u00fdhod poskytnut\u00fdch st\u00e1tn\u00edm a jin\u00fdm ve\u0159ejn\u00fdm zam\u011bstnanc\u016fm z d\u016fvod\u016f mimo\u0159\u00e1dn\u00fdch pom\u011br\u016f).<span style=\"font-size: revert; color: initial;\"><a href=\"https:\/\/www.psp.cz\/eknih\/1920ns\/ps\/stenprot\/110schuz\/s110001.htm\">110,<\/a> 16. a 17. XII. 1921; 1603. IV.<\/span><\/li>\n<li>\u00fastav. pr\u00e1v. v\u00fdb.\u00a0zpr. t.<a href=\"https:\/\/www.psp.cz\/eknih\/1920ns\/ps\/tisky\/t3276_00.htm\"> 3276<\/a>\u00a0(ochrana znaku a n\u00e1zvu &#8222;\u010cerven\u00e9ho k\u0159\u00ed\u017ee&#8220;).<span style=\"font-size: revert; color: initial;\"><a href=\"https:\/\/www.psp.cz\/eknih\/1920ns\/ps\/stenprot\/111schuz\/s111001.htm\">111<\/a>, 17. XII. 1921; 1705. IV.<\/span><\/li>\n<li>\u00fastav. pr\u00e1v. v\u00fdb.\u00a0zpr. t.\u00a0<a href=\"https:\/\/www.psp.cz\/eknih\/1920ns\/ps\/tisky\/t3277_00.htm\">3277<\/a>\u00a0(\u00faprava povinnosti vr\u00e1titi movit\u00e9 v\u011bci ve prosp\u011bch ciz\u00edch st\u00e1t\u016f k jich po\u017eadov\u00e1n\u00ed opr\u00e1vn\u011bn\u00fdch)<a href=\"https:\/\/www.psp.cz\/eknih\/1920ns\/ps\/stenprot\/112schuz\/s112001.htm\">.<\/a><span style=\"font-size: revert; color: initial;\"><a href=\"https:\/\/www.psp.cz\/eknih\/1920ns\/ps\/stenprot\/112schuz\/s112001.htm\">112<\/a>, 19. XII. 1921; 1720. IV.<\/span><\/li>\n<li>rozp. a \u00fastav. pr\u00e1v. v\u00fdb.\u00a0zpr. t. <a href=\"https:\/\/www.psp.cz\/eknih\/1920ns\/ps\/tisky\/t3381_00.htm\">3381<\/a> A, B\u00a0(v\u00fdpov\u011b\u010f smluv n\u00e1jemn\u00edch a pachtovn\u00edch na statc\u00edch a majetku m\u00edrov\u00fdmi smlouvami \u010dsl. st\u00e1tu p\u0159ipadl\u00fdch).<span style=\"font-size: revert; color: initial;\"><a href=\"https:\/\/www.psp.cz\/eknih\/1920ns\/ps\/stenprot\/125schuz\/s125001.htm\">125<\/a>, 25. I. 1922; 2521. IV.<\/span><\/li>\n<li>rozp. a \u00fastav. pr\u00e1v. v\u00fdb.\u00a0zpr. t. <a href=\"https:\/\/www.psp.cz\/eknih\/1920ns\/ps\/tisky\/t3392_00.htm\">3392<\/a>\u00a0(odd\u011blen\u00ed st\u00e1tn\u00ed finan\u010dn\u00ed spr\u00e1vy od obecn\u00ed a municipi\u00e1ln\u00ed spr\u00e1vy na Slovensku a v Podkarp. Rusi)<a href=\"https:\/\/www.psp.cz\/eknih\/1920ns\/ps\/stenprot\/127schuz\/s127001.htm\">.<\/a><span style=\"font-size: revert; color: initial;\">127, 26. I. 1922; 2610. IV.<\/span><\/li>\n<li>\u00fastav. pr\u00e1v. v\u00fdb.\u00a0zpr. t.<a href=\"https:\/\/www.psp.cz\/eknih\/1920ns\/ps\/tisky\/t3390_00.htm\"> 3390<\/a>\u00a0(pr\u00e1vo autorsk\u00e9).<span style=\"font-size: revert; color: initial;\"><a href=\"https:\/\/www.psp.cz\/eknih\/1920ns\/ps\/stenprot\/127schuz\/s127001.htm\">127<\/a>, 26. I. 1922; 2628. IV.<\/span><\/li>\n<li>rozp. v\u00fdb.\u00a0zpr. t.<a href=\"https:\/\/www.psp.cz\/eknih\/1920ns\/ps\/tisky\/t3405_00.htm\"> 3405\u00a0<\/a>(\u00faprava pom\u011bru \u010dsl. st\u00e1tn\u00ed spr\u00e1vy k \u010dsl. plavebn\u00edm spole\u010dnostem Labsk\u00e9 a Dunajsk\u00e9).<span style=\"font-size: revert; color: initial;\"><a href=\"https:\/\/www.psp.cz\/eknih\/1920ns\/ps\/stenprot\/128schuz\/s128001.htm\">128<\/a>, 27. I. 1922; 2687. IV.<\/span><\/li>\n<li>rozp. v\u00fdb.\u00a0zpr. t.\u00a0<a href=\"https:\/\/www.psp.cz\/eknih\/1920ns\/ps\/tisky\/t3413_00.htm\">3413<\/a>\u00a0(soupis pr\u00e1vn\u00edch n\u00e1rok\u016f a z\u00e1vazk\u016f \u010dsl. p\u0159\u00edslu\u0161n\u00edk\u016f v\u016f\u010di cizinc\u016fm, pokud vznikly p\u0159ed 28. \u0159\u00edjnem 1918).<span style=\"font-size: revert; color: initial;\"><a href=\"https:\/\/www.psp.cz\/eknih\/1920ns\/ps\/stenprot\/128schuz\/s128001.htm\">128,<\/a> 27. I. 1922; 2704. IV.<\/span><\/li>\n<li>rozp. v\u00fdb.\u00a0zpr. t. <a href=\"https:\/\/www.psp.cz\/eknih\/1920ns\/ps\/tisky\/t3393_00.htm\">3393\u00a0<\/a>(zpr\u00e1va o VII. mezin\u00e1rodn\u00ed parlamentn\u00ed konferenci obchodn\u00ed v Lisabon\u011b).<span style=\"font-size: revert; color: initial;\"><a href=\"https:\/\/www.psp.cz\/eknih\/1920ns\/ps\/stenprot\/129schuz\/s129001.htm\">129,<\/a> 27. I. 1922; 2749. IV.<\/span><\/li>\n<li>rozp. v\u00fdb.\u00a0zpr. t.\u00a0<a href=\"https:\/\/www.psp.cz\/eknih\/1920ns\/ps\/tisky\/t3516_00.htm\">3516<\/a>\u00a0(dopln\u011bn\u00ed z\u00e1kona o lh\u016ft\u00e1ch k opravn\u00fdm prost\u0159edk\u016fm v \u0159\u00edzen\u00ed p\u0159ed \u00fa\u0159ady finan\u010dn\u00edmi).<span style=\"font-size: revert; color: initial;\"><a href=\"https:\/\/www.psp.cz\/eknih\/1920ns\/ps\/stenprot\/138schuz\/s138001.htm\">138<\/a>, 6. IV. 1922; 375. V.<\/span><\/li>\n<li>rozp. v\u00fdb.\u00a0zpr. t. <a href=\"https:\/\/www.psp.cz\/eknih\/1920ns\/ps\/tisky\/t3606_01.htm\">3606<\/a>\u00a0(p\u0159ipom\u00ednky presidenta republiky k vr\u00e1cen\u00e9mu z\u00e1konu o \u00faprav\u011b pom\u011bru \u010dsl. st\u00e1tn\u00ed spr\u00e1vy k \u010dsl. plavebn\u00edm spole\u010dnostem Labsk\u00e9 a Dunajsk\u00e9).<span style=\"font-size: revert; color: initial;\"><a href=\"https:\/\/www.psp.cz\/eknih\/1920ns\/ps\/stenprot\/144schuz\/s144001.htm\">144,<\/a> 9. VI. 1922; 758. V.<\/span><\/li>\n<li>rop. v\u00fdb.\u00a0zpr. t. <a href=\"https:\/\/www.psp.cz\/eknih\/1920ns\/ps\/tisky\/t3609_00.htm\">3609<\/a>\u00a0(vypl\u00e1cen\u00ed \u00farok\u016f st\u00e1tn\u00edho p\u0159edv\u00e1le\u010dn\u00e9ho nezaji\u0161t\u011bn\u00e9ho dluhu).<span style=\"font-size: revert; color: initial;\"><a href=\"https:\/\/www.psp.cz\/eknih\/1920ns\/ps\/stenprot\/145schuz\/s145001.htm\">145<\/a>, 13. VI. 1922; 783, 791, 793. V.<\/span><\/li>\n<li>rozp. v\u00fdb.\u00a0zpr. t. <a href=\"https:\/\/www.psp.cz\/eknih\/1920ns\/ps\/tisky\/t3680_00.htm\">3680<\/a>\u00a0(vyrovn\u00e1n\u00ed pohled\u00e1vek vznikl\u00fdch v korun\u00e1ch rak. uher. mezi v\u011b\u0159iteli neb dlu\u017en\u00edky \u010deskoslovensk\u00fdmi a ciz\u00edmi).<span style=\"font-size: revert; color: initial;\"><a href=\"https:\/\/www.psp.cz\/eknih\/1920ns\/ps\/stenprot\/147schuz\/s147001.htm\">147<\/a>, 16. VI. 1922; 939, 942. V.<\/span><\/li>\n<li>rozp. v\u00fdb.\u00a0zpr. t.<a href=\"https:\/\/www.psp.cz\/eknih\/1920ns\/ps\/tisky\/t3681_00.htm\"> 3681\u00a0<\/a>(\u00faprava pr\u00e1vn\u00edch n\u00e1rok\u016f a z\u00e1vazk\u016f \u010dsl. st\u00e1tn\u00edch p\u0159\u00edslu\u0161n\u00edk\u016f v\u016f\u010di cizinc\u016fm, pokud vznikly p\u0159ed 28. \u0159\u00edjnem 1928 a zn\u011bj\u00ed na m\u011bnu jinou, ne\u017e korunovou).<span style=\"font-size: revert; color: initial;\"><a href=\"https:\/\/www.psp.cz\/eknih\/1920ns\/ps\/stenprot\/147schuz\/s147001.htm\">147<\/a>, 16. VI. 1922; 943, 945. V.<\/span><\/li>\n<li>rozp. v\u00fdb. zpr. t. <a href=\"https:\/\/www.psp.cz\/eknih\/1920ns\/ps\/tisky\/t3687_00.htm\">3687<\/a> (poskytnut\u00ed \u00fav\u011bru republice Rakousk\u00e9).<a href=\"https:\/\/www.psp.cz\/eknih\/1920ns\/ps\/stenprot\/148schuz\/s148001.htm\">148,<\/a> 20. VI. 1922; 1024, 1056. V.<\/li>\n<li>rozp. v\u00fdb. zpr. t. <a href=\"https:\/\/www.psp.cz\/eknih\/1920ns\/ps\/stenprot\/148schuz\/s148001.htm\">3721<\/a> (smlouva mezi R. \u010c. a republikou Rakouskou o urovn\u00e1n\u00ed tuzemsk\u00e9ho a cizozemsk\u00e9ho zdan\u011bn\u00ed v oboru p\u0159\u00edm\u00fdch dan\u00ed, podepsan\u00e1 ve V\u00eddni dne 18. II. 1922).<span style=\"font-size: revert; color: initial;\"><a href=\"https:\/\/www.psp.cz\/eknih\/1920ns\/ps\/stenprot\/153schuz\/s153001.htm\">153<\/a>, 23. VI. 1922; 129. V.<\/span><\/li>\n<li>rozp. v\u00fdb.\u00a0zpr. t. <a href=\"https:\/\/www.psp.cz\/eknih\/1920ns\/ps\/tisky\/t3751_01.htm\">3751<\/a>\u00a0(zm\u011bna n\u011bkter\u00fdch z\u00e1kon\u016f o slu\u017eebn\u00edch pom\u011brech u\u010ditelstva ve\u0159ejn\u00fdch \u0161kol obecn\u00fdch a ob\u010dansk\u00fdch).<span style=\"font-size: revert; color: initial;\"><a href=\"https:\/\/www.psp.cz\/eknih\/1920ns\/ps\/stenprot\/154schuz\/s154001.htm\">154,<\/a> 24. VI. 1922; 1345, 1361. V.<\/span><\/li>\n<li>rozp. v\u00fdb.\u00a0zpr. t. <a href=\"https:\/\/www.psp.cz\/eknih\/1920ns\/ps\/tisky\/t3768_00.htm\">3768<\/a>\u00a0(zm\u011bna a dopln\u011bn\u00ed z\u00e1kon\u016f o \u0161kol\u00e1ch obecn\u00fdch a ob\u010dansk\u00fdch).<span style=\"font-size: revert; color: initial;\"><a href=\"https:\/\/www.psp.cz\/eknih\/1920ns\/ps\/stenprot\/157schuz\/s157001.htm\">157,<\/a> 26. a 27. VI. 1922; 1500. V.<\/span><a href=\"https:\/\/www.psp.cz\/eknih\/1920ns\/ps\/stenprot\/158schuz\/s158001.htm\">158,<\/a> 27. a 28. VI. 1922; 1554. V.<\/li>\n<li>rozp. v\u00fdb. zpr. t. <a href=\"https:\/\/www.psp.cz\/eknih\/1920ns\/ps\/tisky\/t3729_00.htm\">3729<\/a> (smlouva mezi republ. \u010csl. a \u0159\u00ed\u0161\u00ed N\u011bmeckou o urovn\u00e1n\u00ed tuzemsk\u00e9ho a cizozemsk\u00e9ho zdan\u011bn\u00ed, zvl\u00e1\u0161t\u011b o zamezen\u00ed dvoj\u00edho zdan\u011bn\u00ed v oboru p\u0159\u00edm\u00fdch dan\u00ed a smlouva mezi R. \u010c. a \u0159\u00ed\u0161\u00ed N\u011bmeckou o pr\u00e1vn\u00ed ochran\u011b a pr\u00e1vn\u00ed pomoci ve v\u011bcech da\u0148ov\u00fdch, uzav\u0159en\u00e9 v Praze 31. XII. 1921).<span style=\"font-size: revert; color: initial;\"><a href=\"https:\/\/www.psp.cz\/eknih\/1920ns\/ps\/stenprot\/153schuz\/s153001.htm\">153<\/a>, 23. VI. 1922; 1293. V.<\/span><\/li>\n<li>rozp. v\u00fdb.\u00a0zpr.\u00a0t.\u00a0<a href=\"https:\/\/www.psp.cz\/eknih\/1920ns\/ps\/tisky\/t3771_00.htm\">3771\u00a0<\/a>(\u00faprava osvobozen\u00ed osob exteritori\u00e1ln\u00edch od st\u00e1tn\u00edch a jin\u00fdch ve\u0159ejn\u00fdch dan\u00ed a d\u00e1vek).<span style=\"font-size: revert; color: initial;\"><a href=\"https:\/\/www.psp.cz\/eknih\/1920ns\/ps\/stenprot\/164schuz\/s164001.htm\">164,<\/a> 7. XI. 1922; 349, 356. VI.<\/span><\/li>\n<li>rozp. v\u00fdb.\u00a0zpr. t. 3875\u00a0(\u010deskoslovensko-n\u011bmeck\u00e1 \u00famluva o p\u0159evodu zaopat\u0159ov\u00e1n\u00ed v\u00e1le\u010dn\u00fdch po\u0161kozenc\u016f na Hlu\u010d\u00ednsku).<span style=\"font-size: revert; color: initial;\"><a href=\"https:\/\/www.psp.cz\/eknih\/1920ns\/ps\/stenprot\/176schuz\/s176001.htm\">176,<\/a> 5. XII. 1922; 1480. VI.<\/span><\/li>\n<li>rozp. v\u00fdb.\u00a0zpr. t.<a href=\"https:\/\/www.psp.cz\/eknih\/1920ns\/ps\/tisky\/t3854_00.htm\"> 3854\u00a0<\/a>(jednor\u00e1zov\u00e9 v\u00fdpomoci pensist\u016fm-u\u010ditel\u016fm \u0161kol c\u00edrkevn\u00edch na Slovensku).<span style=\"font-size: revert; color: initial;\"><a href=\"https:\/\/www.psp.cz\/eknih\/1920ns\/ps\/stenprot\/176schuz\/s176001.htm\">176,<\/a> 5. XII. 1922; 1482, 1489. VI.<\/span><\/li>\n<li>rozp. v\u00fdb.\u00a0zpr. t. <a href=\"https:\/\/www.psp.cz\/eknih\/1920ns\/ps\/tisky\/t3861_00.htm\">3861<\/a>\u00a0(zm\u011bna ustanoven\u00ed o p\u0159\u00edm\u00fdch dan\u00edch na Slovensku a v Podkarpatsk\u00e9 Rusi pro r. 1923).<span style=\"font-size: revert; color: initial;\"><a href=\"https:\/\/www.psp.cz\/eknih\/1920ns\/ps\/stenprot\/177schuz\/s177001.htm\">177<\/a>, 7. XII. 1922; 1528. VI.<\/span><\/li>\n<li>rozp. v\u00fdb.\u00a0zpr. t. <a href=\"https:\/\/www.psp.cz\/eknih\/1920ns\/ps\/tisky\/t3874_00.htm\">3874<\/a>\u00a0(\u00famluva mezi R. \u010c. a republ. Rakouskou uzav\u0159en\u00e1 v Praze dne 17. XII. 1921 o uvoln\u011bn\u00ed zadr\u017een\u00fdch deposit a vz\u00e1jemn\u00e9m uzn\u00e1n\u00ed kontroln\u00edho ozna\u010den\u00ed cenn\u00fdch pap\u00edr\u016f.<span style=\"font-size: revert; color: initial;\"><a href=\"https:\/\/www.psp.cz\/eknih\/1920ns\/ps\/stenprot\/178schuz\/s178001.htm\">178,<\/a> 12. XII. 1922; 1573. VI.<\/span><\/li>\n<li>rozp. v\u00fdb.\u00a0zpr. t. <a href=\"https:\/\/www.psp.cz\/eknih\/1920ns\/ps\/tisky\/t3944_00.htm\">3944\u00a0<\/a>(\u00faprava po\u017eitk\u016f ve\u0161ker\u00fdch st\u00e1tn\u00edch zam\u011bstnanc\u016f).<span style=\"font-size: revert; color: initial;\"><a href=\"https:\/\/www.psp.cz\/eknih\/1920ns\/ps\/stenprot\/181schuz\/s181001.htm\">181<\/a>, 15. a 16. XII. 1922; 1607, 1700. VI.<\/span><\/li>\n<li>rozp. v\u00fdb.\u00a0zpr. t. <a href=\"https:\/\/www.psp.cz\/eknih\/1920ns\/ps\/tisky\/t3938_00.htm\">3938\u00a0<\/a>(st\u00e1tn\u00ed podpora spo\u0159itelen na Slovensku a v Podkarp. Rusi)<a href=\"https:\/\/www.psp.cz\/eknih\/1920ns\/ps\/stenprot\/184schuz\/s184001.htm\">.<\/a><span style=\"font-size: revert; color: initial;\">184, 19. a 20. XII. 1922; 1938, 1941. VI.<\/span><\/li>\n<li>rozp. v\u00fdb.\u00a0zpr. t. <a href=\"https:\/\/www.psp.cz\/eknih\/1920ns\/ps\/tisky\/t4000_00.htm\">4000<\/a>\u00a0(zm\u011bna n\u011bkter\u00fdch ustanoven\u00ed o p\u0159\u00edm\u00fdch dan\u00edch, platn\u00fdch na Slovensku a v Podkarp. Rusi)<a href=\"https:\/\/www.psp.cz\/eknih\/1920ns\/ps\/stenprot\/191schuz\/s191001.htm\">,<\/a><span style=\"font-size: revert; color: initial;\"><a href=\"https:\/\/www.psp.cz\/eknih\/1920ns\/ps\/stenprot\/191schuz\/s191001.htm\">191<\/a>, 23. II. 1923; 2194. VI.<\/span><\/li>\n<li>rozp. v\u00fdb.\u00a0zpr. t. <a href=\"https:\/\/www.psp.cz\/eknih\/1920ns\/ps\/tisky\/t4103_00.htm\">4003<\/a>\u00a0(VIII. mezin\u00e1rodn\u00ed parlamentn\u00ed konference v Pa\u0159\u00ed\u017ei).<span style=\"font-size: revert; color: initial;\"><a href=\"https:\/\/www.psp.cz\/eknih\/1920ns\/ps\/stenprot\/192schuz\/s192001.htm\">192,<\/a> 27. II. 1923; 2220. VI.<\/span><\/li>\n<li>rozp. v\u00fdb.\u00a0zpr. t.\u00a0<a href=\"https:\/\/www.psp.cz\/eknih\/1920ns\/ps\/tisky\/t4118_00.htm\">4118<\/a>\u00a0(prodlou\u017een\u00ed z\u00e1kona o vyvlast\u0148ov\u00e1n\u00ed k \u00faprav\u011b asana\u010dn\u00edho obvodu m\u011bsta Prahy a da\u0148ov\u00e9 v\u00fdhody pro stavby v tomto obvodu).<span style=\"font-size: revert; color: initial;\"><a href=\"https:\/\/www.psp.cz\/eknih\/1920ns\/ps\/stenprot\/207schuz\/s207001.htm\">207<\/a>, 4. V. 1923; 297. VII.<\/span><\/li>\n<li>rozp. v\u00fdb.\u00a0zpr. t. <a href=\"https:\/\/www.psp.cz\/eknih\/1920ns\/ps\/tisky\/t4129_00.htm\">4129<\/a>\u00a0(ne\u00fa\u010dinnost zv\u00fd\u0161en\u00ed \u00farokov\u00e9 m\u00edry pro poplatkov\u00e9 \u00falevy platn\u00e9 p\u0159i konversi hypotek\u00e1rn\u00edch pohled\u00e1vek).<span style=\"font-size: revert; color: initial;\"><a href=\"https:\/\/www.psp.cz\/eknih\/1920ns\/ps\/stenprot\/209schuz\/s209001.htm\">209<\/a>, 11. V. 1923; 323, 325. VII.<\/span><\/li>\n<li>rozp. v\u00fdb.\u00a0zpr. t.\u00a0<a href=\"https:\/\/www.psp.cz\/eknih\/1920ns\/ps\/tisky\/t4343_00.htm\">4343<\/a>\u00a0(ochrana \u010dsl. m\u011bny a ob\u011bhu z\u00e1konn\u00fdch platidel, usn. sen.).<span style=\"font-size: revert; color: initial;\"><a href=\"https:\/\/www.psp.cz\/eknih\/1920ns\/ps\/stenprot\/242schuz\/s242001.htm\">242,<\/a> 13. XII. 1923; 1452. VIII.<\/span><\/li>\n<li>\u00fastav. pr\u00e1v. v\u00fdb. k od\u016fvodn\u011bn\u00ed prodlou\u017een\u00ed lh\u016fty dan\u00e9 \u00fastavn\u011b-pr\u00e1vn\u00edmu v\u00fdboru k projedn\u00e1n\u00ed n\u00e1vrhu z\u00e1kona o p\u016fvodcov\u011b pr\u00e1vu\u00a0(tisk\u00a0<a href=\"https:\/\/www.psp.cz\/eknih\/1920ns\/ps\/tisky\/t3238_01.htm\">3238<\/a>).<span style=\"font-size: revert; color: initial;\"><a href=\"https:\/\/www.psp.cz\/eknih\/1920ns\/ps\/stenprot\/244schuz\/s244001.htm\">244,<\/a> 19. XII. 1923; 1594. VIII.<\/span><\/li>\n<li>rozp. v\u00fdb.\u00a0zpr. t. <a href=\"https:\/\/www.psp.cz\/eknih\/1920ns\/ps\/tisky\/t4379_00.htm\">4379<\/a>\u00a0(zm\u011bna ustanoven\u00ed o p\u0159\u00edm\u00fdch dan\u00edch a stanoven\u00ed v\u00e1le\u010dn\u00e9 p\u0159ir\u00e1\u017eky k p\u0159\u00edm\u00fdm dan\u00edm na r. 1924).<span style=\"font-size: revert; color: initial;\"><a href=\"https:\/\/www.psp.cz\/eknih\/1920ns\/ps\/stenprot\/246schuz\/s246001.htm\">246<\/a>, 20. XII. 1923; 1753, 1759. VIII.<\/span><\/li>\n<li>rozp. v\u00fdb.\u00a0zpr. t. <a href=\"https:\/\/www.psp.cz\/eknih\/1920ns\/ps\/tisky\/t4480_00.htm\">4480<\/a>\u00a0(zm\u011bna a dopln\u011bn\u00ed n\u011bkter\u00fdch z\u00e1konn\u00fdch \u010dl\u00e1nk\u016f o dani z miner\u00e1ln\u00edch olej\u016f).<span style=\"font-size: revert; color: initial;\"><a href=\"https:\/\/www.psp.cz\/eknih\/1920ns\/ps\/stenprot\/254schuz\/s254001.htm\">254<\/a>, 3. IV. 1924; 260. IX.<\/span><\/li>\n<li>rozp. v\u00fdb.\u00a0zpr. t. <a href=\"https:\/\/www.psp.cz\/eknih\/1920ns\/ps\/tisky\/t4481_00.htm\">4481<\/a>\u00a0(ukl\u00e1d\u00e1n\u00ed soudn\u00edch deposit a deposit poru\u010densk\u00fdch \u00fa\u0159ad\u016f u po\u0161tovn\u00edho \u0161ekov\u00e9ho \u00fa\u0159adu v Praze).<span style=\"font-size: revert; color: initial;\"><a href=\"https:\/\/www.psp.cz\/eknih\/1920ns\/ps\/stenprot\/254schuz\/s254001.htm\">254,<\/a> 3. IV. 1924; 261. IX.<\/span><\/li>\n<li>\u00fastav. pr\u00e1v. v\u00fdb.\u00a0zpr. t. <a href=\"https:\/\/www.psp.cz\/eknih\/1920ns\/ps\/tisky\/t4567_00.htm\">4567\u00a0<\/a>(z\u00e1kon o inkompatibilit\u011b).<span style=\"font-size: revert; color: initial;\"><a href=\"https:\/\/www.psp.cz\/eknih\/1920ns\/ps\/stenprot\/263schuz\/s263001.htm\">263<\/a>, 15. IV. 1924; 624. IX.<\/span>doslov <a href=\"https:\/\/www.psp.cz\/eknih\/1920ns\/ps\/stenprot\/264schuz\/s264001.htm\">264<\/a>, 16. IV. 1924; 682. IX.<\/li>\n<li>rozp. v\u00fdb. zpr. t. <a href=\"https:\/\/www.psp.cz\/eknih\/1920ns\/ps\/tisky\/t4675_00.htm\">4675<\/a> (zcizen\u00ed st\u00e1tn\u00edch nemovitost\u00ed v L\u00e1nech a ve V\u00fdchodn\u00e9).<span style=\"font-size: revert; color: initial;\"><a href=\"https:\/\/www.psp.cz\/eknih\/1920ns\/ps\/stenprot\/273schuz\/s273001.htm\">273<\/a>, 13. VI. 1924; 947. IX.<\/span>korektury <a href=\"https:\/\/www.psp.cz\/eknih\/1920ns\/ps\/stenprot\/274schuz\/s274001.htm\">274,<\/a> 17. VI. 1924; 973. IX.<\/li>\n<li>\u00fastav. pr\u00e1v. v\u00fdb. zpr. t. <a href=\"https:\/\/www.psp.cz\/eknih\/1920ns\/ps\/tisky\/t4678_00.htm\">4678<\/a> (z\u00e1kon o inkompatibilit\u011b; usn. sen.).<span style=\"font-size: revert; color: initial;\"><a href=\"https:\/\/www.psp.cz\/eknih\/1920ns\/ps\/stenprot\/274schuz\/s274001.htm\">274<\/a>, 17. VI. 1924; 963, 968. IX.<\/span><\/li>\n<li>rozp. v\u00fdb.\u00a0zpr. t. <a href=\"https:\/\/www.psp.cz\/eknih\/1920ns\/ps\/tisky\/t4825_00.htm\">4825<\/a>\u00a0(kone\u010dn\u00e1 \u00faprava rakousk\u00fdch a uhersk\u00fdch v\u00e1le\u010dn\u00fdch p\u016fj\u010dek).<span style=\"font-size: revert; color: initial;\"><a href=\"https:\/\/www.psp.cz\/eknih\/1920ns\/ps\/stenprot\/282schuz\/s282001.htm\">283<\/a>, 10. IX. 1924; 1269. IX. <\/span>doslov <a href=\"https:\/\/www.psp.cz\/eknih\/1920ns\/ps\/stenprot\/285schuz\/s285001.htm\">285,<\/a> 12. IX. 1924; 1396. IX. korektury <a href=\"https:\/\/www.psp.cz\/eknih\/1920ns\/ps\/stenprot\/286schuz\/s286001.htm\">286<\/a>, 16. IX. 1924; 1439. IX.<\/li>\n<li>rozp. v\u00fdb. zpr. t. <a href=\"https:\/\/www.psp.cz\/eknih\/1920ns\/ps\/tisky\/t4837_00.htm\">4837<\/a> (o vkladn\u00edch kn\u00ed\u017ek\u00e1ch, akciov\u00fdch bank\u00e1ch a revisi bankovn\u00edch \u00fastav\u016f).<span style=\"font-size: revert; color: initial;\"><a href=\"https:\/\/www.psp.cz\/eknih\/1920ns\/ps\/stenprot\/290schuz\/s290001.htm\">290<\/a>, 23. IX. 1924; 1894, 1930. IX.<\/span><\/li>\n<li>rozp. v\u00fdb.\u00a0zpr. t.\u00a0<a href=\"https:\/\/www.psp.cz\/eknih\/1920ns\/ps\/tisky\/t4836_00.htm\">4836\u00a0<\/a>(zm\u011bna z\u00e1kona o osobn\u00edch dan\u00edch p\u0159\u00edm\u00fdch, \u00a7 94, lit. c), \u010d. 220 \u0159. z. z\u00a0r. 1896).<span style=\"font-size: revert; color: initial;\"><a href=\"https:\/\/www.psp.cz\/eknih\/1920ns\/ps\/stenprot\/313schuz\/s313001.htm\">313<\/a>, 15. XII. 1924; 898. X.<\/span><\/li>\n<li>rozp. v\u00fdb. zpr. t. <a href=\"https:\/\/www.psp.cz\/eknih\/1920ns\/ps\/stenprot\/313schuz\/s313001.htm\">4953<\/a> (zm\u011bna ustanoven\u00ed o p\u0159\u00edm\u00fdch dan\u00edch a stanoven\u00ed v\u00e1le\u010dn\u00fdch p\u0159ir\u00e1\u017eek ku p\u0159\u00edm\u00fdm dan\u00edm na r. 1925).<a href=\"https:\/\/www.psp.cz\/eknih\/1920ns\/ps\/stenprot\/315schuz\/s315001.htm\">315<\/a>, 16. XII. 1924; 920. X.<\/li>\n<li>rozp. v\u00fdb. zpr. t. <a href=\"https:\/\/www.psp.cz\/eknih\/1920ns\/ps\/tisky\/t5020_00.htm\">5020<\/a> (odm\u011bny st\u00e1tn\u00edm a jin\u00fdm ve\u0159ejn\u00fdm zam\u011bstnanc\u016fm na r. 1924 a 1925).<span style=\"font-size: revert; color: initial;\"><a href=\"https:\/\/www.psp.cz\/eknih\/1920ns\/ps\/stenprot\/316schuz\/s316001.htm\">316<\/a>, 18. XII. 1924; 937. X.<\/span>doslov\u00a0<a href=\"https:\/\/www.psp.cz\/eknih\/1920ns\/ps\/stenprot\/318schuz\/s318001.htm\">318<\/a>, 18. XII. 1924; 1027.\u00a0X.<span style=\"font-size: revert; color: initial;\">rozp. v\u00fdb. zpr. t. <a href=\"https:\/\/www.psp.cz\/eknih\/1920ns\/ps\/tisky\/t5059_00.htm\">5059<\/a> (\u00fa\u010detn\u00ed z\u00e1v\u011brka st\u00e1tn\u00edho bytov\u00e9ho fondu za l\u00e9ta 1919 a 1920). <\/span><a href=\"https:\/\/www.psp.cz\/eknih\/1920ns\/ps\/stenprot\/326schuz\/s326001.htm\">326,<\/a> 10. III. 1925; 1271.\u00a0X.<\/li>\n<\/ul>\n<p><span style=\"font-size: 24px;\">\u0158e\u010d v rozprav\u011b:<\/span><\/p>\n<ul>\n<li>o vl\u00e1dn\u00edm prohl\u00e1\u0161en\u00ed min. p\u0159eds. Vl. Tusara z 9. VII. 1920.<a href=\"https:\/\/www.frantiskani.cz\/index.php\/2021\/12\/22\/12-schuze-patek-9-cervence-1920\">12, 9. VII. 1920<\/a>; 639. I.<\/li>\n<li>o st\u00e1t. rozpo\u010dtu pro r. 1922 (zpr. t. <a href=\"https:\/\/www.psp.cz\/eknih\/1920ns\/ps\/tisky\/t3166_00.htm\">3168<\/a>).<span style=\"font-size: revert; color: initial;\"><a href=\"https:\/\/www.psp.cz\/eknih\/1920ns\/ps\/stenprot\/092schuz\/s092001.htm\">92,<\/a> 17. XI. 1921; 340. IV.<\/span><\/li>\n<li>o zm\u011bn\u011b finan\u010d. z\u00e1k. ze 17. XII. 1922, \u010d\u00eds. 628 Sb. z. a n. a o dodatku ke st\u00e1t. rozpo\u010dtu na rok 1921\u00a0(zpr. t. <a href=\"https:\/\/www.psp.cz\/eknih\/1920ns\/ps\/tisky\/t3373_01.htm\">3373<\/a>).<span style=\"font-size: revert; color: initial;\"><a href=\"https:\/\/www.psp.cz\/eknih\/1920ns\/ps\/stenprot\/123schuz\/s123001.htm\">123<\/a>, 20. I. 1922; 2303. IV.<\/span><\/li>\n<li>o st\u00e1t. rozpo\u010dtu pro r. 1923 (zpr. t.<a href=\"https:\/\/www.psp.cz\/eknih\/1920ns\/ps\/tisky\/t3856_01.htm\"> 3856<\/a>).<a href=\"https:\/\/www.psp.cz\/eknih\/1920ns\/ps\/stenprot\/168schuz\/s168001.htm\">168<\/a>, 16. XI. 1922; 468. VI.<\/li>\n<li>o nal\u00e9h. interp. ve v\u011bci bankovn\u00ed krise (t. <a href=\"https:\/\/www.psp.cz\/eknih\/1920ns\/ps\/tisky\/t4055_00.htm\">4055,<\/a> <a href=\"https:\/\/www.psp.cz\/eknih\/1920ns\/ps\/tisky\/t4064_00.htm\">4064<\/a>, <a href=\"https:\/\/www.psp.cz\/eknih\/1920ns\/ps\/tisky\/t4074_00.htm\">4074<\/a> a <a href=\"https:\/\/www.psp.cz\/eknih\/1920ns\/ps\/tisky\/t4048_01.htm\">4048<\/a>\/XII).<span style=\"font-size: revert; color: initial;\"><a href=\"https:\/\/www.psp.cz\/eknih\/1920ns\/ps\/stenprot\/201schuz\/s201001.htm\">201,<\/a> 17. IV. 1923; 65. VII.<\/span><\/li>\n<li>o st\u00e1t. rozpo\u010dtu na r. 1924 (zpr. t.<a href=\"https:\/\/www.psp.cz\/eknih\/1920ns\/ps\/tisky\/t4300_01.htm\"> 4300<\/a>).<a href=\"https:\/\/www.psp.cz\/eknih\/1920ns\/ps\/stenprot\/228schuz\/s228001.htm\">228<\/a>, 21. XI. 1923; 299. VIII.<\/li>\n<li>o st\u00e1t. rozpo\u010dtu pro r. 1925 (zpr. t. <a href=\"https:\/\/www.psp.cz\/eknih\/1920ns\/ps\/tisky\/t4930_01.htm\">4930)<\/a>.<span style=\"font-size: revert; color: initial;\"><a href=\"https:\/\/www.psp.cz\/eknih\/1920ns\/ps\/stenprot\/300schuz\/s300001.htm\">300,<\/a> 18. XI. 1924; 274. X.<\/span><\/li>\n<li>o\u00a0cedulov\u00e9 bance\u00a0(zpr. t. <a href=\"https:\/\/www.psp.cz\/eknih\/1920ns\/ps\/tisky\/t5130_00.htm\">5130<\/a>).<span style=\"font-size: revert; color: initial;\"><a href=\"https:\/\/www.psp.cz\/eknih\/1920ns\/ps\/stenprot\/341schuz\/s341001.htm\">341,<\/a> 2. IV. 1925; 59. XI.<\/span><\/li>\n<li>o st\u00e1t. rozpo\u010dtu pro r. 1926\u00a0(zpr. t. <a href=\"https:\/\/www.psp.cz\/eknih\/1920ns\/ps\/tisky\/t5329_01.htm\">5329<\/a>).<span style=\"font-size: revert; color: initial;\"><a href=\"https:\/\/www.psp.cz\/eknih\/1920ns\/ps\/stenprot\/367schuz\/s367001.htm\">367<\/a>, 30. IX. 1925; 796.\u00a0XI.<\/span><\/li>\n<\/ul>\n<p><span style=\"font-size: 24px;\">Interpelace:<\/span><\/p>\n<ul>\n<li>nal\u00e9hav\u00e1, o pr\u016fmyslov\u00e9 a zem\u011bd\u011blsk\u00e9 krisi, nezam\u011bstnanosti a drahot\u011b \u017eivotn\u00edch pot\u0159eb,t. <a href=\"https:\/\/www.psp.cz\/eknih\/1920ns\/ps\/tisky\/t3809_00.htm\">3809<\/a>. <a href=\"https:\/\/www.psp.cz\/eknih\/1920ns\/ps\/stenprot\/159schuz\/s159001.htm\">159<\/a>, 24. X. 1922; 9. VI. -zodpov\u011bd\u011bna prohl\u00e1\u0161en\u00edm min. soc. p\u00e9\u010de G. Habrmana.<span style=\"font-size: revert; color: initial;\"><a href=\"https:\/\/www.psp.cz\/eknih\/1920ns\/ps\/stenprot\/162schuz\/s162001.htm\">162,<\/a> 27. X. 1922; 297. VI.<\/span><\/li>\n<li>nal\u00e9hav\u00e1, ve v\u011bci hospod\u00e1\u0159sk\u00e9 krise a nezam\u011bstnanosti,<span style=\"font-size: revert; color: initial;\">t. <a href=\"https:\/\/www.psp.cz\/eknih\/1920ns\/ps\/tisky\/t3989_00.htm\">3989<\/a>. <a href=\"https:\/\/www.psp.cz\/eknih\/1920ns\/ps\/stenprot\/186schuz\/s186001.htm\">186<\/a>, 9. II. 1923; 2137. VI.- <\/span>zodpov\u011bd\u011bna prohl\u00e1\u0161en\u00edmi\u00a0min. soc. p\u00e9\u010de G. Habrmana, min. z\u00e1sob. dr. E. Franke a min. ve\u0159. prac\u00ed A. Srby.<span style=\"font-size: revert; color: initial;\"><a href=\"https:\/\/www.psp.cz\/eknih\/1920ns\/ps\/stenprot\/192schuz\/s192001.htm\">192,<\/a> 27. II. 1923; 2222, 2228, 2232. VI.<\/span><\/li>\n<li>nal\u00e9hav\u00e1, o bankovn\u00edch pom\u011brech,<span style=\"font-size: revert; color: initial;\">t. <a href=\"https:\/\/www.psp.cz\/eknih\/1920ns\/ps\/tisky\/t4074_00.htm\">4074<\/a>. <a href=\"https:\/\/www.psp.cz\/eknih\/1920ns\/ps\/stenprot\/200schuz\/s200001.htm\">200,<\/a> 10. IV. 1923; 26. VII.- <\/span><\/li>\n<li>zodpov\u011bd\u011bna prohl\u00e1\u0161en\u00edm\u00a0min. fin. in\u017e. B. Be\u010dky.<span style=\"font-size: revert; color: initial;\"><a href=\"https:\/\/www.psp.cz\/eknih\/1920ns\/ps\/stenprot\/201schuz\/s201001.htm\">201<\/a>, 17. IV. 1923; 54. VII.<\/span><\/li>\n<li>nal\u00e9hav\u00e1, v z\u00e1le\u017eitosti pod\u00e1n\u00ed n\u00e1vrhu z\u00e1kona, kter\u00fdm by se ur\u00e1\u017eky na cti sp\u00e1chan\u00e9 tiskem od\u0148aly soud\u016fm porotn\u00edm,<span style=\"font-size: revert; color: initial;\">t. <a href=\"https:\/\/www.psp.cz\/eknih\/1920ns\/ps\/tisky\/t4437_00.htm\">4437<\/a>. <a href=\"https:\/\/www.psp.cz\/eknih\/1920ns\/ps\/stenprot\/247schuz\/s247001.htm\">247<\/a>, 6. III. 1924; 23. IX. &#8211; <\/span>zodpov\u011bd\u011bna prohl\u00e1\u0161en\u00edm\u00a0min. p\u0159edsedy Ant. \u0160vehly.<span style=\"font-size: revert; color: initial;\"><a href=\"https:\/\/www.psp.cz\/eknih\/1920ns\/ps\/stenprot\/247schuz\/s247001.htm\">247,<\/a> 6. III. 1924; 24. IX.<\/span><\/li>\n<li>nal\u00e9hav\u00e1, jak\u00e1 opat\u0159en\u00ed u\u010dinila vl\u00e1da a co hodl\u00e1 je\u0161t\u011b podniknouti aby vlna drahoty byla zastavena a sn\u00ed\u017een\u00edm cen \u017eivotn\u00edch pot\u0159eb, v\u010detn\u011b pr\u016fmyslov\u00fdch v\u00fdrobk\u016f byl umo\u017en\u011bn hospod\u00e1\u0159sk\u00fd \u017eivot st\u00e1tu,<span style=\"font-size: revert; color: initial;\">t. <a href=\"https:\/\/www.psp.cz\/eknih\/1920ns\/ps\/tisky\/t4818_00.htm\">4818<\/a>.<a href=\"https:\/\/www.psp.cz\/eknih\/1920ns\/ps\/stenprot\/281schuz\/s281001.htm\"> 281,<\/a> 4. IX. 1924; 1182. IX. &#8211; <\/span>zodpov\u011bd\u011bna prohl\u00e1\u0161en\u00edm\u00a0min. z\u00e1sob. dr. Franke.<span style=\"font-size: revert; color: initial;\"><a href=\"https:\/\/www.psp.cz\/eknih\/1920ns\/ps\/stenprot\/282schuz\/s282001.htm\">282,<\/a> 4. IX. 1924; 1191. IX.<\/span><\/li>\n<li>nal\u00e9hav\u00e1, o poklesu populace a poklesu po\u010dtu \u017e\u00e1k\u016f a redukci t\u0159\u00edd na n\u00e1rodn\u00edch \u0161kol\u00e1ch,<span style=\"font-size: revert; color: initial;\">t. <a href=\"https:\/\/www.psp.cz\/eknih\/1920ns\/ps\/tisky\/t5325_00.htm\">5325<\/a>. <a href=\"https:\/\/www.psp.cz\/eknih\/1920ns\/ps\/stenprot\/362schuz\/s362001.htm\">362,<\/a> 18. IX. 1925; 589. XI. &#8211; <\/span>zodpov\u011bd\u011bna prohl\u00e1\u0161en\u00edmi\u00a0spr\u00e1vce min. \u0161kol. dr. Markovi\u010de<span style=\"font-size: revert; color: initial;\"><a href=\"https:\/\/www.psp.cz\/eknih\/1920ns\/ps\/stenprot\/363schuz\/s363001.htm\">363<\/a>, 22. IX. 1925; 612. XI.<\/span>a min. ve\u0159. zdravot.\u00a0J. \u0160r\u00e1mka<span style=\"font-size: revert; color: initial;\"><a href=\"https:\/\/www.psp.cz\/eknih\/1920ns\/ps\/tisky\/t0364_00.htm\">364<\/a>, 24. IX. 1925; 633. XI.<\/span><\/li>\n<li>o postupu okr. polit. spr\u00e1vy v Nov. M\u011bst\u011b n. Met. p\u0159i repartici vojen. v\u00fdloh rekvisi\u010dn\u00edch,<span style=\"font-size: revert; color: initial;\">t. <a href=\"https:\/\/www.psp.cz\/eknih\/1920ns\/ps\/tisky\/t0130_00.htm\">130.<\/a> 10, 19. VI. 1920; 462. I. &#8211; <\/span>odpov. t. <a href=\"https:\/\/www.psp.cz\/eknih\/1920ns\/ps\/tisky\/t0616_00.htm\">616<\/a>. 16, 4. XI. 1920; 50. II.<\/li>\n<li>o n\u00e1silnostech p\u0159i sjezdu katolick\u00e9 ml\u00e1de\u017ee na Chlumku u Lu\u017ee dne 4. VII. 1920,<span style=\"font-size: revert; color: initial;\">t. <a href=\"https:\/\/www.psp.cz\/eknih\/1920ns\/ps\/tisky\/t0335_00.htm\">335<\/a>. 14, 26. X. 1920; 22. II. &#8211;<\/span>odpov. t. <a href=\"https:\/\/www.psp.cz\/eknih\/1920ns\/ps\/tisky\/t0524_00.htm\">523.<\/a> 14, 26. X. 1920; 30.\u00a0II.<\/li>\n<li><span style=\"font-size: revert; color: initial;\">o neopr\u00e1vn\u011bn\u00e9m pou\u017e\u00edv\u00e1n\u00ed d\u011blnick\u00fdch legitimac\u00ed n\u011bkter\u00fdmi cestuj\u00edc\u00edmi,<\/span>t. <a href=\"https:\/\/www.psp.cz\/eknih\/1920ns\/ps\/tisky\/t0357_00.htm\">357.<\/a> 14, 26. X. 1920; 23. II &#8211; odpov. t. <a href=\"https:\/\/www.psp.cz\/eknih\/1920ns\/ps\/tisky\/t1116_00.htm\">1116.<\/a> 40, 11. I. 1921; 1574. II.<\/li>\n<li>o hroz\u00edc\u00ed nezam\u011bstnanosti textiln\u00edho d\u011blnictva, <span style=\"font-size: revert; color: initial;\">t. <a href=\"https:\/\/www.psp.cz\/eknih\/1920ns\/ps\/tisky\/t0358_00.htm\">358.<\/a> 14, 26. X. 1920; 23. II. &#8211; <\/span><span style=\"font-size: revert; color: initial;\">odpov. t. <a href=\"https:\/\/www.psp.cz\/eknih\/1920ns\/ps\/tisky\/t0826_00.htm\">826<\/a>. 23, 23. XI. 1920; 366. II.<\/span><\/li>\n<li>ve p\u0159\u00ed\u010din\u011b drahoty textiln\u00edho zbo\u017e\u00ed, <span style=\"font-size: revert; color: initial;\">t. <a href=\"https:\/\/www.psp.cz\/eknih\/1920ns\/ps\/tisky\/t0675_00.htm\">675<\/a>. 20, 11. XI. 1920; 277. II. &#8211; <\/span><span style=\"font-size: revert; color: initial;\">odpov. t. <a href=\"https:\/\/www.psp.cz\/eknih\/1920ns\/ps\/tisky\/t1120_00.htm\">1120.<\/a> 40, 11. I. 1921; 1574. II.<\/span><\/li>\n<li>ve p\u0159\u00ed\u010din\u011b drahoty uhl\u00ed, <span style=\"font-size: revert; color: initial;\">t. <a href=\"https:\/\/www.psp.cz\/eknih\/1920ns\/ps\/tisky\/t0676_00.htm\">676<\/a>. 20, 11. XI. 1920; 277. II. &#8211; <\/span><span style=\"font-size: revert; color: initial;\">odpov. t.<a href=\"https:\/\/www.psp.cz\/eknih\/1920ns\/ps\/tisky\/t1546_00.htm\"> 1546<\/a>. 55, 16. II. 1921; 2226. II.<\/span><\/li>\n<li>o nestejn\u00e9m a stranick\u00e9m p\u0159id\u011blov\u00e1n\u00ed mouky jednotliv\u00fdm konsum\u016fm,<span style=\"font-size: revert; color: initial;\">t. <a href=\"https:\/\/www.psp.cz\/eknih\/1920ns\/ps\/tisky\/t1495_00.htm\">1495<\/a>. 54, 14. II. 1921; 2187. II.- <\/span><span style=\"font-size: revert; color: initial;\">odpov. t. <a href=\"https:\/\/www.psp.cz\/eknih\/1920ns\/ps\/tisky\/t2327_00.htm\">2327<\/a>. 69, 24, VI. 1921; 189. III.<\/span><\/li>\n<li>ve v\u011bci katastrofy na dolu &#8222;Gabriela&#8220; v Karvinn\u00e9,<span style=\"font-size: revert; color: initial;\">t. <a href=\"https:\/\/www.psp.cz\/eknih\/1920ns\/ps\/tisky\/t4584_00.htm\">4584<\/a>. 263, 15. IV. 1924; 627. IX. &#8211; <\/span><span style=\"font-size: revert; color: initial;\">odpov. t. <a href=\"https:\/\/www.psp.cz\/eknih\/1920ns\/ps\/tisky\/t2327_00.htm\">4586<\/a>. <a href=\"https:\/\/www.psp.cz\/eknih\/1920ns\/ps\/stenprot\/263schuz\/s263001.htm\">263<\/a>, 15. IV. 1924; 628. IX.<\/span><\/li>\n<li>ve v\u011bci v\u00fdpomoci posti\u017een\u00fdm \u017eiveln\u00edmi pohromami,<span style=\"font-size: revert; color: initial;\">t. <a href=\"https:\/\/www.psp.cz\/eknih\/1920ns\/ps\/tisky\/t4617_01.htm\">4617<\/a>\/V. <a href=\"https:\/\/www.psp.cz\/eknih\/1920ns\/ps\/stenprot\/267schuz\/s267001.htm\">267<\/a>, 3. VI. 1924; 780. IX. ,<\/span><\/li>\n<li><span style=\"font-size: revert; color: initial;\">o ud\u00e1lostech p\u0159i st\u00e1vce v Tren\u010d\u00edn\u011b.<\/span>t. <a href=\"https:\/\/www.psp.cz\/eknih\/1920ns\/ps\/tisky\/t4910_00.htm\">4910<\/a>. 295, 30. X. 1924; 68. X. &#8211; odpov. t. <a href=\"https:\/\/www.psp.cz\/eknih\/1920ns\/ps\/tisky\/t4914_00.htm\">4914<\/a>. <a href=\"https:\/\/www.psp.cz\/eknih\/1920ns\/ps\/stenprot\/296schuz\/s296001.htm\">296<\/a>, 31. X. 1924; 149. X.<\/li>\n<\/ul>\n<p><span style=\"font-size: 24px;\">Dotazy:<\/span><\/p>\n<ul>\n<li>o st\u00ed\u017enosti obce J\u00edlov\u00e9 proti zabr\u00e1n\u00ed kostela a fary c\u00edrkv\u00ed \u010deskoslovenskou.<a href=\"https:\/\/www.psp.cz\/eknih\/1920ns\/ps\/stenprot\/027schuz\/s027001.htm\">27<\/a>, 30. XI. 1920; 680. II. &#8211; odpov. <a href=\"https:\/\/www.psp.cz\/eknih\/1920ns\/ps\/stenprot\/046schuz\/s046001.htm\">46<\/a>, 25. I. 1921; 1818. II.<\/li>\n<li>o protiz\u00e1konn\u00e9m postupu obec. zastupitelstva v Bene\u0161ov\u011b u Prahy.<span style=\"font-size: revert; color: initial;\"><a href=\"https:\/\/www.psp.cz\/eknih\/1920ns\/ps\/stenprot\/027schuz\/s027001.htm\">27<\/a>, 30. XI. 1920; 680. II.<\/span><\/li>\n<li>ohledn\u011b nevy\u0159izov\u00e1n\u00ed \u017e\u00e1dosti obce Oudolen\u011b o p\u0159ipojen\u00ed k po\u0161t. \u00fa\u0159. v Sopotech. <span style=\"font-size: revert; color: initial;\"><a href=\"https:\/\/www.psp.cz\/eknih\/1920ns\/ps\/stenprot\/027schuz\/s027001.htm\">27<\/a>, 30. XI. 1920; 680. II. &#8211; <\/span><span style=\"font-size: revert; color: initial;\">odpov. <a href=\"https:\/\/www.psp.cz\/eknih\/1920ns\/ps\/stenprot\/040schuz\/s040001.htm\">40<\/a>, 11. I. 1921; 1572. II.<\/span><\/li>\n<li>o zv\u00fd\u0161en\u00ed p\u0159edb\u011b\u017en\u00e9ho vzd\u011bl\u00e1n\u00ed st\u00e1t. \u00fa\u010det. \u00fa\u0159ednictva a o za\u0159ad\u011bn\u00ed tohoto do skupiny &#8222;B&#8220;.<a href=\"https:\/\/www.psp.cz\/eknih\/1920ns\/ps\/stenprot\/035schuz\/s035001.htm\">35<\/a>, 17. XII. 1920; 1421. II.<\/li>\n<li>o praktikov\u00e1n\u00ed \u00a7 222, odst. \u00fastavn\u00ed listiny republiky \u010ceskoslovensk\u00e9.<span style=\"font-size: revert; color: initial;\"><a href=\"https:\/\/www.psp.cz\/eknih\/1920ns\/ps\/stenprot\/087schuz\/s087001.htm\">87<\/a>, 19. X. 1921; 39. IV.<\/span><\/li>\n<li>o vr\u00e1cen\u00ed katolick\u00fdch kostel\u016f zabran\u00fdch loupe\u017en\u011b sektou \u010deskoslovenskou.<span style=\"font-size: revert; color: initial;\"><a href=\"https:\/\/www.psp.cz\/eknih\/1920ns\/ps\/stenprot\/087schuz\/s087001.htm\">87<\/a>, 19. X. 1921; 39. IV.<\/span><\/li>\n<li>o nemo\u017enosti u\u017e\u00edvati biografick\u00e9 licence ud\u011blen\u00e9 Jednot\u011b katolick\u00fdch tovary\u0161\u016f v Praze.<span style=\"font-size: revert; color: initial;\"><a href=\"https:\/\/www.psp.cz\/eknih\/1920ns\/ps\/stenprot\/087schuz\/s087001.htm\">87<\/a>, 19. X. 1921; 39. IV. &#8211; <\/span>odpov. <a href=\"https:\/\/www.psp.cz\/eknih\/1920ns\/ps\/stenprot\/118schuz\/s118001.htm\">118<\/a>, 10. I. 1922; 1981. IV.<\/li>\n<li>o vyd\u00e1n\u00ed prov\u00e1d\u011bc\u00edho na\u0159\u00edzen\u00ed k z\u00e1konu proti \u00fatisku a na ochranu svobody ve shrom\u00e1\u017ed\u011bn\u00edch<a href=\"https:\/\/www.psp.cz\/eknih\/1920ns\/ps\/stenprot\/091schuz\/s091001.htm\">.<\/a><span style=\"font-size: revert; color: initial;\">91, 16. XI. 1921; 252. IV. &#8211; <\/span><span style=\"font-size: revert; color: initial;\">odpov. <a href=\"https:\/\/www.psp.cz\/eknih\/1920ns\/ps\/stenprot\/118schuz\/s118001.htm\">118<\/a>, 10. I. 1922; 1981. IV.<\/span><\/li>\n<li>\u017ee se neprov\u00e1d\u011bj\u00ed rozhodnut\u00ed \u00fa\u0159ad\u016f spr\u00e1vn\u00edch.<span style=\"font-size: revert; color: initial;\"><a href=\"https:\/\/www.psp.cz\/eknih\/1920ns\/ps\/stenprot\/145schuz\/s145001.htm\">145<\/a>, 13. VI. 1922; 775. V. &#8211; <\/span><span style=\"font-size: revert; color: initial;\">odpov. <a href=\"https:\/\/www.psp.cz\/eknih\/1920ns\/ps\/stenprot\/178schuz\/s178001.htm\">178,<\/a> 12. XII. 1922; 1540. VI.<\/span><\/li>\n<li>o \u010dasov\u011b nevhodn\u00e9m povol\u00e1v\u00e1n\u00ed z\u00e1lo\u017en\u00edk\u016f ze stavu zem\u011bd\u011blsk\u00e9ho k vojensk\u00fdm cvi\u010den\u00edm.<span style=\"font-size: revert; color: initial;\"><a href=\"https:\/\/www.psp.cz\/eknih\/1920ns\/ps\/stenprot\/153schuz\/s153001.htm\">153,<\/a> 23. VI. 1922; 1262. V. &#8211; <\/span><span style=\"font-size: revert; color: initial;\">odpov. <a href=\"https:\/\/www.psp.cz\/eknih\/1920ns\/ps\/stenprot\/159schuz\/s159001.htm\">159,<\/a> 24. X. 1922; 34. VI.<\/span><\/li>\n<li>o vyb\u00edzen\u00ed k \u010din\u016fm v z\u00e1kon\u011b zapov\u011bzen\u00fdm se strany Jana Va\u0148ka, duchovn\u00edho \u010deskoslov. c\u00edrkve v Nov. M\u011bst\u011b n. M.<span style=\"font-size: revert; color: initial;\"><a href=\"https:\/\/www.psp.cz\/eknih\/1920ns\/ps\/stenprot\/159schuz\/s159001.htm\">159<\/a>, 24. X. 1922; 31. VI. &#8211; <\/span><span style=\"font-size: revert; color: initial;\">odpov. <a href=\"https:\/\/www.psp.cz\/eknih\/1920ns\/ps\/stenprot\/159schuz\/s159001.htm\">159<\/a>, 24. X. 1922; 34. VI.<\/span><\/li>\n<li>\u017ee jednotliv\u00e9 okr. v\u00fdbory, spr\u00e1vy \u0161kol a u\u010ditel\u00e9 nezachov\u00e1vaj\u00ed, nespr\u00e1vn\u011b vykl\u00e1daj\u00ed a pou\u017e\u00edvaj\u00ed ministersk\u00fdch v\u00fdnos\u016f a na\u0159\u00edzen\u00ed.<span style=\"font-size: revert; color: initial;\"><a href=\"https:\/\/www.psp.cz\/eknih\/1920ns\/ps\/stenprot\/206schuz\/s206001.htm\">206<\/a>, 3. V. 1923; 285. VII. -b <\/span><span style=\"font-size: revert; color: initial;\">odpov. <a href=\"https:\/\/www.psp.cz\/eknih\/1920ns\/ps\/stenprot\/247schuz\/s247001.htm\">247,<\/a> 6. III. 1924; 13. IX.<\/span><\/li>\n<li>o p\u0159elo\u017een\u00ed st\u00e1tn\u00ed \u0161koly pr\u016fmyslov\u00e9 z Jarom\u011b\u0159e.<span style=\"font-size: revert; color: initial;\"><a href=\"https:\/\/www.psp.cz\/eknih\/1920ns\/ps\/stenprot\/218schuz\/s218001.htm\">218,<\/a> 28. VI. 1923; 640. VII. &#8211; <\/span><span style=\"font-size: revert; color: initial;\">odpov. <a href=\"https:\/\/www.psp.cz\/eknih\/1920ns\/ps\/stenprot\/219schuz\/s219001.htm\">219<\/a>, 30. X. 1923; 8. VIII.<\/span><\/li>\n<li>o postupu ministerstva po\u0161t a telegraf\u016f pcto stanoven\u00ed sv\u00e1te\u010dn\u00edch dn\u016f.<span style=\"font-size: revert; color: initial;\"><a href=\"https:\/\/www.psp.cz\/eknih\/1920ns\/ps\/stenprot\/219schuz\/s219001.htm\">219<\/a>, 30. X. 1923; 3. VIII. &#8211; <\/span><span style=\"font-size: revert; color: initial;\">odpov. <a href=\"https:\/\/www.psp.cz\/eknih\/1920ns\/ps\/stenprot\/219schuz\/s219001.htm\">219<\/a>, 30. X. 1923; 8.\u00a0VIII.<\/span><\/li>\n<\/ul><\/div><\/div>\n<div class=\"rara_accordian\"><div class=\"rara_accordian_title\">Z\u00e1znamy jmenn\u00e9ho rejst\u0159\u00edku PS 1925 - 1929<\/div><div class=\"rara_accordian_content\"><h3 class=\"western\"><span style=\"font-family: Georgia, Times New Roman, Times, serif;\"><span style=\"font-size: small;\"><span style=\"color: #3d71ac;\">N\u00e1rodn\u00ed shrom\u00e1\u017ed\u011bn\u00ed republiky \u010ceskoslovensk\u00e9 \u00a0\u00a0 <\/span><\/span><\/span><span style=\"color: #426c95;\"><span style=\"font-family: Arial, Helvetica, sans-serif;\"><span style=\"font-size: small;\"><u><a href=\"https:\/\/www.psp.cz\/sqw\/fsnem.sqw?org=293\">Poslaneck\u00e1 sn\u011bmovna<\/a><\/u><\/span><\/span><\/span><span style=\"color: #000000;\"><span style=\"font-family: Arial, Helvetica, sans-serif;\"><span style=\"font-size: small;\">, poslanec od 15.\u00a011.\u00a01925\u00a0do 25.\u00a09.\u00a01929<\/span><\/span><\/span><\/h3>\n<h3 class=\"western\"><span style=\"color: #3c3c3c;\"><span style=\"font-family: Georgia, Times New Roman, Times, serif;\">Z\u00e1znam jmenn\u00e9ho rejst\u0159\u00edku\u00a0 \u00a0 \u00a0<\/span><\/span><span style=\"color: #000000;\"><span style=\"font-family: Arial, Helvetica, sans-serif;\"><span style=\"font-size: small;\">NOSEK Franti\u0161ek, dr.\u00a0 \u00a0 \u00a0<\/span><\/span><\/span><span style=\"color: #000000;\"><span style=\"font-family: Arial, Helvetica, sans-serif;\"><span style=\"font-size: small;\">I A. voleb. kraj<\/span><\/span><\/span><\/h3>\n<p align=\"center\"><span style=\"color: #000000;\"><span style=\"font-family: Arial, Helvetica, sans-serif;\"><span style=\"font-size: small;\">L<\/span><\/span><\/span><\/p>\n<ul>\n<li><span style=\"color: #000000;\"><span style=\"font-family: Arial, Helvetica, sans-serif;\"><span style=\"font-size: small;\">Volba verifikov\u00e1na\u00a0<a href=\"https:\/\/www.psp.cz\/eknih\/1925ns\/ps\/stenprot\/001schuz\/s001001.htm\"><b>1<\/b><\/a>, 17. XII. 1925; 5,\u00a0<b>I.<\/b><\/span><\/span><\/span><\/li>\n<li><span style=\"color: #000000;\"><span style=\"font-family: Arial, Helvetica, sans-serif;\"><span style=\"font-size: small;\">Slib vykonal<a href=\"https:\/\/www.psp.cz\/eknih\/1925ns\/ps\/stenprot\/001schuz\/s001001.htm\">\u00a0<b>1<\/b>,<\/a> 17. XII. 1925; 13,\u00a0<b>I.<\/b><\/span><\/span><\/span><\/li>\n<li><span style=\"color: #000000;\"><span style=\"font-family: Arial, Helvetica, sans-serif;\"><span style=\"font-size: small;\">Byl \u010dlenem v\u00fdb. rozp.<\/span><\/span><\/span><\/li>\n<li><span style=\"color: #000000;\"><span style=\"font-family: Arial, Helvetica, sans-serif;\"><span style=\"font-size: small;\">Jmenov\u00e1n ministrem vnitra 9. XII. 1925.<\/span><\/span><\/span><\/li>\n<li><span style=\"color: #000000;\"><span style=\"font-family: Arial, Helvetica, sans-serif;\"><span style=\"font-size: small;\"><a href=\"https:\/\/www.psp.cz\/eknih\/1925ns\/ps\/stenprot\/001schuz\/s001001.htm\"><b>1<\/b>,<\/a> 17. XII. 1925; 21,\u00a0<b>I.<\/b><\/span><\/span><\/span><\/li>\n<li><span style=\"color: #000000;\"><span style=\"font-family: Arial, Helvetica, sans-serif;\"><span style=\"font-size: small;\"><b>Zpro\u0161t\u011bn<\/b>\u00a0\u00fa\u0159adu ministra vnitra 18. III. 1926.<\/span><\/span><\/span><\/li>\n<li><span style=\"color: #000000;\"><span style=\"font-family: Arial, Helvetica, sans-serif;\"><span style=\"font-size: small;\"><a href=\"https:\/\/www.psp.cz\/eknih\/1925ns\/ps\/stenprot\/017schuz\/s017001.htm\"><b>17<\/b><\/a>, 24. III. 1926; 1061,\u00a0<b>II.<\/b><\/span><\/span><\/span><\/li>\n<li><span style=\"color: #000000;\"><span style=\"font-family: Arial, Helvetica, sans-serif;\"><span style=\"font-size: small;\">Jmenov\u00e1n ministrem po\u0161t a telegraf\u016f 12. X. 1926.<\/span><\/span><\/span><\/li>\n<li><span style=\"color: #000000;\"><span style=\"font-family: Arial, Helvetica, sans-serif;\"><span style=\"font-size: small;\"><a href=\"https:\/\/www.psp.cz\/eknih\/1925ns\/ps\/stenprot\/042schuz\/s042001.htm\"><b>42<\/b>,<\/a> 14. X. 1926; 2,\u00a0<b>III.<\/b><\/span><\/span><\/span><\/li>\n<li><span style=\"color: #000000;\"><span style=\"font-family: Arial, Helvetica, sans-serif;\"><span style=\"font-size: small;\">Zpro\u0161t\u011bn \u00fa\u0159adu ministra po\u0161t a telegraf\u016f 7. XII. 1929.<\/span><\/span><\/span><\/li>\n<\/ul>\n<h1 style=\"text-align: left;\" align=\"center\"><span style=\"color: #000000;\"><span style=\"font-family: Arial, Helvetica, sans-serif;\"><span style=\"font-size: small;\">Zpravodajem:<\/span><\/span><\/span><\/h1>\n<ul>\n<li><span style=\"color: #000000;\"><span style=\"font-family: Arial, Helvetica, sans-serif;\"><span style=\"font-size: small;\">rozp. v\u00fdb.\u00a0<b>zpr. t. <a href=\"https:\/\/www.psp.cz\/eknih\/1925ns\/ps\/tisky\/t0333_01.htm\">333<\/a><\/b> (\u00faprava platov\u00fdch a slu\u017eebn\u00edch pom\u011br\u016f st\u00e1tn\u00edch zam\u011bstnanc\u016f).<a href=\"https:\/\/www.psp.cz\/eknih\/1925ns\/ps\/stenprot\/032schuz\/s032002.htm#_h\">\u00a0<\/a><\/span><\/span><\/span><span style=\"color: #000000;\"><span style=\"font-family: Arial, Helvetica, sans-serif;\"><span style=\"font-size: small;\"><a href=\"https:\/\/www.psp.cz\/eknih\/1925ns\/ps\/stenprot\/032schuz\/s032002.htm#_h\"><b>32<\/b>,<\/a> 15. VI. 1926; 1847,\u00a0<b>II.<\/b><\/span><\/span><\/span><\/li>\n<li><span style=\"color: #000000;\"><span style=\"font-family: Arial, Helvetica, sans-serif;\"><span style=\"font-size: small;\">rozp. v\u00fdb.\u00a0<b>zpr. t. <a href=\"https:\/\/www.psp.cz\/eknih\/1925ns\/ps\/tisky\/t0429_00.htm\">429<\/a><\/b> (\u00faprava plat\u016f duchovenstva).\u00a0<\/span><\/span><\/span><span style=\"color: #000000;\"><span style=\"font-family: Arial, Helvetica, sans-serif;\"><span style=\"font-size: small;\"><a href=\"https:\/\/www.psp.cz\/eknih\/1925ns\/ps\/stenprot\/035schuz\/s035007.htm\"><b>35<\/b><\/a>, 18. VI. 1926; 2216,\u00a0<b>II.<\/b><\/span><\/span><\/span><\/li>\n<li><span style=\"color: #000000;\"><span style=\"font-family: Arial, Helvetica, sans-serif;\"><span style=\"font-size: small;\">doslov\u00a0<a href=\"https:\/\/www.psp.cz\/eknih\/1925ns\/ps\/stenprot\/036schuz\/s036016.htm#_h\"><b>36<\/b><\/a>, 19. VI. 1926; 2362,\u00a0<b>II.<\/b><\/span><\/span><\/span><\/li>\n<\/ul>\n<h1 style=\"text-align: left;\" align=\"center\"><span style=\"color: #000000;\"><span style=\"font-family: Arial, Helvetica, sans-serif;\"><span style=\"font-size: small;\">\u0158e\u010d v rozprav\u011b:<\/span><\/span><\/span><\/h1>\n<ul>\n<li><span style=\"color: #000000;\"><span style=\"font-family: Arial, Helvetica, sans-serif;\"><span style=\"font-size: small;\">o obchodn\u00ed smlouv\u011b mezi R\u010cS a Japonskem z 30. X. 1925\u00a0<b>(t.<\/b>\u00a0<b><a href=\"https:\/\/www.psp.cz\/eknih\/1925ns\/ps\/tisky\/t0245_00.htm\">245<\/a>);<\/b> mluv\u00ed o ot\u00e1zce zem\u011bd\u011blsk\u00fdch cel.\u00a0<\/span><\/span><\/span><span style=\"color: #000000;\"><span style=\"font-family: Arial, Helvetica, sans-serif;\"><span style=\"font-size: small;\"><a href=\"https:\/\/www.psp.cz\/eknih\/1925ns\/ps\/stenprot\/020schuz\/s020009.htm#_h\"><b>20<\/b>,<\/a> 7. V. 1926; 1187,\u00a0<b>II.<\/b><\/span><\/span><\/span><\/li>\n<\/ul><\/div><\/div>\n<div class=\"rara_accordian\"><div class=\"rara_accordian_title\"> Z\u00e1znamy jmenn\u00e9ho rejst\u0159\u00edku 1929 - 1935<\/div><div class=\"rara_accordian_content\"><h3 class=\"western\"><span style=\"font-family: Georgia, Times New Roman, Times, serif;\"><span style=\"font-size: small;\"><span style=\"color: #3d71ac;\">N\u00e1rodn\u00ed shrom\u00e1\u017ed\u011bn\u00ed republiky \u010ceskoslovensk\u00e9 \u00a0<\/span><\/span><\/span><span style=\"color: #426c95;\"><span style=\"font-family: Arial, Helvetica, sans-serif;\"><span style=\"font-size: small;\"><u><a href=\"https:\/\/www.psp.cz\/sqw\/fsnem.sqw?org=291\">Poslaneck\u00e1 sn\u011bmovna<\/a><\/u><\/span><\/span><\/span><span style=\"color: #000000;\"><span style=\"font-family: Arial, Helvetica, sans-serif;\"><span style=\"font-size: small;\">, poslanec od 27.\u00a010.\u00a01929\u00a0do 18.\u00a05.\u00a01935<\/span><\/span><\/span><\/h3>\n<h3 class=\"western\"><span style=\"color: #3c3c3c;\"><span style=\"font-family: Georgia, Times New Roman, Times, serif;\">Z\u00e1znam jmenn\u00e9ho rejst\u0159\u00edku <\/span><\/span><span style=\"color: #000000;\"><span style=\"font-family: Arial, Helvetica, sans-serif;\"><span style=\"font-size: small;\">NOSEK Franti\u0161ek, dr. <\/span><\/span><\/span><span style=\"color: #000000;\"><span style=\"font-family: Arial, Helvetica, sans-serif;\"><span style=\"font-size: small;\">I A. voleb. kraj<\/span><\/span><\/span><\/h3>\n<p align=\"center\"><span style=\"color: #000000;\"><span style=\"font-family: Arial, Helvetica, sans-serif;\"><span style=\"font-size: small;\">L<\/span><\/span><\/span><\/p>\n<ul>\n<li><span style=\"color: #000000;\"><span style=\"font-family: Arial, Helvetica, sans-serif;\"><span style=\"font-size: small;\">Volba verifikov\u00e1na<a href=\"https:\/\/www.psp.cz\/eknih\/1929ns\/ps\/stenprot\/001schuz\/s001001.htm\">\u00a0<b>1<\/b><\/a>, 12. XII. 1929; 4.<\/span><\/span><\/span><\/li>\n<li><span style=\"color: #000000;\"><span style=\"font-family: Arial, Helvetica, sans-serif;\"><span style=\"font-size: small;\">Slib vykonal<a href=\"https:\/\/www.psp.cz\/eknih\/1929ns\/ps\/stenprot\/001schuz\/s001001.htm\">\u00a0<b>1<\/b><\/a>, 12. XII. 1929; 13.<\/span><\/span><\/span><\/li>\n<li><span style=\"color: #000000;\"><span style=\"font-family: Arial, Helvetica, sans-serif;\"><span style=\"font-size: small;\">Byl \u010dlenem v\u00fdb. inkompatib. &#8211; rozp. a parl. \u00fasp. a kontr. kom.<\/span><\/span><\/span><\/li>\n<\/ul>\n<h1 style=\"text-align: left;\" align=\"center\"><span style=\"color: #000000;\"><span style=\"font-family: Arial, Helvetica, sans-serif;\"><span style=\"font-size: small;\">N\u00e1vrhy iniciativn\u00ed:<\/span><\/span><\/span><\/h1>\n<ul>\n<li><span style=\"color: #000000;\"><span style=\"font-family: Arial, Helvetica, sans-serif;\"><span style=\"font-size: small;\">na zm\u011bnu a dopln\u011bn\u00ed n\u011bkter\u00fdch ustanoven\u00ed z\u00e1kona ze dne 15. dubna 1920, \u010d. 325 Sb. z., o jednac\u00edm \u0159\u00e1du posl. sn\u011bmovny N. S. R. \u010c.,\u00a0<b>t. <a href=\"https:\/\/www.psp.cz\/eknih\/1929ns\/ps\/tisky\/t2266_00.htm\">2266<\/a>. <\/b><\/span><\/span><\/span><span style=\"color: #000000;\"><span style=\"font-family: Arial, Helvetica, sans-serif;\"><span style=\"font-size: small;\"><a href=\"https:\/\/www.psp.cz\/eknih\/1929ns\/ps\/stenprot\/272schuz\/s272001.htm\"><b>272<\/b><\/a>, 19. V. 1933; 36.<\/span><\/span><\/span><\/li>\n<li><span style=\"color: #000000;\"><span style=\"font-family: Arial, Helvetica, sans-serif;\"><span style=\"font-size: small;\">na zm\u011bnu n\u011bkter\u00fdch ustanoven\u00ed jednac\u00edho \u0159\u00e1du posl. sn\u011bmovny ze dne 15. dubna 1920, \u010d. 325 Sb. z.,\u00a0<b>t.<a href=\"https:\/\/www.psp.cz\/eknih\/1929ns\/ps\/tisky\/t2267_00.htm\"> 2267<\/a>. <\/b><\/span><\/span><\/span><span style=\"color: #000000;\"><span style=\"font-family: Arial, Helvetica, sans-serif;\"><span style=\"font-size: small;\"><a href=\"https:\/\/www.psp.cz\/eknih\/1929ns\/ps\/stenprot\/272schuz\/s272001.htm\"><b>272<\/b>,<\/a> 19. V. 1933; 36.<\/span><\/span><\/span><\/li>\n<\/ul>\n<h1 style=\"text-align: left;\" align=\"center\"><span style=\"color: #000000;\"><span style=\"font-family: Arial, Helvetica, sans-serif;\"><span style=\"font-size: small;\">N\u00e1vrhy pozm\u011b\u0148ovac\u00ed:<\/span><\/span><\/span><\/h1>\n<ul>\n<li><span style=\"color: #000000;\"><span style=\"font-family: Arial, Helvetica, sans-serif;\"><span style=\"font-size: small;\">k\u00a0<b>t. <a href=\"https:\/\/www.psp.cz\/eknih\/1925ns\/ps\/tisky\/t1807_00.htm\">1807<\/a>. <a href=\"https:\/\/www.psp.cz\/eknih\/1929ns\/ps\/stenprot\/192schuz\/s192001.htm\">192<\/a><\/b>, 3. VI. 1932; 22.<\/span><\/span><\/span><\/li>\n<li><span style=\"color: #000000;\"><span style=\"font-family: Arial, Helvetica, sans-serif;\"><span style=\"font-size: small;\">k\u00a0<b>t.<a href=\"https:\/\/www.psp.cz\/eknih\/1925ns\/ps\/tisky\/t2148_00.htm\"> 2148<\/a>. <a href=\"https:\/\/www.psp.cz\/eknih\/1929ns\/ps\/stenprot\/247schuz\/s247001.htm\">247<\/a><\/b>, 10. II. 1933; 39.<\/span><\/span><\/span><\/li>\n<li><span style=\"color: #000000;\"><span style=\"font-family: Arial, Helvetica, sans-serif;\"><span style=\"font-size: small;\">k\u00a0<b>t. <a href=\"https:\/\/www.psp.cz\/eknih\/1925ns\/ps\/tisky\/t2190_00.htm\">2190<\/a>. <a href=\"https:\/\/www.psp.cz\/eknih\/1929ns\/ps\/stenprot\/257schuz\/s257011.htm\">257<\/a><\/b>, 16. III. 1933; 59.<\/span><\/span><\/span><\/li>\n<li><span style=\"color: #000000;\"><span style=\"font-family: Arial, Helvetica, sans-serif;\"><span style=\"font-size: small;\">k\u00a0<b>t.<a href=\"https:\/\/www.psp.cz\/eknih\/1925ns\/ps\/tisky\/t2191_00.htm\"> 2191<\/a>. <a href=\"https:\/\/www.psp.cz\/eknih\/1929ns\/ps\/stenprot\/257schuz\/s257011.htm\">257<\/a><\/b>, 16. III. 1933; 60.<\/span><\/span><\/span><\/li>\n<\/ul>\n<h1 style=\"text-align: left;\" align=\"center\"><span style=\"color: #000000;\"><span style=\"font-family: Arial, Helvetica, sans-serif;\"><span style=\"font-size: small;\">N\u00e1vrh resolu\u010dn\u00ed:<\/span><\/span><\/span><\/h1>\n<ul>\n<li><span style=\"color: #000000;\"><span style=\"font-family: Arial, Helvetica, sans-serif;\"><span style=\"font-size: small;\">k\u00a0<b>t. 2127. 237<\/b>, 23. XII. 1932; 26.<\/span><\/span><\/span><\/li>\n<\/ul>\n<h1 style=\"text-align: left;\" align=\"center\"><span style=\"color: #000000;\"><span style=\"font-family: Arial, Helvetica, sans-serif;\"><span style=\"font-size: small;\">Zpravodajem:<\/span><\/span><\/span><\/h1>\n<ul>\n<li><span style=\"color: #000000;\"><span style=\"font-family: Arial, Helvetica, sans-serif;\"><span style=\"font-size: small;\">rozp. v\u00fdb.\u00a0<b>zpr.<\/b>\u00a0<b>t. <a href=\"https:\/\/www.psp.cz\/eknih\/1929ns\/ps\/tisky\/t0016_00.htm\">16<\/a><\/b> (osnova z\u00e1kona, kter\u00fdm se prodlu\u017euje platnost z\u00e1kona o d\u00e1vk\u00e1ch za \u00fa\u0159edn\u00ed \u00fakony ve v\u011bcech spr\u00e1vn\u00edch)\u00a0<\/span><\/span><\/span><span style=\"color: #000000;\"><span style=\"font-family: Arial, Helvetica, sans-serif;\"><span style=\"font-size: small;\"><a href=\"https:\/\/www.psp.cz\/eknih\/1929ns\/ps\/stenprot\/003schuz\/s003010.htm\"><b>3<\/b><\/a>, 17. XII. 1929; 10, doslov 53.<\/span><\/span><\/span><\/li>\n<li><span style=\"color: #000000;\"><span style=\"font-family: Arial, Helvetica, sans-serif;\"><span style=\"font-size: small;\">rozp. v\u00fdb.\u00a0<b>zpr. t. <a href=\"https:\/\/www.psp.cz\/eknih\/1929ns\/ps\/tisky\/t0789_00.htm\">789<\/a><\/b> (z\u00e1kon, kter\u00fdm se prodlu\u017euje platnost z\u00e1kona o d\u00e1vk\u00e1ch za \u00fa\u0159edn\u00ed \u00fakony ve v\u011bcech spr\u00e1vn\u00edch)\u00a0<\/span><\/span><\/span><span style=\"color: #000000;\"><span style=\"font-family: Arial, Helvetica, sans-serif;\"><span style=\"font-size: small;\"><a href=\"https:\/\/www.psp.cz\/eknih\/1929ns\/ps\/stenprot\/082schuz\/s082016.htm\"><b>82<\/b><\/a>, 20. XI. 1930; 13.<\/span><\/span><\/span><\/li>\n<li><span style=\"color: #000000;\"><span style=\"font-family: Arial, Helvetica, sans-serif;\"><span style=\"font-size: small;\">rozp. v\u00fdb.\u00a0<b>zpr. t. <a href=\"https:\/\/www.psp.cz\/eknih\/1929ns\/ps\/tisky\/t2026_00.htm\">2026<\/a><\/b> (z\u00e1kon o zastaven\u00ed \u00fa\u010dinnosti z\u00e1kona o v\u00e1no\u010dn\u00edm p\u0159\u00edsp\u011bvku st\u00e1tn\u00edm zam\u011bstnanc\u016fm a u\u010ditel\u016fm v \u010dinn\u00e9 slu\u017eb\u011b)\u00a0<\/span><\/span><\/span><span style=\"color: #000000;\"><span style=\"font-family: Arial, Helvetica, sans-serif;\"><span style=\"font-size: small;\"><a href=\"https:\/\/www.psp.cz\/eknih\/1929ns\/ps\/stenprot\/221schuz\/s221007.htm#_h\"><b>221<\/b><\/a>, 25. XI. 1932; 16, doslov 39.<\/span><\/span><\/span><\/li>\n<li><span style=\"color: #000000;\"><span style=\"font-family: Arial, Helvetica, sans-serif;\"><span style=\"font-size: small;\">rozp. v\u00fdb.\u00a0<b>zpr. t.<a href=\"https:\/\/www.psp.cz\/eknih\/1929ns\/ps\/tisky\/t2127_01.htm\"> 2127<\/a><\/b> (z\u00e1kon o doprav\u011b motorov\u00fdmi vozidly)\u00a0<\/span><\/span><\/span><span style=\"color: #000000;\"><span style=\"font-family: Arial, Helvetica, sans-serif;\"><span style=\"font-size: small;\"><a href=\"https:\/\/www.psp.cz\/eknih\/1929ns\/ps\/stenprot\/237schuz\/s237005.htm\"><b>237<\/b><\/a>, 23. XII. 1932; 7, doslov 24.<\/span><\/span><\/span><\/li>\n<li><span style=\"color: #000000;\"><span style=\"font-family: Arial, Helvetica, sans-serif;\"><span style=\"font-size: small;\">rozp. v\u00fdb.\u00a0<b>zpr. t. <a href=\"https:\/\/www.psp.cz\/eknih\/1929ns\/ps\/tisky\/t2155_00.htm\">2155<\/a><\/b> (z\u00e1kon o dani z elektrick\u00fdch zdroj\u016f z\u00e1\u0159en\u00ed)<a href=\"https:\/\/www.psp.cz\/eknih\/1929ns\/ps\/stenprot\/248schuz\/s248004.htm\">\u00a0<\/a><\/span><\/span><\/span><span style=\"color: #000000;\"><span style=\"font-family: Arial, Helvetica, sans-serif;\"><span style=\"font-size: small;\"><a href=\"https:\/\/www.psp.cz\/eknih\/1929ns\/ps\/stenprot\/249schuz\/s249001.htm\"><b>248<\/b>,<\/a> 10. II. 1933; 5.<\/span><\/span><\/span><\/li>\n<li><span style=\"color: #000000;\"><span style=\"font-family: Arial, Helvetica, sans-serif;\"><span style=\"font-size: small;\">doslov\u00a0<a href=\"https:\/\/www.psp.cz\/eknih\/1929ns\/ps\/stenprot\/249schuz\/s249001.htm\"><b>249<\/b><\/a>, 16. II. 1933; 6. <\/span><\/span><\/span><span style=\"color: #000000;\"><span style=\"font-family: Arial, Helvetica, sans-serif;\"><span style=\"font-size: small;\">rozp. v\u00fdb.\u00a0<b>zpr. t.<a href=\"https:\/\/www.psp.cz\/eknih\/1929ns\/ps\/tisky\/t2172_00.htm\"> 2172<\/a><\/b> (z\u00e1kon, kter\u00fdm se vyd\u00e1vaj\u00ed zvl\u00e1\u0161tn\u00ed p\u0159edpisy o sout\u011b\u017ei ve v\u011bcech pen\u011b\u017enictv\u00ed a o \u00faprav\u011b \u00farokov\u00e9 \u00farovn\u011b).<a href=\"https:\/\/www.psp.cz\/eknih\/1929ns\/ps\/stenprot\/252schuz\/s252001.htm\">\u00a0<\/a><\/span><\/span><\/span><span style=\"color: #000000;\"><span style=\"font-family: Arial, Helvetica, sans-serif;\"><span style=\"font-size: small;\"><b>252<\/b>, 24. II. 1933; 3, <\/span><\/span><\/span><span style=\"color: #000000;\"><span style=\"font-family: Arial, Helvetica, sans-serif;\"><span style=\"font-size: small;\">doslov\u00a0<a href=\"https:\/\/www.psp.cz\/eknih\/1929ns\/ps\/stenprot\/253schuz\/s253005.htm\"><b>253<\/b>,<\/a> 28. II. 1933; 25, opravy. textov\u00e9 28, vyj\u00e1d\u0159en\u00ed o resol. 29.<\/span><\/span><\/span><\/li>\n<li><span style=\"color: #000000;\"><span style=\"font-family: Arial, Helvetica, sans-serif;\"><span style=\"font-size: small;\">rozp. v\u00fdb.\u00a0<b>zpr. t.<a href=\"https:\/\/www.psp.cz\/eknih\/1929ns\/ps\/tisky\/t2231_00.htm\"> 2231<\/a><\/b> (z\u00e1kon o zm\u011bn\u011b a dopln\u011bn\u00ed n\u011bkter\u00fdch pr\u00e1vn\u00edch ustanoven\u00ed o poplatc\u00edch a jin\u00fdch d\u00e1vk\u00e1ch)\u00a0<\/span><\/span><\/span><span style=\"color: #000000;\"><span style=\"font-family: Arial, Helvetica, sans-serif;\"><span style=\"font-size: small;\"><a href=\"https:\/\/www.psp.cz\/eknih\/1929ns\/ps\/stenprot\/266schuz\/s266015.htm\"><b>266<\/b><\/a>, 27. IV. 1933; 83.<\/span><\/span><\/span><\/li>\n<li><span style=\"color: #000000;\"><span style=\"font-family: Arial, Helvetica, sans-serif;\"><span style=\"font-size: small;\">rozp. v\u00fdb.\u00a0<b>zpr. t. <a href=\"https:\/\/www.psp.cz\/eknih\/1929ns\/ps\/tisky\/t2264_00.htm\">2264<\/a><\/b> (z\u00e1kon, kter\u00fdm se prodlu\u017euje platnost asana\u010dn\u00edch z\u00e1kon\u016f pro hlavn\u00ed m\u011bsto Prahu)\u00a0<\/span><\/span><\/span><span style=\"color: #000000;\"><span style=\"font-family: Arial, Helvetica, sans-serif;\"><span style=\"font-size: small;\"><a href=\"https:\/\/www.psp.cz\/eknih\/1929ns\/ps\/stenprot\/273schuz\/s273002.htm\"><b>273<\/b>,<\/a> 23. V. 1933; 4.<\/span><\/span><\/span><\/li>\n<li><span style=\"color: #000000;\"><span style=\"font-family: Arial, Helvetica, sans-serif;\"><span style=\"font-size: small;\">rozp. v\u00fdb.\u00a0<b>zpr. t. <a href=\"https:\/\/www.psp.cz\/eknih\/1929ns\/ps\/tisky\/t2509_00.htm\">2509<\/a><\/b> (z\u00e1kon o z\u0159\u00edzen\u00ed \u010ceskoslovensk\u00e9ho reeskontn\u00edho a lombardn\u00edho \u00fastavu)\u00a0<\/span><\/span><\/span><span style=\"color: #000000;\"><span style=\"font-family: Arial, Helvetica, sans-serif;\"><span style=\"font-size: small;\"><a href=\"https:\/\/www.psp.cz\/eknih\/1929ns\/ps\/stenprot\/321schuz\/s321007.htm\"><b>321<\/b><\/a>, 8. III. 1934; 4, doslov 40, vyj\u00e1d\u0159en\u00ed k resol. 41.<\/span><\/span><\/span><\/li>\n<li><span style=\"color: #000000;\"><span style=\"font-family: Arial, Helvetica, sans-serif;\"><span style=\"font-size: small;\">rozp. v\u00fdb.\u00a0<b>zpr. t. <a href=\"https:\/\/www.psp.cz\/eknih\/1929ns\/ps\/tisky\/t2626_00.htm\">2626<\/a><\/b> (z\u00e1kon o da\u0148ov\u00e9m osvobozen\u00ed cizozemsk\u00fdch motorov\u00fdch vozidel)\u00a0<\/span><\/span><\/span><span style=\"color: #000000;\"><span style=\"font-family: Arial, Helvetica, sans-serif;\"><span style=\"font-size: small;\"><a href=\"https:\/\/www.psp.cz\/eknih\/1929ns\/ps\/stenprot\/333schuz\/s333002.htm\"><b>333<\/b>,<\/a> 15. VI. 1934; 8.<\/span><\/span><\/span><\/li>\n<li><span style=\"color: #000000;\"><span style=\"font-family: Arial, Helvetica, sans-serif;\"><span style=\"font-size: small;\">rozp. v\u00fdb.\u00a0<b>zpr. t. <a href=\"https:\/\/www.psp.cz\/eknih\/1929ns\/ps\/tisky\/t2791_00.htm\">2791<\/a><\/b> (\u00famluva mezi republikou \u010ceskoslovenskou a kr\u00e1lovstv\u00edm Rumunsk\u00fdm o \u00faprav\u011b dluh\u016f a pohled\u00e1vek ve star\u00fdch korun\u00e1ch rakouskouhersk\u00fdch mezi v\u011b\u0159iteli nebo dlu\u017en\u00edky \u010deskoslovensk\u00fdmi a dlu\u017en\u00edky nebo v\u011b\u0159iteli rumunsk\u00fdmi, podepsan\u00e1 v Bukure\u0161ti dne 5. prosince 1930, a z\u00e1v\u011bre\u010dn\u00fd z\u00e1pis k t\u00e9to \u00famluv\u011b)<a href=\"https:\/\/www.psp.cz\/eknih\/1929ns\/ps\/stenprot\/357schuz\/s357002.htm\">\u00a0<\/a><\/span><\/span><\/span><span style=\"color: #000000;\"><span style=\"font-family: Arial, Helvetica, sans-serif;\"><span style=\"font-size: small;\"><a href=\"https:\/\/www.psp.cz\/eknih\/1929ns\/ps\/stenprot\/357schuz\/s357002.htm\"><b>357<\/b>,<\/a> 18. XII. 1934; 9.<\/span><\/span><\/span><\/li>\n<li><span style=\"color: #000000;\"><span style=\"font-family: Arial, Helvetica, sans-serif;\"><span style=\"font-size: small;\">rozp. v\u00fdb.\u00a0<b>zpr. t.<a href=\"https:\/\/www.psp.cz\/eknih\/1929ns\/ps\/tisky\/t2792_00.htm\"> 2792<\/a><\/b> (\u00famluva mezi republikou \u010ceskoslovenskou a kr\u00e1lovstv\u00edm Rumunsk\u00fdm ze dne 5. prosince 1930 o \u00faprav\u011b dluh\u016f a pohled\u00e1vek ve star\u00fdch korun\u00e1ch rakousko-uhersk\u00fdch mezi v\u011b\u0159iteli nebo dlu\u017en\u00edky \u010deskoslovensk\u00fdmi a dlu\u017en\u00edky nebo v\u011b\u0159iteli rumunsk\u00fdmi)<a href=\"https:\/\/www.psp.cz\/eknih\/1929ns\/ps\/stenprot\/357schuz\/s357002.htm\">\u00a0<\/a><\/span><\/span><\/span><span style=\"color: #000000;\"><span style=\"font-family: Arial, Helvetica, sans-serif;\"><span style=\"font-size: small;\"><a href=\"https:\/\/www.psp.cz\/eknih\/1929ns\/ps\/stenprot\/357schuz\/s357001.htm\"><b>357<\/b><\/a>, 18. XII. 1934; 9.<\/span><\/span><\/span><\/li>\n<li><span style=\"color: #000000;\"><span style=\"font-family: Arial, Helvetica, sans-serif;\"><span style=\"font-size: small;\">rozp. v\u00fdb.\u00a0<b>zpr. t. <a href=\"https:\/\/www.psp.cz\/eknih\/1929ns\/ps\/tisky\/t2793_00.htm\">2793<\/a><\/b> (\u00famluva mezi republikou \u010ceskoslovenskou a kr\u00e1lovstv\u00edm Rumunsk\u00fdm o rozd\u011blen\u00ed jm\u011bn\u00ed sirot\u010d\u00edch pokladen a o vyd\u00e1n\u00ed deposit poru\u010denc\u016f a opatrovanc\u016f, podepsan\u00e1 v Bukure\u0161ti dne 5. prosince 1930)\u00a0<\/span><\/span><\/span><span style=\"color: #000000;\"><span style=\"font-family: Arial, Helvetica, sans-serif;\"><span style=\"font-size: small;\"><a href=\"https:\/\/www.psp.cz\/eknih\/1929ns\/ps\/stenprot\/357schuz\/s357002.htm\"><b>357<\/b><\/a>, 18. XII. 1934; 9.<\/span><\/span><\/span><\/li>\n<\/ul>\n<h1 style=\"text-align: left;\" align=\"center\"><span style=\"color: #000000;\"><span style=\"font-family: Arial, Helvetica, sans-serif;\"><span style=\"font-size: small;\">\u0158e\u010d v rozprav\u011b:<\/span><\/span><\/span><\/h1>\n<ul>\n<li><span style=\"color: #000000;\"><span style=\"font-family: Arial, Helvetica, sans-serif;\"><span style=\"font-size: small;\">o st\u00e1tn\u00edm rozpo\u010dtu na rok 1931\u00a0<b>(t. <a href=\"https:\/\/www.psp.cz\/eknih\/1929ns\/ps\/tisky\/t0780_01.htm\">780<\/a>)<\/b> a o prohl\u00e1\u0161en\u00ed min. financ\u00ed dr Engli\u0161e z 25. IX. 1930.\u00a0<\/span><\/span><\/span><span style=\"color: #000000;\"><span style=\"font-family: Arial, Helvetica, sans-serif;\"><span style=\"font-size: small;\"><a href=\"https:\/\/www.psp.cz\/eknih\/1929ns\/ps\/stenprot\/084schuz\/s084013.htm\"><b>84<\/b><\/a>, 24. XI. 1930; 51.<\/span><\/span><\/span><\/li>\n<li><span style=\"color: #000000;\"><span style=\"font-family: Arial, Helvetica, sans-serif;\"><span style=\"font-size: small;\">o bankovn\u00edm z\u00e1konu\u00a0<b>(t. <a href=\"https:\/\/www.psp.cz\/eknih\/1929ns\/ps\/tisky\/t1647_01.htm\">1647<\/a>). <\/b><\/span><\/span><\/span><span style=\"color: #000000;\"><span style=\"font-family: Arial, Helvetica, sans-serif;\"><span style=\"font-size: small;\"><a href=\"https:\/\/www.psp.cz\/eknih\/1929ns\/ps\/stenprot\/171schuz\/s171015.htm\"><b>171<\/b><\/a>, 17. III. 1932; 55.<\/span><\/span><\/span><\/li>\n<li><span style=\"color: #000000;\"><span style=\"font-family: Arial, Helvetica, sans-serif;\"><span style=\"font-size: small;\">o programov\u00e9m prohl\u00e1\u0161en\u00ed p\u0159edsedy vl\u00e1dy J. Malypetra z 3. XI. 1932. <\/span><\/span><\/span><span style=\"color: #000000;\"><span style=\"font-family: Arial, Helvetica, sans-serif;\"><span style=\"font-size: small;\"><a href=\"https:\/\/www.psp.cz\/eknih\/1929ns\/ps\/stenprot\/213schuz\/s213013.htm\"><b>213<\/b><\/a>, 4. XI. 1932; 56.<\/span><\/span><\/span><\/li>\n<li><span style=\"color: #000000;\"><span style=\"font-family: Arial, Helvetica, sans-serif;\"><span style=\"font-size: small;\">o st\u00e1tn\u00edm rozpo\u010dtu na r. 1933\u00a0<b>(t. <a href=\"https:\/\/www.psp.cz\/eknih\/1929ns\/ps\/tisky\/t2150_01.htm\">2150<\/a>)<\/b> a o prohl\u00e1\u0161en\u00ed min. financ\u00ed dr Trapla z 14. XII. 1932.\u00a0<\/span><\/span><\/span><span style=\"color: #000000;\"><span style=\"font-family: Arial, Helvetica, sans-serif;\"><span style=\"font-size: small;\"><a href=\"https:\/\/www.psp.cz\/eknih\/1929ns\/ps\/stenprot\/241schuz\/s241015.htm\"><b>241<\/b><\/a>, 1. II. 1933; 63.<\/span><\/span><\/span><\/li>\n<li><span style=\"color: #000000;\"><span style=\"font-family: Arial, Helvetica, sans-serif;\"><span style=\"font-size: small;\">o st\u00e1tn\u00edm rozpo\u010dtu na rok 1934\u00a0<b>(t.<a href=\"https:\/\/www.psp.cz\/eknih\/1929ns\/ps\/tisky\/t2385_01.htm\"> 2385<\/a>)<\/b> a o prohl\u00e1\u0161en\u00ed min. financ\u00ed dr Trapla z 6. XI. 1933.\u00a0<\/span><\/span><\/span><span style=\"color: #000000;\"><span style=\"font-family: Arial, Helvetica, sans-serif;\"><span style=\"font-size: small;\"><a href=\"https:\/\/www.psp.cz\/eknih\/1929ns\/ps\/stenprot\/301schuz\/s301012.htm\"><b>301<\/b><\/a>, 29. XI. 1933; 29.<\/span><\/span><\/span><\/li>\n<li><span style=\"color: #000000;\"><span style=\"font-family: Arial, Helvetica, sans-serif;\"><span style=\"font-size: small;\">o prohl\u00e1\u0161en\u00ed min. financ\u00ed dr Trapla z 26. X. 1934 a o prohl\u00e1\u0161en\u00edch min. p\u0159edsedy J. Malypetra a min. zahr. v\u011bc\u00ed dr Bene\u0161e z 6. XI. 1934. <\/span><\/span><\/span><span style=\"color: #000000;\"><span style=\"font-family: Arial, Helvetica, sans-serif;\"><span style=\"font-size: small;\"><a href=\"https:\/\/www.psp.cz\/eknih\/1929ns\/ps\/stenprot\/346schuz\/s346012.htm\"><b>346<\/b><\/a>, 7. XI. 1934; 45.<\/span><\/span><\/span><\/li>\n<\/ul>\n<h1 style=\"text-align: left;\" align=\"center\"><span style=\"color: #000000;\"><span style=\"font-family: Arial, Helvetica, sans-serif;\"><span style=\"font-size: small;\">\u017d\u00e1dost ve v\u011bcech imunity:<\/span><\/span><\/span><\/h1>\n<ul>\n<li><span style=\"color: #000000;\"><span style=\"font-family: Arial, Helvetica, sans-serif;\"><span style=\"font-size: small;\">kraj. tr. s. v Praze (p\u0159estupek podle \u00a7 25 a p\u0159e\u010din podle \u00a7 27 z\u00e1kona ze dne 15. \u010dervence 1927, \u010d. 111 Sb. z.) <\/span><\/span><\/span><span style=\"color: #000000;\"><span style=\"font-family: Arial, Helvetica, sans-serif;\"><span style=\"font-size: small;\"><a href=\"https:\/\/www.psp.cz\/eknih\/1929ns\/ps\/stenprot\/128schuz\/s128008.htm\"><b>128<\/b><\/a>, 18. VI. 1931; 6.<\/span><\/span><\/span><\/li>\n<li><span style=\"color: #000000;\"><span style=\"font-family: Arial, Helvetica, sans-serif;\"><span style=\"font-size: small;\"><b>zpr. t. <a href=\"https:\/\/www.psp.cz\/eknih\/1929ns\/ps\/tisky\/t1619_00.htm\">1619<\/a>;<\/b>\u00a0zprav. dr Such\u00fd; v\u011bc\u00a0<b>vr\u00e1cena<\/b> v\u00fdb. im. k nov\u00e9mu projedn\u00e1n\u00ed na n\u00e1vrh dr Noska a dr Nov\u00e1ka\u00a0<\/span><\/span><\/span><span style=\"color: #000000;\"><span style=\"font-family: Arial, Helvetica, sans-serif;\"><span style=\"font-size: small;\"><a href=\"https:\/\/www.psp.cz\/eknih\/1929ns\/ps\/stenprot\/175schuz\/s175001.htm\"><b>175<\/b><\/a>, 7. IV. 1932; 5.<\/span><\/span><\/span><\/li>\n<li><span style=\"color: #000000;\"><span style=\"font-family: Arial, Helvetica, sans-serif;\"><span style=\"font-size: small;\">nov\u00e1\u00a0<b>zpr. t. <a href=\"https:\/\/www.psp.cz\/eknih\/1929ns\/ps\/tisky\/t1832_00.htm\">1832<\/a>;<\/b>\u00a0zprav. Fr. Je\u017eek;\u00a0<b>vyd\u00e1n: <\/b><\/span><\/span><\/span><span style=\"color: #000000;\"><span style=\"font-family: Arial, Helvetica, sans-serif;\"><span style=\"font-size: small;\"><a href=\"https:\/\/www.psp.cz\/eknih\/1929ns\/ps\/stenprot\/204schuz\/s204002.htm\"><b>204<\/b><\/a>, 13. V II. 1932; 9.<\/span><\/span><\/span><\/li>\n<\/ul><\/div><\/div>\n<div class=\"rara_accordian\"><div class=\"rara_accordian_title\">R\u016fzn\u00e9 odkazy na vl\u00e1du a poslaneckou sn\u011bmovnu 1920 -1939<\/div><div class=\"rara_accordian_content\"><p><a href=\"https:\/\/www.psp.cz\/eknih\/index.htm\">https:\/\/www.psp.cz\/eknih\/index.htm<\/a>\u00a0 \u00a0 \u00a0 (Digit\u00e1ln\u00ed knihovna parlamentu)<\/p>\n<p><a href=\"https:\/\/www.vlada.cz\/assets\/Obdobi-prvni-republiky-1918.pdf\">https:\/\/www.vlada.cz\/assets\/Obdobi-prvni-republiky-1918.pdf<\/a><\/p>\n<p><a href=\"https:\/\/www.psp.cz\/sqw\/hp.sqw?k=1715\">https:\/\/www.psp.cz\/sqw\/hp.sqw?k=1715\u00a0<\/a> \u00a0 \u00a0 \u00a0 \u00a0 \u00a0 (Historie poslaneck\u00e9 sn\u011bmovny \u010cR)<\/p>\n<p><a href=\"https:\/\/www.psp.cz\/docs\/texts\/constitution_1920.html\">https:\/\/www.psp.cz\/docs\/texts\/constitution_1920.html\u00a0 \u00a0<\/a> \u00a0 \u00a0 \u00a0 \u00a0 \u00a0(\u00dastava \u010cR 1920)<\/p>\n<p><a href=\"https:\/\/www.psp.cz\/sqw\/hp.sqw?k=697\">https:\/\/www.psp.cz\/sqw\/hp.sqw?k=697<\/a>\u00a0 \u00a0 (Historie parlamentarismu v \u010cR)<\/p>\n<p><a href=\"https:\/\/cs.wikipedia.org\/wiki\/Seznam_premi\u00e9r\u016f_\u010ceskoslovenska\">https:\/\/cs.wikipedia.org\/wiki\/Seznam_premi\u00e9r\u016f_\u010ceskoslovenska\u00a0 \u00a0<\/a> \u00a0 (seznam premi\u00e9r\u016f)<\/p>\n<p><a href=\"https:\/\/www.vlada.cz\/cz\/clenove-vlady\/historie-minulych-vlad\/prehled-vlad-cr\/1918-1938-csr\/antonin-svehla-2\/prehled-ministru-24660\/\">https:\/\/www.vlada.cz\/cz\/clenove-vlady\/historie-minulych-vlad\/prehled-vlad-cr\/1918-1938-csr\/antonin-svehla-2\/prehled-ministru-24660\/\u00a0<\/a> \u00a0 (Nosek ministrem vnitra)<\/p>\n<p><a href=\"https:\/\/www.vlada.cz\/cz\/clenove-vlady\/historie-minulych-vlad\/prehled-vlad-cr\/1918-1938-csr\/antonin-svehla-3\/prehled-ministru-24658\/\">https:\/\/www.vlada.cz\/cz\/clenove-vlady\/historie-minulych-vlad\/prehled-vlad-cr\/1918-1938-csr\/antonin-svehla-3\/prehled-ministru-24658\/<\/a>\u00a0 \u00a0 \u00a0 (Nosek ministrem po\u0161t)<\/p>\n<p><a href=\"https:\/\/www.vlada.cz\/cz\/clenove-vlady\/historie-minulych-vlad\/prehled-vlad-cr\/1918-1938-csr\/\">https:\/\/www.vlada.cz\/cz\/clenove-vlady\/historie-minulych-vlad\/prehled-vlad-cr\/1918-1938-csr\/<\/a><\/p>\n<p><a href=\"https:\/\/cs.wikipedia.org\/wiki\/Seznam_vl\u00e1d_\u010ceskoslovenska#Prvn\u00ed_republika_(\u010ceskoslovensk\u00e1_republika)_(1920-1938)\">https:\/\/cs.wikipedia.org\/wiki\/Seznam_vl\u00e1d_\u010ceskoslovenska#Prvn\u00ed_republika_(\u010ceskoslovensk\u00e1_republika)_(1920-1938)<\/a><\/p>\n<p><a href=\"https:\/\/www.vlada.cz\/cz\/urad-vlady\/historie\/kalendarium-1918---1989-50555\/\">https:\/\/www.vlada.cz\/cz\/urad-vlady\/historie\/kalendarium-1918&#8212;1989-50555\/\u00a0<\/a> \u00a0(Kalend\u00e1rium vl\u00e1dy 1918-1989)<\/p>\n<p><a href=\"https:\/\/sd.usd.cas.cz\/pdfs\/sod\/2013\/04\/02.pdf\">https:\/\/sd.usd.cas.cz\/pdfs\/sod\/2013\/04\/02.pdf\u00a0<\/a> \u00a0 (Marek \u0160m\u00edd: Obt\u00ed\u017en\u00e9 zakotven\u00ed lidovc\u016f v politick\u00e9m syst\u00e9mu prvn\u00ed \u010cSR Parlamentn\u00ed volby v roce 1925 a \u010ceskoslovensk\u00e1 strana lidov\u00e1)<\/p>\n<p><a href=\"https:\/\/cs.wikipedia.org\/wiki\/N\u00e1rodn\u00ed_shrom\u00e1\u017ed\u011bn\u00ed_republiky_\u010ceskoslovensk\u00e9_(1920\u20131939)\">https:\/\/cs.wikipedia.org\/wiki\/N\u00e1rodn\u00ed_shrom\u00e1\u017ed\u011bn\u00ed_republiky_\u010ceskoslovensk\u00e9_(1920\u20131939)<\/a>\u00a0 \u00a0(N\u00e1rodn\u00ed shrom\u00e1\u017ed\u011bn\u00ed 1. republika)<\/p>\n<p><a href=\"https:\/\/cs.wikipedia.org\/wiki\/N\u00e1rodn\u00ed_shrom\u00e1\u017ed\u011bn\u00ed_republiky_\u010ceskoslovensk\u00e9\">https:\/\/cs.wikipedia.org\/wiki\/N\u00e1rodn\u00ed_shrom\u00e1\u017ed\u011bn\u00ed_republiky_\u010ceskoslovensk\u00e9<\/a><\/p>\n<p><a href=\"https:\/\/www.senat.cz\/informace\/z_historie\/senat1r\/\">https:\/\/www.senat.cz\/informace\/z_historie\/senat1r\/\u00a0<\/a> \u00a0(Historie sen\u00e1tu v \u010cR)<\/p><\/div><\/div><\/div>\n","protected":false},"excerpt":{"rendered":"<p>Dr.Franti\u0161ek Nosek v Poslaneck\u00e9 sn\u011bmovn\u011b 1920 -1935<\/p>\n","protected":false},"author":1,"featured_media":3112,"parent":0,"menu_order":0,"comment_status":"closed","ping_status":"closed","template":"","meta":{"footnotes":""},"class_list":["post-444","page","type-page","status-publish","has-post-thumbnail","hentry","latest_post"],"_links":{"self":[{"href":"https:\/\/www.frantiskani.cz\/index.php\/wp-json\/wp\/v2\/pages\/444","targetHints":{"allow":["GET"]}}],"collection":[{"href":"https:\/\/www.frantiskani.cz\/index.php\/wp-json\/wp\/v2\/pages"}],"about":[{"href":"https:\/\/www.frantiskani.cz\/index.php\/wp-json\/wp\/v2\/types\/page"}],"author":[{"embeddable":true,"href":"https:\/\/www.frantiskani.cz\/index.php\/wp-json\/wp\/v2\/users\/1"}],"replies":[{"embeddable":true,"href":"https:\/\/www.frantiskani.cz\/index.php\/wp-json\/wp\/v2\/comments?post=444"}],"version-history":[{"count":38,"href":"https:\/\/www.frantiskani.cz\/index.php\/wp-json\/wp\/v2\/pages\/444\/revisions"}],"predecessor-version":[{"id":3209,"href":"https:\/\/www.frantiskani.cz\/index.php\/wp-json\/wp\/v2\/pages\/444\/revisions\/3209"}],"wp:featuredmedia":[{"embeddable":true,"href":"https:\/\/www.frantiskani.cz\/index.php\/wp-json\/wp\/v2\/media\/3112"}],"wp:attachment":[{"href":"https:\/\/www.frantiskani.cz\/index.php\/wp-json\/wp\/v2\/media?parent=444"}],"curies":[{"name":"wp","href":"https:\/\/api.w.org\/{rel}","templated":true}]}}