{"id":6102,"date":"2023-01-13T08:48:16","date_gmt":"2023-01-13T07:48:16","guid":{"rendered":"https:\/\/www.frantiskani.cz\/?post_type=team&#038;p=6102"},"modified":"2023-01-13T08:48:22","modified_gmt":"2023-01-13T07:48:22","slug":"vaclav-ptak-ofs-1928-2020","status":"publish","type":"team","link":"https:\/\/www.frantiskani.cz\/index.php\/team\/vaclav-ptak-ofs-1928-2020\/","title":{"rendered":"V\u00c1CLAV PT\u00c1K OFS (1928-2020)"},"content":{"rendered":"\n<h3 class=\"wp-block-heading\">terci\u00e1\u0159 pron\u00e1sledovan\u00fd re\u017eimem, kter\u00fd opravil polorozbo\u0159enou kapli.<\/h3>\n\n\n\n<p><em>V\u00e1clava jsem poznal a\u017e po m\u00e9m vstupu do sekul\u00e1rn\u00edho \u0159\u00e1du. V dob\u011b kdy\u017e u\u017e mu bylo p\u0159es 80 let. Vozil jsem jej na na\u0161e setk\u00e1n\u00ed bratrsk\u00e9ho spole\u010denstv\u00ed a dom\u016f za Plze\u0148. R\u00e1d jsem naslouchal jeho vypr\u00e1v\u011bn\u00ed, jak se dalo i za komunistick\u00e9ho re\u017eimu hodn\u011b d\u011blat pro c\u00edrkev i pro lidi. N\u00e1sleduj\u00edc\u00ed p\u0159\u00edb\u011bh jsem pro osv\u011b\u017een\u00ed m\u00e9 pam\u011bti je\u0161t\u011b konzultoval s vypr\u00e1v\u011bn\u00edm V\u00e1clava kter\u00e9 poskytl pro Pam\u011b\u0165 n\u00e1roda, ze kter\u00e9ho \u010dl\u00e1nku i cituji . N\u011bkolikr\u00e1t jsme spolu s Jaroslavem \u0160ediv\u00fdm a jeho man\u017eelkou Dankou a s \u017den\u00ed\u0161kov\u00fdmi byli u Pt\u00e1kov\u00fdch na n\u00e1v\u0161t\u011bv\u011b a mus\u00edm \u0159\u00edci, \u017ee krom\u011b podrobn\u00e9ho vypr\u00e1v\u011bn\u00ed V\u00e1clava o jeho \u017eivotn\u00edch p\u0159\u00edb\u011bz\u00edch mne zaujala tak\u00e9 jeho skromn\u00e1, pokorn\u00e1 a ob\u011btav\u00e1 man\u017eelka Jind\u0159i\u0161ka. Proto se zmi\u0148uji v textu i o n\u00ed. Ostatn\u011b ona vstoupila do Sekul\u00e1rn\u00edho \u0159\u00e1du ji\u017e v roce 1947 a V\u00e1clav mo\u017en\u00e1 trochu z l\u00e1sky k n\u00ed v roce 1952.<\/em><\/p>\n\n\n\n<p>Franti\u0161ek <strong>V\u00e1clav Pt\u00e1k<\/strong> &nbsp;se narodil 9. \u010dervence 1928 v Z\u00e1lu\u017e\u00ed u T\u0159emo\u0161n\u00e9. M\u011bl norm\u00e1ln\u00ed d\u011btstv\u00ed chlapce na vsi, hodn\u011b sportoval \u2013 hr\u00e1l h\u00e1zenou, fotbal, v zim\u011b hokej. Po v\u00e1lce vstoupil do Sokola, n\u011bjak\u00fd \u010das byl tak\u00e9 ve Skautu, dokud neodrostli a neode\u0161li vedouc\u00ed.<\/p>\n\n\n\n<p>V Z\u00e1lu\u017e\u00ed absolvoval obecnou \u0161kolu, potom chodil do T\u0159emo\u0161n\u00e9 do m\u011b\u0161\u0165ansk\u00e9 \u0161koly. Ve 14 letech \u0161el do u\u010den\u00ed na kov\u00e1\u0159e do Plzn\u011b. Po vyu\u010den\u00ed vystudoval st\u0159edn\u00ed pr\u016fmyslovou \u0161kolu strojn\u00ed v Plzni a slo\u017eil maturitu.<\/p>\n\n\n\n<p>Coby aktivn\u00ed sokol se z\u00fa\u010dastnil v \u010dervnu 1948 v\u0161esokolsk\u00e9ho sletu. Zde do\u0161lo k prvn\u00edmu st\u0159etu se st\u00e1tn\u00ed moc\u00ed.<\/p>\n\n\n\n<p>\u201eTam byly takov\u00e9 velk\u00e9 protikomunistick\u00e9 manifestace. Slet, to byla protikomunistick\u00e1 odezva na situaci t\u00e9 doby. A to jsme je\u0161t\u011b zdaleka nev\u011bd\u011bli, co se od toho \u00fanora 1948 do \u010dervence d\u011blo. To se jenom tak mezi lidmi pov\u00eddalo, \u017ee toho sebrali a tak. Ale to byl takovej n\u00e1rodn\u00ed odpor. P\u0159\u00e1l bych v\u00e1m to za\u017e\u00edt, ten slet, v jak\u00fd atmosf\u00e9\u0159e prob\u00edhal. Mezi sokoly, tam se snad nena\u0161el nikdo, kdo by sympatizoval s komunisty. A proto se skandovaly ty hesla, to n\u011bkdo vymyslel n\u011bjak\u00fd heslo a u\u017e se skandovalo. T\u0159eba hodn\u011b let\u011blo: \u201aBene\u0161 pat\u0159\u00ed na Hrad\u010dany, Kl\u00e9ma na Ol\u0161any!\u2018\u201c<\/p>\n\n\n\n<p>Pozd\u011bji studoval \u010cesk\u00e9 vysok\u00e9 u\u010den\u00ed technick\u00e9 v Praze, odkud byl p\u0159i prov\u011brk\u00e1ch v roce 1949 vylou\u010den bez ud\u00e1n\u00ed d\u016fvodu. Pozd\u011bji p\u0159i pr\u00e1ci ve \u0160kodovce se sna\u017eil vysokou \u0161kolu dostudovat v d\u00e1lkov\u00e9 form\u011b studia. Po n\u00e1vratu z krimin\u00e1lu mu v\u0161ak ani toto nebylo umo\u017en\u011bno.<\/p>\n\n\n\n<p>Asi v letech 1949\u20131950 se s dal\u0161\u00edmi studenty zapojil do skupiny, kter\u00e1 zaji\u0161\u0165ovala p\u0159ev\u00e1d\u011bn\u00ed osob a jejich tajn\u00fd p\u0159esun po \u00fazem\u00ed \u010cSR.<\/p>\n\n\n\n<p>Dal\u0161\u00ed V\u00e1clavovou aktivitou byla tajn\u00e1 setk\u00e1n\u00ed katolick\u00e9 ml\u00e1de\u017ee. Hnut\u00ed Katolick\u00e9 akce&nbsp;vn\u00edmala St\u00e1tn\u00ed bezpe\u010dnost jako jednoho z nejv\u011bt\u0161\u00edch nep\u0159\u00e1tel a nebezpe\u010d\u00ed pro komunistick\u00fd re\u017eim, hlavn\u011b proto\u017ee se tam sch\u00e1zeli vzd\u011blan\u00ed inteligentn\u00ed lid\u00e9, kte\u0159\u00ed o v\u011bcech p\u0159em\u00fd\u0161leli, um\u011bli si ud\u011blat vlastn\u00ed n\u00e1zor a dr\u017eet se jej, nej\u00edt s davem.<\/p>\n\n\n\n<p>\u201eJe nejv\u00edce bolelo to p\u0159i v\u00fdsle\u0161\u00edch \u2013 jak jsme zjistili \u2013 \u017ee my jsme byli taky po t\u00e9 str\u00e1nce katolick\u00e9 organizovan\u00ed. A tam n\u00e1m p\u0159edn\u00e1\u0161eli lid\u00e9, kte\u0159\u00ed v\u011bd\u011bli, co cht\u011bj\u00ed.<\/p>\n\n\n\n<p>Cel\u00e1 s\u00ed\u0165 krou\u017ek\u016f se pak naz\u00fdvala \u201erodina\u201c. Na Slovensku byl jej\u00ed v\u016fd\u010d\u00ed osobnost\u00ed P. Kolakovi\u010d, v \u010cech\u00e1ch najdeme osobnosti jako P. Josef Zv\u011b\u0159ina, R\u016f\u017eena Vackov\u00e1, P. Adolf Kajpr, P. Metod\u011bj Hab\u00e1\u0148, P. Oto M\u00e1dr, P. Franti\u0161ek Mikul\u00e1\u0161ek.<\/p>\n\n\n\n<p>P\u0159edn\u00e1\u0161ky byly tajn\u00e9, \u00fa\u010dastnilo se jich maxim\u00e1ln\u011b deset lid\u00ed.<\/p>\n\n\n\n<p>Do \u0159\u00e1du vstoupil v roce 1952 za siln\u00e9 podpory a formace sv\u00e9 man\u017eelky.<\/p>\n\n\n\n<p>&nbsp;Po del\u0161\u00ed dob\u011b, kdy StB skupinky sledovala a pomalu rozkr\u00fdvala (ji\u017e od roku 1954), v roce 1957 zas\u00e1hla.<\/p>\n\n\n\n<p>V\u00e1clav Pt\u00e1k byl zat\u010den v listopadu 1957. Potom byl dr\u017een sedm m\u011bs\u00edc\u016f ve vazb\u011b StB v Plzni, v\u011bt\u0161inou na samotce. V\u00fdslechy prob\u00edhaly od r\u00e1na do noci, vy\u0161et\u0159ovatel\u00e9, zvan\u00ed referenti, se st\u0159\u00eddali, ale vysl\u00fdchan\u00fd tam byl st\u00e1le jeden \u2013 pod tlakem.<\/p>\n\n\n\n<p>V b\u0159eznu 1958 se konalo soudn\u00ed p\u0159el\u00ed\u010den\u00ed se skupinou Josef Julius a spol., prokur\u00e1torkou p\u0159i n\u011bm byla zn\u00e1m\u00e1 dr. Ludmila Bro\u017eov\u00e1-Polednov\u00e1, p\u0159edsedou soudu dr. Tlap\u00e1k.<\/p>\n\n\n\n<p>\u201eObh\u00e1jci \u2013 to nebylo poznat, kdo je obh\u00e1jce a kdo prokur\u00e1tor. Mluvili oba stejn\u011b.\u201c Soud byl jen divadlo, rozsudek byl ji\u017e p\u0159edem p\u0159ipraven\u00fd. \u201eTakov\u00fdhle fascikl pap\u00edr\u016f \u2013 ob\u017ealoba. To tam ke ka\u017ed\u00fdmu \u010detli, co kdo provedl a jak. Potom se soud odebral k porad\u011b. A ten soud \u2013 ti lid\u00e9 nem\u011bli \u010das j\u00edt se ani vy\u010d\u016frat. Ti \u0161li z jedn\u011bch dve\u0159\u00ed a p\u0159i\u0161li rovnou druh\u00fdma dve\u0159ma. A soud se poradil. \u010cili ud\u011blal usnesen\u00ed. A u\u017e v\u00e1m p\u0159e\u010detli rozsudek \u2013 i s od\u016fvodn\u011bn\u00edm.\u201c<\/p>\n\n\n\n<p>Na pr\u00e1vo a pr\u00e1vn\u00ed postupy se p\u0159\u00edli\u0161 nehled\u011blo.<\/p>\n\n\n\n<p>\u201eA j\u00e1 tam m\u00e1m na konci rozsudku takovou p\u011bknou v\u011btu: \u201aObvin\u011bn\u00e9mu nebyla dok\u00e1z\u00e1na ob\u017ealoba. Ale sen\u00e1t do\u0161el k&nbsp;z\u00e1v\u011bru\u2026,\u2018 \u017ee to tak asi bylo, jak to ob\u017ealoba \u0159\u00edk\u00e1.\u201c Soudy a vy\u0161et\u0159ovatel\u00e9 se podle V\u00e1clava Pt\u00e1ka dr\u017eeli z\u00e1sady: \u201eJe l\u00e9pe zatknout deset lid\u00ed, kde bude dev\u011bt nevinn\u00fdch a jeden vinn\u00fd, z\u00e1le\u017e\u00ed jen na tom, \u017ee toho vinn\u00e9ho chytnou, \u017ee jim neute\u010de. Oni neum\u011bj\u00ed odpou\u0161t\u011bt. A dal\u0161\u00ed bylo: Kdy\u017e se k\u00e1c\u00ed les, l\u00edtaj\u00ed t\u0159\u00edsky.\u201c<\/p>\n\n\n\n<p>V\u00e1clav Pt\u00e1k byl odsouzen na rok a p\u016fl v\u011bzen\u00ed za trestn\u00fd \u010din podvracen\u00ed republiky. Ob\u017ealovan\u00ed m\u011bli \u0161t\u011bst\u00ed, \u017ee se St\u00e1tn\u00ed bezpe\u010dnosti nepoda\u0159ilo propojit jejich \u010dinnost se skupinami v Hradci Kr\u00e1lov\u00e9 a v Praze-Sm\u00edchov\u011b a vytvo\u0159it tak celost\u00e1tn\u00ed s\u00ed\u0165. Potom by tresty byly hor\u0161\u00ed, proto\u017ee by to bylo hodnoceno jako celost\u00e1tn\u00ed spiknut\u00ed. Takto byli souzeni jen jako skupina z Plzn\u011b a \u010cesk\u00fdch Bud\u011bjovic. \u201eNa\u0161t\u011bst\u00ed jsme mluvili v\u0161ichni stejn\u011b, abych byl up\u0159\u00edmn\u00fd, lhali jsme v\u0161ichni stejn\u011b, tak\u017ee se to nepoda\u0159ilo propojit a byli jsme souzeni individu\u00e1ln\u011b \u2013 ka\u017ed\u00e1 skupinka zvl\u00e1\u0161\u0165.\u201c<\/p>\n\n\n\n<p>V\u00e1clav Pt\u00e1k byl propu\u0161t\u011bn z v\u011bzen\u00ed v roce 1960.&nbsp; Za\u010dal pracovat v d\u00edln\u011b v d\u011blnick\u00e9 profesi \u2013 nap\u0159. \u010distil Siemens martinsk\u00e9 pece, v nich\u017e se tav\u00ed ocel. Ve\u0161ker\u00e9 pokusy jeho a p\u0159\u00e1tel, aby se dostal do konstrukce \u010di jin\u00fdch in\u017een\u00fdrsk\u00fdch povol\u00e1n\u00ed, na lep\u0161\u00ed pracovn\u00ed pozici, byly dlouhou dobu haceny celoz\u00e1vodn\u00edm v\u00fdborem KS\u010c a zvl\u00e1\u0161t\u011b jedn\u00edm komunistou, se kter\u00fdm m\u011bl kdysi spor.<\/p>\n\n\n\n<p>A\u017e v roce 1965 se kone\u010dn\u011b dostal do konstrukce v z\u00e1vod\u011b V\u00fdstavba. Zde m\u011bl dva v\u00fdznamn\u00e9 \u00fasp\u011bchy \u2013 podle jeho n\u00e1vrhu se provedla prvn\u00ed vysokomont\u00e1\u017en\u00ed pr\u00e1ce z helikopt\u00e9ry v republice (p\u0159i stavb\u011b nov\u00e9ho kom\u00edna) a rychle dokon\u010dil konstruk\u010dn\u00ed n\u00e1vrh i technologickou v\u00fdrobu stroje na odd\u011blov\u00e1n\u00ed plynn\u00fdch a kapaln\u00fdch \u010d\u00e1stic, na kter\u00e9m se p\u0159edt\u00edm ne\u00fasp\u011b\u0161n\u011b pracovalo 12 let.<\/p>\n\n\n\n<p>Jako franti\u0161k\u00e1n n\u00e1sledoval sv. Franti\u0161ka z Assisi, kter\u00fd opravoval kaple a kostel\u00edky v Assisi . Na konci osmdes\u00e1t\u00fdch let minul\u00e9ho stolet\u00ed se V\u00e1clav rozhodl je\u0161t\u011b s dal\u0161\u00edmi katol\u00edky opravit zch\u00e1tralou kapli Panny Marie Pomocn\u00e9 v Kyjov\u011b u Plzn\u011b. Kaple byla historicky cenn\u00e1, ale podobn\u011b jako mnoho dal\u0161\u00edch c\u00edrkevn\u00edch pam\u00e1tek v&nbsp;z\u00e1padn\u00edch \u010cech\u00e1ch, byla neudr\u017eovan\u00e1 a zna\u010dn\u011b po\u0161kozen\u00e1. Bratr sh\u00e1n\u011bl materi\u00e1l, pen\u00edze i pomocn\u00edky a spole\u010dn\u011b kapli opravili a udr\u017eovali ve v\u00fdte\u010dn\u00e9m stavu a\u017e do celkov\u00e9 rekonstrukce po roce 1989. Bratr V\u00e1clav s&nbsp;franti\u0161k\u00e1nskou pokorou o opravov\u00e1n\u00ed kaple po pracovn\u00ed dob\u011b v tov\u00e1rn\u011b&nbsp; \u0159\u00edk\u00e1: <em>\u201eNed\u011blali jsme to pro svou sl\u00e1vu, bylo to t\u0159eba. Cht\u011bli jsme kapli zachr\u00e1nit a to se n\u00e1m povedlo. Panna Maria jist\u011b v\u011bd\u011bla, \u017ee ne pro sl\u00e1vu, ale z&nbsp;l\u00e1sky a \u00facty \u2026\u201c<\/em> Ka\u017ed\u00fd rok i v sou\u010dasnosti jsou u kyjovsk\u00e9 kaple po\u0159\u00e1d\u00e1ny t\u0159i pouti farnost\u00ed Plze\u0148 m\u011bsto.<\/p>\n\n\n\n<p>Ve III. \u0159\u00e1du sv. Franti\u0161ka byl v letech 1994 &#8211; 1997 v N\u00e1rodn\u00ed rad\u011b a \u00fa\u010dastnil se aktivn\u011b obnovy \u0159\u00e1du.<\/p>\n\n\n\n<p>P\u0159i obnov\u011b III. \u0159\u00e1du sv. Franti\u0161ka v \u010cech\u00e1ch sjezdil v 90. letech celou republiku.<\/p>\n\n\n\n<p>Po roce 1989 byl pam\u011btn\u00edk n\u011bjak\u00fd \u010das \u010dinn\u00fd v obecn\u00ed samospr\u00e1v\u011b v obci kde bydlel. A\u017e do smrti aktivn\u00ed v Konfederaci politick\u00fdch v\u011bz\u0148\u016f a slou\u017eil v jejich v\u00fdboru v Plzni. Pravideln\u011b doch\u00e1zel na setk\u00e1n\u00ed terci\u00e1\u0159\u016f.<\/p>\n\n\n<div class=\"wp-block-image\">\n<figure class=\"alignleft size-full is-resized\"><img loading=\"lazy\" decoding=\"async\" src=\"data:image\/gif;base64,R0lGODlhAQABAAAAACH5BAEKAAEALAAAAAABAAEAAAICTAEAOw==\" data-layzr=\"https:\/\/www.frantiskani.cz\/wp-content\/uploads\/2023\/01\/Ptakovi-2010-2016_10_21-04_25_29-UTC.png\" alt=\"\" class=\"wp-image-6105\" width=\"114\" height=\"107\"\/><\/figure>\n<\/div>\n\n\n<p>Je nutn\u00e9 se zm\u00ednit o jeho <strong>man\u017eelce Jind\u0159i\u0161ce<\/strong>, kter\u00e1 mu v\u011brn\u011b zaji\u0161\u0165ovala dom\u00e1cnost, kdy\u017e nebyl dlouh\u00e9 dny doma. Pracovala jako zdravotn\u00ed sestra, starala se o jejich t\u0159i d\u011bti a o V\u00e1clavovu maminku, \u010dasto sama. Jind\u0159i\u0161ka vstoupila do \u0159\u00e1du d\u0159\u00edve jak V\u00e1clav. Ji\u017e v 16 letech v roce 1947, do III. \u0159\u00e1du sv. Franti\u0161ka a 26. 12. 1948 slo\u017eila profesn\u00ed sliby. A jak se s\u00e1m vyj\u00e1d\u0159il Jind\u0159i\u0161ka mu byla po\u010d\u00e1te\u010dn\u00ed inspirac\u00ed pro vstup do \u0159\u00e1du. Oba byli aktivn\u00edmi \u010dleny Sokola a pod\u00edleli se na organizov\u00e1n\u00ed r\u016fzn\u00fdch akc\u00ed pro d\u011bti. Jindra se p\u0159i rozhovoru br\u00e1nila, tvrdila, \u017ee nic v\u00fdjime\u010dn\u00e9ho, o \u010dem by se dalo ps\u00e1t, nepro\u017eila. Ale pr\u00e1v\u011b to, jak v\u011brn\u011b a pokorn\u011b n\u00e1sledovala sv. Franti\u0161ka a jak se vzorn\u011b starala V\u00e1clavovi o z\u00e1zem\u00ed, o d\u011bti, o dom\u00e1cnost, jak sn\u00edm v\u011brn\u011b pro\u017e\u00edvala ve\u0161ker\u00e9 t\u011b\u017ekosti byla pro n\u00e1s v\u017edy velkou inspirac\u00ed.<\/p>\n\n\n\n<p>O V\u00e1clavovi Pt\u00e1kovi se lze v\u00edce do\u010d\u00edst na str\u00e1nk\u00e1ch Pam\u011bti n\u00e1roda.<\/p>\n\n\n\n<p>P\u0159ese v\u0161echnu tvrdou pr\u00e1ci a \u00fasp\u011bchy z\u016fstal pokorn\u00fd a skromn\u00fd.<\/p>\n\n\n\n<p><em>(autorem je Lubo\u0161 Franti\u0161ek Kolafa OFS)<\/em><\/p>\n","protected":false},"featured_media":6103,"menu_order":0,"template":"","class_list":["post-6102","team","type-team","status-publish","has-post-thumbnail","hentry","latest_post"],"_links":{"self":[{"href":"https:\/\/www.frantiskani.cz\/index.php\/wp-json\/wp\/v2\/team\/6102","targetHints":{"allow":["GET"]}}],"collection":[{"href":"https:\/\/www.frantiskani.cz\/index.php\/wp-json\/wp\/v2\/team"}],"about":[{"href":"https:\/\/www.frantiskani.cz\/index.php\/wp-json\/wp\/v2\/types\/team"}],"wp:featuredmedia":[{"embeddable":true,"href":"https:\/\/www.frantiskani.cz\/index.php\/wp-json\/wp\/v2\/media\/6103"}],"wp:attachment":[{"href":"https:\/\/www.frantiskani.cz\/index.php\/wp-json\/wp\/v2\/media?parent=6102"}],"curies":[{"name":"wp","href":"https:\/\/api.w.org\/{rel}","templated":true}]}}