{"id":9830,"date":"2024-11-23T11:40:59","date_gmt":"2024-11-23T10:40:59","guid":{"rendered":"https:\/\/www.frantiskani.cz\/?post_type=team&#038;p=9830"},"modified":"2024-11-29T18:20:20","modified_gmt":"2024-11-29T17:20:20","slug":"zena-ktera-veri-v-moc-ducha-svateho","status":"publish","type":"team","link":"https:\/\/www.frantiskani.cz\/index.php\/team\/zena-ktera-veri-v-moc-ducha-svateho\/","title":{"rendered":"\u017dena, kter\u00e1 v\u011b\u0159\u00ed v\u00a0moc Ducha svat\u00e9ho"},"content":{"rendered":"\n<p><em><a href=\"https:\/\/www.frantiskani.cz\/index.php\/team\/zena-ktera-veri-v-moc-ducha-svateho\">S\u00a0Hanou Brigitou Reichsfeld <\/a>se zn\u00e1me \u00a0ji\u017e deset let. A mnoz\u00ed j\u00ed zn\u00e1te i na Slovensku. Jako ka\u017ed\u00fd mu\u017esk\u00fd jsem si nejd\u0159\u00edve musel v\u00a0n\u00e1rodn\u00ed rad\u011b zvykat na jej\u00ed \u017eensk\u00fd zp\u016fsob my\u0161len\u00ed a v\u00edry. Dnes m\u00e1m k\u00a0jej\u00ed k\u0159es\u0165ansk\u00e9 a franti\u0161k\u00e1nsk\u00e9 cest\u011b je\u0161t\u011b velkou \u00factu a v\u00e1\u017e\u00edm si jej\u00ed odvahy slou\u017eit druh\u00fdm i p\u0159es v\u0161echny t\u011b\u017ekosti a nemoci.<\/em><\/p>\n\n\n\n<p>Hana Brigita Reichsfeld je matkou t\u0159\u00ed d\u011bt\u00ed a babi\u010dkou t\u0159\u00ed vnou\u010dat. Krom\u011b toho byla mnoho let u\u010ditelkou v&nbsp;z\u00e1kladn\u00ed a jazykov\u00e9 \u0161kole. Spolu s&nbsp;man\u017eelem Lubom\u00edrem byli ve Vesel\u00ed nad Moravou prvn\u00edmi, kdo se v&nbsp;listopadu roku 1989 zapojili do Sametov\u00e9 revoluce v&nbsp;okrese Hodon\u00edn a pot\u00e9 zakl\u00e1dali Ob\u010dansk\u00e9 f\u00f3rum ve m\u011bst\u011b. Ne\u017e se v&nbsp;lo\u0148sk\u00e9m roce za\u010dala starat o termin\u00e1ln\u011b nemocnou maminkou, byla n\u011bkolik let pastora\u010dn\u00ed asistentkou Charity Uhersk\u00e9 Hradi\u0161t\u011b, kde mimo jin\u00e9 duchovn\u011b doprov\u00e1zela um\u00edraj\u00edc\u00ed v&nbsp;Dom\u00e1c\u00edm hospici Anton\u00ednek a z\u016fst\u00e1v\u00e1 st\u00e1le jejich dobrovoln\u00edkem.<\/p>\n\n\n\n<p><strong>Na ja\u0159e roku 2007 za\u010dala Hanka vn\u00edmat, \u017ee j\u00ed&nbsp; B\u016fh vol\u00e1 k&nbsp;n\u00e1sledov\u00e1n\u00ed \u017eivota svat\u00e9ho Franti\u0161ka<\/strong><strong>.<\/strong><\/p>\n\n\n\n<p>Cituji z&nbsp;rozhovoru, kter\u00fd vedla s&nbsp;Hankou redaktorka a fotografka Lenka Fojt\u00edkov\u00e1 pro knihu kronika sta let<\/p>\n\n\n\n<p><em>Co n\u00e1sledovalo?<\/em><\/p>\n\n\n\n<p><em>Dostala jsem pozv\u00e1n\u00ed na m\u00e9 prvn\u00ed setk\u00e1n\u00ed m\u00edstn\u00edho bratrsk\u00e9ho spole\u010denstv\u00ed Sekul\u00e1rn\u00edho franti\u0161k\u00e1nsk\u00e9ho \u0159\u00e1du v&nbsp;Uhersk\u00e9m Hradi\u0161ti. Kdy\u017e jsem tam p\u0159i\u0161la, bylo mn\u011b \u010dty\u0159ia\u010dty\u0159icet let a skoro v\u0161ichni tehdej\u0161\u00ed \u010dlenov\u00e9 byli star\u0161\u00ed ne\u017e j\u00e1. Po vylit\u00ed Ducha svat\u00e9ho jsem dostala dar radosti a chv\u00e1ly. Byla jsem proto nalad\u011bn\u00e1 chv\u00e1lit P\u00e1na, jak jen je to mo\u017en\u00e9. M\u00e9 nad\u0161en\u00ed a rozlet p\u0159i prvn\u00edm setk\u00e1n\u00ed s&nbsp;terci\u00e1\u0159i docela srazila tradice a ur\u010dit\u00e1 rutina. Potom jsem n\u011bjak\u00fd \u010das uvnit\u0159 sebe bojovala s&nbsp;pocitem, \u017ee jsem se asi spletla, proto\u017ee B\u016fh se neplete. V&nbsp;\u010dase ticha a rozj\u00edm\u00e1n\u00ed jsem n\u00e1sledn\u011b uvid\u011bla celou n\u00e1dheru franti\u0161k\u00e1nsk\u00e9 rodiny na cel\u00e9m sv\u011bt\u011b. Od \u017eivota svat\u00e9ho Franti\u0161ka nap\u0159\u00ed\u010d stalet\u00edmi. To m\u011b naplnilo radost\u00ed, kterou jsem p\u0159edt\u00edm u\u017e poznala. Najednou jsem m\u011bla zcela jasno a bylo mn\u011b \u00fapln\u011b jedno, \u017ee je tam rutina a tradice, proto\u017ee jsem vid\u011bla celou n\u00e1dheru franti\u0161k\u00e1nsk\u00e9 rodiny.<\/em><\/p>\n\n\n\n<p><strong>\u010clenkou n\u00e1rodn\u00ed rady je letos Hanka u\u017e deset let . V&nbsp;obdob\u00ed&nbsp; 2014-2016&nbsp; byla zvolena n\u00e1rodn\u00ed ministryn\u00ed. Nyn\u00ed slou\u017e\u00ed ve slu\u017eb\u011b form\u00e1torky.<\/strong><\/p>\n\n\n\n<p>Cituji z&nbsp;rozhovoru, kter\u00fd vedla s&nbsp;Hankou redaktorka a fotografka Lenka Fojt\u00edkov\u00e1 pro knihu kronika sta let<\/p>\n\n\n\n<p><em>\u0160la jste do funkce n\u00e1rodn\u00ed ministryn\u011b s&nbsp;n\u011bjakou viz\u00ed?<\/em><\/p>\n\n\n\n<p><em>M\u011bla jsem v&nbsp;srdci touhu evangelizovat. Bylo mn\u011b ale jasn\u00e9, \u017ee nejd\u0159\u00edve je t\u0159eba, aby co nejv\u00edce bratr\u016f a sester v&nbsp;\u0159\u00e1du za\u017eilo vylit\u00ed Ducha svat\u00e9ho, aby zakusili \u017eiv\u00fd dotek Bo\u017e\u00ed a osobn\u00ed setk\u00e1n\u00ed s Kristem. Potvrzen\u00ed mn\u011b k&nbsp;tomu dala gener\u00e1ln\u00ed ministryn\u011b ze \u0160pan\u011blska sestra Encarnation del Pozo, kter\u00e1 \u0159\u00edkala, \u017ee v&nbsp;\u0159\u00e1du nutn\u011b pot\u0159ebujeme pro\u017e\u00edt autentick\u00e9 obr\u00e1cen\u00ed. To souviselo s&nbsp;duchovn\u00edmi obnovami na Velehrad\u011b, kter\u00e9 od roku 2016 \u010dty\u0159ikr\u00e1t vedl p\u00e1ter Elias Vella z Malty. V\u017edy jsme je po\u0159\u00e1dali pro celou franti\u0161k\u00e1nskou rodinu. Krom\u011b terci\u00e1\u0159\u016f a p\u0159\u00e1tel svat\u00e9ho Franti\u0161ka se pravideln\u011b \u00fa\u010dastnili brat\u0159i prvn\u00edho \u0159\u00e1du a \u0159eholn\u00ed sestry. \u00da\u010dastn\u00edci p\u0159itom nebyli pouze z&nbsp;\u010cech a Moravy, ale tak\u00e9 nap\u0159\u00edklad ze Slovenska, Anglie, Bosny a Hercegoviny.<\/em><\/p>\n\n\n\n<p>Tolik jako opakov\u00e1n\u00ed, pro ty kdo ne\u010detl rozhovor s&nbsp;Hankou v&nbsp;knize kronika 100 let na str 292.<\/p>\n\n\n\n<p><strong>Pokra\u010dujeme rozhovorem ze sou\u010dasnosti.<\/strong><\/p>\n\n\n\n<p><strong>Cht\u011bl bych se znovu vr\u00e1tit k&nbsp;tomu, \u017ee jsi slou\u017eila v&nbsp;jednom obdob\u00ed jako n\u00e1rodn\u00ed ministryn\u011b.<\/strong><\/p>\n\n\n\n<p><strong><em>Jak se zp\u011btn\u011b d\u00edv\u00e1\u0161 na to, \u017ee jsi st\u00e1la na pozici, na kter\u00e9 posledn\u00edch sto let st\u00e1li jen mu\u017ei? Jak si se c\u00edtila? Jak\u00e9 t\u011b\u017ekosti jsi pro\u017e\u00edvala?<\/em><\/strong><\/p>\n\n\n\n<p>V\u016fbec jsem si to neuv\u011bdomovala. R\u00e1da \u017eiji p\u0159\u00edtomnost, souvislosti mn\u011b \u010dasto nedoch\u00e1zej\u00ed nebo p\u0159ijdou pozd\u011bji, n\u011bkdy a\u017e skrze druh\u00e9. Zkr\u00e1tka takhle jsem nad t\u00edm nep\u0159em\u00fd\u0161lela.<\/p>\n\n\n\n<p>V roce 2015 p\u0159i\u0161la nal\u00e9hav\u00e1 pot\u0159eba zvolen\u00ed nov\u00e9ho n\u00e1rodn\u00edho ministra. A\u010dkoliv se tehdej\u0161\u00ed n\u00e1rodn\u00ed ministr sna\u017eil naj\u00edt v&nbsp;bratrsk\u00fdch spole\u010denstv\u00edch kandid\u00e1ty, neda\u0159ilo se to. Oslovil s prosbou tak\u00e9 m\u011b a s&nbsp;nads\u00e1zkou utrousil, \u017ee kdy\u017e se skute\u010dn\u011b nikdo nenajde, m\u016f\u017eeme tak akor\u00e1t s pros\u00edkem ke Slov\u00e1k\u016fm o p\u0159i\u010dlen\u011bn\u00ed k&nbsp;jejich OFS.&nbsp; Rozli\u0161ovala jsem kandidaturu je\u0161t\u011b n\u011bkolik m\u00e1lo dn\u00ed p\u0159ed tehdej\u0161\u00ed n\u00e1rodn\u00ed volebn\u00ed kapitulou, a to b\u011bhem misijn\u00edch \u201eDn\u016f v\u00edry\u201c v&nbsp;Praze. U Panny Marie Sn\u011b\u017en\u00e9 jsem&nbsp; v kapli p\u0159i adoraci tiskla v ruce mal\u00fd relikvi\u00e1\u0159 14. pra\u017esk\u00fdch franti\u0161k\u00e1nsk\u00fdch mu\u010dedn\u00edk\u016f. Sama sebe jsem uji\u0161\u0165ovala, \u017ee m\u00e1m pouze p\u0159eklenout obdob\u00ed, ne\u017e se najde n\u011bjak\u00fd nov\u00fd n\u00e1rodn\u00ed ministr. \u0158ekla jsem Bohu sv\u00e9 ano a p\u0159ijala jsem ofici\u00e1ln\u011b kandidaturu \u201eza minutu dvan\u00e1ct\u201c, a to v&nbsp;p\u00e1tek v noci p\u0159ed samotnou sobotn\u00ed volbou. Jako n\u00e1rodn\u00ed ministr&nbsp; jsem pro\u017eila mnoho kru\u0161n\u00fdch chvil, proto\u017ee s n\u011bkter\u00fdmi zvl\u00e1\u0161t\u011b legislativn\u00edmi, \u00fa\u0159edn\u00edmi, syst\u00e9mov\u00fdmi v\u011bcmi jsem si v\u016fbec nev\u011bd\u011bla rady. Skute\u010dn\u011b hork\u00e9 momenty, nebo\u0165 tenkr\u00e1t se dotahovala kauza \u201eterci\u00e1\u0159sk\u00e9 hroby\u201c, a to byl po\u0159\u00e1dn\u00fd o\u0159\u00ed\u0161ek \u010di p\u0159\u00edmo o\u0159ech i pro zdatn\u00e9 mu\u017ee &#8211; n\u00e1rodn\u00ed ministry p\u0159ede mnou. Ve slu\u017eb\u011b m\u011b nesla \u010dir\u00e1 Bo\u017e\u00ed milost a s\u00edlu mn\u011b d\u00e1valo v\u011bdom\u00ed, \u017ee to tak B\u016fh cht\u011bl. Kdy\u017e jsem o t\u0159i roky pozd\u011bji na n\u00e1rodn\u00ed volebn\u00ed kapitule prosila, aby m\u011b ji\u017e brat\u0159i a sestry nenavrhovali do slu\u017eby n\u00e1rodn\u00edho ministra, docela m\u011b rozesm\u00e1la slova jedn\u00e9 sestry, kter\u00e1 \u0159ekla: \u201e A to je \u0161koda, mysleli jsme si, jak si v t\u00e9 slu\u017eb\u011b libuje\u0161 a jak jsi \u0161\u0165astn\u00e1!\u201c Tenkr\u00e1t jsem u\u017e po dlouh\u00e9m hled\u00e1n\u00ed v\u011bd\u011bla, \u017ee bratr Franti\u0161ek je ochotn\u00fd kandidovat do slu\u017eby n\u00e1rodn\u00edho ministra. Co j\u00e1 tenkr\u00e1t oslovila terci\u00e1\u0159\u016f!:-)<\/p>\n\n\n\n<p><strong><em>Jak vid\u00ed\u0161 sou\u010dasnou \u00falohu \u017een ve franti\u0161k\u00e1nsk\u00e9m sekul\u00e1rn\u00edm \u0159\u00e1du a franti\u0161k\u00e1nsk\u00e9 rodin\u011b?<\/em><\/strong><\/p>\n\n\n\n<p>Nejsem naklon\u011bna \u017e\u00e1dn\u00fdm feministick\u00fdm hnut\u00edm, naopak vid\u00edm v\u0161echny bratry a sestry jako Bo\u017e\u00ed d\u011bti na naprosto stejn\u00e9 \u00farovni. Jist\u011b, \u017ee je mezi \u017eenami a mu\u017ei rozd\u00edl. P\u011bkn\u011b o tom p\u00ed\u0161e ve sv\u00e9 knize John Gray: \u201eMu\u017ei jsou z&nbsp;Marsu, \u017eeny z&nbsp;Venu\u0161e.\u201c Kdy\u017e pozn\u00e1me a pochop\u00edme na\u0161e rozd\u00edly, m\u016f\u017eeme r\u016fst v bratrsk\u00e9m spole\u010denstv\u00ed a vykonat mnoho dobr\u00e9ho, proto\u017ee se vz\u00e1jemn\u011b budeme kr\u00e1sn\u011b dopl\u0148ovat. &nbsp;\u00dalohu vid\u00edm stejnou pro mu\u017ee i \u017eeny \u2013 jak brat\u0159i, tak sestry jsme spoluzodpov\u011bdn\u00ed za n\u00e1\u0161 \u0159\u00e1d. A to \u00fapln\u011b ka\u017ed\u00fd bez rozd\u00edlu. V\u0161ichni jsme dostali od P\u00e1na Boha dary a v\u0161ichni m\u00e1me t\u011bmi dary slou\u017eit.<\/p>\n\n\n\n<p><strong><em>V&nbsp;\u010dem se my mu\u017ei mus\u00edme zm\u011bnit, abychom v\u00edce ch\u00e1pali hlas a rady \u017een?<\/em><\/strong><\/p>\n\n\n\n<p>Jen z\u016fsta\u0148te, vy mu\u017ei, stejn\u00ed jac\u00ed jste!:-) Zn\u00e1m hodn\u011b opravdov\u00fdch mu\u017e\u016f, kter\u00fdch si moc v\u00e1\u017e\u00edm.&nbsp; Jak u\u017e jsem nazna\u010dila, hlas \u017een pova\u017euji za rovnocenn\u00fd hlasu mu\u017e\u016f. Pokud je n\u011bkde n\u011bjak\u00e1 nad\u0159azenost mu\u017e\u016f, tak ji vn\u00edm\u00e1m sp\u00ed\u0161e jako individu\u00e1ln\u00ed povahovou vlastnost.<\/p>\n\n\n\n<p>P\u0159eci jenom mn\u011b te\u010f p\u0159ich\u00e1z\u00ed my\u0161lenka: v&nbsp;\u017eidovsk\u00e9 rodin\u011b je \u017een\u011b d\u00e1na n\u00e1le\u017eit\u00e1 pozornost, \u00facta a v\u00e1\u017enost. &nbsp;\u201eIma\u201c (z&nbsp;hebrej\u0161tiny matka) je prost\u011b ta, kter\u00e9 se naslouch\u00e1 a to, co \u0159ekne, se jen tak nep\u0159ehl\u00e9dne a nenech\u00e1 prot\u00e9ct mezi prsty. \u017didovsk\u00e1 \u017eena si je v\u011bdoma sv\u00e9 zodpov\u011bdnosti a podle toho \u017eije, mluv\u00ed, kon\u00e1. Mnoho \u017eidovek dos\u00e1hlo velk\u00e9ho \u00fasp\u011bchu a dostalo Nobelovu cenu. Tak\u00e9 v&nbsp;arm\u00e1d\u011b je \u017een\u00e1m v&nbsp;Izraeli d\u00e1na stejn\u00e1 d\u016fv\u011bra jako mu\u017e\u016fm, d\u011bv\u010data stejn\u011b jako chlapci jdou na vojnu a \u017eeny dokonce mohou v&nbsp;izraelsk\u00e9 arm\u00e1d\u011b zast\u00e1vat pozice, kter\u00e9 b\u011b\u017en\u011b jinde ve sv\u011bt\u011b n\u00e1le\u017e\u00ed v\u00fdhradn\u011b mu\u017e\u016fm.<\/p>\n\n\n\n<p><strong><em>\u017deny maj\u00ed n\u011bkdy mnohem v\u00edce \u00fakol\u016f ne\u017e mu\u017ei. V&nbsp;rodin\u011b, farnosti, ve spole\u010denstv\u00ed. Doporu\u010dila bys jim i slu\u017ebu &nbsp;v&nbsp;n\u00e1rodn\u00ed rad\u011b?<\/em><\/strong><\/p>\n\n\n\n<p>Ano, pokud by v&nbsp;modlitb\u011b rozli\u0161ily a srdcem vn\u00edmaly, \u017ee to maj\u00ed ud\u011blat a pokud maj\u00ed dobr\u00e9 z\u00e1zem\u00ed a podporu sv\u00e9 rodiny. Od za\u010d\u00e1tku m\u00e9 slu\u017eby v&nbsp;n\u00e1rodn\u00ed rad\u011b m\u011b m\u016fj man\u017eel podporuje.<\/p>\n\n\n\n<p><strong>Krom\u011b slu\u017eby ministryn\u011b jsi slou\u017eila jako deleg\u00e1tka \u010desk\u00e9 republiky na n\u011bkter\u00fdch setk\u00e1n\u00edch mezin\u00e1rodn\u00ed rady. Mezin\u00e1rodn\u00ed spolupr\u00e1ci nav\u00e1zali v&nbsp;posledn\u00edch letech \u010ce\u0161t\u00ed i Sloven\u0161t\u00ed terci\u00e1\u0159i. Navz\u00e1jem si v&nbsp;n\u011bkter\u00fdch z\u00e1le\u017eitostech pom\u00e1h\u00e1me.<\/strong><\/p>\n\n\n\n<p><strong><em>Co se m\u016f\u017eeme ze setk\u00e1n\u00ed na mezin\u00e1rodn\u00ed \u00farovni nau\u010dit?<\/em><\/strong><\/p>\n\n\n\n<p>Mezin\u00e1rodn\u00ed akce jsou vrcholem na\u0161eho bratrsk\u00e9ho setk\u00e1v\u00e1n\u00ed, jsou neoby\u010dejn\u011b povzbuzuj\u00edc\u00ed a kr\u00e1sn\u00e9. Vystoupen\u00ed jednotliv\u00fdch deleg\u00e1t\u016f na mezin\u00e1rodn\u00edch kapitul\u00e1ch jsou dobr\u00fdm d\u016fvodem k&nbsp;zamy\u0161len\u00ed, co bychom mohli zm\u011bnit v&nbsp;na\u0161em n\u00e1rodn\u00edm bratrsk\u00e9m spole\u010denstv\u00ed. Velmi cenn\u00e1 jsou osobn\u00ed sv\u011bdectv\u00ed brat\u0159\u00ed a sester. Jedine\u010dn\u00e9 bylo Evropsk\u00e9 franti\u0161k\u00e1nsk\u00e9 setk\u00e1n\u00ed v Litv\u011b v roce 2018, kter\u00e9ho se z\u00fa\u010dastnilo na 150 brat\u0159\u00ed a sester z 24 evropsk\u00fdch zem\u00ed. P\u0159ineslo st\u00e1le aktu\u00e1ln\u00ed poselstv\u00ed: \u201eNelp\u011bme na minulosti a na zp\u016fsobech, kter\u00fdmi jsme v\u017edycky d\u011blali v\u011bci \u2013 nenechejme Ducha svat\u00e9ho narazit do zav\u0159en\u00fdch oken!\u201c<\/p>\n\n\n\n<p><strong>V&nbsp;\u010cesk\u00e9m sekul\u00e1rn\u00edm \u0159\u00e1du neexistuj\u00ed oblastn\u00ed rady. Celou agendu a organizaci zaji\u0161\u0165uje jedin\u00e1, mnoho\u010dlenn\u00e1 n\u00e1rodn\u00ed rada. Deleg\u00e1ti si mezi sebe rozd\u011blili patronaci nad mal\u00fdm po\u010dtem spole\u010denstv\u00ed a sna\u017e\u00ed se b\u00fdt s&nbsp;nimi \u010dast\u011bji v&nbsp;kontaktu ne\u017e jen p\u0159i volb\u00e1ch nebo vizitac\u00edch.<\/strong><\/p>\n\n\n\n<p><strong><em>Jakou \u00falohu by m\u011bla podle tebe hr\u00e1t v&nbsp;budoucnosti n\u00e1rodn\u00ed rada, jak\u00fdm sm\u011brem by se m\u011bla vydat jej\u00ed slu\u017eba?<\/em><\/strong><\/p>\n\n\n\n<p>Spojuj\u00edc\u00ed, propojuj\u00edc\u00ed. St\u00e1le vn\u00edm\u00e1m, \u017ee n\u011bkter\u00e1 bratrsk\u00e1 spole\u010denstv\u00ed \u017eij\u00ed tak n\u011bjak sama pro sebe, je jim spolu dob\u0159e a to jim tak sta\u010d\u00ed. Je ov\u0161em \u0161koda minout se s&nbsp;t\u00edm, co n\u00e1m B\u016fh d\u00e1v\u00e1, a to velkou kr\u00e1snou franti\u0161k\u00e1nskou rodinu na cel\u00e9m sv\u011bt\u011b. N\u00e1rodn\u00ed rada m\u00e1 b\u00fdt motiv\u00e1torem ke sjednocen\u00ed, pozn\u00e1v\u00e1n\u00ed se, \u017eiv\u00e9 komunikaci nap\u0159\u00ed\u010d m\u00edstn\u00edmi bratrsk\u00fdmi spole\u010denstv\u00edmi. To ov\u0161em klade na \u010dleny n\u00e1rodn\u00ed rady po\u017eadavek v\u011bnovat v\u00edce \u010dasu zejm\u00e9na bratrsk\u00fdm vizitac\u00edm. V\u011b\u0159\u00edm, \u017ee by bylo n\u00e1m v\u0161em k&nbsp;u\u017eitku, kdyby z&nbsp;bratrsk\u00fdch vizitac\u00ed a setk\u00e1n\u00ed nikdo nesp\u011bchal, naopak si v\u011bdom\u011b vyhradil del\u0161\u00ed \u010das, t\u0159eba i cel\u00fd den \u010di dva na to jen tak prost\u011b s&nbsp;bratry a sestrami b\u00fdt\u2026<\/p>\n\n\n\n<p>Jak\u00fdm sm\u011brem by se m\u011bla vydat slu\u017eba? R\u00e1da bych zm\u00ednila odkaz ned\u00e1vno zesnul\u00e9ho pape\u017ee &nbsp;Benedikta XVI. (Intima Ecclesiae natura z r. 2012): \u201eNitern\u00e1 povaha c\u00edrkve se vyjad\u0159uje ve troj\u00ed slu\u017eb\u011b: zv\u011bstov\u00e1n\u00ed Bo\u017e\u00edho slova, slaven\u00ed liturgie a slu\u017eba l\u00e1sky (diakonie), kter\u00e9 jsou \u00fazce spolu spojeny a kter\u00e9 nelze od sebe odd\u011blovat.\u201c Na\u0161e slu\u017eba jako terci\u00e1\u0159\u016f&nbsp; a n\u00e1sledovn\u00edk\u016f sv. Franti\u0161ka by m\u011bla zahrnovat spole\u010dnou liturgii, evangelizaci a slu\u017ebu pot\u0159ebn\u00fdm. Je to jako trojno\u017eka &#8211; spole\u010denstv\u00ed, kter\u00e9 se sch\u00e1z\u00ed k liturgii, hl\u00e1s\u00e1 Krista a v\u011bnuje se pot\u0159ebn\u00fdm lidem, bude pevn\u011b st\u00e1t a nep\u0159evr\u00e1t\u00ed se.<\/p>\n\n\n\n<p><strong>Nyn\u00ed bych se r\u00e1d v\u011bnoval tv\u00e9mu vztahu k&nbsp;\u017eidovsk\u00e9mu n\u00e1rodu, k&nbsp;\u017eidovsk\u00fdm k\u0159es\u0165an\u016fm a k&nbsp;Izraeli<\/strong><\/p>\n\n\n\n<p><strong><em>Do Izraele jezd\u00ed\u0161 pom\u011brn\u011b \u010dasto. Jak se narodil tv\u016fj v\u0159el\u00fd vztah k&nbsp;lidem v&nbsp;t\u00e9to zemi?<\/em><\/strong><strong><em><\/em><\/strong><\/p>\n\n\n\n<p>Kdy\u017e to vezmu \u00fapln\u011b historicky \u2013 man\u017eel\u016fv tat\u00ednek byl \u017eid, maminka k\u0159es\u0165anka, tak\u017ee se p\u0159irozen\u011b v&nbsp;na\u0161\u00ed rodin\u011b ot\u00e1zky \u017eidovstv\u00ed a k\u0159es\u0165anstv\u00ed \u010dasto prob\u00edraly. D\u00edky tomu jsem si utvo\u0159ila n\u00e1zor na Izrael a \u017eidovstv\u00ed z&nbsp;mnoha pohled\u016f a dosp\u011bla jsem k&nbsp;obdivu izraelsk\u00e9ho n\u00e1roda a jeho zem\u011b. Po revoluci v roce 1989 n\u00e1s nav\u0161t\u00edvili vzd\u00e1len\u00ed p\u0159\u00edbuzn\u00ed man\u017eelova tat\u00ednka. Ti bl\u00edzc\u00ed v\u0161ichni zahynuli v koncentra\u010dn\u00edm t\u00e1bo\u0159e v Osv\u011btimi. Dostali jsme pozv\u00e1n\u00ed do Izraele. Vlastn\u011b jsem jedin\u00e1 z&nbsp;rodiny, kdo se do Izraele pravideln\u011b vrac\u00ed, a tak jsem se zcela p\u0159irozen\u011b stala mostem mezi rodinou \u017eij\u00edc\u00ed v \u010cR a v Izraeli.<\/p>\n\n\n\n<p><strong><em>Kter\u00e9 vzpom\u00ednky na setk\u00e1n\u00ed s&nbsp;lidmi ti utkv\u011bli v&nbsp;pam\u011bti?<\/em><\/strong><\/p>\n\n\n\n<p>Na\u0161e st\u0159\u00edbrn\u00e1 svatba na b\u0159ehu Galilejsk\u00e9ho jezera a po n\u00ed spole\u010dn\u00fd ve\u010der s p\u0159\u00edbuzn\u00fdmi v bl\u00edzk\u00e9 Magdale. Mnoh\u00e9 z&nbsp;nich jsem vid\u011bla poprv\u00e9.<\/p>\n\n\n\n<p>Nejv\u00edce vzpom\u00ednek se v\u00e1\u017ee k&nbsp;moj\u00ed nejdel\u0161\u00ed n\u00e1v\u0161t\u011bv\u011b Izraele v&nbsp;roce 2013, kdy jsem str\u00e1vila v&nbsp;Jeruzal\u00e9m\u011b \u010dtvrt roku. R\u00e1da vzpom\u00edn\u00e1m na \u0161abatov\u00e9 ve\u010de\u0159e v&nbsp;rodinn\u00e9m kruhu, rozhovory s&nbsp;lidmi &#8211; a\u0165 u\u017e \u017eidy, mesi\u00e1nsk\u00fdmi \u017eidy, k\u0159es\u0165any a poznala jsem i n\u011bkolik muslim\u016f. A nejenom lid\u00e9 mn\u011b utkv\u011bli v&nbsp;pam\u011bti \u2013 tak\u00e9 nezam\u011bniteln\u00e1 v\u016fn\u011b t\u00e9 zem\u011b, po n\u00ed\u017e se mi \u010dasto st\u00fdsk\u00e1, tich\u00e9 cesti\u010dky nad r\u00e1nem v&nbsp;uli\u010dk\u00e1ch star\u00e9ho m\u011bsta uvnit\u0159 hradeb cestou na Golgotu, kibucy a parky s&nbsp;ke\u0159i a kv\u011bty lib\u00fdch v\u016fn\u00ed, tr\u017ei\u0161t\u011b s&nbsp;rozli\u010dn\u00fdm ko\u0159en\u00edm, rozkvetl\u00e9 mo\u0159sk\u00e9 pob\u0159e\u017e\u00ed pod Karmelem, temn\u00e1 obloha no\u010dn\u00ed pou\u0161t\u011b s&nbsp;oslniv\u011b z\u00e1\u0159\u00edc\u00edm m\u011bs\u00edcem a mnoho dal\u0161\u00edho\u2026<\/p>\n\n\n\n<p>Z Jeruzal\u00e9ma jsem ka\u017ed\u00fd t\u00fdden doj\u00ed\u017ed\u011bla autobusem do Tel Avivu \u2013 Jaffy do spole\u010denstv\u00ed&nbsp; p\u0159i kostele St. Peter\u00b4s Church, kter\u00e9 vedl franti\u0161k\u00e1n Fr. Peter Ashton. Tam jsem tak\u00e9 potkala budouc\u00ed franti\u0161k\u00e1nskou terci\u00e1\u0159ku Carinu, kter\u00e1 m\u011b pozd\u011bji p\u0159ivedla do kostela St. Anthony takt\u00e9\u017e v&nbsp;Jaff\u011b, kde se sch\u00e1zej\u00ed franti\u0161k\u00e1n\u0161t\u00ed terci\u00e1\u0159i. Fr. Peter se duchovn\u011b staral o po\u010detnou skupinu zvl\u00e1\u0161t\u011b filip\u00ednsk\u00fdch \u017een, kter\u00e9 p\u0159ijely do Izraele za prac\u00ed a tvo\u0159ily p\u0159ev\u00e1\u017enou \u010d\u00e1st farnosti. N\u011bkter\u00e9 se tam vdaly a zalo\u017eily rodinu. Pro\u017eila jsem s&nbsp;nimi velikono\u010dn\u00ed duchovn\u00ed obnovu, kter\u00e1 se konala v m\u011bste\u010dku Abu Ghosh u sester Sv. Josefa. O \u017eidovsk\u00e9m sv\u00e1tku Pesach jsme m\u011bli Sederovou ve\u010de\u0159i, p\u0159ed\u010d\u00edtali texty z&nbsp;Pesachov\u00e9 Hagady, jedli j\u00eddla, kter\u00e1 maj\u00ed symbolick\u00fd v\u00fdznam. Na B\u00edlou sobotu byla p\u0159ed kostelem Notre Dame de l\u00b4Arche d\u00b4Aliiance zap\u00e1lena obrovsk\u00e1 hranice d\u0159eva a n\u00e1sledovala nezapomenuteln\u00e1 vigilie, v&nbsp;jej\u00edm\u017e z\u00e1v\u011bru tan\u010dil cel\u00fd kostel v\u010detn\u011b n\u011bkolika kn\u011bz\u016f u olt\u00e1\u0159e. Pokoj v&nbsp;kl\u00e1\u0161te\u0159e jsem sd\u00edlela s&nbsp;mladou filip\u00ednkou Josephinou. Sp\u0159\u00e1telily jsme se a &nbsp;v&nbsp;n\u00e1sleduj\u00edc\u00edch letech jsme se v\u00eddaly v&nbsp;Jeruzal\u00e9m\u011b. Byla v\u00e1\u017en\u011b nemocn\u00e1, v&nbsp;posledn\u00edch m\u011bs\u00edc\u00edch \u017eivota jsem ji nav\u0161t\u011bvovala v&nbsp;\u017eidovsk\u00e9 nemocnici Hadassah v&nbsp;Ein Karem.<\/p>\n\n\n\n<p>V&nbsp;Jeruzal\u00e9m\u011b se v\u017edy vrac\u00edm krom\u011b rodiny p\u0159\u00edbuzn\u00fdch ve \u010dtvrti zvan\u00e9 Mo\u0161ava tak\u00e9 do kl\u00e1\u0161tera Sv. Kl\u00e1ry na Hanoch Albek St. a k&nbsp;Sv. Simeonovi a Ann\u011b na HaRav Kook St. &#8211; komunita je hebrejsky mluv\u00edc\u00edm katolick\u00fdm vikari\u00e1tem v&nbsp;Jeruzal\u00e9m\u011b. Toto m\u00edsto a lid\u00e9 tam maj\u00ed zvl\u00e1\u0161tn\u00ed m\u00edsto v&nbsp;m\u00e9m srdci. V\u017edy se k&nbsp;nim velmi t\u011b\u0161\u00edm na m\u0161i svatou slou\u017eenou v&nbsp;hebrej\u0161tin\u011b.<\/p>\n\n\n\n<p><strong><em>Jak \u017eij\u00ed k\u0159es\u0165an\u00e9 a sekul\u00e1rn\u00ed franti\u0161k\u00e1ni v&nbsp;Izraeli? \u010cemu se od nich m\u016f\u017eeme nau\u010dit?<\/em><\/strong><\/p>\n\n\n\n<p>V&nbsp;Izraeli jsou franti\u0161k\u00e1nsk\u00e1 terci\u00e1\u0159sk\u00e1 spole\u010denstv\u00ed v&nbsp;Betl\u00e9m\u011b, Nazaretu, Jeruzal\u00e9m\u011b a Jaff\u011b. Poznala jsem pouze bratrsk\u00e9 spole\u010denstv\u00ed p\u0159i kostele Sv. Anton\u00edna v&nbsp;Jaff\u011b. Pospolitost, jednoduchost a radostnost je to, co je charakterizuje. V&nbsp;sou\u010dasn\u00e9 dob\u011b je jich 25 s&nbsp;profesn\u00edmi sliby. Jsou mezi nimi brat\u0159i a sestry z&nbsp;Indie, Afriky i Filip\u00edn &#8211; mlad\u00ed i sta\u0159\u00ed, tak jako v&nbsp;rodin\u011b. Jeden\u00e1ct let je aktivn\u00edm terci\u00e1\u0159em v&nbsp;Jaff\u011b bratr Anil Macwan, p\u016fvodem z&nbsp;Indie. Jak s\u00e1m \u0159\u00edk\u00e1, ve v\u0161ech jejich aktivit\u00e1ch se sna\u017e\u00ed \u017e\u00edt evangelium a \u0161\u00ed\u0159it evangelium. Krom\u011b m\u011bs\u00ed\u010dn\u00edch bratrsk\u00fdch setk\u00e1n\u00ed nav\u0161t\u011bvuj\u00ed terci\u00e1\u0159i nemocn\u00e9 v&nbsp;nemocnic\u00edch, jezd\u00ed do d\u011btsk\u00e9ho domova v&nbsp;Ein Karem a domova pro seniory v&nbsp;Nazaretu. Ani v&nbsp;dob\u011b pandemie nep\u0159eru\u0161ili kontakt a v\u00eddali se p\u0159es Zoom. V\u011bnuj\u00ed se poradenstv\u00edm tak\u00e9 ml\u00e1de\u017ei a po\u0159\u00e1daj\u00ed duchovn\u00ed obnovy pro mlad\u00e9. Aktu\u00e1ln\u011b d\u011blaj\u00ed krok k&nbsp;v\u011bt\u0161\u00edmu pozn\u00e1n\u00ed se s&nbsp;bratrsk\u00fdmi spole\u010denstv\u00edmi v&nbsp;Betl\u00e9m\u011b, Jeruzal\u00e9m\u011b a Nazaretu a tak\u00e9 sm\u011brem k&nbsp;mezin\u00e1rodn\u00edmu spole\u010denstv\u00ed.<\/p>\n\n\n\n<p>Od mesi\u00e1nsk\u00fdch \u017eid\u016f se m\u016f\u017eeme nau\u010dit \u017easnout. Jejich v\u00edra, jak jsem vid\u011bla, &nbsp;je \u017eiv\u00e1 \u2013 takov\u00e1, jakou zn\u00e1me u apo\u0161tola Pavla, kdy\u017e se potkal s&nbsp;Je\u017e\u00ed\u0161em a pot\u00e9 se stal zap\u00e1len\u00fdm k\u0159es\u0165anem a evangeliz\u00e1torem. Na jeden mesi\u00e1nsk\u00fd sbor v&nbsp;Jeruzal\u00e9m\u011b m\u00e1m hlubokou vzpom\u00ednku, a to, kdy\u017e se za m\u011b modlili p\u0159edt\u00edm, ne\u017e jsem \u0161la sv\u011bd\u010dit do jedn\u00e9 skupinky sekul\u00e1rn\u00edch \u017eid\u016f o k\u0159es\u0165anstv\u00ed. Do \u017eidovsk\u00e9 komunity p\u0159i kulturn\u00edm dom\u011b na Emek Refaim m\u011b pozvala na\u0161e p\u0159\u00edbuzn\u00e1 Hava proto, \u017ee o k\u0159es\u0165anstv\u00ed nic nev\u011bd\u011bla a cht\u011bla se dozv\u011bd\u011bt. Bez podpory a modliteb mesi\u00e1nsk\u00fdch \u017eid\u016f bych n\u00e1v\u0161t\u011bvu pravd\u011bpodobn\u011b vzdala. V\u011b\u0159\u00edm, \u017ee pr\u00e1v\u011b d\u00edky modlitebn\u00edmu kryt\u00ed ze z\u00e1zem\u00ed to byl ve\u010der takov\u00fd, jak\u00fd byl. Zakusili jsme dotek Bo\u017e\u00ed l\u00e1sky.<\/p>\n\n\n\n<p><strong>Tv\u016fj \u017eivot pokra\u010duje\u2026<\/strong><\/p>\n\n\n\n<p><strong><em>Co t\u011b nejv\u00edce pot\u011b\u0161ilo ve tv\u00e9m \u017eivot\u011b v&nbsp;posledn\u00edch letech? Mysl\u00edm t\u00edm v&nbsp;rodin\u011b, ve farnosti, ve spole\u010denstv\u00ed, v&nbsp;n\u00e1rodn\u00ed rad\u011b?<\/em><\/strong><\/p>\n\n\n\n<p>Aktu\u00e1ln\u011b dokon\u010den\u00ed d\u0159ev\u011bn\u00e9ho trval\u00e9ho souso\u0161\u00ed Svat\u00e9 Rodiny v&nbsp;\u017eivotn\u00ed velikosti na Svat\u00e9m Anton\u00ednku. V&nbsp;z\u00e1v\u011bru mi hodn\u011b pom\u00e1hal m\u016fj man\u017eel.<\/p>\n\n\n\n<p>Mil\u00fdm p\u0159ekvapen\u00edm a pot\u011b\u0161en\u00edm bylo, kdy\u017e se loni sjela v\u0161echna t\u0159i vnou\u010data u\u017e na 9. ro\u010dn\u00edk \u201eBab\u00ed Hanky letn\u00ed \u0161koly\u201c. Tak si na\u0161e vnou\u010data sama pojmenovala pobyt u n\u00e1s prarodi\u010d\u016f, kdy\u017e k&nbsp;n\u00e1m za\u010dala jezdit z&nbsp;Prahy na pr\u00e1zdniny. Ka\u017ed\u00fd ro\u010dn\u00edk m\u00e1 svoje t\u00e9ma: ta jsou r\u016fzn\u00e1, v\u017edy poskl\u00e1dan\u00e1 z mozaiky rozv\u00edjej\u00edc\u00ed t\u011blo, du\u0161i i ducha. Bab\u00ed letn\u00ed \u0161kolu na\u0161e vnou\u010data miluj\u00ed a nenechala si ji vz\u00edt, ani kdy\u017e p\u0159i\u0161la puberta. O pr\u00e1zdnin\u00e1ch \u010dasto vzpom\u00edn\u00e1me na minul\u00e9 ro\u010dn\u00edky, co v\u0161echno jsme spolu pro\u017eili, n\u011bkdy se sm\u011bjeme a\u017e tak, \u017ee n\u00e1s bol\u00ed br\u00e1nice. Asi nejneobvyklej\u0161\u00ed bylo t\u00e9ma&nbsp; \u201e\u017didovsk\u00e9 sv\u00e1tky tvo\u0159iv\u011b a hrou\u201c, kdy\u017e se u\u010dili hebrejsk\u00e1 p\u00edsmena a z\u00e1kladn\u00ed slov\u00ed\u010dka, podepsat se, zazp\u00edvat n\u011bkolik p\u00edsni\u010dek. N\u011bkter\u00e1 slova se ujala, tak t\u0159eba kdy\u017e jdeme sp\u00e1t, \u0159\u00edk\u00e1me&nbsp; si <em>layla tov<\/em> (z hebrej\u0161tiny dobrou noc) apod.<\/p>\n\n\n\n<p>Pot\u011b\u0161ilo m\u011b, kdy\u017e jsem v&nbsp;roce 2021 dostala milost od P\u00e1na k&nbsp;moto pouti z&nbsp;P\u0159\u00edm\u011btic na ji\u017en\u00ed Morav\u011b do Jen\u00edkova v&nbsp;Severn\u00edch \u010cech\u00e1ch. Na pou\u0165 m\u011b upozornila kamar\u00e1dka novin\u00e1\u0159ka. V\u016fbec nikoho jsem neznala, a p\u0159esto jsem vyrazila. Na motorce jsme jeli pouze t\u0159i: far\u00e1\u0159, varhan\u00edk a j\u00e1. Soub\u011b\u017en\u011b s&nbsp;n\u00e1mi putovala do Jen\u00edkova po\u010detn\u00e1 skupina farn\u00edk\u016f, a to na kolech. Kdy\u017e jsem vid\u011bla, jak se nad\u0159eli a my t\u0159i jsme stihli v&nbsp;klidu po cest\u011b r\u016fzn\u00e9 zaj\u00edmav\u00e9 prohl\u00eddky, m\u011bla jsem skoro v\u00fd\u010ditky sv\u011bdom\u00ed, \u017ee m\u00e1m takovou p\u011bknou pou\u0165. Kr\u00e1sn\u00e1 byla tak\u00e9 cesta na motorce do kl\u00e1\u0161tera kapuc\u00edn\u016f v&nbsp;Su\u0161ici spojen\u00e1 s&nbsp;divadlem pro d\u011bti v&nbsp;kl\u00e1\u0161tern\u00ed zahrad\u011b. Kamar\u00e1dka, se kterou jezd\u00edm na motorce, je loutkohere\u010dka, tak jsou n\u011bkdy na\u0161e j\u00edzdy spojeny s divadeln\u00edm p\u0159edstaven\u00edm.&nbsp; Ob\u011b m\u00e1me vnu\u010dky stejn\u00e9ho v\u011bku a o pr\u00e1zdnin\u00e1ch je bereme na motorku s&nbsp;sebou. N\u00e1dhern\u00e9 chv\u00edle jsme s&nbsp;nimi pro\u017eily u p\u0159\u00e1tel ve Zlat\u00fdch hor\u00e1ch. Maj\u00ed poh\u00e1dkov\u00fd d\u016fm s&nbsp;pek\u00e1rnou hned vedle kostela, kde jsme se v\u0161ichni budili do v\u016fn\u011b \u010derstv\u00e9ho chleba.<\/p>\n\n\n\n<p>Pot\u011b\u0161en\u00edm pro m\u011b bylo, kdy\u017e m\u016fj kon\u00ed\u010dek &#8211; je\u017ed\u011bn\u00ed na motorce &#8211; dostal hlub\u0161\u00ed smysl uspo\u0159\u00e1d\u00e1n\u00edm motork\u00e1\u0159sk\u00e9 pouti na Svat\u00e9m Anton\u00ednku. Po prvn\u00edm ro\u010dn\u00edku v&nbsp;roce 2020 se zapojil do organizace m\u016fj man\u017eel Lubo\u0161 a mn\u011b se tak splnil dlouholet\u00fd sen b\u00fdt spole\u010dn\u011b s&nbsp;man\u017eelem ve slu\u017eb\u011b nov\u00e9 evangelizace. Loni slou\u017eilo na pouti u\u017e sedm man\u017eelsk\u00fdch p\u00e1r\u016f, a zvl\u00e1\u0161t\u011b mu\u017e\u016fm se tam l\u00edbilo.<\/p>\n\n\n\n<p>Na poli slu\u017eby bych r\u00e1da zm\u00ednila franti\u0161k\u00e1na P. Eliase Vellu, kter\u00fd n\u00e1s \u010cechy i Slov\u00e1ky spojoval a na\u0161\u00ed franti\u0161k\u00e1nsk\u00e9 rodin\u011b slou\u017eil na semin\u00e1\u0159\u00edch. V\u017edycky jsem se velmi t\u011b\u0161ila z toho, kdy\u017e jsem p\u0159ijela na Slovensko a potkala jsem tam slovensk\u00e9 terci\u00e1\u0159e a naopak, kdy\u017e Slov\u00e1ci p\u0159ijeli k n\u00e1m na Velehrad a pro\u017eili jsme spolu vz\u00e1cn\u00e9 chv\u00edle. Otec Elias n\u00e1m od roku 2016 p\u0159edn\u00e1\u0161el t\u00fdden na Velehrad\u011b na r\u016fzn\u00e1 t\u00e9mata: Je\u017e\u00ed\u0161 l\u00e9ka\u0159 t\u011bla i du\u0161e, Duch Svat\u00fd, R\u016fst ve spole\u010denstv\u00ed a t\u011bsn\u011b p\u0159ed vypuknut\u00edm pandemie bylo t\u00e9ma Nov\u00e1 evangelizace. V roce 2019 dvan\u00e1ct z n\u00e1s, kte\u0159\u00ed jsme slou\u017eili na Velehrad\u011b b\u011bhem semin\u00e1\u0159\u016f s otcem Eliasem Vellou, pokra\u010dovalo spole\u010dn\u011b ve snaze o novou evangelizaci v nov\u011b vznikl\u00e9m spole\u010denstv\u00ed RUAH na Svat\u00e9m Anton\u00ednku. V sou\u010dasn\u00e9 dob\u011b tvo\u0159\u00ed spole\u010denstv\u00ed RUAH s\u00ed\u0165 p\u0159\u00edmluvc\u016f po cel\u00e9 republice a po\u0159\u00e1d\u00e1 spole\u010dn\u011b s laick\u00fdmi mision\u00e1\u0159i V\u00e1clavem \u010c\u00e1pem a Janou Ungerovou online semin\u00e1\u0159e. Od roku 2020 spole\u010denstv\u00ed organizuje na Svat\u00e9m Anton\u00ednku ve spolupr\u00e1ci s bratry franti\u0161k\u00e1ny 1. \u0159\u00e1du motork\u00e1\u0159skou pou\u0165, kter\u00e1 se stala velkou evangeliza\u010dn\u00ed akc\u00ed. M\u016fj man\u017eel je ze sm\u00ed\u0161en\u00e9ho \u017eidovsko-k\u0159es\u0165ansk\u00e9ho man\u017eelstv\u00ed a dlouho si hledal cestu do katolick\u00e9 c\u00edrkve. M\u00fdm tajn\u00fdm p\u0159\u00e1n\u00edm posledn\u00edch deseti let bylo, abychom spolu slou\u017eili na Anton\u00ednku. To se naplnilo a d\u011bje uplynul\u00e9 roky pr\u00e1v\u011b na motork\u00e1\u0159sk\u00e9 pouti.<\/p>\n\n\n\n<p>Kdy\u017e se ohl\u00e9dnu za sv\u00fdm \u017eivotem, mohu vid\u011bt, kolik velk\u00fdch v\u011bc\u00ed se po m\u00e9m prvn\u00edm setk\u00e1n\u00ed na ja\u0159e roku 2007 s otcem Eliasem stalo. Vsadila jsem zcela a bezv\u00fdhradn\u011b na Bo\u017e\u00ed l\u00e1sku, kterou jsem sama na sob\u011b zakusila a tak\u00e9 jsem pochopila, \u017ee jen ona L\u00e1ska n\u00e1s m\u016f\u017ee zm\u011bnit a p\u0159in\u00e9st pokoj a dobro. B\u016fh m\u011b povolal k n\u00e1sledov\u00e1n\u00ed sv. Franti\u0161ka z Assisi. Ud\u00e1lo se to v soukrom\u00ed, ti\u0161e a n\u011b\u017en\u011b. Nev\u011bd\u011bla jsem tenkr\u00e1t nic o existenci Sekul\u00e1rn\u00edho franti\u0161k\u00e1nsk\u00e9ho \u0159\u00e1du. Obr\u00e1tila jsem se na nejbli\u017e\u0161\u00ed franti\u0161k\u00e1ny a bratr Augustin m\u011b p\u0159ivedl na setk\u00e1n\u00ed terci\u00e1\u0159\u016f. Zapo\u010dala se moje franti\u0161k\u00e1nsk\u00e1 cesta\u2026<\/p>\n\n\n\n<p>S vd\u011b\u010dnost\u00ed Bohu za otce Eliase Vellu, \u010derp\u00e1m te\u010f ve sv\u00e9 slu\u017eb\u011b n\u00e1rodn\u00edho form\u00e1tora ze studnice, kterou on n\u00e1m zanechal. Voda v n\u00ed nikdy nechyb\u00ed a je \u017eiv\u00e1.<\/p>\n\n\n\n<p>V&nbsp;n\u00e1rodn\u00ed rad\u011b m\u011b t\u011b\u0161\u00ed, \u017ee se v\u00edc pozn\u00e1v\u00e1me a m\u00e1me k&nbsp;sob\u011b bl\u00ed\u017e. T\u011b\u0161\u00ed m\u011b tak\u00e9 up\u0159\u00edmn\u00e1, otev\u0159en\u00e1 diskuse. Vrcholem a velkou radost\u00ed je pro m\u011b na\u0161e spole\u010dn\u00e1 modlitba a slaven\u00ed m\u0161e svat\u00e9.<\/p>\n\n\n\n<p><strong><em>M\u00e1\u0161 n\u011bjak\u00e9 svoje p\u0159\u00e1n\u00ed, sen do budoucnosti?<\/em><\/strong><\/p>\n\n\n\n<p>Oslavit s&nbsp;rodinou m\u00e9 60. narozeniny letos v&nbsp;b\u0159eznu na n\u011bjak\u00e9 zapadl\u00e9 chalup\u011b v&nbsp;lese. U\u017e jsem jim to \u0159ekla, ostatn\u00ed nech\u00e1m na d\u011btech.:-)<\/p>\n\n\n\n<p>Sen do budoucnosti m\u00e1m. Souvis\u00ed to se Svat\u00fdm&nbsp;Anton\u00ednkem, kter\u00fd je takovou moj\u00ed milovanou porciunkul\u00ed: \u201eKdyby m\u011b vyhodili jedn\u00edm oknem ven, druh\u00fdm tam op\u011bt vlezu\u2026\ud83d\ude0a.\u201c Te\u010f, kdy\u017e tam stoj\u00ed pobl\u00ed\u017e kaple Sv. Anton\u00edna na voln\u00e9m prostranstv\u00ed jesli\u010dky a lid\u00e9 se mohou zcela p\u0159irozen\u011b p\u0159ibl\u00ed\u017eit k betl\u00e9mu (a\u0165 u\u017e tam postoj\u00ed chv\u00edli v&nbsp;tichu, nebo si chlapi daj\u00ed po \u0161tamprli nebo si mlad\u00ed ud\u011blaj\u00ed self\u00ed\u010dko s&nbsp;Je\u017e\u00ed\u0161kem), sn\u00edm o tom, aby na Anton\u00ednku vyrostli nov\u00ed mlad\u00ed Je\u017e\u00ed\u0161ovi u\u010dedn\u00edci a slou\u017eili lidem duchovn\u00edmi setk\u00e1v\u00e1n\u00edmi, rozhovory, osobn\u00ed p\u0159\u00edmluvnou modlitbou. Abychom spole\u010dn\u011b napl\u0148ovali odkaz na\u0161eho vz\u00e1cn\u00e9ho kn\u011bze P. Anton\u00edna \u0160ur\u00e1nka, kter\u00fd si p\u0159\u00e1l, aby na Anton\u00ednku duchovn\u011b p\u016fsobili brat\u0159i franti\u0161k\u00e1ni, ale komunistick\u00fd re\u017eim tento z\u00e1m\u011br p\u0159ekazil.<\/p>\n\n\n\n<p><strong><em>Co bys pop\u0159\u00e1la \u010dten\u00e1\u0159\u016fm?<\/em><\/strong><\/p>\n\n\n\n<p>Aby se neb\u00e1li zcela a \u00fapln\u011b se otev\u0159\u00edt a odevzdat p\u016fsoben\u00ed Ducha Svat\u00e9ho. Aby si nenechali ani mali\u010dko otev\u0159en\u00e1 zadn\u00ed vr\u00e1tka\u2026 Aby se na ka\u017ed\u00e9ho vylil Duch Svat\u00fd tak, jako se vylil o letnic\u00edch na apo\u0161toly v&nbsp;Jeruzal\u00e9m\u011b. Aby se ka\u017ed\u00fd potkal osobn\u011b s&nbsp;P\u00e1nem Je\u017e\u00ed\u0161em a m\u011bl s&nbsp;n\u00edm osobn\u00ed vztah. Aby slovy apo\u0161tola Pavla: <em>\u201c\u2026 rostlo Kristovo t\u011blo, abychom v\u0161ichni spole\u010dn\u011b dosp\u011bli k&nbsp; &nbsp;jednot\u011b&nbsp; ve v\u00ed\u0159e a k pozn\u00e1n\u00ed Bo\u017e\u00edho Syna.\u201c<\/em><\/p>\n\n\n\n<p>Abychom se st\u00e1le d\u00edvali na P\u00e1na, neztr\u00e1celi vizi a v&nbsp;duchu se vraceli do nebesk\u00e9ho Jeruzal\u00e9ma, kde zn\u00ed j\u00e1sot spravedliv\u00fdch a chv\u00e1la na\u0161emu Bohu a Ber\u00e1nkovi, kter\u00fd sed\u00ed na tr\u016fn\u011b.<\/p>\n\n\n\n<p>Abychom jako d\u011bti seraf\u00ednsk\u00e9ho otce sv. Franti\u0161ka vr\u00e1tili k prvotn\u00ed L\u00c1SCE, je\u017e je &nbsp;podstatou charismatu sv. Franti\u0161ka.<\/p>\n\n\n\n<p>Va\u0161e sestra Hanka Brigita<\/p>\n\n\n\n<figure class=\"wp-block-gallery has-nested-images columns-default is-cropped wp-block-gallery-1 is-layout-flex wp-block-gallery-is-layout-flex\">\n<figure class=\"wp-block-image size-large\"><img decoding=\"async\" data-id=\"9835\" src=\"data:image\/gif;base64,R0lGODlhAQABAAAAACH5BAEKAAEALAAAAAABAAEAAAICTAEAOw==\" data-layzr=\"https:\/\/www.frantiskani.cz\/wp-content\/uploads\/2024\/11\/motorkarska-pout-Svaty-Antoninek-1024x983.jpg\" alt=\"\" class=\"wp-image-9835\"\/><\/figure>\n\n\n\n<figure class=\"wp-block-image size-large\"><img decoding=\"async\" data-id=\"9838\" src=\"data:image\/gif;base64,R0lGODlhAQABAAAAACH5BAEKAAEALAAAAAABAAEAAAICTAEAOw==\" data-layzr=\"https:\/\/www.frantiskani.cz\/wp-content\/uploads\/2024\/11\/na-jeruzalemskych-hradbach-1024x767.png\" alt=\"\" class=\"wp-image-9838\"\/><\/figure>\n\n\n\n<figure class=\"wp-block-image size-large\"><img decoding=\"async\" data-id=\"9834\" src=\"data:image\/gif;base64,R0lGODlhAQABAAAAACH5BAEKAAEALAAAAAABAAEAAAICTAEAOw==\" data-layzr=\"https:\/\/www.frantiskani.cz\/wp-content\/uploads\/2024\/11\/Na-motorkach-2-723x1024.jpeg\" alt=\"\" class=\"wp-image-9834\"\/><\/figure>\n\n\n\n<figure class=\"wp-block-image size-large\"><img decoding=\"async\" data-id=\"9836\" src=\"data:image\/gif;base64,R0lGODlhAQABAAAAACH5BAEKAAEALAAAAAABAAEAAAICTAEAOw==\" data-layzr=\"https:\/\/www.frantiskani.cz\/wp-content\/uploads\/2024\/11\/na-Negevske-pousti-1024x731.png\" alt=\"\" class=\"wp-image-9836\"\/><\/figure>\n\n\n\n<figure class=\"wp-block-image size-large\"><img decoding=\"async\" data-id=\"9837\" src=\"data:image\/gif;base64,R0lGODlhAQABAAAAACH5BAEKAAEALAAAAAABAAEAAAICTAEAOw==\" data-layzr=\"https:\/\/www.frantiskani.cz\/wp-content\/uploads\/2024\/11\/nad-Mrtvym-morem-1024x768.jpg\" alt=\"\" class=\"wp-image-9837\"\/><\/figure>\n<\/figure>\n\n\n\n<figure class=\"wp-block-gallery has-nested-images columns-default is-cropped wp-block-gallery-2 is-layout-flex wp-block-gallery-is-layout-flex\"><\/figure>\n","protected":false},"featured_media":9831,"menu_order":0,"template":"","class_list":["post-9830","team","type-team","status-publish","has-post-thumbnail","hentry","latest_post"],"_links":{"self":[{"href":"https:\/\/www.frantiskani.cz\/index.php\/wp-json\/wp\/v2\/team\/9830","targetHints":{"allow":["GET"]}}],"collection":[{"href":"https:\/\/www.frantiskani.cz\/index.php\/wp-json\/wp\/v2\/team"}],"about":[{"href":"https:\/\/www.frantiskani.cz\/index.php\/wp-json\/wp\/v2\/types\/team"}],"wp:featuredmedia":[{"embeddable":true,"href":"https:\/\/www.frantiskani.cz\/index.php\/wp-json\/wp\/v2\/media\/9831"}],"wp:attachment":[{"href":"https:\/\/www.frantiskani.cz\/index.php\/wp-json\/wp\/v2\/media?parent=9830"}],"curies":[{"name":"wp","href":"https:\/\/api.w.org\/{rel}","templated":true}]}}