{"id":9839,"date":"2024-11-23T11:48:09","date_gmt":"2024-11-23T10:48:09","guid":{"rendered":"https:\/\/www.frantiskani.cz\/?post_type=team&#038;p=9839"},"modified":"2024-11-29T18:16:37","modified_gmt":"2024-11-29T17:16:37","slug":"poznavame-ceske-terciare","status":"publish","type":"team","link":"https:\/\/www.frantiskani.cz\/index.php\/team\/poznavame-ceske-terciare\/","title":{"rendered":"Jaroslav \u0160ediv\u00fd OFS"},"content":{"rendered":"\n<p><a href=\"https:\/\/www.frantiskani.cz\/index.php\/team\/poznavame-ceske-terciare\">cel\u00fd clanek ZDE<\/a><\/p>\n\n\n\n<p>Nov\u00e1 rubrika &#8211; a dokonce v \u010de\u0161tin\u011b &#8211; ve slovensk\u00e9m \u010dasopise v\u00e1s asi trochu p\u0159ekvap\u00ed. Vznikla proto, \u017ee jsme se s Pavolem \u017delezn\u00edkem shodli na touze probudit v n\u00e1s samotn\u00fdch i ve v\u00e1s touhu po mezin\u00e1rodn\u00ed spolupr\u00e1ci. Vlastn\u011b v\u016fbec netu\u0161\u00edm, jak to je u v\u00e1s, ale v \u010cesku se ka\u017ed\u00fd zaj\u00edm\u00e1me jen o sv\u00e9 bratrsk\u00e9 spole\u010denstv\u00ed a jen mal\u00e1 \u010d\u00e1st \u010dlen\u016f m\u00e1 p\u0159esah do spole\u010denstv\u00ed n\u00e1rodn\u00edho. A mezin\u00e1rodn\u00ed spole\u010denstv\u00ed? Nejsp\u00ed\u0161e kv\u016fli mal\u00e9 jazykov\u00e9 znalosti na\u0161ich \u010dlen\u016f p\u0159esah do mezin\u00e1rodn\u00edch vod nen\u00ed skoro \u017e\u00e1dn\u00fd. A tak je nejjednodu\u0161\u0161\u00ed za\u010d\u00edt mezin\u00e1rodn\u00ed spolupr\u00e1ci pr\u00e1v\u011b u \u010cech\u016f a Slov\u00e1k\u016f. Mysl\u00edm, \u017ee si po\u0159\u00e1d je\u0161t\u011b dob\u0159e rozum\u00edme. Zat\u00edm jsme s Pavolem nevymysleli nic jin\u00e9ho, ne\u017e \u017ee budeme my, \u010ce\u0161i, zkou\u0161et ps\u00e1t o \u017eivot\u011b \u010desk\u00fdch terci\u00e1\u0159\u016f do slovensk\u00e9ho \u010dasopisu. Obr\u00e1cen\u011b to nejde. My toti\u017e \u017e\u00e1dn\u00fd pap\u00edrov\u00fd \u010dasopis od roku 2006 nem\u00e1me.<\/p>\n\n\n\n<p>Lubo\u0161 Kolafa, OFS<\/p>\n\n\n\n<p><strong>P\u0159\u00edb\u011bhy sekul\u00e1rn\u00edch franti\u0161k\u00e1n\u016f<\/strong><\/p>\n\n\n\n<p>Ne\u017e za\u010dnu vypr\u00e1v\u011bn\u00ed o sv\u00e9m kamar\u00e1dovi z na\u0161eho m\u00edstn\u00edho bratrsk\u00e9ho spole\u010denstv\u00ed, mus\u00edm n\u011bco napsat o sob\u011b. P\u0159ed rokem jsem za pomoci mnoha dopisovatel\u016f sestavil Kroniku 100 let \u010cesk\u00e9ho sekul\u00e1rn\u00edho franti\u0161k\u00e1nsk\u00e9ho (?) \u0159\u00e1du. Ve druh\u00e9 \u010d\u00e1sti Kroniky jsou rozhovory s v\u00fdrazn\u011bj\u0161\u00edmi sou\u010dasn\u00edky na\u0161eho \u0159\u00e1du, kter\u00e9 pro n\u00e1s sepsala vynikaj\u00edc\u00ed region\u00e1ln\u00ed redaktorka Lenka Fojt\u00edkov\u00e1 z Blatnice pod Svat\u00fdm Anton\u00ednkem na Morav\u011b. A je typick\u00e9, \u017ee Lenka nen\u00ed \u010dlenkou na\u0161eho \u0159\u00e1du. Tak nyn\u00ed v\u00edte, \u017ee j\u00e1 nejsem ani redaktor, ani report\u00e9r a \u017ee se budu sna\u017eit za velk\u00e9 podpory Pavola alespo\u0148 t\u00e9to slu\u017eb\u011b trochu p\u0159ibl\u00ed\u017eit. Je\u0161t\u011b chci \u0159\u00edci, \u017ee rozhovory s v\u00fdrazn\u00fdmi a zaslou\u017eil\u00fdmi osobnostmi \u010desk\u00e9ho \u0159\u00e1du u\u017e m\u00e1m za sebou v Kronice. Tak\u017ee j\u00e1 si budu vyb\u00edrat \u00fapln\u011b oby\u010dejn\u00e9 a v \u010desk\u00e9m n\u00e1rodn\u00edm m\u011b\u0159\u00edtku m\u00e1lo zn\u00e1m\u00e9 \u010desk\u00e9 terci\u00e1\u0159e sv. Franti\u0161ka. I tak o nich chci ps\u00e1t s velkou \u00factou, proto\u017ee, jak v\u00edme, v\u0161ichni m\u00e1me v sob\u011b velk\u00e9 \u017eivotn\u00ed p\u0159\u00edb\u011bhy, v\u0161ichni jsme origin\u00e1ln\u00ed lid\u00e9 a ka\u017ed\u00fd \u010dlov\u011bk kolem n\u00e1s je n\u011b\u010d\u00edm zaj\u00edmav\u00fd. Jestli se tento m\u016fj p\u0159\u00edstup ujme, to z\u00e1le\u017e\u00ed jen na v\u00e1s, \u010dten\u00e1\u0159\u00edch. Klidn\u011b si na m\u011b i st\u011b\u017eujte.<\/p>\n\n\n\n<p><strong>Vypr\u00e1v\u011bn\u00ed o m\u00e9m kamar\u00e1dovi Jaroslavu \u0160ediv\u00e9m, OFS<\/strong><\/p>\n\n\n\n<p><strong>\u00davodem<\/strong><\/p>\n\n\n\n<p>Pro\u010d jsem si vybral pro prvn\u00ed vypr\u00e1v\u011bn\u00ed pr\u00e1v\u011b Jardu? To je jednoduch\u00e9. Je to m\u016fj kamar\u00e1d a jsme ze stejn\u00e9ho bratrsk\u00e9ho spole\u010denstv\u00ed z Plzn\u011b. Nejsme ze stejn\u00e9 farnosti, a tak jsme se p\u0159ed mnoha lety vid\u011bli jen jednou za m\u011bs\u00edc a moc se neznali. Pak jsme spolu \u2013 a tak\u00e9 s&nbsp;Pavlou, Karlem, Lidkou, Milanem a Dankou &#8211; vymysleli, \u017ee se chceme vid\u011bt \u010dast\u011bji, \u017ee n\u00e1m setk\u00e1n\u00ed jednou za m\u011bs\u00edc nesta\u010d\u00ed a zorganizovali jsme n\u011bjak\u00e9 v\u00fdlety pro na\u0161e spole\u010denstv\u00ed. Tak\u00e9 jsme za\u010dali organizovat pro jihoz\u00e1padn\u00ed franti\u0161k\u00e1nsk\u00e9 \u010cechy ka\u017edoro\u010dn\u00ed pou\u0165 na Svatou Horu. Ale i to n\u00e1m bylo m\u00e1lo \u2013 jen jednou za rok spole\u010dn\u011b n\u011bkam vyrazit. Tak\u017ee jsme se rozhodli, \u017ee se ve spole\u010denstv\u00ed budeme v\u00eddat ka\u017ed\u00fd t\u00fdden. A Jarda dal na\u0161im setk\u00e1n\u00edm skv\u011bl\u00fd r\u00e1mec. Ka\u017ed\u00e9mu \u010dtvrtku, kdy se sch\u00e1z\u00edme, p\u0159id\u011blil n\u00e1zev a sestavil pro n\u011bj \u00favodn\u00ed a z\u00e1v\u011bre\u010dn\u00e9 modlitby. Modl\u00edme se. Pom\u00e1h\u00e1me si. Setk\u00e1v\u00e1me se. Sd\u00edl\u00edme se. \u201eModl\u00edme se\u201c je \u010dtvrtek o spole\u010dn\u00e9 modlitb\u011b a duchovn\u00ed \u010detb\u011b. \u201ePom\u00e1h\u00e1me si\u201c je o n\u00e1v\u0161t\u011bv\u00e1ch na\u0161ich bratr\u016f a sester v jejich dom\u00e1cnostech. \u201eSetk\u00e1v\u00e1me se\u201c je pravideln\u00e9 m\u011bs\u00ed\u010dn\u00ed setk\u00e1n\u00ed se spole\u010dnou adorac\u00ed, m\u0161\u00ed svatou a ne\u0161porami &#8211; jsme z p\u011bti farnost\u00ed v Plzni a okol\u00ed, a tak spole\u010dnou m\u0161i v\u00edt\u00e1me. Posledn\u00ed \u010dtvrtek je o sd\u00edlen\u00ed mimo \u201ekostel\u201c. Jdeme spole\u010dn\u011b na v\u00fdstavu, do divadla, nebo jen tak na v\u00edne\u010dko. Jarda se stejnou pe\u010dlivost\u00ed, s&nbsp;n\u00ed\u017e \u0159\u00edd\u00ed velkou Z\u00e1kladn\u00ed \u0161kolu v&nbsp;bl\u00edzkosti Plzn\u011b, koordinuje i na\u0161e setk\u00e1v\u00e1n\u00ed. K tomu je\u0161t\u011b sta\u010d\u00ed b\u00fdt aktivn\u00ed ve sv\u00e9 farnosti, zaj\u00edm\u00e1 se o p\u0159\u00edrodu a vede dob\u0159ansk\u00e9 ochr\u00e1nce p\u0159\u00edrody (m\u00e1 za sebou 20 let t\u00e1bor\u016f na Pol\u00e1nce u Nepomuka). V n\u00e1sleduj\u00edc\u00edm \u010dl\u00e1nku se dozv\u00edte nejen v\u00edce o jeho cest\u011b \u017eivotem, ale nav\u00edc tak\u00e9 o jeho spolupr\u00e1ci s veden\u00edm m\u011bsta Dob\u0159any na obnov\u011b krajiny. Mysl\u00edm, \u017ee Jarda odr\u00e1\u017e\u00ed jako zrcadlo franti\u0161k\u00e1nskou spiritualitu v mnoha ohledech.<\/p>\n\n\n\n<p><strong>Kdo jsou man\u017eel\u00e9 \u0160ediv\u00fdch?<\/strong><\/p>\n\n\n\n<p>Jarda si nem\u016f\u017ee svou \u010dinnost mimo rodinu p\u0159edstavit bez neskute\u010dn\u00e9 podpory man\u017eelky Danky. N\u011bkdy se \u00fa\u010dastn\u00ed s&nbsp;n\u00edm, n\u011bkdy ho podporuje na d\u00e1lku. Danka byla p\u016fvodn\u00edm povol\u00e1n\u00edm u\u010ditelka v&nbsp;mate\u0159sk\u00e9 \u0161kolce, pozd\u011bji pracovala jako kucha\u0159ka ve vegetari\u00e1nsk\u00e9 j\u00eddeln\u011b a n\u00e1sledn\u011b se rekvalifikovala na pedik\u00e9rku. Jarda po gymn\u00e1ziu pracoval 3 roky v&nbsp;dom\u011b d\u011bt\u00ed a celkem sedmkr\u00e1t zkou\u0161el p\u0159ijet\u00ed na pedagogickou fakultu. Bylo mu to v\u017edy znemo\u017en\u011bno z&nbsp;politick\u00fdch d\u016fvod\u016f, jeho tat\u00ednek se po roce 1968 rozlou\u010dil s&nbsp;komunistickou stranou. Mezit\u00edm si ud\u011blal d\u00e1lkov\u011b n\u00e1stavbu na vychovatele a slo\u017eil st\u00e1tn\u00ed zkou\u0161ku z&nbsp;francouz\u0161tiny na jazykov\u00e9 \u0161kole. Nakonec byl p\u0159ece jenom p\u0159ijat na vysokou \u0161kolu. V&nbsp;roce 1988 vystudoval \u010de\u0161tinu a ob\u010danskou v\u00fdchovu, v&nbsp;letech 1991\u201393 vystudoval jako t\u0159et\u00ed aprobaci francouz\u0161tinu, absolvoval tak\u00e9 dv\u011b m\u011bs\u00ed\u010dn\u00ed letn\u00ed \u0161koly na Univerzit\u011b ve francouzsk\u00e9m Montpellier (ukon\u010dil tak\u00e9 st\u00e1tn\u00ed zkou\u0161kou). Od z\u00e1\u0159\u00ed 1989 pracuje jako u\u010ditel na Z\u00e1kladn\u00ed \u0161kole v&nbsp;Dob\u0159anech, od \u010dervence 1999 pak jako \u0159editel \u0161koly. V&nbsp;\u010dervnu 1982 zalo\u017eil v&nbsp;Dob\u0159anech se sv\u00fdmi p\u0159\u00e1teli ze skauta a z&nbsp;trempu z\u00e1kladn\u00ed organizaci \u010cesk\u00e9ho svazu ochr\u00e1nc\u016f p\u0159\u00edrody, zalo\u017eili t\u00e1borovou z\u00e1kladnu v&nbsp;Pol\u00e1nce u Nepomuka a konkuren\u010dn\u011b st\u00e1tn\u00edmu Pion\u00fdru vytvo\u0159ili pod \u010cSOP odd\u00edl mlad\u00fdch ochr\u00e1nc\u016f p\u0159\u00edrody Str\u00e1\u017eci. Pr\u00e1ci s&nbsp;d\u011btmi pak po roce 2005 p\u0159edal sv\u00fdm odchovanc\u016fm z&nbsp;odd\u00edlu a tak\u00e9 sv\u00e9mu synu. S&nbsp;man\u017eelkou Dankou, oba ji\u017e \u0161edes\u00e1tilet\u00ed, se nyn\u00ed raduj\u00ed ze dvou vnuk\u016f \u2013 Franti\u0161ka a Filipa.<\/p>\n\n\n\n<p><strong>Vypr\u00e1v\u011bn\u00ed Anton\u00edna Jaroslava \u0160ediv\u00e9ho OFS<\/strong><\/p>\n\n\n\n<p><strong>T\u0159i obdob\u00ed ministrem M\u00edstn\u00edho bratrsk\u00e9ho spole\u010denstv\u00ed \u2013 radosti a starosti.<\/strong><\/p>\n\n\n\n<p>Konvertovali jsme s&nbsp;man\u017eelkou v&nbsp;dosp\u011bl\u00e9m v\u011bku a v&nbsp;pr\u016fb\u011bhu katechumen\u00e1tu jsme se d\u00edky man\u017eel\u016fm \u017den\u00ed\u0161kov\u00fdm a \u010dasopisu Poutn\u00edk k&nbsp;franti\u0161k\u00e1nstv\u00ed p\u0159ibl\u00ed\u017eili tak, \u017ee kdy\u017e n\u00e1s v&nbsp;noci po k\u0159tu p\u0159i agap\u00e9 na fa\u0159e Otec biskup Franti\u0161ek vyzval, abychom sv\u00e1tost k\u0159tu nepromarnili a na\u0161li si n\u011bjak\u00e9 \u017eiv\u00e9 spole\u010denstv\u00ed, kde budeme svou v\u00edru \u017e\u00edt, m\u011bli jsme jasno. Ve spole\u010denstv\u00ed jsme poznali mnoho skv\u011bl\u00fdch brat\u0159\u00ed a sester, t\u0159eba\u017ee n\u00e1s ji\u017e n\u011bkte\u0159\u00ed opustili, a to je pro m\u011b p\u0159i zp\u011btn\u00e9m pohledu to nesen\u00e9 sv\u011bdectv\u00ed v\u00edry. \u017de jsem z&nbsp;rozhodnut\u00ed brat\u0159\u00ed a sester p\u0159evzal po troj\u00edm funk\u010dn\u00edm obdob\u00ed ministryn\u011b Pavly \u017den\u00ed\u0161kov\u00e9 jej\u00ed slu\u017ebu, to vn\u00edm\u00e1m jako velk\u00fd z\u00e1vazek. Nen\u00ed snadn\u00e9 hledat v&nbsp;tak pestr\u00e9m spole\u010denstv\u00ed to \u201epoj\u010fme spole\u010dn\u011b\u201c, ale za pomoci Ducha svat\u00e9ho, na\u0161ich duchovn\u00edch asistent\u016f a p\u0159i dobr\u00e9 v\u016fli to jde a je to velk\u00e9 po\u017eehn\u00e1n\u00ed. Zpo\u010d\u00e1tku jsem si \u017e\u00e1dn\u00e9 c\u00edle nekladl, ale postupn\u011b jsem shledal, \u017ee d\u016fle\u017eit\u00e9 je b\u00fdt spolu \u010dasto, volit r\u016fzn\u00e9 zp\u016fsoby sd\u00edlen\u00ed, b\u00fdt ve spole\u010dn\u00e1 modlitb\u011b a vz\u00e1jemn\u00e9 d\u016fv\u011b\u0159e. Budoucnost na\u0161eho \u0159\u00e1du nejenom v&nbsp;\u010cR vid\u00edm optimisticky, 800 let je dostate\u010dn\u00fdm d\u016fkazem, Franti\u0161kovo poselstv\u00ed je nosn\u00e9 a m\u00e1 sv\u00e9 p\u0159\u00edznivce. D\u00edky Bohu \u2013 i v&nbsp;panu pape\u017ei.<\/p>\n\n\n\n<p><strong>Kaple a krajina.<\/strong><\/p>\n\n\n\n<p>Moje role v&nbsp;tom v\u0161em nebyla tak z\u00e1sadn\u00ed. Vcelku n\u00e1hodn\u011b \u2013 p\u0159i rozhovoru cestou na vlak \u2013 se m\u011b m\u00e1 zn\u00e1m\u00e1 Jitka Dlouh\u00e1, krajinn\u00e1 projektantka, zeptala, co \u017ee je to za divn\u00fd pahorek na kraji parku Martinsk\u00e1 st\u011bna, v&nbsp;m\u00edstech zvan\u00fdch Na Kam\u00ednku. Jezdila tam toti\u017e na koni a vrtalo j\u00ed to hlavou. \u0158ekl jsem j\u00ed, \u017ee tam kdysi st\u00e1vala kapli\u010dka, v&nbsp;m\u00e9m d\u011btstv\u00ed ji\u017e z\u010d\u00e1sti zbo\u0159en\u00e1. Slovo dalo slovo, vytvo\u0159ili jsme spolu s&nbsp;n\u00ed, s&nbsp;myslivcem Pavlem Kr\u00e1korou a dob\u0159ansk\u00fdm far\u00e1\u0159em Prokopem Bahn\u00edkem tzv. iniciativn\u00ed skupinu k&nbsp;obnov\u011b kaple (a pozd\u011bji i k&nbsp;obnov\u011b lesoparku). Na m\u00edst\u011b ruin jsme se setkali se zn\u00e1m\u00fdm plze\u0148sk\u00fdm architektem Janem Soukupem a se svolen\u00edm vlastn\u00edka pozemku \u2013 m\u011bsta Dob\u0159any \u2013jsme svolali prvn\u00ed brig\u00e1du k&nbsp;odhalen\u00ed z\u00e1klad\u016f barokn\u00ed kaple z&nbsp;18. stolet\u00ed. To bylo hodn\u011b dobrodru\u017en\u00e9, se\u0161lo se asi t\u0159icet pracant\u016f. Rozb\u011bhli jsme rovn\u011b\u017e p\u00e1trac\u00ed akci po star\u00fdch fotografi\u00edch kaple, dokonce jsme z\u00edskali i jej\u00ed obraz a pan architekt Soukup n\u00e1m zpracoval zdarma projekt na obnovu kaple. Z&nbsp;t\u00e9 p\u016fvodn\u00ed toti\u017e zbyly jen p\u00edskovcov\u00e9 z\u00e1klady. No a pak ji\u017e do obnovy vstoupilo m\u011bsto, z\u00edskalo pen\u00edze z&nbsp;krajsk\u00e9ho dota\u010dn\u00edho titulu a za \u010dty\u0159i roky \u2013 10. 10. 2010 &#8211; biskup Franti\u0161ek kapli vysv\u011btil. My jsme mezit\u00edm roz\u0161\u00ed\u0159ili sv\u00e9 z\u00e1jmy do rozs\u00e1hl\u00e9ho prostoru Martinsk\u00e9 st\u011bny s&nbsp;p\u00edskovcov\u00fdmi lomy, v&nbsp;n\u011bm\u017e p\u0159ed v\u00e1lkou n\u011bme\u010dt\u00ed obyvatel\u00e9 Dob\u0159an vybudovali n\u00e1dhern\u00fd lesopark, a za\u010dali jsme na pravideln\u00fdch sobotn\u00edch brig\u00e1d\u00e1ch zpr\u016fchod\u0148ovat lesn\u00ed cesty od n\u00e1letov\u00fdch d\u0159evin a erozn\u00edch sesuv\u016f p\u016fdy. Vzhledem k&nbsp;tomu, \u017ee se do 90. let jednalo o \u010d\u00e1ste\u010dn\u011b vojensk\u00fd prostor, odstra\u0148ovali jsme sp\u00ed\u0161e \u201e\u0161kodlivou\u201c \u010dinnost p\u0159\u00edrody ne\u017e lid\u00ed (i kdy\u017e \u010dern\u00e9 skl\u00e1dky tam byly tak\u00e9). A kdy\u017e m\u011bsto vid\u011blo pokra\u010duj\u00edc\u00ed z\u00e1jem m\u00edstn\u00edch ob\u010dan\u016f a dobrovolnickou pr\u00e1ci mlad\u00fdch i star\u00fdch, zadalo Jitce Dlouh\u00e9 velk\u00fd projekt obnovy lesoparku a za pomoci evropsk\u00e9 dotace byl realizov\u00e1n. Ale to u\u017e je jin\u00e1 p\u00edse\u0148, p\u0159i n\u00ed\u017e u\u017e jsem byl sp\u00ed\u0161e pozorovatelem ne\u017e akt\u00e9rem. Ale v\u00edme, \u017ee takto s&nbsp;n\u00e1mi B\u016fh \u010dasto pracuje \u2013 zvedni st\u00e9blo jako prvn\u00ed a s&nbsp;kl\u00e1dou Ti ji\u017e P\u00e1n pom\u016f\u017ee. Ale m\u00e1m-li se vr\u00e1tit na \u00fapln\u00fd za\u010d\u00e1tek, tak m\u011b k&nbsp;Marti\u0148\u00e1ku ur\u010dit\u011b p\u0159ivedl m\u016fj t\u00e1ta, kdy\u017e n\u00e1s tam s&nbsp;bratrem br\u00e1val na vych\u00e1zky a vypr\u00e1v\u011bl n\u00e1m o d\u0159ev\u011bn\u00fdch m\u016fstc\u00edch p\u0159es rokliny, vyhl\u00eddce a \u017elut\u00fdm p\u00edskem sypan\u00fdch cest\u00e1ch. S\u00e1m pak \u2013 ji\u017e jako penzista \u2013 vysek\u00e1val v&nbsp;l\u00e9t\u011b vyp\u016fj\u010den\u00fdm vy\u017einova\u010dem cesty v&nbsp;parku, aby je lidem zpr\u016fchodnil.<\/p>\n\n\n\n<p><strong>Dv\u011b des\u00edtky let \u0159editelem z\u00e1kladn\u00ed \u0161koly.<\/strong><\/p>\n\n\n\n<p>Jsem praktik a cesta do hlubin d\u011btsk\u00e9 du\u0161e \u2013 m\u00e1m-li parafr\u00e1zovat star\u00fd \u010desk\u00fd film \u2013 je slo\u017eit\u00e1. D\u00e1me-li si pr\u00e1ci, nakonec zjist\u00edme, \u017ee d\u00edt\u011b m\u00e1 nejenom du\u0161i, ale tak\u00e9 srdce. A to b\u00fdv\u00e1 \u010dasto zran\u011bn\u00e9. Setk\u00e1v\u00e1me se s&nbsp;t\u00edm, \u017ee d\u011bti z&nbsp;rozbit\u00fdch rodin t\u011b\u017ece nesou ztr\u00e1tu z\u00e1zem\u00ed, neshody rodi\u010d\u016f. Jejich z\u00e1kladn\u00ed pot\u0159eby jsou stejn\u00e9 jako p\u0159ed des\u00edtkami \u010di stovkami let, hledaj\u00ed pocit bezpe\u010d\u00ed, l\u00e1sku, jistotu vztah\u016f \u2026 \u017de se m\u011bn\u00ed kulisy \u2013 nov\u00e9 z\u00e1bavy, internet, technika atd., to v\u0161e se sice d\u011bje a pro n\u00e1s star\u0161\u00ed to m\u016f\u017ee b\u00fdt h\u016f\u0159e uchopiteln\u00e9, ale nakonec d\u00edt\u011b stejn\u011b h\u016f\u0159e nese to, \u017ee na n\u011bj rodi\u010de nemaj\u00ed \u010das, ne\u017e \u017ee na nov\u00fd mobil si mus\u00ed je\u0161t\u011b chv\u00edli po\u010dkat.<\/p>\n\n\n\n<p>Popravd\u011b \u2013 cen\u00edm si kolegy\u0148, kter\u00e9 u\u010d\u00ed zejm\u00e9na na 1. stupni. Maj\u00ed ke sv\u00fdm d\u011bti\u010dk\u00e1m a\u017e mate\u0159sk\u00fd vztah. \u010casto pro to, co ony snadno vyc\u00edt\u00ed, my mu\u017ei na 2. stupni pracn\u011b hled\u00e1me slova. Ale jsem vd\u011b\u010dn\u00fd i za t\u00fdm v&nbsp;budov\u011b 2. stupn\u011b, kde u\u010d\u00edm, je to parta kvalitn\u00edch lid\u00ed a dobr\u00fdch u\u010ditel\u016f. Na podzim m\u011b skute\u010dn\u011b \u201edostali\u201c, kdy\u017e zcela bez m\u00e9ho v\u011bdom\u00ed uspo\u0159\u00e1dali k&nbsp;devades\u00e1tin\u00e1m \u0161koly a m\u00fdm \u0161edes\u00e1tin\u00e1m projektov\u00fd \u201eretro den\u201c. Krom\u011b kost\u00fdm\u016f ve stylu t\u0159ic\u00e1t\u00fdch let (mn\u011b ho tajn\u011b p\u0159ivezli po domluv\u011b s&nbsp;man\u017eelkou) d\u011bti a m\u011b \u010dekala t\u0159eba v\u00fduka charlestonu, spole\u010densk\u00e9ho chov\u00e1n\u00ed podle Gutha-Jarkovsk\u00e9ho, recitace, t\u011blocviku postaru, p\u00edsn\u00ed 30. let \u2026 D\u011bti a rodi\u010de pak psali, \u017ee n\u011bco takov\u00e9ho je\u0161t\u011b neza\u017eili. Mysl\u00edm, \u017ee ve\u0161ker\u00e1 s\u00edla pedagogiky spo\u010d\u00edv\u00e1 v&nbsp;um\u011bn\u00ed b\u00fdt d\u011btem bl\u00edzko.<\/p>\n\n\n\n<p>\u2026<\/p>\n\n\n\n<p>P\u0159ipravil Franti\u0161ek Lubo\u0161 Kolafa OFS<\/p>\n\n\n\n<figure class=\"wp-block-gallery has-nested-images columns-default is-cropped wp-block-gallery-1 is-layout-flex wp-block-gallery-is-layout-flex\">\n<figure class=\"wp-block-image size-full\"><img decoding=\"async\" data-id=\"9845\" src=\"data:image\/gif;base64,R0lGODlhAQABAAAAACH5BAEKAAEALAAAAAABAAEAAAICTAEAOw==\" data-layzr=\"https:\/\/www.frantiskani.cz\/wp-content\/uploads\/2024\/11\/kaple-Dobrany.jpg\" alt=\"\" class=\"wp-image-9845\"\/><\/figure>\n\n\n\n<figure class=\"wp-block-image size-large\"><img decoding=\"async\" data-id=\"9844\" src=\"data:image\/gif;base64,R0lGODlhAQABAAAAACH5BAEKAAEALAAAAAABAAEAAAICTAEAOw==\" data-layzr=\"https:\/\/www.frantiskani.cz\/wp-content\/uploads\/2024\/11\/Frantisek-8.jpg\" alt=\"\" class=\"wp-image-9844\"\/><\/figure>\n\n\n\n<figure class=\"wp-block-image size-large\"><img decoding=\"async\" data-id=\"9843\" src=\"data:image\/gif;base64,R0lGODlhAQABAAAAACH5BAEKAAEALAAAAAABAAEAAAICTAEAOw==\" data-layzr=\"https:\/\/www.frantiskani.cz\/wp-content\/uploads\/2024\/11\/IMG_6886-1024x683.jpg\" alt=\"\" class=\"wp-image-9843\"\/><\/figure>\n<\/figure>\n","protected":false},"featured_media":9840,"menu_order":0,"template":"","class_list":["post-9839","team","type-team","status-publish","has-post-thumbnail","hentry","latest_post"],"_links":{"self":[{"href":"https:\/\/www.frantiskani.cz\/index.php\/wp-json\/wp\/v2\/team\/9839","targetHints":{"allow":["GET"]}}],"collection":[{"href":"https:\/\/www.frantiskani.cz\/index.php\/wp-json\/wp\/v2\/team"}],"about":[{"href":"https:\/\/www.frantiskani.cz\/index.php\/wp-json\/wp\/v2\/types\/team"}],"wp:featuredmedia":[{"embeddable":true,"href":"https:\/\/www.frantiskani.cz\/index.php\/wp-json\/wp\/v2\/media\/9840"}],"wp:attachment":[{"href":"https:\/\/www.frantiskani.cz\/index.php\/wp-json\/wp\/v2\/media?parent=9839"}],"curies":[{"name":"wp","href":"https:\/\/api.w.org\/{rel}","templated":true}]}}