{"id":9858,"date":"2024-11-23T18:10:34","date_gmt":"2024-11-23T17:10:34","guid":{"rendered":"https:\/\/www.frantiskani.cz\/?post_type=team&#038;p=9858"},"modified":"2024-11-29T18:13:26","modified_gmt":"2024-11-29T17:13:26","slug":"jak-stoupat-s-panem-jezisem-odrazem-ode-dna","status":"publish","type":"team","link":"https:\/\/www.frantiskani.cz\/index.php\/team\/jak-stoupat-s-panem-jezisem-odrazem-ode-dna\/","title":{"rendered":"Jak stoupat s P\u00e1nem Je\u017e\u00ed\u0161em odrazem ode dna."},"content":{"rendered":"\n<h3 class=\"wp-block-heading\"><a href=\"https:\/\/www.frantiskani.cz\/index.php\/teamjak-stoupat-s-panem-jezisem-odrazem-ode-dna\">Vysvobod\u00ed ubo\u017e\u00e1ka, jen\u017e vol\u00e1 o pomoc<\/a>, pon\u00ed\u017een\u00e9ho, jen\u017e nem\u00e1 pomocn\u00edka.<\/h3>\n\n\n\n<p><em>V sou\u017een\u00ed jsem vz\u00fdval Hospodina, k sv\u00e9mu Bohu o pomoc jsem volal. Usly\u0161el m\u016fj hlas ze sv\u00e9ho chr\u00e1mu, m\u00e9 vol\u00e1n\u00ed proniklo a\u017e k jeho sluchu.\u017ealm 18,7<\/em><\/p>\n\n\n\n<p><em>Nepohrdl pon\u00ed\u017een\u00fdm, v opovr\u017een\u00ed ho nem\u011bl. Kdy\u017e trp\u011bl p\u0159\u00edko\u0159\u00ed, neukryl p\u0159ed n\u00edm svou tv\u00e1\u0159, sly\u0161el, kdy\u017e k n\u011bmu o pomoc volal. \u017dalm 22,25<\/em><\/p>\n\n\n\n<p><em>Hospodine, Bo\u017ee m\u016fj, k tob\u011b jsem volal o pomoc a uzdravils m\u011b. \u017dalm33,3<\/em><\/p>\n\n\n\n<p><em>\u00davodn\u00ed cit\u00e1t<\/em><\/p>\n\n\n\n<p>Jedin\u00e9 opravdov\u00e9 my\u0161lenky jsou my\u0161lenky ztroskotanc\u016f. V\u0161echno ostatn\u00ed je r\u00e9torika, p\u00f3zy, fra\u0161ka.( Jos\u00e9 Ortega y Gaset &#8211; \u0161pan\u011blsk\u00fd filosof, sociolog a esejista 1883 -1955.)<\/p>\n\n\n\n<p><em>\u010casto si v\u00edce v\u0161\u00edm\u00e1me jen &nbsp;\u00fasp\u011b\u0161n\u00fdch lid\u00ed a ne\u00fasp\u011b\u0161n\u00e9 m\u00edj\u00edme. Proto jsem se rozhodl sezn\u00e1mit v\u00e1s s&nbsp;\u010desk\u00fdm terci\u00e1\u0159em, kter\u00fd si pro\u0161el mnoha zkou\u0161kami. Pavlovi bude brzy \u0161edes\u00e1t let. Sekul\u00e1rn\u00ed \u0159\u00e1d poznal je\u0161t\u011b za komunistick\u00e9ho re\u017eimu. Na jeho p\u0159\u00edb\u011bhu mne zaujala jeho pevn\u00e1 d\u016fv\u011bra v&nbsp;P\u00e1na v&nbsp;\u010dase, kdy se pod n\u00edm prolomila l\u00e1vka \u00fasp\u011bchu. V\u017edy v\u0161ak v\u011b\u0159il, \u017ee P\u00e1n o n\u011bm v\u00ed. Kdy\u017e jsme naposledy prob\u00edrali n\u00e1\u0161 rozhovor p\u0159i limon\u00e1d\u011b na n\u00e1dra\u017e\u00ed, dojalo mne jeho vypr\u00e1v\u011bn\u00ed o nezi\u0161tn\u00e9 a miluj\u00edc\u00ed pomoci, kterou mu poskytly ve stavu nejv\u011bt\u0161\u00ed nouze Sestry franti\u0161k\u00e1nky Immaculaty v&nbsp;Olomouci. V\u016f\u010di Pavlovi se staly n\u00e1stroji Ducha l\u00e1sky a sm\u00ed\u0159en\u00ed v tomto sv\u011bt\u011b. Prost\u011b se postarali o bezdomovce nejen t\u00edm, \u017ee mu daly, co m\u011bly k dispozici, ale p\u0159edev\u0161\u00edm t\u00edm \u017ee&nbsp; jej p\u0159ijaly k&nbsp;sob\u011b bez p\u0159edsudk\u016f, m\u011bly ho r\u00e1dy a podle sv\u00fdch mo\u017enost\u00ed mu poskytly azyl.<\/em><\/p>\n\n\n\n<p><strong>\u010cten\u00e1\u0159i si t\u011b Pavle pot\u0159ebuj\u00ed trochu p\u0159edstavit. Za\u010dneme tv\u00fdm d\u011btstv\u00edm?<\/strong><\/p>\n\n\n\n<p>Vyr\u016fstal jsem v&nbsp;k\u0159es\u0165ansk\u00e9 rodin\u011b. V&nbsp;l\u00e1sce, porozum\u011bn\u00ed jsem pro\u017eil kr\u00e1sn\u00e9 d\u011btstv\u00ed. Otec byl pro m\u011b v\u017edy osobnost, maminka byla ta prost\u00e1 mate\u0159sk\u00e1 l\u00e1ska. Je\u0161t\u011b k&nbsp;m\u00e9mu otci, ve sv\u00fdch &nbsp;deseti letech ode\u0161el studovat na Svatou horu u P\u0159\u00edbrami, stal se svatohorsk\u00fdm ministrantem a potom u redemptorist\u016f studoval teologii. Neb\u00fdt noci, kdy komunist\u00e9 p\u0159epadli a zru\u0161ili mu\u017esk\u00e9 kl\u00e1\u0161tery, byl by \u0159eholn\u00ed kn\u011bz. M\u00edsto toho na v\u00edc, ne\u017e t\u0159i roky byl integrov\u00e1n v&nbsp;pracovn\u00edm t\u00e1bo\u0159e. Jeliko\u017e dostudovat mu bylo naprosto znemo\u017en\u011bno, po p\u00e1r letech se sezn\u00e1mil s&nbsp;maminkou. Ale c\u00edtil jsem, \u017ee duchovn\u00ed povol\u00e1n\u00ed v&nbsp;sob\u011b skryt\u011b nesl cel\u00fd \u017eivot. Bylo kr\u00e1sn\u00e9, \u017ee kdy\u017e jsme kdekoliv v&nbsp;\u010cech\u00e1ch nav\u0161t\u00edvili kostel a slou\u017eil tam kn\u011bz p\u0159im\u011b\u0159en\u00e9ho v\u011bku, tak v\u017edy to byl jeho kamar\u00e1d.<\/p>\n\n\n\n<p><strong>Na n\u00e1s, chlapy, m\u00e1 velk\u00fd vliv chov\u00e1n\u00ed otce. Jak to bylo u tebe?<\/strong><\/p>\n\n\n\n<p>V&nbsp;dob\u011b, kdy u\u017e jsem byl \u017eenat\u00fd a m\u011bl d\u011bti, tat\u00ednek onemocn\u011bl rakovinou. P\u00e1r let bojoval a jednoho dne si m\u011b, maminku a sestru zavolal r\u00e1no do nemocnice a ozn\u00e1mil n\u00e1m, \u017ee dnes um\u0159e. Nejprve jsme mu to vymlouvali, \u017ee v\u011b\u0159\u00edme, \u017ee se uzdrav\u00ed atd. On n\u00e1s p\u0159esv\u011bd\u010dil, abychom to p\u0159ijali. A d\u00edky tomu jsme m\u011bli mo\u017enost pln\u011b pro\u017e\u00edt jeho posledn\u00ed hodiny, \u0159\u00edci si v\u0161e, co je\u0161t\u011b nebylo \u0159e\u010deno, dokonce tat\u00ednek i \u017eertoval, kdy\u017e mi diktoval seznam biskup\u016f a kn\u011b\u017e\u00ed, kter\u00e9 m\u00e1m pozvat na poh\u0159eb. Posledn\u00ed v\u011bta, kterou jsem mu \u0159ekl: Cht\u011bl bych, aby moje d\u011bti si m\u011b v\u00e1\u017eily tak, jako si v\u00e1\u017e\u00edm j\u00e1 jeho. Ve\u010der usnul a u\u017e se neprobudil. A i nev\u011b\u0159\u00edc\u00ed person\u00e1l nemocnice obdivoval jeho d\u016fstojn\u00fd odchod.<\/p>\n\n\n\n<p><strong>Co tvoje cesta k&nbsp;Franti\u0161kovi z&nbsp;Assisi?<\/strong><\/p>\n\n\n\n<p>Byl jsem dva roky na vojn\u011b. Posledn\u00ed p\u016flrok v&nbsp;Liptovsk\u00e9m Mikul\u00e1\u0161i, to u\u017e jsem byl maz\u00e1k a m\u011bl spoustu \u010dasu. Chodil jsem tam do kostela a vytvo\u0159ili jsme tam n\u00e1dhern\u00e9 spole\u010denstv\u00ed. Ministroval jsem, s&nbsp;d\u011btmi zp\u00edval ve sboru, chodili jsme na v\u00fdlety, do rodin, na brig\u00e1dy v&nbsp;kostele, p\u0159ipravoval pro d\u011bti duchovn\u00ed program\u2026 Po vojn\u011b jsem za\u010dal hledat podobn\u00e9 spole\u010denstv\u00ed v&nbsp;Praze. N\u00e1hodou jsem potkal v&nbsp;Kr\u010di kamar\u00e1dku z&nbsp;d\u011btstv\u00ed, kter\u00e1 m\u011bla stejnou my\u0161lenku. Tak jsme dali dohromady p\u00e1r vrstevn\u00edk\u016f, za\u010dali hr\u00e1t a zp\u00edvat na studentsk\u00e9 m\u0161i a ka\u017ed\u00fd t\u00fdden se sch\u00e1zet. Po skoro \u010dty\u0159iceti letech tyto lidi\u010dky st\u00e1le pova\u017euji za sv\u00e9 dobr\u00e9 p\u0159\u00e1tele. Na t\u011bch na\u0161ich setk\u00e1n\u00edch n\u00e1m ale chyb\u011bl duchovn\u00ed program. N\u00e1hodou si n\u011bkdo vzpomn\u011bl, \u017ee v&nbsp;bl\u00edzkosti bydl\u00ed dva tajn\u011b vysv\u011bcen\u00ed franti\u0161k\u00e1ni, kontaktovali jsme je a oni si n\u00e1s vzali na starost. Duchovn\u011b n\u00e1s vedli, jezdili s&nbsp;n\u00e1mi do p\u0159\u00edrody, slou\u017eili v&nbsp;lese na ba\u0165ohu m\u0161i svatou a postupn\u011b n\u011bkolik z&nbsp;n\u00e1s dovedli a\u017e do \u0159\u00e1du. Profes jsem skl\u00e1dal v&nbsp;roce 1988 u m\u011b v&nbsp;byt\u011b, m\u0161i na kuchy\u0148sk\u00e9m stole slou\u017eil otec Alois Moc.<\/p>\n\n\n\n<p><strong>Za\u010d\u00e1tek tvoj\u00ed cesty s&nbsp;P\u00e1nem v&nbsp;c\u00edrkvi zn\u00ed ide\u00e1ln\u011b.&nbsp; Zalo\u017eil jsi tak\u00e9 rodinu?<\/strong><\/p>\n\n\n\n<p>O\u017eenil jsem se, vychoval \u010dty\u0159i dcery. Postavil jsem velk\u00fd nadstandardn\u00ed rodinn\u00fd d\u016fm, koupil velk\u00e9 auto, cestovali jsme po Evrop\u011b, zalo\u017eil jsem si firmu, zam\u011bstn\u00e1val asi deset lid\u00ed, \u017eili jsme spokojen\u011b a ur\u010dit\u011b ne v&nbsp;nedostatku. A byl jsem hrd\u00fd na to, co jsem dok\u00e1zal. A naivn\u011b si myslel, \u017ee jsem v\u0161echno dok\u00e1zal J\u00e1. Kdyby v\u0161e z\u016fstalo nezm\u011bn\u011bno a j\u00e1 takto \u017eil a\u017e do smrti, mo\u017en\u00e1 bych m\u011bl jednou Bohu co vysv\u011btlovat. Po letech tu\u010dn\u00fdch, nastala l\u00e9ta huben\u00e1. Recese ve stavebnictv\u00ed, p\u0159itvrzen\u00ed konkurence, nadn\u00e1rodn\u00ed spole\u010dnosti, kter\u00e9 nezaplatily, p\u00e1r \u0161patn\u00fdch rozhodnut\u00ed a hlavn\u011b \u2013 za ka\u017edou cenu jsem cht\u011bl udr\u017eet firmu a \u017eivotn\u00ed \u00farove\u0148 rodiny, tak jsem za\u010dal cp\u00e1t do firmy pen\u00edze, svoje, p\u016fj\u010den\u00e9, vytlouk\u00e1n\u00ed kl\u00ednu kl\u00ednem.<\/p>\n\n\n\n<h3 class=\"wp-block-heading\">A nastal \u010das sestupu ke dnu\u2026<\/h3>\n\n\n\n<p><strong>Zalo\u017eil jsi firmu, ale pak skon\u010dil vy\u010derp\u00e1n na psychiatrii\u2026<\/strong><\/p>\n\n\n\n<p>Ud\u011blal jsem n\u011bjak\u00e9 pr\u00e1vn\u00ed kroky, aby m\u016fj pr\u016f\u0161vih nem\u011bl finan\u010dn\u00ed vliv na man\u017eelku a d\u011bti. M\u00e1 situace byla neudr\u017eiteln\u00e1 a j\u00e1 u\u017e nemohl d\u00e1l. A t\u011blo vypov\u011bd\u011blo slu\u017ebu. Z&nbsp;pr\u00e1ce mi odvezla sanitka, necel\u00fd m\u011bs\u00edc jsem str\u00e1vil v&nbsp;krizov\u00e9m psychiatrick\u00e9m centru. Nastal rok, ze kter\u00e9ho si moc nepamatuji, mo\u017en\u00e1 rad\u011bji. Zkrachovala firma, rozpadla se rodina, p\u0159i\u0161el jsem o ve\u0161ker\u00e9 finance, z\u016fstaly mi pouze dluhy, nem\u011bl jsem pr\u00e1ci, nem\u011bl jsem kde bydlet, dostal jsem se na okraj spole\u010dnosti.&nbsp; A v&nbsp;hlavn\u011b se mi n\u011bco v&nbsp;hlav\u011b posunulo. M\u011bl jsem strach z&nbsp;lid\u00ed, i n\u00e1hodn\u00fd kolemjdouc\u00ed m\u011b nah\u00e1n\u011bl strach. Nespal jsem, zhubnul t\u0159icet kilo, co\u017e u\u017e hrani\u010dilo s&nbsp;p\u0159e\u017eit\u00edm. S&nbsp;nads\u00e1zkou \u0159\u00edk\u00e1m, \u017ee u v\u0161ech psychiatr\u016f a psycholog\u016f v&nbsp;Praze a okol\u00ed m\u00e1m svou kartu. M\u00e9 d\u011bti a kamar\u00e1di se sna\u017eili mi pomoci, ale nem\u011bli to se mnou lehk\u00e9. M\u011bl jsem utkv\u011blou p\u0159edstavu, \u017ee pro v\u0161echny bl\u00edzk\u00e9 existuje jedin\u00e1 mo\u017enost, j\u00e1 \u017ee jsem koule, kterou maj\u00ed na noze, \u017ee nejv\u00edc bych jim pomohl, kdybych nebyl. Poplakali by si, ale pak by se jim ulevilo, beze m\u011b by se jim \u017eilo l\u00e9pe. A p\u0159izn\u00e1m se, \u017ee jedin\u00fd motiv, pro\u010d se nem\u00e1m zab\u00edt, byl B\u016fh, v\u00edm, \u017ee je milosrdn\u00fd, ale v\u011bd\u011bl jsem, \u017ee sebevra\u017edu by mi jen tak neodpustil. Tak jsem ka\u017ed\u00fd den bojoval a ka\u017ed\u00fd den vyhr\u00e1val, ne \u017ee nic takov\u00e9ho neud\u011bl\u00e1m, ale \u017ee dnes nic takov\u00e9ho neud\u011bl\u00e1m.<\/p>\n\n\n\n<p><strong>Ne\u00fasp\u011bch v\u011bt\u0161inou nechod\u00ed s\u00e1m\u2026.Co se d\u011blo d\u00e1l?&nbsp; Co rodina?<\/strong><\/p>\n\n\n\n<p>P\u0159i svatebn\u00edm ob\u0159adu jsme si sl\u00edbili: v&nbsp;dobr\u00e9m i zl\u00e9m. Ka\u017ed\u00fd z&nbsp;n\u00e1s ale m\u00e1 sv\u00e9 hranice, co je\u0161t\u011b zvl\u00e1dne a co u\u017e nezvl\u00e1dne. Man\u017eelka mi v\u011b\u0159ila, m\u011bla ve mn\u011b oporu. A to najednou skon\u010dilo a z&nbsp;osobnosti se stala troska. Ten m\u016fj pr\u016f\u0161vih byl v\u011bt\u0161\u00ed, ne\u017e byla schopna un\u00e9st. A nav\u00edc odst\u0159i\u017een\u00edm ode m\u011b finan\u010dn\u011b chr\u00e1nila sebe, d\u011bti. Nic nen\u00ed \u010dernob\u00edl\u00e9. Prost\u011b to dopadlo takhle a dodnes nev\u00edm, jestli to takhle nem\u011blo b\u00fdt.<\/p>\n\n\n\n<figure class=\"wp-block-image size-medium is-style-rounded\"><img decoding=\"async\" src=\"data:image\/gif;base64,R0lGODlhAQABAAAAACH5BAEKAAEALAAAAAABAAEAAAICTAEAOw==\" data-layzr=\"https:\/\/www.frantiskani.cz\/wp-content\/uploads\/2024\/11\/IMG_0169-300x225.jpg\" alt=\"Pavel Van\u011b\u010dek rodina\" class=\"wp-image-9865\"\/><\/figure>\n\n\n\n<h3 class=\"wp-block-heading\">Mysl\u00edm, \u017ee nastal \u010das, abys vypr\u00e1v\u011bl o pomoci, kter\u00e9 se ti dostalo od P\u00e1na&nbsp;<\/h3>\n\n\n\n<p><strong>Vypr\u00e1v\u011bj o \u017eivot\u011b na dn\u011b spole\u010dnosti\u2026<\/strong><\/p>\n\n\n\n<p>Pak jsem dostal nab\u00eddku od sv\u00e9 kamar\u00e1dky z&nbsp;d\u011btstv\u00ed, \u0159\u00e1dov\u00e9 sestry, j\u00edt bydlet do domu p\u0159ed rekonstrukc\u00ed, do Olomouce, v t\u011bsn\u00e9m sousedstv\u00ed kl\u00e1\u0161tera. <strong>\u00da\u017easn\u00e9, miluj\u00edc\u00ed sestry franti\u0161k\u00e1nky Marie Immaculaty.<\/strong> ylo to pro m\u011b kr\u00e1sn\u00e9 \u0159e\u0161en\u00ed, na rok jsem utekl z&nbsp;Prahy. Utekl jsem p\u0159ed &nbsp;realitou. Trochu jsem sestr\u00e1m pomohl, denn\u011b chodil do kl\u00e1\u0161tera na tichou adoraci. Ze za\u010d\u00e1tku ta hodinka byla pro m\u011b stra\u0161n\u011b dlouh\u00e1 a j\u00e1 nev\u011bd\u011bl, co \u0159\u00edkat, na co myslet. Po roce jsem se nau\u010dil b\u00fdt s&nbsp;P\u00e1nem, komunikovat s&nbsp;n\u00edm a byl jsem zklaman\u00fd, \u017ee nemohu na adoraci z\u016fstat d\u00e9le. Sestry byly naprosto skv\u011bl\u00e9. &nbsp;Nezapomenu na spole\u010dn\u011b str\u00e1ven\u00e9 v\u00e1noce, velikonoce. Pravideln\u011b za mnou jezdily m\u00e9 d\u011bti a spole\u010dn\u011b jsme tr\u00e1vili v\u00edkendy, kdy jsme na sebe opravdu m\u011bli dost \u010dasu. Po roce za\u010dala rekonstrukce a j\u00e1 se st\u011bhoval nazp\u00e1tek do Prahy. Kamar\u00e1d, kter\u00e9ho jsem po\u017e\u00e1dal, vznesl dotaz, kam m\u011b bude st\u011bhovat a j\u00e1 je\u0161t\u011b t\u00fdden p\u0159ed odjezdem nev\u011bd\u011bl kam.<\/p>\n\n\n\n<p><strong>Jak\u00e9 mo\u017enosti ti P\u00e1n nab\u00eddl ve sv\u00edzeln\u00e9 situaci bezdomovce?<\/strong><\/p>\n\n\n\n<p>Cht\u011bl bych popsat, co m\u011b prov\u00e1zelo a prov\u00e1z\u00ed a\u017e do dne\u0161n\u00edch dn\u016f. B\u016fh se o m\u011b zcela konkr\u00e9tn\u011b star\u00e1. Ono to funguje asi tak, kdy\u017e jsem m\u011bl n\u011bjak\u00fd z\u00e1lo\u017en\u00ed program, tak nic se ned\u011blo. Kdy\u017e jsem m\u011bl n\u011bkde ulit\u00fdch p\u00e1r stovek, jako rezervu, nic se ned\u011blo. Ve chv\u00edli, kdy jsem nem\u011bl kam j\u00edt, &nbsp;najednou p\u0159i\u0161la z\u00e1zra\u010dn\u00e1 nab\u00eddka. Kdy\u017e jsem nem\u011bl \u017e\u00e1dn\u00e9 pen\u00edze, najednou n\u011bkdo z\u00e1zra\u010dn\u011b p\u0159i\u0161el a n\u011bco mi dal, nebo dal mo\u017enost si vyd\u011blat. Kdy\u017e jsem pot\u0159eboval n\u011bjak\u00fd probl\u00e9m vy\u0159e\u0161it, n\u011bkde se vyno\u0159il \u010dlov\u011bk a poradil, pomohl. &nbsp;B\u016fh mi zcela konkr\u00e9tn\u011b \u0159e\u0161\u00ed m\u00e9 probl\u00e9my, ne s&nbsp;p\u0159edstihem, ne za p\u011bt minut dvan\u00e1ct, ale jak j\u00e1 \u0159\u00edk\u00e1m, ve dvan\u00e1ct nula p\u011bt. Ale na jistotu, nikdy m\u011b nezklamal.&nbsp;&nbsp;&nbsp;&nbsp;&nbsp;&nbsp;&nbsp;&nbsp;&nbsp;&nbsp;&nbsp;&nbsp;&nbsp;&nbsp;&nbsp;&nbsp;&nbsp;&nbsp;&nbsp;&nbsp;&nbsp;&nbsp;&nbsp;&nbsp;&nbsp;&nbsp;&nbsp;&nbsp;&nbsp;&nbsp;&nbsp;&nbsp;&nbsp;&nbsp;&nbsp;&nbsp;&nbsp;&nbsp;&nbsp;&nbsp;&nbsp;&nbsp;&nbsp;&nbsp;&nbsp;&nbsp;&nbsp;&nbsp;&nbsp;&nbsp;&nbsp;&nbsp;&nbsp;&nbsp;&nbsp;&nbsp;&nbsp;&nbsp;&nbsp;&nbsp;&nbsp;&nbsp;&nbsp;&nbsp;&nbsp;&nbsp;&nbsp;&nbsp;&nbsp;&nbsp;&nbsp;&nbsp;&nbsp;&nbsp;&nbsp;&nbsp;&nbsp;&nbsp;&nbsp;&nbsp;&nbsp;&nbsp; &nbsp;Z&nbsp;Olomouce jsem se st\u011bhoval do nebytov\u00e9ho prostoru, kde jsem m\u011bl mo\u017enost ulo\u017eit v\u011bci a p\u0159esp\u00e1vat. A t\u00e9m\u011b\u0159 ihned p\u0159i\u0161la nab\u00eddka od jedn\u00e9 dobr\u00e9 zbo\u017en\u00e9 pan\u00ed, \u017ee na pozemku b\u00fdval\u00e9 chatov\u00e9 osady si mohu postavit dome\u010dek. A t\u00fdden na to mi byla nab\u00eddnuta pr\u00e1ce stavbyvedouc\u00edho. Postavit dome\u010dek pro m\u011b nebyl probl\u00e9m a za dva m\u011bs\u00edce jsem bydlel. N\u00e1dhern\u00e9 m\u00edsto s&nbsp;v\u00fdhledem na celou Prahu, se sousedy bezdomovci, v&nbsp;centru a z\u00e1rove\u0148 v&nbsp;p\u0159\u00edrod\u011b. A \u017eil jsem tam trochu jako poustevn\u00edk. Bez vody, ze za\u010d\u00e1tku i bez elekt\u0159iny, kam\u00ednka na d\u0159evo, v&nbsp;zim\u011b jsem ve\u010der roztopil na 40stup\u0148\u016f a r\u00e1no kolem nuly. Ka\u017ed\u00fd p\u00e1tek jsem d\u011blal t\u00e1bor\u00e1k a sch\u00e1zeli se u m\u011b p\u0159\u00e1tel\u00e9 a m\u00e9 d\u011bti. Bylo to kr\u00e1sn\u00e9, ale p\u0159eci jen do\u010dasn\u00e9.<\/p>\n\n\n\n<p><strong>A pomohli i terci\u00e1\u0159i?<\/strong><\/p>\n\n\n\n<p>Kdy\u017e nastal okam\u017eik, \u017ee bylo pot\u0159eba \u0159e\u0161it, jak d\u00e1l, kontaktoval mne m\u016fj p\u0159\u00edtel, terci\u00e1\u0159, \u017ee jeho sestra m\u00e1 v&nbsp;Praze mal\u00fd ateli\u00e9r a nev\u00ed co s&nbsp;n\u00edm. Tak tam u\u017e p\u011bt let \u017eiju. V\u00edm, \u017ee to taky m\u016f\u017ee skon\u010dit, ale v\u00edm, \u017ee mi B\u016fh zase n\u011bco p\u0159ichyst\u00e1.<\/p>\n\n\n\n<p><strong>Jak prob\u00edhal tv\u016fj \u017eivot v&nbsp;Sekul\u00e1rn\u00edm \u0159\u00e1du?<\/strong><\/p>\n\n\n\n<p>V&nbsp;\u0159\u00e1du jsem od roku 1988 a po celou dobu jsem jen dost\u00e1val. A kdy\u017e se m\u00e1 situace trochu zklidnila, c\u00edtil jsem dluh. Nemohu jen br\u00e1t, ale pot\u0159ebu taky n\u011bco d\u00e1vat. P\u0159ed volebn\u00ed kapitulou nastal nedostatek kandid\u00e1t\u016f a j\u00e1 se odhodlal nab\u00eddnout slu\u017ebu. A ve chv\u00edli, kdy na n\u00e1rodn\u00edho ministra byl zvolen Franti\u0161ek Reichl, c\u00edtil jsem, \u017ee u toho chci b\u00fdt. Po jeho tragick\u00e9 smrti jsem byl zvolen z\u00e1stupcem ministra. Vloni jsem za\u010dal druh\u00e9 obdob\u00ed v&nbsp;n\u00e1rodn\u00ed rad\u011b a m\u00e1m z&nbsp;toho trochu ambivalentn\u00ed pocit. Doba pokro\u010dila, i d\u00edky covidu jsme se nau\u010dili pou\u017e\u00edvat elektronickou komunikaci, videokonference, WhatsApp atd. a j\u00e1 c\u00edt\u00edm, \u017ee se sou\u010dasnou dobou neum\u00edm dr\u017eet krok v&nbsp;pou\u017e\u00edv\u00e1n\u00ed techniky. Proto si st\u00e1le kladu ot\u00e1zku, jsem v&nbsp;t\u00e9to funkci je\u0161t\u011b p\u0159\u00ednosem?<\/p>\n\n\n\n<h3 class=\"wp-block-heading\">Skrze svoje zku\u0161enosti m\u016f\u017ee\u0161 vid\u011bt Sekul\u00e1rn\u00ed \u0159\u00e1d jin\u00fdma o\u010dima.<\/h3>\n\n\n\n<p><strong>&nbsp;Jakou si pro sekul\u00e1rn\u00ed \u0159\u00e1d p\u0159eje\u0161 budoucnost?<\/strong><\/p>\n\n\n\n<p>V\u0161ichni n\u011bjak st\u00e1rneme, sta\u0159\u00ed um\u00edraj\u00ed, nov\u00ed nep\u0159ich\u00e1zej\u00ed. V&nbsp;na\u0161em \u0159\u00e1du mlad\u00ed \u2013 to je do pades\u00e1ti let. St\u0159edn\u00ed v\u011bk \u2013 50 a\u017e 70. Senio\u0159i \u2013 to jsou lid\u00e9 nad sedmdes\u00e1t let. P\u0159em\u00fd\u0161l\u00edm, co by nov\u00e9 lidi p\u0159it\u00e1hlo, \u010d\u00edm by pro n\u011b byl n\u00e1\u0161 \u0159\u00e1d atraktivn\u00ed. M\u011bli bychom se zamyslet, pro\u010d jsme do \u0159\u00e1du vstoupili my, t\u0159eba by to inspirovalo ostatn\u00ed. N\u011bkolik bod\u016f, jak to c\u00edt\u00edm j\u00e1 ze sv\u00e9 zku\u0161enosti:&nbsp;&nbsp;&nbsp;<\/p>\n\n\n\n<p>&#8211; MBS mus\u00ed b\u00fdt opravdu \u017eivou rodinou, kde jeden zn\u00e1 druh\u00e9ho, mysl\u00ed na n\u011bho, pro\u017e\u00edv\u00e1 s&nbsp;n\u00edm \u00fasp\u011bchy i prohry.&nbsp;&nbsp;&nbsp;&nbsp;&nbsp;&nbsp;&nbsp;&nbsp;&nbsp;&nbsp;&nbsp;&nbsp;&nbsp;&nbsp;&nbsp;&nbsp;&nbsp;&nbsp;&nbsp;&nbsp;&nbsp;&nbsp;&nbsp;&nbsp;&nbsp;&nbsp;&nbsp;&nbsp;&nbsp;&nbsp;&nbsp;&nbsp;&nbsp;&nbsp;&nbsp;&nbsp;&nbsp;&nbsp;&nbsp;&nbsp;&nbsp;&nbsp;&nbsp;&nbsp;&nbsp;&nbsp;&nbsp;&nbsp;&nbsp;&nbsp;&nbsp;&nbsp;&nbsp;&nbsp;&nbsp;&nbsp;&nbsp;&nbsp;&nbsp;&nbsp;&nbsp;&nbsp;&nbsp;&nbsp;&nbsp;&nbsp;&nbsp;&nbsp;&nbsp;&nbsp;&nbsp;&nbsp;&nbsp;&nbsp;&nbsp;&nbsp;&nbsp;&nbsp;&nbsp;&nbsp;&nbsp;&nbsp;&nbsp;&nbsp;&nbsp;&nbsp;&nbsp;&nbsp;&nbsp;&nbsp;&nbsp;&nbsp;&nbsp;&nbsp;&nbsp;&nbsp;&nbsp;&nbsp;&nbsp;&nbsp;&nbsp;&nbsp;&nbsp;&nbsp;&nbsp;&nbsp;&nbsp;&nbsp;&nbsp;&nbsp;&nbsp;&nbsp;&nbsp;&nbsp;&nbsp;&nbsp;&nbsp;&nbsp;&nbsp;&nbsp;&nbsp;&nbsp;&nbsp;&nbsp;&nbsp;&nbsp;&nbsp;&nbsp; &nbsp;&nbsp;&nbsp;&nbsp;&nbsp;&nbsp;&nbsp;&nbsp;&nbsp;&nbsp;&nbsp;&nbsp;&nbsp;&nbsp;&nbsp;&nbsp;&nbsp;&nbsp;&nbsp;&nbsp;&nbsp;&nbsp;&nbsp;&nbsp;&nbsp;&nbsp;&nbsp;&nbsp;&nbsp;&#8211; Brat\u0159i a sestry by spolu m\u011bli tr\u00e1vit \u010das nejenom p\u0159i duchovn\u00edm programu, ale i chodit na v\u00fdlety, kulturn\u00ed akce, op\u00e9kat \u0161pek\u00e1\u010dky\u2026 MBS m\u00e1 b\u00fdt rodina a v&nbsp;rodin\u011b se taky tr\u00e1v\u00ed \u010das nejen modlitbou.&nbsp;&nbsp;&nbsp;&nbsp;&nbsp;&nbsp;&nbsp;&nbsp;&nbsp;&nbsp;&nbsp;&nbsp;&nbsp;&nbsp;&nbsp;&nbsp;&nbsp;&nbsp;&nbsp;&nbsp;&nbsp;&nbsp;&nbsp;&nbsp;&nbsp;&nbsp;&nbsp;&nbsp;&nbsp;&nbsp;&nbsp;&nbsp;&nbsp;&nbsp;&nbsp;&nbsp;&nbsp;&nbsp;&nbsp;&nbsp;&nbsp;&nbsp;&nbsp;&nbsp;&nbsp;&nbsp;&nbsp;&nbsp;&nbsp;&nbsp;&nbsp;&nbsp; &nbsp;&nbsp;&nbsp;&nbsp;&nbsp;&nbsp;&nbsp;&nbsp;&nbsp;&nbsp;&nbsp;&nbsp;&nbsp;&nbsp;&nbsp;&nbsp;&nbsp;&nbsp;&nbsp;&nbsp;&nbsp;&nbsp;&nbsp;&nbsp;&nbsp;&nbsp;&nbsp;&nbsp;&nbsp;&nbsp;&nbsp;&nbsp;&nbsp;&nbsp;&nbsp;&nbsp;&nbsp;&nbsp;&nbsp;&nbsp;&nbsp;&nbsp;&nbsp;&nbsp;&nbsp;&nbsp;&nbsp;&nbsp;&nbsp;&nbsp;&nbsp;&nbsp;&nbsp;&nbsp;&nbsp;&nbsp;&nbsp;&nbsp;&nbsp;&nbsp;&nbsp;&nbsp;&nbsp;&nbsp;&nbsp;&nbsp;&nbsp;&nbsp;<\/p>\n\n\n\n<p>&nbsp;&#8211; V\u011bt\u0161\u00ed propojenost s&nbsp;bratry z&nbsp;prvn\u00edho \u0159\u00e1du a \u0159eholn\u00edmi sestrami. V\u011bt\u0161ina m\u00fdch nejkr\u00e1sn\u011bj\u0161\u00edch okam\u017eik\u016f v&nbsp;\u0159\u00e1du je spojena s&nbsp;nimi.<\/p>\n\n\n\n<p><strong>Men\u0161\u00ed a je\u0161t\u011b men\u0161\u00ed lid\u00e9 jsou st\u00e1le kolem n\u00e1s. Tvoje osobn\u00ed zku\u0161enost nejsp\u00ed\u0161e zm\u011bnila tv\u016fj pohled na n\u011b?<\/strong><\/p>\n\n\n\n<p>Kdysi jsem m\u011bl r\u00e1d lidi, kte\u0159\u00ed v&nbsp;\u017eivot\u011b n\u011bco dok\u00e1zali, kte\u0159\u00ed byli p\u0159\u00edkladem ostatn\u00edm, osobnosti. Za posledn\u00edch p\u00e1r let jsem tento n\u00e1zor dost p\u0159ehodnotil. Miluji lidi, kter\u00fdmi sv\u011bt a bohu\u017eel n\u011bkdy i k\u0159es\u0165an\u00e9 opovrhuj\u00ed. Miluji pr\u016f\u0161vih\u00e1\u0159e, lidi, kter\u00fdm \u017eivot nep\u0159\u00e1l, kte\u0159\u00ed mus\u00ed bojovat se z\u00e1vislostmi, kte\u0159\u00ed se denn\u011b perou s&nbsp;t\u00edm, co je pro ostatn\u00ed samoz\u0159ejmost. Kte\u0159\u00ed se raduj\u00ed z&nbsp;mali\u010dkost\u00ed. Jak p\u00ed\u0161e p. Marek V\u00e1cha \u2013 neum\u011blci \u017eivota. M\u011bl jsem za sousedy bezdomovce, oni ode m\u011b nepot\u0159ebovali pen\u00edze nebo j\u00eddlo, to si um\u011bli v\u017edy n\u011bjak sehnat. Oni pot\u0159ebovali, abych je bral jako sv\u00e9 sousedy, p\u0159\u00e1tele, abych se u nich zastavil, popov\u00eddal si, nechal si ud\u011blat kafe do&nbsp;naprosto odporn\u011b \u0161pinav\u00e9ho hrne\u010dku\u2026<\/p>\n\n\n\n<p><strong>Brzy se do\u017eije\u0161 v\u011bku \u0161edes\u00e1ti let. \u017dije\u0161 pro budoucnost nebo si v\u00e1\u017e\u00ed\u0161 v\u00edc p\u0159\u00edtomn\u00e9ho okam\u017eiku?<\/strong><\/p>\n\n\n\n<p>Ka\u017ed\u00e9 r\u00e1no, kdy\u017e odch\u00e1z\u00edm z&nbsp;domu, tak se modl\u00edm takovou kr\u00e1tkou osobn\u00ed modlitbu: Pane, d\u011bkuji ti, \u017ee jsem m\u011bl kde sp\u00e1t. \u017de mi bylo teplo. \u017de jsem m\u011bl co j\u00edst a p\u00edt. \u017de m\u00e1m kam j\u00edt do pr\u00e1ce. \u017de m\u00e1m d\u011bti a p\u0159\u00e1tele, kte\u0159\u00ed m\u011b maj\u00ed r\u00e1di\u2026 &nbsp;J\u00e1 v\u00edm, \u017ee to je dar a ne samoz\u0159ejmost. A co bych cht\u011bl v&nbsp;\u017eivot\u011b dok\u00e1zat? Ka\u017ed\u00fd ve\u010der se pomodlit takovou kr\u00e1tkou osobn\u00ed modlitbi\u010dku: Pane, d\u011bkuji ti za tento den. Byl to kr\u00e1sn\u00fd den a j\u00e1 ho pln\u011b vyu\u017eil tak, \u017ee se za n\u011bj nemus\u00edm styd\u011bt\u2026&nbsp;&nbsp; Nev\u00edm, n\u011bkomu se to m\u016f\u017ee zd\u00e1t jako nicotn\u00fd c\u00edl, ale cht\u011bl bych, aby tato slova byla up\u0159\u00edmn\u00e1 a pravdiv\u00e1.<\/p>\n\n\n\n<p><strong>Jak ti pom\u00e1h\u00e1 formace, kterou poskytuje n\u00e1rodn\u00ed rada na n\u00e1rodn\u00edch setk\u00e1n\u00edch?<\/strong><\/p>\n\n\n\n<p>Poprv\u00e9 jsem se t\u00fddenn\u00edho setk\u00e1n\u00ed \u00fa\u010dastnil s&nbsp;Eliasem Vellou na Velehrad\u011b. Jak se mi tam ale necht\u011blo. D\u00e1t t\u00fdden dovolen\u00e9 a nav\u00edc j\u00e1 moc nemusel tento styl setk\u00e1n\u00ed. S&nbsp;Duchem Svat\u00fdm jsem se neum\u011bl sbl\u00ed\u017eit, tak jak to n\u011bkte\u0159\u00ed prezentuj\u00ed, m\u011bl jsem probl\u00e9m s&nbsp;charismatiky, s exorcisty. Ale n\u011bco m\u011b uvnit\u0159 nutilo na Velehrad jet. Nev\u011bd\u011bl jsem pro\u010d. Musel jsem. A asi t\u0159et\u00ed den m\u011bla na Velehradu p\u0159edn\u00e1\u0161ku sestra Dominika. Byl jsem \u0161okov\u00e1n. &nbsp;Hodinu mluvila o mn\u011b! Jen\u017ee ona mne nikdy potkala. Nic o mne nemohla v\u011bd\u011bt! &nbsp;Ihned jsem za n\u00ed \u0161el a po\u017e\u00e1dal o osobn\u00ed konzultaci. \u0158ekla mi, \u017ee v\u016fbec nem\u011bla a ani necht\u011bla na Velehrad jet. Ale n\u011bco j\u00ed nutilo. A nyn\u00ed pochopila, \u017ee sem jela kv\u016fli mn\u011b. Asi t\u0159i hodiny jsme spolu mluvili a ona mi hodn\u011b moc posunula v&nbsp;duchovn\u00edm naz\u00edr\u00e1n\u00ed na \u017eivot. V\u00edm, \u017ee to zorganizoval B\u016fh. Na konci t\u00fddne Elias Vella, polo\u017eil dotaz, co n\u00e1m t\u00fdden duchovn\u00ed obnovy dal a jestli Duch Svat\u00fd do na\u0161eho \u017eivota opravdu vstoupil. Reagoval jsem ve\u0159ejn\u011b: &nbsp;\u010cekal jsem b\u011bhem \u017eivota na Ducha Bo\u017e\u00edho u dve\u0159\u00ed a on nep\u0159ich\u00e1zel. A pak ke mne vstoupil na setk\u00e1n\u00ed na Velehradu skrze sestru Dominiku, d\u00e1 se \u0159\u00edci \u2013 rovnou oknem. M\u00e1m jej\u00ed p\u0159edn\u00e1\u0161ku nahranou, pou\u0161t\u00edm si j\u00ed, a asi u\u017e j\u00ed zn\u00e1m nazpam\u011b\u0165. Pro moji osobu nejgeni\u00e1ln\u011bj\u0161\u00ed, co jsem kdy sly\u0161el. Od t\u00e9 doby jsem na duchovn\u00ed obnovy s&nbsp;Eliasem Vellou jezdil ka\u017ed\u00fd rok.<\/p>\n\n\n\n<p><em>Rozhovor s&nbsp;Pavlem Van\u011b\u010dkem vedl Lubo\u0161 Kolafa OFS<\/em><\/p>\n\n\n\n<figure class=\"wp-block-gallery has-nested-images columns-default is-cropped wp-block-gallery-1 is-layout-flex wp-block-gallery-is-layout-flex\">\n<figure class=\"wp-block-image size-large\"><img decoding=\"async\" data-id=\"9860\" src=\"data:image\/gif;base64,R0lGODlhAQABAAAAACH5BAEKAAEALAAAAAABAAEAAAICTAEAOw==\" data-layzr=\"https:\/\/www.frantiskani.cz\/wp-content\/uploads\/2024\/11\/mezinarodni-vizitace-Svata-Hora-bazilika-1024x768.jpg\" alt=\"\" class=\"wp-image-9860\"\/><\/figure>\n\n\n\n<figure class=\"wp-block-image size-large\"><img decoding=\"async\" data-id=\"9861\" src=\"data:image\/gif;base64,R0lGODlhAQABAAAAACH5BAEKAAEALAAAAAABAAEAAAICTAEAOw==\" data-layzr=\"https:\/\/www.frantiskani.cz\/wp-content\/uploads\/2024\/11\/mezinarodni-vizitace-Svata-Hora.jpg\" alt=\"\" class=\"wp-image-9861\"\/><\/figure>\n\n\n\n<figure class=\"wp-block-image size-large\"><img decoding=\"async\" data-id=\"9862\" src=\"data:image\/gif;base64,R0lGODlhAQABAAAAACH5BAEKAAEALAAAAAABAAEAAAICTAEAOw==\" data-layzr=\"https:\/\/www.frantiskani.cz\/wp-content\/uploads\/2024\/11\/mezinarodni-vizitace.jpg\" alt=\"\" class=\"wp-image-9862\"\/><\/figure>\n\n\n\n<figure class=\"wp-block-image size-large\"><img decoding=\"async\" data-id=\"9863\" src=\"data:image\/gif;base64,R0lGODlhAQABAAAAACH5BAEKAAEALAAAAAABAAEAAAICTAEAOw==\" data-layzr=\"https:\/\/www.frantiskani.cz\/wp-content\/uploads\/2024\/11\/na-Vranove-2023-768x1024.jpg\" alt=\"\" class=\"wp-image-9863\"\/><\/figure>\n\n\n\n<figure class=\"wp-block-image size-large\"><img decoding=\"async\" data-id=\"9864\" src=\"data:image\/gif;base64,R0lGODlhAQABAAAAACH5BAEKAAEALAAAAAABAAEAAAICTAEAOw==\" data-layzr=\"https:\/\/www.frantiskani.cz\/wp-content\/uploads\/2024\/11\/Pavel-Vanecek.jpeg\" alt=\"\" class=\"wp-image-9864\"\/><\/figure>\n<\/figure>\n","protected":false},"featured_media":9859,"menu_order":0,"template":"","class_list":["post-9858","team","type-team","status-publish","has-post-thumbnail","hentry","latest_post"],"_links":{"self":[{"href":"https:\/\/www.frantiskani.cz\/index.php\/wp-json\/wp\/v2\/team\/9858","targetHints":{"allow":["GET"]}}],"collection":[{"href":"https:\/\/www.frantiskani.cz\/index.php\/wp-json\/wp\/v2\/team"}],"about":[{"href":"https:\/\/www.frantiskani.cz\/index.php\/wp-json\/wp\/v2\/types\/team"}],"wp:featuredmedia":[{"embeddable":true,"href":"https:\/\/www.frantiskani.cz\/index.php\/wp-json\/wp\/v2\/media\/9859"}],"wp:attachment":[{"href":"https:\/\/www.frantiskani.cz\/index.php\/wp-json\/wp\/v2\/media?parent=9858"}],"curies":[{"name":"wp","href":"https:\/\/api.w.org\/{rel}","templated":true}]}}