{"id":9867,"date":"2024-11-23T18:22:22","date_gmt":"2024-11-23T17:22:22","guid":{"rendered":"https:\/\/www.frantiskani.cz\/?post_type=team&#038;p=9867"},"modified":"2024-11-29T18:11:23","modified_gmt":"2024-11-29T17:11:23","slug":"melchrovi","status":"publish","type":"team","link":"https:\/\/www.frantiskani.cz\/index.php\/team\/melchrovi\/","title":{"rendered":"Provedu v\u00e1s \u00a0rozv\u011btven\u00fdm p\u0159\u00edb\u011bhem lid\u00ed, kte\u0159\u00ed se nau\u010dili spol\u00e9hat na Boha a byli ochotni se pustit pod jeho veden\u00edm do dobrodru\u017estv\u00ed podnik\u00e1n\u00ed v\u00a0zem\u011bd\u011blstv\u00ed a \u017e\u00edt v\u00a0souladu s p\u0159\u00edrodou."},"content":{"rendered":"\n<p><em><a href=\"https:\/\/www.frantiskani.cz\/index.php\/team\/Melchrovi\">Sezn\u00e1m\u00edm s\u00a0rodinou Melcherov\u00fdch <\/a>a jej\u00ed cestou s\u00a0P\u00e1nem Bo\u017e\u00edm kr\u00e1lovstv\u00edm. Za\u010dnu majiteli farmy.<\/em><\/p>\n\n\n\n<h1 class=\"wp-block-heading\"><strong>Miroslav Melchera ml.<\/strong><\/h1>\n\n\n\n<p><strong>Pov\u011bz mi n\u011bco o sob\u011b\u2026<\/strong><\/p>\n\n\n\n<p>Jmenuji se Miroslav Melcher ml. Je mi 42 let. Bydl\u00edme s&nbsp;rodinou na farm\u011b v&nbsp;\u010cerven\u00fdch dvorc\u00edch \u010d.p. 11. \u010cerven\u00e9 dvorce jsou osadou v&nbsp;bl\u00edzkosti m\u011bsta Su\u0161ice, v&nbsp;\u00fadol\u00ed \u0159eky Otavy a stoupaj\u00ed ve str\u00e1ni hory Svatobor. Ve &nbsp;Dvorc\u00edch bydleli v&nbsp;mal\u00e9 chalup\u011b od roku 1952 n\u00e1\u0161 d\u011bda s&nbsp;babi\u010dkou. J\u00e1 a m\u016fj bratr Radek jsme bydleli&nbsp; s rodi\u010di ve m\u011bst\u011b Su\u0161ice a k&nbsp;babi\u010dce jsme jezdili na pr\u00e1zdniny. Pozd\u011bji zde bydleli a bydl\u00ed i moje rodi\u010de. Ze Su\u0161ice poch\u00e1z\u00ed i moje milovan\u00e1 \u017eena Kate\u0159ina. Je matkou na\u0161ich sedmi d\u011bt\u00ed, Provozujeme dom\u00e1c\u00ed s\u00fdr\u00e1rnu v&nbsp;jej\u00edm\u017e erbu je franti\u0161k\u00e1nsk\u00e9 Tau, proto\u017ee jsme terci\u00e1\u0159i sv.Franti\u0161ka z&nbsp;Assisi<\/p>\n\n\n\n<p><strong>Podnik\u00e1te v&nbsp;soukrom\u00e9m zem\u011bd\u011blstv\u00ed. Jak to vlastn\u011b funguje?<\/strong><\/p>\n\n\n\n<h1 class=\"wp-block-heading\"><strong>S\u00fdr\u00e1rna<\/strong><\/h1>\n\n\n\n<p>Hospoda\u0159\u00edme na farm\u011b se svoj\u00ed man\u017eelkou a d\u011btmi a zapojeni jsou aktivn\u011b i na\u0161e rodi\u010de z&nbsp;obou stran m\u016fj bratr Radek a dal\u0161\u00ed p\u0159\u00e1tel\u00e9. &nbsp;S\u00fdry vyr\u00e1b\u00edme z&nbsp;\u010derstv\u00e9ho bio ml\u00e9ka od na\u0161ich kravi\u010dek, kter\u00e9 se pasou na \u00fapat\u00ed hory Svatobor. Nekrm\u00edme je ani sen\u00e1\u017e\u00ed ani sil\u00e1\u017e\u00ed, pouze senem a pastvou z&nbsp;horsk\u00fdch \u0161umavsk\u00fdch lu\u010din. S\u00fdry vyr\u00e1b\u00edme ru\u010dn\u011b, podle vlastn\u00ed receptury a \u201e s&nbsp;p\u0159idanou hodnotu franti\u0161k\u00e1nsk\u00e9ho pokoje a dobra\u201c p\u0159\u00edmo na na\u0161\u00ed farm\u011b. Jsme k\u0159es\u0165ansk\u00e1 rodina a ve\u0161ker\u00fd n\u00e1\u0161 \u017eivot je zalo\u017een\u00fd na katolick\u00e9 v\u00ed\u0159e a \u00fact\u011b k lidem. Spol\u00e9h\u00e1me na P\u00e1na Boha a v&nbsp;tomto duchu vychov\u00e1v\u00e1me i na\u0161e d\u011bti. Kdy\u017e jsme se stali terci\u00e1\u0159i sv. Franti\u0161ka, za\u010dali jsme se&nbsp;modlit a vypro\u0161ovat pokoj a dobro pro n\u00e1s, na\u0161e z\u00e1kazn\u00edky a jejich bl\u00edzk\u00e9. Zvolili jsme symbol Tau do na\u0161eho firemn\u00edho loga. D\u00e1l se sna\u017e\u00edme o franti\u0161k\u00e1nskou misii u na\u0161ich z\u00e1kazn\u00edk\u016f \u2013 p\u0159\u00e1tel, kte\u0159\u00ed k&nbsp;n\u00e1m chod\u00ed pro s\u00fdry. Jsem \u0161\u0165astn\u00fd, \u017ee P\u00e1n zavolal svat\u00e9ho Franti\u0161ka a j\u00e1 ho mohu n\u00e1sledovat. D\u011bkuji Bohu i za bratry kapuc\u00edny a bratrsk\u00e9 spole\u010denstv\u00ed, bez kter\u00e9ho by toto n\u00e1sledov\u00e1n\u00ed nebylo opravdov\u00e9.&nbsp; Mus\u00edm dodat \u017ee bez rodiny a na\u0161ich p\u0159\u00e1tel bych nezvl\u00e1dl v\u016fbec nic. Pracujeme naplno \u0161est dn\u00ed v&nbsp;t\u00fddnu. V&nbsp;ned\u011bli ud\u011bl\u00e1me jen nejnutn\u011bj\u0161\u00ed pr\u00e1ce. Ned\u011bl\u00e1me sena ani \u017en\u011b. Jdeme na m\u0161i svatou a jsme spolu.<\/p>\n\n\n\n<h1 class=\"wp-block-heading\"><strong>Pastviny<\/strong><\/h1>\n\n\n\n<p>Dvacet let jsme chovali ovce. Pova\u017eujeme je za biblick\u00e1 zv\u00ed\u0159ata.Ovce n\u00e1s nau\u010dili hodn\u011b o sob\u011b i o lidech. O tom co do n\u00e1s i ovc\u00ed vlo\u017eil B\u016fh. V&nbsp;roce 2019 zlikvidoval na\u0161e ovce vlk. Skon\u010dili jsme s&nbsp;jejich chovem a nyn\u00ed se v\u011bnujeme pouze s\u00fdr\u00e1rn\u011b. Z\u00e1kladem pro ml\u00e9ko je p\u016fda o kterou se sna\u017e\u00edme co nejv\u00edce starat.. Hnoj\u00edme, v\u00e1pn\u00edme, vl\u00e1\u010d\u00edme. Tr\u00e1va ovliv\u0148uje chu\u0165 a kvalitu ml\u00e9ka. Z\u00e1le\u017e\u00ed tak\u00e9 na vod\u011b, kterou z&nbsp;nebe dost\u00e1v\u00e1me od Boha. Drny je v\u0161ak t\u0159eba tak\u00e9 jednou za n\u011bjak\u00e9 obdob\u00ed zorat a znovu zas\u00edt, aby kvalita luk rostla. St\u00e1do krav m\u00e1 p\u0159ibli\u017en\u011b 15 a\u017e dvacet krav plemena Chester, kter\u00e9 je pro v\u00fdrobu s\u00fdr\u016f ide\u00e1ln\u00ed. Doj\u00edme r\u00e1no a ve\u010der. M\u00e1me i p\u00e1r jalovic a b\u00fdk\u016f k&nbsp;v\u00fdkrmu a por\u00e1\u017ece. Telat\u016fm se da\u0159\u00ed opravdu dob\u0159e. Ka\u017edou kr\u00e1vu zn\u00e1me a n\u011bkter\u00e1 maj\u00ed i jm\u00e9na. Od jara do podzimu se kr\u00e1vy pasou. P\u0159es zimu jsou ve st\u00e1ji, kde jsou krmeny senem. P\u0159ikrmujeme je ma\u010dkan\u00fdm obil\u00edm z&nbsp;vlastn\u00ed produkce. Sl\u00e1mu krav\u00e1m podest\u00fdl\u00e1me. Z&nbsp;n\u00ed je pak kvalitn\u00ed hn\u016fj. A tak vznik\u00e1 uzav\u0159en\u00fd kolob\u011bh p\u0159\u00edrody stvo\u0159en\u00e9 Bohem. Pastevn\u00ed zvonce na krav\u00e1ch pos\u00edlaj\u00ed d\u011bkovn\u00fd vzkaz Bohu a z\u00e1rove\u0148 p\u0159ipom\u00edn\u00e1 \u0161v\u00fdcarsk\u00fd zp\u016fsob p\u011bstov\u00e1n\u00ed a pom\u00e1h\u00e1 k&nbsp;jejich lokalizaci. Kr\u00e1vy jsou ka\u017ed\u00fd den v&nbsp;kontaktu s&nbsp;hospod\u00e1\u0159em a tak mezi nimi vznik\u00e1 bl\u00edzk\u00fd vztah.<\/p>\n\n\n\n<p><strong>Pov\u011bz n\u00e1m Mirku n\u011bco o sv\u00e9 cest\u011b k&nbsp;v\u00ed\u0159e a k&nbsp;n\u00e1sledov\u00e1n\u00ed sv. Franti\u0161ka<\/strong><\/p>\n\n\n\n<p>Vyr\u016fstal jsem v&nbsp;nepraktikuj\u00edc\u00ed polov\u011b\u0159\u00edc\u00ed rodin\u011b. Chodili jsme jen jednou za rok na p\u016flno\u010dn\u00ed. V&nbsp;m\u00fdch sedmn\u00e1cti letech m\u011b P\u00e1n povolal skrze \u201enehodn\u00e9\u201c p\u0159ijet\u00ed jeho Nejsv\u011bt\u011bj\u0161\u00edho T\u011bla p\u0159i velikono\u010dn\u00ed vigilii, na kterou jsem tou\u017eil j\u00edt.<\/p>\n\n\n\n<p>N\u00e1sledoval k\u0159est v&nbsp;18 letech, kter\u00fd mi otev\u0159el dve\u0159e do \u017eivota pln\u00e9ho posv\u00e1tn\u00fdch tajemstv\u00ed. A dobrodru\u017estv\u00ed : prvn\u00ed zamilovanost do P\u00e1na a jeho c\u00edrkve a nakonec l\u00e1ska s&nbsp;moj\u00ed budouc\u00ed \u017eenou. Kdy\u017e jsme jednoho jarn\u00edho dne \u0161li kolem kapuc\u00ednsk\u00e9ho kostela \u0159ekli jsme si s Kate\u0159inou, \u017ee po\u017e\u00e1d\u00e1me bratra kapuc\u00edna, kter\u00fd byl tehdy v&nbsp;kl\u00e1\u0161te\u0159e s\u00e1m, o p\u0159\u00edpravu na man\u017eelstv\u00ed. Po p\u0159ijet\u00ed n\u00e1s za\u010dal p\u0159ipravovat s&nbsp;p\u0159est\u00e1vkami dva roky. Tam jsem poprv\u00e9 sly\u0161el o terci\u00e1\u0159\u00edch. Na m\u016fj dotaz, co v\u0161echno m\u00e1m ud\u011blat, abych se stal terci\u00e1\u0159em m\u011b otec kapuc\u00edn odpov\u011bd\u011bl: \u201esp\u00ed\u0161 se ptej, kolik milost\u00ed obdr\u017e\u00ed\u0161.\u201c<\/p>\n\n\n\n<p>V&nbsp;roce 2001 jsme se stali s Katkou man\u017eel\u00e9 a za\u010dali jsme hospoda\u0159it. Nejprve jsme m\u011bli p\u00e1r ove\u010dek. Tedy sp\u00ed\u0161e Mirek je jako hobby p\u00e1sl na louce jeho rodi\u010d\u016f a u souseda. &nbsp;V&nbsp;roce 2005 se n\u00e1\u0161 soused rozhodl prodat d\u016fm a tak jsme si i my mohli koupit prvn\u00ed vlastn\u00ed pozemky i s&nbsp;bydlen\u00edm. V&nbsp;t\u00e9 dob\u011b u\u017e prob\u00edhala na\u0161e p\u0159\u00edprava na man\u017eelstv\u00ed a mo\u017enost bydlet ve Dvorc\u00edch, ale ne s&nbsp;rodi\u010di jsme brali jako z\u00e1zrak. Svatbu jsme m\u011bli v&nbsp;roce 2007. Zalo\u017eili jsme farmu. T\u00e1ta u\u017e m\u011bl t\u0159i kravky a my chov ovc\u00ed, kter\u00e9 jsme p\u00e1sli v&nbsp;n\u00e1rodn\u00edm parku \u0160umava. \u017divot, kter\u00fd s&nbsp;rodinou vedeme, je opravdu velmi n\u00e1ro\u010dn\u00fd. Ka\u017ed\u00e9 d\u00edt\u011b, kter\u00e9 n\u00e1m bylo d\u00e1no je pro n\u00e1s nezaslou\u017een\u00fdm darem.<\/p>\n\n\n\n<p>Brat\u0159i kapuc\u00edni potom v&nbsp;roce 2007 p\u0159i\u0161li do Su\u0161ice natrvalo. Pro mne a moj\u00ed \u017eenu bylo samoz\u0159ejm\u00e9, \u017ee jsme jim byli nabl\u00edzku. Vz\u00e1jemn\u00e9 vztahy byli a jsou v\u00fdborn\u00e9 a tak, kdy\u017e se za\u010dalo znovu obnovovat m\u00edstn\u00ed bratrsk\u00e9 spole\u010denstv\u00ed sekul\u00e1rn\u00edch franti\u0161k\u00e1n\u016f, vstoupil jsem do n\u011bho se svoj\u00ed rodinou ve velik\u00e9&nbsp;radosti.&nbsp; \u0158eholn\u00ed sliby jsem slo\u017eil 4. \u0159\u00edjna 2014.<\/p>\n\n\n\n<p><img loading=\"lazy\" decoding=\"async\" width=\"228\" height=\"130\" src=\"\" alt=\"reklama Melcher Tau.jpg\">M\u00e1m od d\u011btstv\u00ed r\u00e1d p\u0159\u00edb\u011bhy a tenhle ovlivnil m\u00e9 my\u0161len\u00ed: : Jeden sedl\u00e1k zem\u0159el a u nebesk\u00e9 br\u00e1ny na n\u011bj \u010dekal sv. Petr. Sedl\u00e1k se Petra zeptal, zda m\u016f\u017ee vstoupit do nebesk\u00e9ho kr\u00e1lovstv\u00ed. Petr v\u0161ak zavrt\u011bl hlavou \u2013 ne. Sedl\u00e1k sklopil hlavu a p\u0159em\u00fd\u0161lel a zeptal se: pro\u010d nemohu vej\u00edt? Neud\u011blal jsem nic zl\u00e9ho, a kdy\u017e ano, tak jsem se sna\u017eil to hned napravit. Chodil jsem do kostela, byl v\u011brn\u00fd sv\u00e9 \u017een\u011b a ve v\u00ed\u0159e jsem vychoval na\u0161e d\u011bti. Pracoval jsem poctiv\u011b. Petr v\u0161ak znovu zavrt\u011bl hlavou. Sedl\u00e1k byl smutn\u00fd a znovu se sna\u017eil obhajovat. Pom\u00e1hal jsem chud\u00fdm, staral se o um\u00edraj\u00edc\u00ed rodi\u010de. Petr promluvil: V\u00edm, \u017ee jsi dobr\u00fd \u010dlov\u011bk, ale nemohu t\u011b pustit dovnit\u0159, proto to sv\u00edr\u00e1\u0161 ve sv\u00e9 ruce. Sedl\u00e1k otev\u0159e dla\u0148 a tam m\u00e1 malou hrudku sv\u00e9 p\u016fdy. Pet\u0159e dovol mi si j\u00ed vz\u00edt na pam\u00e1tku sebou. V\u017edy\u0165 je z&nbsp;nejlep\u0161\u00edho pole, kter\u00e9 mne \u017eivilo. Petr v\u0161ak odv\u011btil: Ka\u017ed\u00fd kdo chce vej\u00edt, mus\u00ed v\u0161e na zemi opustit. A to je poselstv\u00ed pro v\u0161echny kdo se na zemi s\u017eili s&nbsp;p\u016fdou, kdo s&nbsp;n\u00ed s&nbsp;l\u00e1skou pracovali. I j\u00e1 dnes u\u017e na zemi mus\u00edm volit mez\u00ed v\u011bcmi, kter\u00e9 se dot\u00fdkaj\u00ed nebe a podnik\u00e1n\u00edm. Jsem p\u0159ece jen spr\u00e1vcem sv\u011b\u0159en\u00e9 p\u016fdy. Ale jsem tak\u00e9 spr\u00e1vcem sv\u00fdch slib\u016f. Toti\u017e slibu m\u00e9 \u017een\u011b v&nbsp;kostele a d\u011btem p\u0159i jejich k\u0159tu. Snad mi jednou \u0159eknou: byls dobr\u00fdm man\u017eelem otcem a tak\u00e9 dobr\u00fdm sedl\u00e1kem. A a\u017e p\u016fjdu k&nbsp;nebesk\u00e9 br\u00e1n\u011b douf\u00e1m, \u017ee dok\u00e1\u017eu pustit ze sv\u00e9 dlan\u011b i kus p\u016fdy, kter\u00e1 n\u00e1s \u017eivila.<\/p>\n\n\n\n<p><strong>Jak vid\u00ed\u0161 budoucnost Sekul\u00e1rn\u00edho franti\u0161k\u00e1nsk\u00e9ho \u0159\u00e1du v&nbsp;\u010cR?<\/strong><\/p>\n\n\n\n<p>&nbsp;Po dvou volebn\u00edch obdob\u00edch, kdy jsem slou\u017eil jako ministr spole\u010denstv\u00ed, se nyn\u00ed u\u010d\u00edm b\u00fdt &#8222;oby\u010dejn\u00fdm terci\u00e1\u0159em&#8220; a z\u00e1rove\u0148 se sna\u017e\u00edm novou radu podporovat. Vid\u00edm velikou moudrost v rozhodnut\u00ed konat jednou za t\u0159i roky volebn\u00ed kapitulu, kde m\u016f\u017ee doj\u00edt ke zm\u011bn\u011b. Ti, kte\u0159\u00ed spole\u010denstv\u00ed mnoho let t\u00e1hli si mohou odpo\u010dinout a z\u00e1rove\u0148 mohou okusit, \u017ee jsou nahraditeln\u00ed a \u017ee nyn\u00ed se sami maj\u00ed nechat v\u00e9st n\u011bk\u00fdm jin\u00fdm, \u010dasto m\u00e9n\u011b zku\u0161en\u00fdm n\u011bkdy i profesn\u011b mlad\u0161\u00edm \u010dlenem MBS. To nutn\u011b vede k poko\u0159e a objeven\u00ed kr\u00e1sy franti\u0161k\u00e1nstv\u00ed. Osobn\u011b jsem za tu zku\u0161enost velmi r\u00e1d.&nbsp;<\/p>\n\n\n\n<p>&nbsp; &nbsp; &nbsp; Spole\u010denstv\u00ed po n\u011bkolika letech od zalo\u017een\u00ed (8 let) dozr\u00e1lo a usadilo se. To p\u0159in\u00e1\u0161\u00ed sv\u00e1 pozitiva i negativa. Pozitivn\u00ed je, \u017ee ve vnit\u0159n\u00edm \u017eivot\u011b si \u010dlenov\u00e9, kte\u0159\u00ed pravideln\u011b chod\u00ed na spole\u010denstv\u00ed, osvojili \u0159\u00e1d a jeho strukturu. Setk\u00e1v\u00e1me se ka\u017ed\u00fd t\u00fdden, kdy prvn\u00ed setk\u00e1n\u00ed je po pravideln\u00e9 modlitb\u011b brevi\u00e1\u0159e adorace, druh\u00fd t\u00fdden evangelium, t\u0159et\u00ed sd\u00edlen\u00ed a \u010dtvrt\u00fd formace. Tato struktura je \u017eivotaschopn\u00e1, ale i ta je limitov\u00e1na negativy sv\u00fdch \u010dlen\u016f, kte\u0159\u00ed na spole\u010denstv\u00ed nechod\u00ed a nech\u00e1vaj\u00ed v\u0161e na rad\u011b a p\u00e1r skaln\u00edch \u010dlenech. Mysl\u00edm, \u017ee to pro\u017e\u00edvaj\u00ed v mnoha obm\u011bn\u00e1ch v\u0161echna spole\u010denstv\u00ed. V\u00fdmluvy v\u0161eho druhu zn\u00e1me. \u017dijeme v dob\u011b, kter\u00e1 je takov\u00e1, jak\u00e1 je. Nejv\u011bt\u0161\u00ed probl\u00e9m je v p\u0159ijet\u00ed slu\u017eby, trvale a v\u011brn\u011b, bez zadn\u00edch vr\u00e1tek. Toto je probl\u00e9m sou\u010dasn\u00e9 krize duchovn\u00edch povol\u00e1n\u00ed, man\u017eelstv\u00ed, otcovstv\u00ed a mate\u0159stv\u00ed, i sv\u011btsk\u00fdch profesn\u00edch povol\u00e1n\u00ed.<\/p>\n\n\n\n<p>&nbsp;Budoucnost na\u0161eho \u0159\u00e1du vid\u00edm ve st\u00e1le obnov\u011b a touze m\u00edt \u010dist\u00e9 srdce ochotn\u00e9 ke slu\u017eb\u011b a k tomu, co jsme dobrovoln\u011b p\u0159ijali. N\u00e1\u0161 franti\u0161k\u00e1nsk\u00fd slib, kter\u00fd jsme sl\u00edbili p\u0159ed Bohem a jeho c\u00edrkv\u00ed plnit, m\u00e1 v\u0161echny zdroje, kter\u00e9 pot\u0159ebujeme, abychom mohli \u017e\u00edt naplno a nemuseli duchovn\u011b &#8222;\u017eivo\u0159it&#8220;. Je to jako v zem\u011bd\u011blstv\u00ed, v kter\u00e9m \u017eiji. Kdy\u017e n\u011bco nep\u0159ij\u00edm\u00e1 vodu, \u017eiviny a nem\u00e1 \u017eivotn\u00ed prostor, ch\u0159adne a um\u00edr\u00e1. St\u00e1le pozn\u00e1v\u00e1m, jak dobrotiv\u00fd B\u016fh vlo\u017eil do v\u0161\u00ed p\u0159\u00edrody \u0159\u00e1d, kter\u00fd kdy\u017e \u010dlov\u011bk pozn\u00e1, tak v n\u011bm m\u016f\u017ee dob\u0159e \u017e\u00edt a konat s Bo\u017e\u00ed milosti dobro.<\/p>\n\n\n\n<p><strong>Evangelizace<\/strong><\/p>\n\n\n\n<p>&nbsp; &nbsp; &nbsp; A je\u0161t\u011b jedno je t\u0159eba pro n\u00e1\u0161 \u0159\u00e1d. To je st\u00e1l\u00e1 evangelizace. Z duchovn\u00edho bohatstv\u00ed na\u0161eho srdce se vyd\u00e1vat k ostatn\u00edm a zv\u00e1t je mezi n\u00e1s. I kdy\u017e nep\u0159ijdou, \u010di odm\u00edtnou, nevad\u00ed. Na\u0161e v\u00edra t\u00edm o\u017e\u00edv\u00e1, n\u00e1\u0161 duchovn\u00ed strom je t\u00edm okop\u00e1n a jemn\u011b zavla\u017een, m\u016f\u017eeme d\u00edky tomu pustit hlub\u0161\u00ed ko\u0159eny do Bo\u017e\u00ed moudrosti a proz\u0159etelnosti. Touha st\u00e1le vyd\u00e1vat druh\u00fdm sv\u011bdectv\u00ed je nezbytn\u00e1. Jinak budeme \u017eivo\u0159it, st\u00e1rnout a um\u00edrat. Ka\u017ed\u00fd z n\u00e1s m\u00e1 ve sv\u00e9m okol\u00ed lidi, kter\u00e9 zn\u00e1 a m\u016f\u017ee je oslovit, ale je tu to &#8222;ale&#8220;. Ale on ka\u017ed\u00fd s\u00e1m mus\u00ed \u017e\u00edt naplno s Bohem, aby mohl nejenom oslovit, ale i doprov\u00e1zet a dlouhodob\u011b b\u00fdt nabl\u00edzku sv\u00e9mu bli\u017en\u00edmu a to je lidsky t\u011b\u017ek\u00e9. Kdy\u017e se ten doty\u010dn\u00fd, kter\u00e9ho jsme oslovili, doprov\u00e1zeli a kter\u00fd &#8222;n\u00e1s st\u00e1l tolik n\u00e1mahy a \u010dasu&#8220; rozhodne odej\u00edt a v\u0161e jakoby bylo ztraceno, nezb\u00fdv\u00e1 ne\u017e s l\u00e1skou obejmout sestru pokoru a dobro\u0159e\u010dit P\u00e1nu. V tom v\u0161em m\u016f\u017ee pomoci zdrav\u00e9 a \u017eiv\u00e9 MBS. Dob\u0159e se o tom mluv\u00ed, je\u0161t\u011b lep\u0161\u00ed se o tom p\u00ed\u0161e, ale \u00fapln\u011b nejt\u011b\u017e\u0161\u00ed je to \u017e\u00edt a v tom je ta prav\u00e1 franti\u0161k\u00e1nsk\u00e1 radost.&nbsp;&nbsp;<\/p>\n\n\n\n<h1 class=\"wp-block-heading\"><strong>Man\u017eelka Kate\u0159ina Melcherov\u00e1<\/strong><\/h1>\n\n\n\n<p><strong>Jak\u00e1 byla Katko tvoje cesta s&nbsp;P\u00e1nem?<\/strong><\/p>\n\n\n\n<p>Narodila jsem se v&nbsp;Su\u0161ici v&nbsp;roce 1983. Moje maminka se rozvedla v&nbsp;roce 1987 a v&nbsp;15.7.1989 se znovu vdala v&nbsp;kostele, kde jsem byla tent\u00fd\u017e den se svou mlad\u0161\u00ed sestrou pok\u0159t\u011bn\u00e1. M\u016fj nov\u00fd tat\u00ednek n\u00e1s adoptoval. V&nbsp;prvn\u00ed t\u0159\u00edd\u011b m\u011b rodi\u010de p\u0159ihl\u00e1sili na v\u00fduku n\u00e1bo\u017eenstv\u00ed a j\u00e1 se zeptala pro\u010d. Rodi\u010de mi \u0159ekli, \u017ee jestli chci, mohu v\u011b\u0159it v&nbsp;Boha, je to na m\u011b a j\u00e1 odpov\u011bd\u011bla:\u201c Tak jo. Zkus\u00edm to\u201c. Rodi\u010de nechodili do kostela a nemodlili se s n\u00e1mi, jen dohl\u00ed\u017eeli na n\u00e1s, jestli chod\u00edme a modl\u00edme se a pozd\u011bji, jestli jdeme ke sv\u00e1tosti sm\u00ed\u0159en\u00ed. Do kostela jsme chodily se sestrou sami a nebo s&nbsp;rodi\u010di m\u00e9 maminky. V&nbsp;deseti letech jsem za\u010dala m\u00edt panick\u00fd strach ze tmy, kdy si se mnou nikdo, ani odborn\u00edci, nev\u011bd\u011bli rady. Nikdo mi nedok\u00e1zal vysv\u011btlit, jak re\u00e1ln\u00fd je duchov\u00fd sv\u011bt a nikoho nenapadlo m\u011b vz\u00edt ke kn\u011bzi. A\u017e ve dvan\u00e1cti letech na skautsk\u00e9m t\u00e1bo\u0159e jsem dostala milost od P\u00e1na a j\u00e1 pro\u017eila n\u00e1dhernou chv\u00edli s&nbsp;Pannou Mari\u00ed, od t\u00e9 noci jsem m\u011bla v&nbsp;du\u0161i klid, u\u017e jsem se v\u016fbec neb\u00e1la a Panna Maria se stala moj\u00ed miluj\u00edc\u00ed Maminkou.<\/p>\n\n\n\n<p><strong>Pak p\u0159i\u0161lo man\u017eelstv\u00ed a sedm d\u011bt\u00ed\u2026<\/strong><\/p>\n\n\n\n<p>Ve sv\u00fdch sedmn\u00e1cti letech jsem poznala sv\u00e9ho nyn\u011bj\u0161\u00edho man\u017eela Miroslava Sebastiana a m\u016fj duchovn\u00ed \u017eivot nabral \u010derstv\u00fd v\u00edtr do plachet. Po p\u00e1r letech \u201erand\u011bn\u00ed\u201c jsme po\u017e\u00e1dali na\u0161eho zpov\u011bdn\u00edka bratra kapuc\u00edna, jestli by n\u00e1s mohl p\u0159ipravit na sv\u00e1tost man\u017eelstv\u00ed. B\u011bhem t\u011bchto dvou let p\u0159\u00edpravy n\u00e1s za\u010dalo p\u0159itahovat franti\u0161k\u00e1nstv\u00ed, ale nejbli\u017e\u0161\u00ed spole\u010denstv\u00ed bylo v&nbsp;Plzni. Za\u010dali jsme hospoda\u0159it a bylo t\u011b\u017ek\u00e9 do Plzn\u011b doj\u00ed\u017ed\u011bt. Kapuc\u00edni byli na\u0161imi bl\u00edzk\u00fdmi p\u0159\u00e1teli a n\u00e1\u0161 \u017eivot byl s&nbsp;nimi velmi spjat. Bylo pro m\u011b velikou radost\u00ed, kdy\u017e jsem stihla slo\u017eit \u0159eholn\u00ed sliby 4. \u0159\u00edjna 2014 a hned na to 10. \u0159\u00edjna 2014 n\u00e1m P\u00e1n po\u017eehnal na\u0161\u00edm \u010dtvrt\u00fdm d\u011b\u0165\u00e1tkem, &nbsp;Ani\u010dkou.<\/p>\n\n\n\n<p><strong>Jak se da\u0159\u00ed velk\u00e9 rodin\u011b na farm\u011b?<\/strong><\/p>\n\n\n\n<p>Dnes u\u017e m\u00e1me s&nbsp;Mirkem &nbsp;sedm d\u011bt\u00ed. Jmenuj\u00ed se: Ka\u010dka(2008), Eli\u0161ka (2010), Honz\u00edk (2013), Ani\u010dka (2014), Jos\u00edfek (2017), Franti\u0161ek(2021) a Jakoubek (2022). Ka\u010dka a Eli\u0161ka u\u017e pom\u00e1haj\u00ed v s\u00fdr\u00e1rn\u011b. Honz\u00edk u\u017e chod\u00ed s ta\u0165kou na hospod\u00e1\u0159stv\u00ed. Jinak v\u0161ichni d\u011bti pom\u00e1haj\u00ed se d\u0159evem, zah\u00e1n\u00ed a vyh\u00e1n\u00ed kr\u00e1vy, hl\u00eddaj\u00ed Franti\u0161ka a zapojuj\u00ed se s pracemi v dom\u00e1cnosti. V\u0161ichni moc r\u00e1di va\u0159\u00ed. Pro mnoho lid\u00ed jsme trochu exoti\u010dt\u00ed v&nbsp;dne\u0161n\u00ed dob\u011b. Bez pomoci \u0161ir\u0161\u00ed rodiny se neobejdeme.<\/p>\n\n\n\n<p>Oba t\u00e1tov\u00e9 n\u00e1m pom\u00e1hali p\u0159i bo\u0159en\u00ed domu 2012 a pak pozd\u011bji Katky otec pom\u00e1hal va\u0159it a prod\u00e1vat v&nbsp;s\u00fdr\u00e1rn\u011b. Dnes &nbsp;u\u017e jen p\u0159\u00edle\u017eitostn\u011b (kdy\u017e je nutnost) si jede &#8222;u\u017e\u00edt&#8220; na trh (je mu tam mezi lidmi dob\u0159e). M\u00edrovo otec se zapojil do prac\u00ed kolem dobytka&nbsp; a dodnes v tom pokra\u010duje. V\u011bt\u0161inou doj\u00ed ve\u010der a o sobot\u011b ho vyst\u0159\u00edd\u00e1 M\u00edrovo bratr Radek, proto\u017ee M\u00edra je na trhu. V ned\u011bli zase my a d\u011bda.<\/p>\n\n\n\n<p>Velmi si v\u00e1\u017e\u00edme Bo\u017e\u00ed pomoci. &nbsp;Na\u0161e hospoda\u0159en\u00ed je pod z\u00e1\u0161titou svat\u00e9ho Franti\u0161ka a v&nbsp;logu m\u00e1me Tau. &nbsp;Modl\u00edme se za lidi, kte\u0159\u00ed k&nbsp;n\u00e1m chod\u00ed a sv\u00fdm \u017eivotem sv\u011bd\u010d\u00edme o na\u0161\u00ed v\u00ed\u0159e a franti\u0161k\u00e1nstv\u00ed. To je na\u0161e evangelizace. Jsem Bohu vd\u011b\u010dn\u00e1, za na\u0161e spole\u010denstv\u00ed a bratry kapuc\u00edny, kte\u0159\u00ed jsou n\u00e1m velikou oporou.<\/p>\n\n\n\n<p><strong>Jak bys popsala radosti i strasti podnik\u00e1n\u00ed?<\/strong><\/p>\n\n\n\n<p>N\u00e1\u0161 \u017eivot pova\u017eujeme s&nbsp;Mirkem za na\u0161\u00ed \u0159eholi. S man\u017eelem jsme byli naposledy na opravdov\u00e9 dovolen\u00e9 v zim\u011b 2007 a od t\u00e9 doby jsme na hospod\u00e1\u0159stv\u00ed a m\u00e1me d\u011bti. R\u00e1no &#8211; ve\u010der dojen\u00ed, kde jsme nezbytn\u00ed, a jeliko\u017e jsme za\u010d\u00ednali z ni\u010deho, po\u0159\u00e1d ve\u0161ker\u00e9 finance investujeme do podnik\u00e1n\u00ed. \u017dijeme skromn\u011b&nbsp; a od roku 2005 t\u00e9m\u011b\u0159 \u00fapln\u011b \u017eijeme spol\u00e9h\u00e1n\u00edm se na Bo\u017e\u00ed proz\u0159etelnost. D\u00edky tomu, jsme tak\u00e9 pochopili d\u016fle\u017eitost des\u00e1tk\u016f. V tomto ohledu jsme za\u017eili mnoho z\u00e1zrak\u016f, dobrodru\u017estv\u00ed a i nap\u011bt\u00ed do posledn\u00ed minuty, nap\u0159. spl\u00e1tky, na kterou jsme nem\u011bli. Podpora na\u0161ich p\u0159\u00e1tel z&nbsp;farnosti. Je to n\u00e1ro\u010dn\u00e9, u\u010d\u00ed n\u00e1s to poko\u0159e, ale spol\u00e9h\u00e1n\u00ed se na P\u00e1na, n\u00e1s st\u00e1le udr\u017euje v \u017eiv\u00e9 v\u00ed\u0159e a jsme velice vd\u011b\u010dni Bohu za jeho nesm\u00edrn\u00e9 po\u017eehn\u00e1n\u00ed. Modl\u00edme se a jsme vd\u011b\u010dni za v\u0161echny lidi, co n\u00e1m pom\u00e1haj\u00ed jak modlitbou nebo prakticky a p\u0159ejeme jim, aby jim to P\u00e1n odm\u011bnil \u017eivotem v\u011b\u010dn\u00fdm.&nbsp;<\/p>\n\n\n\n<h1 class=\"wp-block-heading\"><strong>Mirek Melcher star\u0161\u00ed &#8211; &nbsp;otec &nbsp;Mirka Melchera ml.<\/strong><\/h1>\n\n\n\n<p><strong>Mohl bys p\u0159ibl\u00ed\u017eit tv\u016fj vstup do Sekul\u00e1rn\u00edho franti\u0161k\u00e1nsk\u00e9ho \u0159\u00e1du?<\/strong><\/p>\n\n\n\n<p>Kdy\u017e se m\u00e1m zamyslet nad t\u00edm co mne p\u0159ivedlo ke vstupu do SF\u0158 pak mus\u00edm vzpomenout na to situaci, kdy\u017e za mnou p\u0159i\u0161el m\u016fj syn M\u00edra a \u0159ekl, \u017ee chce vstoupit do SF\u0158. Tehdy jsem o tom za\u010dal poprv\u00e9 p\u0159em\u00fd\u0161let.. Znal jsem bratry z kl\u00e1\u0161tera v Su\u0161ici a dost \u010dasto jsme se nav\u0161t\u011bvovali. Tehdy zde byla parta kolem bratra Franti\u0161ka OFMCap &nbsp;a v\u0161ichni mi byli velmi bl\u00edzc\u00ed. Za\u010dal jsem hloub\u011bji p\u0159em\u00fd\u0161let v \u010dem vlastn\u011b spo\u010d\u00edv\u00e1 jejich spiritualita, proto\u017ee se mi zd\u00e1lo, \u017ee jsou to naprosto norm\u00e1ln\u00ed lid\u00e9, kte\u0159\u00ed \u017eij\u00ed opravdov\u00fd&nbsp; \u017eivot, jen se od n\u00e1s li\u0161\u00ed oble\u010den\u00edm a t\u00edm, \u017ee bydl\u00ed v kl\u00e1\u0161te\u0159e. Potom bratr <img loading=\"lazy\" decoding=\"async\" width=\"242\" height=\"212\" src=\"\" alt=\"Mirek a V\u011brka Melcherovi - prarodi\u010de.jpg\">Franti\u0161ek ode\u0161el a spolu s n\u00edm jeho spole\u010dn\u00edci a p\u0159i\u0161el bratr Seraf\u00edn OFMcap. Ten se rozhodl, \u017ee zalo\u017e\u00ed m\u00edstn\u00ed bratrsk\u00e9 spole\u010denstv\u00ed v Su\u0161ici a to byl pro mne sign\u00e1l, \u017ee i j\u00e1 m\u00e1m zkusit, jestli to nen\u00ed cesta pro mne. Franti\u0161k\u00e1nsk\u00e1 spiritualita mi byla bl\u00edzk\u00e1 svoj\u00ed radostnost\u00ed a p\u0159\u00edmost\u00ed p\u0159ij\u00edm\u00e1n\u00ed evangelia. A tak jsem byl u toho, kdy\u017e n\u00e1s za\u010dal formovat bratr Lubo\u0161 Kolafa z N\u00e1rodn\u00ed rady SF\u0158. Potom jsem, spolu s dal\u0161\u00edmi, v\u010detn\u011b m\u00e9 man\u017eelky V\u011brky a m\u00e9ho syna Miroslava s&nbsp;man\u017eelkou Katkou, slo\u017eil v\u011b\u010dn\u00e9 sliby. Jak \u0161el \u010das tak st\u00e1le v\u00edce ch\u00e1pu, \u017ee to byla pro mne velmi \u0161\u0165astn\u00e1 volba. M\u011bl mo\u017enost poznat &nbsp;jak v \u017eivot\u011b p\u016fsob\u00ed Duch svat\u00fd. Pochopil jsem, \u017ee mne B\u016fh zavolal do slu\u017eby. Zpo\u010d\u00e1tku jsem to nech\u00e1pal, ale odevzdal jsem mu to a on mne za\u010dal v\u00e9st. Tak mi umo\u017enil, abych mohl neust\u00e1le \u017easnout nad kr\u00e1sou&nbsp; stvo\u0159en\u00ed a velikost\u00ed na\u0161eho Boha.<\/p>\n\n\n\n<p><strong>Na prvn\u00ed i druh\u00e9 volebn\u00ed kapitule jsi byl zvolen form\u00e1tkem. Jak jsi slu\u017ebu form\u00e1tora pro\u017e\u00edval?<\/strong><\/p>\n\n\n\n<p>Zam\u011b\u0159il jsem se na osobn\u00ed kontakt mezi mnou a&nbsp; t\u011bmi, kter\u00e9 jsem formoval. Hledal jsem, co by bylo pro n\u011b z&nbsp;bohat\u00e9ho forma\u010dn\u00edho materi\u00e1lu u\u017eite\u010dn\u00e9. Zam\u011b\u0159il jsem se na vz\u00e1jemnou d\u016fv\u011bru a l\u00e1sku ve spole\u010denstv\u00ed. Mysl\u00edm, \u017ee pokud se toto da\u0159\u00ed, spole\u010denstv\u00ed funguje. Ve spole\u010denstv\u00ed pot\u0159ebujeme charizmatick\u00e9 lidi. Lidi napojen\u00e9 na Ducha Svat\u00e9ho. Lidi, kte\u0159\u00ed se nechaj\u00ed Duchem v\u00e9st. Jen\u017ee to se &nbsp;ned\u00e1 &nbsp;nau\u010dit, to se d\u00e1 jen vymodlit a p\u016fsoben\u00edm &nbsp;sv\u00fdm p\u0159\u00edkladem. Trochu mi jako \u0159\u00e1dov\u00e9mu \u010dlenu SF\u0158 chyb\u00ed kontakt s&nbsp;okoln\u00edmi MBS. \u017dijeme v&nbsp;oblasti, kde jsme v&nbsp;podstat\u011b sami. Do Plzn\u011b je to 80 km. Do Sokolova 185 km. Do Prahy 165 Km. Do Jind\u0159ichova Hradce 140 Km. Nev\u00edm jak za\u0159\u00eddit, abychom byli \u010dast\u011bji v&nbsp;kontaktu s&nbsp;ostatn\u00edmi a s&nbsp;N\u00e1rodn\u00ed radou. Krom\u011b setk\u00e1n\u00edch kter\u00e9 n\u00e1rodn\u00ed rada pl\u00e1nuje. Mysl\u00edm si toti\u017e, \u017ee budoucnost \u0159\u00e1du &nbsp;je z\u00e1visl\u00e1 na \u010dast\u00e9 &nbsp;komunikaci a na osobn\u00edch setk\u00e1v\u00e1n\u00ed.<\/p>\n\n\n\n<p>Na z\u00e1v\u011br kontakty:<\/p>\n\n\n\n<p>Se souhlasem farm\u00e1\u0159\u016f jsme vlo\u017eil i kontakty. Mo\u017en\u00e1 se budete cht\u00edt zeptat na n\u011bco p\u0159\u00edmo. Mo\u017en\u00e1 ti co maj\u00ed podobn\u00e9 starosti se ozvou pro povzbuzen\u00ed\u2026<\/p>\n\n\n\n<p><a href=\"mailto:melchermiroslav@seznam.cz\">melchermiroslav@seznam.cz<\/a>&nbsp;&nbsp; film o farm\u011b najde\u0161 zde : <a href=\"https:\/\/www.youtube.com\/watch?v=e9m87DGSgnc\">https:\/\/www.youtube.com\/watch?v=e9m87DGSgnc<\/a><\/p>\n\n\n\n<p>Mirek Melcher : 728 477&nbsp;622, Katka Melcherov\u00e1: 728 817&nbsp;271<\/p>\n\n\n\n<p><em>Sestavil Lubo\u0161 Kolafa OFS z Plzn\u011b<\/em><\/p>\n\n\n\n<figure class=\"wp-block-gallery has-nested-images columns-default is-cropped wp-block-gallery-1 is-layout-flex wp-block-gallery-is-layout-flex\">\n<figure class=\"wp-block-image size-large is-style-rounded\"><img decoding=\"async\" data-id=\"9874\" src=\"data:image\/gif;base64,R0lGODlhAQABAAAAACH5BAEKAAEALAAAAAABAAEAAAICTAEAOw==\" data-layzr=\"https:\/\/www.frantiskani.cz\/wp-content\/uploads\/2024\/11\/P1031972-1024x769.jpg\" alt=\"\" class=\"wp-image-9874\"\/><\/figure>\n\n\n\n<figure class=\"wp-block-image size-large is-style-rounded\"><img decoding=\"async\" data-id=\"9875\" src=\"data:image\/gif;base64,R0lGODlhAQABAAAAACH5BAEKAAEALAAAAAABAAEAAAICTAEAOw==\" data-layzr=\"https:\/\/www.frantiskani.cz\/wp-content\/uploads\/2024\/11\/P1031977-1024x769.jpg\" alt=\"\" class=\"wp-image-9875\"\/><\/figure>\n\n\n\n<figure class=\"wp-block-image size-large is-style-rounded\"><img decoding=\"async\" data-id=\"9872\" src=\"data:image\/gif;base64,R0lGODlhAQABAAAAACH5BAEKAAEALAAAAAABAAEAAAICTAEAOw==\" data-layzr=\"https:\/\/www.frantiskani.cz\/wp-content\/uploads\/2024\/11\/reklama-Melcher-Tau.jpg\" alt=\"\" class=\"wp-image-9872\"\/><\/figure>\n<\/figure>\n\n\n\n<figure class=\"wp-block-gallery has-nested-images columns-default is-cropped wp-block-gallery-2 is-layout-flex wp-block-gallery-is-layout-flex\">\n<figure class=\"wp-block-image size-large\"><img decoding=\"async\" data-id=\"9873\" src=\"data:image\/gif;base64,R0lGODlhAQABAAAAACH5BAEKAAEALAAAAAABAAEAAAICTAEAOw==\" data-layzr=\"https:\/\/www.frantiskani.cz\/wp-content\/uploads\/2024\/11\/Mirek-a-Verka-Melcherovi-prarodice.jpg\" alt=\"\" class=\"wp-image-9873\"\/><\/figure>\n\n\n\n<figure class=\"wp-block-image size-large\"><img decoding=\"async\" data-id=\"9871\" src=\"data:image\/gif;base64,R0lGODlhAQABAAAAACH5BAEKAAEALAAAAAABAAEAAAICTAEAOw==\" data-layzr=\"https:\/\/www.frantiskani.cz\/wp-content\/uploads\/2024\/11\/Mirek-na-Farme.png\" alt=\"\" class=\"wp-image-9871\"\/><\/figure>\n\n\n\n<figure class=\"wp-block-image size-large\"><img decoding=\"async\" data-id=\"9870\" src=\"data:image\/gif;base64,R0lGODlhAQABAAAAACH5BAEKAAEALAAAAAABAAEAAAICTAEAOw==\" data-layzr=\"https:\/\/www.frantiskani.cz\/wp-content\/uploads\/2024\/11\/Mirek-Melcher-ml-v-syrarne-1024x576.jpg\" alt=\"\" class=\"wp-image-9870\"\/><\/figure>\n<\/figure>\n","protected":false},"featured_media":9869,"menu_order":0,"template":"","class_list":["post-9867","team","type-team","status-publish","has-post-thumbnail","hentry","latest_post"],"_links":{"self":[{"href":"https:\/\/www.frantiskani.cz\/index.php\/wp-json\/wp\/v2\/team\/9867","targetHints":{"allow":["GET"]}}],"collection":[{"href":"https:\/\/www.frantiskani.cz\/index.php\/wp-json\/wp\/v2\/team"}],"about":[{"href":"https:\/\/www.frantiskani.cz\/index.php\/wp-json\/wp\/v2\/types\/team"}],"wp:featuredmedia":[{"embeddable":true,"href":"https:\/\/www.frantiskani.cz\/index.php\/wp-json\/wp\/v2\/media\/9869"}],"wp:attachment":[{"href":"https:\/\/www.frantiskani.cz\/index.php\/wp-json\/wp\/v2\/media?parent=9867"}],"curies":[{"name":"wp","href":"https:\/\/api.w.org\/{rel}","templated":true}]}}