{"id":9941,"date":"2024-08-01T18:54:16","date_gmt":"2024-08-01T16:54:16","guid":{"rendered":"https:\/\/www.frantiskani.cz\/?post_type=team&#038;p=9941"},"modified":"2024-11-29T18:55:47","modified_gmt":"2024-11-29T17:55:47","slug":"rodina-pachnerovych","status":"publish","type":"team","link":"https:\/\/www.frantiskani.cz\/index.php\/team\/rodina-pachnerovych\/","title":{"rendered":"Rodina Pachnerov\u00fdch ."},"content":{"rendered":"\n<h2 class=\"wp-block-heading\">Rozhovor pro slovensk\u00fd \u010dasopis Franti\u0161k\u00e1nsk\u00e1 rodina vedl Marek Vil\u00edmek OFM<\/h2>\n\n\n\n<p><a href=\"https:\/\/www.frantiskani.cz\/index.php\/team\/rodina-pachnerovych\/\">cel\u00fd \u010dl\u00e1nek ZDE<\/a><\/p>\n\n\n\n<p>Mil\u00ed brat\u0159i a sestry, ned\u00e1vno m\u011b oslovil Lubo\u0161 Kolafa, bratr z na\u0161eho MBS Plze\u0148, abych n\u011bco o sob\u011b napsala. N\u011bco do va\u0161eho \u010dasopisu Franti\u0161k\u00e1nsk\u00e1 rodina o \u010desk\u00fdch terci\u00e1\u0159\u00edch a o sv\u00e9 rodin\u011b..<\/p>\n\n\n\n<p>Jmenuji se Jana Pachnerov\u00e1 a jsem z na\u0161eho MBS Plze\u0148. Poch\u00e1z\u00edm z Plzn\u011b, narodila jsem se v roce 1959. Ale abych nemluvila sama za sebe, pozvala jsem ke spolupr\u00e1ci bratra Marka Vil\u00edmka, OFM, z farnosti brat\u0159\u00ed franti\u0161k\u00e1n\u016f Plze\u0148 &#8211; Severn\u00ed P\u0159edm\u011bst\u00ed. Ten se m\u011b zeptal na n\u00e1sleduj\u00edc\u00ed:<\/p>\n\n\n\n<p><strong>Jano, jak ses vlastn\u011b poprv\u00e9 setkala s franti\u0161k\u00e1nskou rodinou? Tv\u00ed rodi\u010de byli tak\u00e9 terci\u00e1\u0159i, nebo jsi k tomu p\u0159i\u0161la po \u201cvlastn\u00edch cest\u00e1ch\u201d?A jak\u00e1 vlastn\u011b byla Tv\u00e1 v\u00fdchova?<\/strong><\/p>\n\n\n\n<p>Jsem jedin\u00e1\u010dek,moji rodi\u010de, maminka u\u010ditelka a tat\u00ednek zem\u011bd\u011blsk\u00fd in\u017een\u00fdr, se v m\u00fdch \u0161esti letech rozvedli. Oba byli katol\u00edci, ale man\u017eelsk\u00fd svazek prost\u011b neunesli. Dal\u0161\u00ed man\u017eelsk\u00fd svazek ale ani jeden z nich neuzav\u0159eli.<\/p>\n\n\n\n<p>&nbsp;S v\u00edrou mne nejv\u00edc seznamovala babi\u010dka Marie z tat\u00ednkovy strany, m\u011bla hodn\u011b modlitebn\u00edch kn\u00ed\u017eek a svat\u00fdch obr\u00e1zk\u016f. Tak\u00e9 jsme spolu s n\u00ed a rodi\u010di jezdili na pout\u011b ( Svat\u00e1 Hora, Vr\u0161\u00ed\u010dek, Vav\u0159ine\u010dek, Mari\u00e1nsk\u00e1 T\u00fdnice atd.) U\u010dila mne r\u016fzn\u00e9 modlitby, hlavn\u011b jsme se spolu modlily za rodi\u010de.<\/p>\n\n\n\n<p>Bydlela jsem s maminkou a ta byla velmi p\u0159\u00edsn\u00e1. Tat\u00ednka jsem m\u011bla na v\u00edkend, on pracoval mimo Plze\u0148. Ten byl vesel\u00fd a po\u0159\u00e1d jsme se spolu sm\u00e1li.<\/p>\n\n\n\n<p>Rodi\u010de mne vychov\u00e1vali ka\u017ed\u00fd po sv\u00e9m, maminka p\u0159\u00edsn\u011b, abych jako jedin\u00e1\u010dek nebyla rozmazlen\u00e1 a ned\u011blala j\u00ed ostudu, tat\u00ednek m\u00edrn\u011b, ten tvrdil, \u017ee jsem hodn\u00e1 dost.<\/p>\n\n\n\n<p><strong>Pod\u011bl\u00ed\u0161 se s n\u00e1mi o n\u011bjak\u00fd duchovn\u00ed pro\u017eitek \u010di zku\u0161enost z d\u011btstv\u00ed \u010di pozd\u011bj\u0161\u00edho v\u011bku, kter\u00fd byl pro Tebe d\u016fle\u017eit\u00fd nebo ur\u010duj\u00edc\u00ed?<\/strong><\/p>\n\n\n\n<p>Maminka n\u00e1hle zem\u0159ela, kdy\u017e mi bylo necel\u00fdch 22 let a j\u00e1 osam\u011bla, proto\u017ee tat\u00ednek byl zam\u011bstn\u00e1n daleko. Najednou jsem nev\u011bd\u011bla, jak se s jej\u00ed smrt\u00ed vyrovnat. Do kostela jsem sice chodila ka\u017edou ned\u011bli, ale nem\u011bla jsem nikoho z vrstevn\u00edk\u016f, s k\u00fdm bych se mohla o tom v\u0161em, co mne potkalo, a tak\u00e9 o v\u00ed\u0159e bavit. Byla to velmi t\u011b\u017ek\u00e1 doba m\u00e9ho \u017eivota.<\/p>\n\n\n\n<p>&nbsp;A\u017e mne jednou moje spolu\u017ea\u010dka pozvala na jejich \u201cspol\u010do\u201d a tam jsem na\u0161la sp\u0159\u00edzn\u011bn\u00e9 du\u0161e.<\/p>\n\n\n\n<p>&nbsp;Pak jsem se sezn\u00e1mila na vysok\u00e9 \u0161kole v Plzni se sv\u00fdm mu\u017eem Jaroslavem, kter\u00fd sice byl pok\u0159t\u011bn\u00fd, ale do kostela nechodil. Na sv\u00e1tost man\u017eelstv\u00ed n\u00e1s p\u0159ipravoval tehdy hodn\u011b zn\u00e1m\u00fd plze\u0148sk\u00fd arcid\u011bkan P. Kozl\u00edk. Svatbu jsme m\u011bli nap\u0159ed na radnici a pak teprve mohla b\u00fdt v kostele, jak to za komunist\u016f bylo. To byl rok 1981. Oba jsme pak ka\u017edou ned\u011bli chodili na n\u00e1m\u011bst\u00ed do kostela ke svat\u00e9mu Bartolom\u011bji. Postupn\u011b se n\u00e1m narodily 4 d\u011bti, syn Martin, dcera Lenka, dcera Marie a za 11 let po Marii nejmlad\u0161\u00ed Jan. To byl d\u00e1rek, u\u017e jsme ani ne\u010dekali takov\u00fd p\u0159\u00edr\u016fstek po \u010dty\u0159ic\u00edtce!<\/p>\n\n\n\n<p><strong>Jsi \u010dinn\u00e1 ve farnosti Plze\u0148 &#8211; Severn\u00ed P\u0159edm\u011bst\u00ed. Mohla bys pros\u00edm trochu popsat sv\u00e9 aktivity? A co T\u011b vlastn\u011b motivuje, abys takto slou\u017eila v r\u00e1mci farnosti? Jak\u00e9 jsou radosti a jak\u00e1 \u00faskal\u00ed t\u00e9to slu\u017eby?<\/strong><\/p>\n\n\n\n<p>V t\u00e9 dob\u011b za\u010daly na\u0161e t\u0159i d\u011bti vyhled\u00e1vat tak\u00e9 v\u011b\u0159\u00edc\u00ed vrstevn\u00edky a objevily je na Lochot\u00edn\u011b. V dome\u010dku brat\u0159\u00ed franti\u0161k\u00e1n\u016f, kde tehdy p\u016fsobili brat\u0159i franti\u0161k\u00e1ni Didak, Dominik a Juniper, (OFM), se sch\u00e1zela spol\u010da ml\u00e1de\u017ee a na\u0161e d\u011bti se tam usadily. V ned\u011bli hr\u00e1ly v lochot\u00ednsk\u00e9m pavilonku, kde se slou\u017eily m\u0161e svat\u00e9, proto\u017ee Lochot\u00edn nem\u011bl sv\u016fj kostel, a v t\u00fddnu chodily do dome\u010dku na spol\u010da. Za\u010dali jsme do lochot\u00ednsk\u00e9ho pavilonku s man\u017eelem a na\u0161\u00edm nejmlad\u0161\u00edm synem chodit tak\u00e9, abychom byli v ned\u011bli v\u0161ichni spolu. Sch\u00e1zelo se tam hodn\u011b rodin s v\u00edce d\u011btmi, a tak jsme se tam s nimi sezn\u00e1mili, jezdili s nimi na farn\u00ed dovolen\u00e9, nejv\u00edce do Horn\u00ed Blatn\u00e9, a tr\u00e1vili s nimi voln\u00fd \u010das. Volejbal se hr\u00e1l v pronajat\u00e9 t\u011blocvi\u010dn\u011b, fotbal pro d\u011bti, v pavilonku byly farn\u00ed ve\u010dery pro d\u011bti i dosp\u011bl\u00e9 atd.<\/p>\n\n\n\n<p>\u010cas plynul v rychl\u00e9m tempu, chyb\u011bly n\u00e1m babi\u010dky, proto\u017ee m\u016fj mu\u017e, tak\u00e9 jedin\u00e1\u010dek, p\u0159i\u0161el o maminku brzy stejn\u011b jako j\u00e1. Nav\u00edc jsem se starala o tetu, sestru m\u00e9 maminky, kter\u00e1 byla posti\u017een\u00e1 a pozd\u011bji upout\u00e1na na invalidn\u00ed voz\u00edk. To u\u017e maminka ne\u017eila.<\/p>\n\n\n\n<p>V dome\u010dku jsem za\u010dala u\u010dit n\u00e1bo\u017eenstv\u00ed, kdy\u017e byly Honz\u00edkovi 3 roky, pozd\u011bji jsem tam vedla i sbore\u010dek d\u011bt\u00ed mlad\u0161\u00edho \u0161koln\u00edho v\u011bku. V p\u00e1tek jsem chodila do dome\u010dku na r\u016f\u017eenec, pom\u00e1hala jsem v\u00e9st duchovn\u00ed obnovy pro \u017eeny a byla i sou\u010d\u00e1st\u00ed skupiny anim\u00e1tor\u016f d\u011bt\u00ed i ml\u00e1de\u017ee. Kdy\u017e to tak po\u010d\u00edt\u00e1m, u\u017e tyto moje aktivity ve farnosti trvaj\u00ed dobr\u00fdch 18 let. V\u00edd\u00e1m se s dosp\u011bl\u00fdmi, kte\u0159\u00ed ke mn\u011b chodili jako d\u011bti na n\u00e1bo\u017eko. Tak\u00e9 jsem p\u0159ipravovala d\u011bti ve v\u011bku 8 a 9 let na 1. svat\u00e9 p\u0159ij\u00edm\u00e1n\u00ed. P\u00e1n mi dal tu milost, abych p\u0159ed\u00e1vala v\u00edru, tak se o to sna\u017e\u00edm.<\/p>\n\n\n\n<p>Slou\u017e\u00edm i jako hudebn\u00ed doprovod p\u0159i ned\u011bln\u00edch m\u0161\u00edch spole\u010dn\u011b s m\u00fdm man\u017eelem a nejmlad\u0161\u00edm synem te\u010f u\u017e v kostele V\u0161ech svat\u00fdch na Roudn\u00e9. Ve farnosti jsme r\u00e1di.<\/p>\n\n\n\n<p>Slu\u017eba d\u011btem mi st\u00e1le p\u016fsob\u00ed radost, n\u011bkdy jsou ale tak\u00e9 vid\u011bt rozd\u00edly v jejich v\u00fdchov\u011b oproti d\u0159\u00edv\u011bj\u0161ku a snahy rodi\u010d\u016f zam\u011bstnat d\u011bti v r\u016fzn\u00fdch krou\u017ec\u00edch mimo \u0161kolu, tak\u017ee je n\u00e1bo\u017eenstv\u00ed potom sp\u00ed\u0161e \u201cpopelkou\u201d a rodi\u010de vyt\u00ed\u017een\u00fdmi \u0161of\u00e9ry. S d\u011btmi tak\u00e9 zp\u00edv\u00e1m a vedu d\u011btskou sch\u00f3li\u010dku. V p\u00e1tek jsem s maminkami na dopoledn\u00edm r\u016f\u017eenci.<\/p>\n\n\n\n<p><strong>Jak bys popsala va\u0161e plze\u0148sk\u00e9 spole\u010denstv\u00ed sekul\u00e1rn\u00edch franti\u0161k\u00e1n\u016f?<\/strong><\/p>\n\n\n\n<p>Kdy\u017e mi bylo 50 let a star\u0161\u00ed d\u011bti odr\u016fstaly, c\u00edtila jsem, \u017ee bych cht\u011bla je\u0161t\u011b n\u011bco v\u00edc ne\u017e jen to, co d\u011bl\u00e1m a \u010d\u00edm \u017eiji. N\u011bjak\u00fd \u0159\u00e1d, kter\u00fd by mi pomohl v t\u011bch denn\u00edch povinnostech trochu zastavit a spo\u010dinout u Boha. A tak mne bratr Bartolom\u011bj, OFM, kter\u00fd byl tehdy duchovn\u00edm asistentem terci\u00e1\u0159\u016f v Plzni, k nim poslal. Tam pr\u00fd najdu to, co hled\u00e1m, dobr\u00e9 lidi a \u0159\u00e1d. Tak jsem do spole\u010denstv\u00ed p\u0159i\u0161la a ujala se mne tehdej\u0161\u00ed ministryn\u011b Pavla \u017den\u00ed\u0161kov\u00e1. Do novici\u00e1tu jsem vstoupila 15.9.2010 a o rok pozd\u011bji 15.9.2011 jsem slo\u017eila profesn\u00ed slib. Kdy\u017e jsem slo\u017eila profesn\u00ed slib, myslela jsem, \u017ee se v\u0161echno zm\u011bn\u00ed k lep\u0161\u00edmu a v\u0161ichni \u010dlenov\u00e9 m\u00e9 rodiny p\u016fjdou tak\u00e9 k terci\u00e1\u0159\u016fm. Ale ono nic, nestalo se k m\u00e9mu p\u0159ekvapen\u00ed nic, nikoho m\u016fj vstup k terci\u00e1\u0159\u016fm z rodiny neoslovil. To bylo pro mne velk\u00e9 zklam\u00e1n\u00ed a t\u011b\u017ece jsem to nesla. \u0158\u00edkala jsem si: \u201c Copak to nikoho neoslov\u00ed, takov\u00e9 kr\u00e1sn\u00e9 my\u0161lenky svat\u00e9ho Franti\u0161ka z Assisi? A \u017e\u00edt tyhle jeho ide\u00e1ly!\u201d A do\u010dkala jsem se, oslovily sou\u010dasn\u00e9ho pape\u017ee Franti\u0161ka v roce 2013.<\/p>\n\n\n\n<p>Na\u0161e bratrsk\u00e9 spole\u010denstv\u00ed se sch\u00e1z\u00ed dvakr\u00e1t do m\u011bs\u00edce, jednou 1. \u00fater\u00fd v m\u011bs\u00edci, kdy m\u00e1me tzv. modlitebn\u00ed spole\u010denstv\u00ed, a pak 3. \u00fater\u00fd v m\u011bs\u00edci, kdy se sch\u00e1z\u00edme v\u0161ichni na tzv. velk\u00e9m setk\u00e1n\u00ed. Setk\u00e1n\u00ed za\u010d\u00edn\u00e1me v kostele adorac\u00ed, pak m\u0161\u00ed svatou a ne\u0161porami, pak jdeme do farn\u00edho s\u00e1lu, kde se sd\u00edl\u00edme a \u0159e\u0161\u00edme r\u016fzn\u00e9 z\u00e1le\u017eitosti, domlouv\u00e1me spole\u010dn\u011b n\u00e1v\u0161t\u011bvy nemocn\u00fdch, terci\u00e1\u0159sk\u00e9 pout\u011b, v\u00fdstavy atd.<\/p>\n\n\n\n<p>M\u00e1me i vlastn\u00ed m\u011bs\u00ed\u010dn\u00edk, kter\u00fd se jmenuje Terci\u00e1\u0159sk\u00e9 listy. Je mo\u017en\u00e9 si ho \u010d\u00edst i na webov\u00fdch str\u00e1nk\u00e1ch na\u0161eho spole\u010denstv\u00ed. V sou\u010dasn\u00e9 dob\u011b m\u00e1me 26 \u010dlen\u016f na\u0161eho MBS.I v tomto spole\u010denstv\u00ed jsem velmi r\u00e1da.<\/p>\n\n\n\n<p><strong>Co pro Tebe znamen\u00e1 b\u00fdt form\u00e1torkou novic\u016f?<\/strong><\/p>\n\n\n\n<p>Ji\u017e 4. rokem p\u016fsob\u00edm v na\u0161em MBS jako form\u00e1torka novic\u016f, tzv. novicmistrov\u00e1. Velmi si v\u00e1\u017e\u00edm toho, \u017ee mi dali brat\u0159i a sestry d\u016fv\u011bru k t\u00e9to slu\u017eb\u011b. B\u011bhem t\u011bchto necel\u00fdch 4 let slo\u017eilo profesn\u00ed sliby 5 nov\u00fdch \u010dlen\u016f na\u0161eho MBS, v sou\u010dasn\u00e9 dob\u011b p\u0159ipravuji 2 dal\u0161\u00ed. Se z\u00e1jemci o novici\u00e1t se sch\u00e1z\u00edm jednou do m\u011bs\u00edce, prob\u00edr\u00e1me formaci, modl\u00edme se i sd\u00edl\u00edme. Oni se u\u010d\u00ed ode mne a j\u00e1 zase od nich. I pro mne jsou setk\u00e1n\u00ed s nimi obohacuj\u00edc\u00ed. Z\u00e1rove\u0148 se mus\u00edm vzd\u011bl\u00e1vat, 3 roky jsem doj\u00ed\u017ed\u011bla do Prahy na Institut franti\u0161k\u00e1nsk\u00fdch studi\u00ed a ve vzd\u011bl\u00e1v\u00e1n\u00ed pokra\u010duji st\u00e1le i soukrom\u011b.<\/p>\n\n\n\n<p><strong>Plze\u0148sk\u00e1 diec\u00e9ze letos zah\u00e1jila Diec\u00e9zn\u00ed synodu. Jak Ty vlastn\u011b vn\u00edm\u00e1\u0161 sou\u010dasnou c\u00edrkev? Je n\u011bco, co by se podle Tebe v c\u00edrkvi m\u011blo zm\u011bnit, a je n\u011bco, co bys naopak rozhodn\u011b nem\u011bnila?<\/strong><\/p>\n\n\n\n<p>Diec\u00e9zn\u00ed synodu vn\u00edm\u00e1m s nad\u011bj\u00ed, \u017ee m\u016f\u017ee b\u00fdt cestou ke zm\u011bn\u00e1m k lep\u0161\u00edmu v na\u0161\u00ed katolick\u00e9, 2000 let star\u00e9 c\u00edrkvi, cestou ke zlep\u0161en\u00ed na\u0161ich vztah\u016f s ostatn\u00edmi, \u201cmlad\u0161\u00edmi\u201d c\u00edrkvemi, reakc\u00ed na zm\u011bny, kter\u00e9 doba p\u0159inesla \u2013 aggiornamento. C\u00edrkev se m\u00e1 sna\u017eit p\u0159ij\u00edmat mezi sebe nov\u00e9 lidi, kte\u0159\u00ed zat\u00edm v\u00e1haj\u00ed a nejsou je\u0161t\u011b pok\u0159t\u011bni, sna\u017eit se je zapojit. Ale zapojit se mus\u00ed v\u00edc i ti, co jsou sou\u010d\u00e1st\u00ed c\u00edrkve, j\u00e1 bych \u0159ekla, hlavn\u011b ml\u00e1de\u017e. Ta mnohdy nev\u00ed, \u010d\u00edm m\u016f\u017ee b\u00fdt u\u017eite\u010dn\u00e1, a tak rad\u011bji stoj\u00ed opod\u00e1l. Anebo kritizuje, \u017ee to \u010di ono je zastaral\u00e9, m\u0161e p\u0159\u00edli\u0161 dlouh\u00e9, m\u00e1lo sportu, sam\u00e9 pov\u00edd\u00e1n\u00ed a moc akc\u00ed.<\/p>\n\n\n\n<p>&nbsp;A tak\u00e9 m\u00edt za sv\u011b\u0159en\u00e9 v\u011bci odpov\u011bdnost. Ne\u010dekat, \u017ee kdy\u017e n\u011bco neud\u011bl\u00e1m, ud\u011bl\u00e1 to n\u011bkdo jin\u00fd. J\u00e1 osobn\u011b bych tak\u00e9 ubrala na mno\u017estv\u00ed z\u00e1pis\u016f a porad o v\u0161em mo\u017en\u00e9m. Zestru\u010dnit a zjednodu\u0161it v\u0161e, o \u010dem se mluv\u00ed. N\u011bkdy z\u00e1pisy a porady zaberou tolik \u010dasu, \u017ee u\u017e se ani nev\u00ed, jak\u00e1 byla p\u016fvodn\u00ed my\u0161lenka. P\u0159esto si mysl\u00edm, \u017ee na\u0161e c\u00edrkev m\u00e1 sv\u00e9 v\u00fdhody, a t\u011bmi jsou hlavn\u011b sv\u00e1tosti. Ty v ostatn\u00edch c\u00edrkv\u00edch chyb\u00ed. J\u00e1 jsem ve sv\u00e9 c\u00edrkvi spokojen\u00e1 a nem\u011bnila bych. A potom &#8211; ka\u017ed\u00fd mus\u00ed tak\u00e9 m\u00edt snahu zm\u011bnit k lep\u0161\u00edmu s\u00e1m sebe!<\/p>\n\n\n\n<p><strong>Cel\u00e1 Tv\u00e1 rodina je hudebn\u011b obda\u0159ena\u2026Mohla bys k tomu n\u011bco \u0159\u00edct?<\/strong><\/p>\n\n\n\n<p>&nbsp;Kdy\u017e na\u0161e d\u011bti cvi\u010dily doma na hudebn\u00ed n\u00e1stroje, klav\u00edr, housle, kytaru, odch\u00e1zela jsem z bytu, aby mi nepopraskaly bub\u00ednky. Dcera Marie zal\u00e9vala povrch housl\u00ed vydatn\u00fdmi slzami, syn Martin se vztekal, kdy\u017e hr\u00e1l na housle, dcera Lenka cvi\u010dila na klav\u00edr a\u017e moc. Te\u010f u\u017e hraje doma jen nejmlad\u0161\u00ed syn Honza na akordeon nebo klav\u00edr. To u\u017e se d\u00e1 vydr\u017eet. J\u00e1 sama chodila do hudebn\u00ed \u0161koly na klav\u00edr a zp\u011bv 10 let a m\u016fj mu\u017e na akordeon, s\u00e1m se nau\u010dil na kytaru.<\/p>\n\n\n\n<p>Te\u010f u\u017e my rodi\u010de hrajeme h\u016f\u0159 ne\u017e na\u0161e d\u011bti, dcery vystudovaly konzervato\u0159 a vysok\u00e9 um\u011bleck\u00e9 \u0161koly, syn Martin dokonce skl\u00e1d\u00e1 sv\u00e9 vlastn\u00ed kytarov\u00e9 skladby, syn Honza je tak\u00e9 \u0161ikovn\u00fd. Nad\u00e1n\u00ed maj\u00ed od Boha a tak\u00e9 ho pod\u011bdili, p\u00edli maj\u00ed r\u016fznou a ka\u017ed\u00fd vn\u00edm\u00e1 hudbu jinak, ale celkov\u011b je to kr\u00e1sa, kdy\u017e se v\u0161ichni p\u0159i oslav\u00e1ch sejdeme a v\u0161ichni hrajeme a zp\u00edv\u00e1me.<\/p>\n\n\n\n<p>Tak\u00e9 na ned\u011bln\u00edch m\u0161\u00edch \u010dasto hraj\u00ed, syn Martin m\u00e1 d\u011btskou sch\u00f3li\u010dku \u201ePi\u017e\u010fuchov\u00e9\u201c, kde hraj\u00ed i na\u0161e 2 vnu\u010dky na klav\u00edr a na housle, dcera Lenka zalo\u017eila sbor \u201eFrak\u201c a zp\u00edvaj\u00ed a hraj\u00ed c\u00edrkevn\u00ed hudbu, syn Jan hraje na akordeon, klav\u00edr a te\u010f i trochu varhany.<\/p>\n\n\n\n<p>J\u00e1 vedu d\u011btskou sch\u00f3li\u010dku v\u011bt\u0161inou d\u011bt\u00ed p\u0159ed\u0161koln\u00edho v\u011bku. A my rodi\u010de tak\u00e9 ob\u010das \u201cvykr\u00fdv\u00e1me\u201d, jak \u0159\u00edk\u00e1 m\u016fj mu\u017e na\u0161\u00ed snaze hr\u00e1t v ned\u011bli p\u0159i m\u0161i svat\u00e9, kdy\u017e n\u011bkdo nem\u016f\u017ee nebo n\u00e1hle onemocn\u00ed.<\/p>\n\n\n\n<p><strong>Jsi r\u00e1da, \u017ee Hospodin je Tv\u00fdm \u0161t\u00edtem a v\u00edra Tvou oporou?<\/strong><\/p>\n\n\n\n<p>\u201c Hospodin je m\u016fj Past\u00fd\u0159, nic nepostr\u00e1d\u00e1m, ob\u010derstvuje mou du\u0161i\u2026\u201d Osobn\u011b vn\u00edm\u00e1m v\u00edru jako velk\u00fd dar. Je kr\u00e1sn\u00e9 P\u00e1na zn\u00e1t a ka\u017edodenn\u011b s N\u00edm b\u00fdt. A je to z\u00e1rove\u0148 i ka\u017edodenn\u00ed \u00fasil\u00ed, n\u011bkdy p\u0159em\u00e1h\u00e1n\u00ed. Je kr\u00e1sn\u00e9 m\u00edt s Bohem osobn\u00ed vztah a ten si ka\u017ed\u00fd mus\u00ed s\u00e1m ud\u011blat a pro\u017e\u00edt. N\u011bkdy i vybojovat. Ka\u017ed\u00fd m\u00e1me svobodu, kterou n\u00e1m P\u00e1n dal, m\u016f\u017eeme si vlastn\u011b d\u011blat, co chceme. Ale kdo m\u00e1 Boha, m\u00e1 v\u0161echno.<\/p>\n\n\n\n<p>Marek Vil\u00edmek OFM a Jana Pachnerov\u00e1 OFS<\/p>\n\n\n\n<figure class=\"wp-block-gallery has-nested-images columns-default is-cropped wp-block-gallery-1 is-layout-flex wp-block-gallery-is-layout-flex\">\n<figure class=\"wp-block-image size-large\"><img decoding=\"async\" data-id=\"9948\" src=\"data:image\/gif;base64,R0lGODlhAQABAAAAACH5BAEKAAEALAAAAAABAAEAAAICTAEAOw==\" data-layzr=\"https:\/\/www.frantiskani.cz\/wp-content\/uploads\/2024\/11\/marek-ofm-1155x770-1-1024x683.jpg\" alt=\"Jana Pachnerov\u00e1 Plze\u0148\" class=\"wp-image-9948\"\/><figcaption class=\"wp-element-caption\">Jan Vil\u00edmek OFM<\/figcaption><\/figure>\n\n\n\n<figure class=\"wp-block-image size-large\"><img decoding=\"async\" data-id=\"9945\" src=\"data:image\/gif;base64,R0lGODlhAQABAAAAACH5BAEKAAEALAAAAAABAAEAAAICTAEAOw==\" data-layzr=\"https:\/\/www.frantiskani.cz\/wp-content\/uploads\/2024\/11\/IMG_20231130_153142-1024x768.jpg\" alt=\"\" class=\"wp-image-9945\"\/><figcaption class=\"wp-element-caption\">Jana pastora\u010dn\u00ed slu\u017eebnice<\/figcaption><\/figure>\n\n\n\n<figure class=\"wp-block-image size-large\"><img decoding=\"async\" data-id=\"9943\" src=\"data:image\/gif;base64,R0lGODlhAQABAAAAACH5BAEKAAEALAAAAAABAAEAAAICTAEAOw==\" data-layzr=\"https:\/\/www.frantiskani.cz\/wp-content\/uploads\/2024\/11\/IMG_20230820_095236-1024x768.jpg\" alt=\"\" class=\"wp-image-9943\"\/><figcaption class=\"wp-element-caption\">Jana s rodinou<\/figcaption><\/figure>\n<\/figure>\n","protected":false},"featured_media":9942,"menu_order":0,"template":"","class_list":["post-9941","team","type-team","status-publish","has-post-thumbnail","hentry","latest_post"],"_links":{"self":[{"href":"https:\/\/www.frantiskani.cz\/index.php\/wp-json\/wp\/v2\/team\/9941","targetHints":{"allow":["GET"]}}],"collection":[{"href":"https:\/\/www.frantiskani.cz\/index.php\/wp-json\/wp\/v2\/team"}],"about":[{"href":"https:\/\/www.frantiskani.cz\/index.php\/wp-json\/wp\/v2\/types\/team"}],"wp:featuredmedia":[{"embeddable":true,"href":"https:\/\/www.frantiskani.cz\/index.php\/wp-json\/wp\/v2\/media\/9942"}],"wp:attachment":[{"href":"https:\/\/www.frantiskani.cz\/index.php\/wp-json\/wp\/v2\/media?parent=9941"}],"curies":[{"name":"wp","href":"https:\/\/api.w.org\/{rel}","templated":true}]}}